{"id":393170,"date":"2024-03-01T17:44:32","date_gmt":"2024-03-01T16:44:32","guid":{"rendered":"https:\/\/troba.net\/discoforum\/?page_id=393170"},"modified":"2026-03-23T21:15:50","modified_gmt":"2026-03-23T20:15:50","slug":"zd-politica-de-privacitat","status":"publish","type":"page","link":"https:\/\/troba.net\/discoforum\/zd-politica-de-privacitat\/","title":{"rendered":"zd Pol\u00edtica de privacitat"},"content":{"rendered":"\n<div class=\"et_pb_section_0 et_pb_section et_section_regular et_block_section section_has_divider et_pb_bottom_divider\"><div class=\"et_pb_row_0 et_pb_row et_block_row\"><div class=\"et_pb_column_0 et_pb_column et_pb_column_4_4 et-last-child et_block_column et_pb_css_mix_blend_mode_passthrough\"><div class=\"et_pb_text_0 et_pb_text et_pb_bg_layout_dark et_pb_module et_block_module\"><div class=\"et_pb_text_inner\"><h1>Pol\u00edtica de privacitat<\/h1>\n<div><\/div>\n<\/div><\/div><div class=\"et_pb_text_1 et_pb_text et_pb_bg_layout_dark et_pb_module et_block_module\"><div class=\"et_pb_text_inner\"><h3>Segons les disposicions legals<\/h3>\n<\/div><\/div><\/div><\/div><div class=\"et_pb_row_1 et_pb_row et_block_row\"><div class=\"et_pb_column_1 et_pb_column et_pb_column_4_4 et-last-child et_block_column et_pb_css_mix_blend_mode_passthrough\"><div class=\"et_pb_accordion_0 et_pb_accordion et_pb_module et_block_module\"><div class=\"et_pb_accordion_item_0 et_pb_accordion_item et_pb_toggle et_pb_module et_pb_toggle_open et_block_module\"><h4 class=\"et_pb_toggle_title\">POL\u00edTICA DE PRIVACItat<\/h4><div class=\"et_pb_toggle_content\"><p><span style=\"font-family: Liberation Sans, sans-serif;\"><span style=\"font-size: medium;\">Discof\u00f2rum t\u2019informa sobre la seva Pol\u00edtica de Privacitat respecte del tractament i protecci\u00f3 de les dades de car\u00e0cter personal dels usuaris que puguin ser obtingudes durant la navegaci\u00f3 a trav\u00e9s de el lloc web https:\/\/troba.net\/discoforum\/.<br \/>En aquest sentit, Discof\u00f2rum compleix amb el Reglament (UE) 2016\/679 de el Parlament Europeu i de Consell de 27 d\u2019abril de 2016 relatiu a la protecci\u00f3 de les persones f\u00edsiques (RGPD).<\/span><\/span><\/p>\n<p><span style=\"font-family: Liberation Sans, sans-serif;\"><span style=\"font-size: medium;\">L\u2019\u00fas de lloc web implica l\u2019acceptaci\u00f3 d\u2019aquesta Pol\u00edtica de Privacitat aix\u00ed com les condicions incloses en l\u2019Av\u00eds Legal.<\/span><\/span><\/p>\n<div><\/div>\n<div><\/div>\n<\/div><\/div><div class=\"et_pb_accordion_item_1 et_pb_accordion_item et_pb_toggle et_pb_module et_pb_toggle_close et_block_module\"><h4 class=\"et_pb_toggle_title\">Identitat del responsable<\/h4><div class=\"et_pb_toggle_content\"><p><span style=\"font-family: Liberation Sans, sans-serif;\"><span style=\"font-size: medium;\"><b>Titular<\/b>: Discof\u00f2rum<\/span><\/span><\/p>\n<p><span style=\"font-family: Liberation Sans, sans-serif;\"><span style=\"font-size: medium;\"><b>Domicili<\/b>: Esplugues de Llobregat.<\/span><\/span><\/p>\n<p><span style=\"font-family: Liberation Sans, sans-serif;\"><span style=\"font-size: medium;\"><b>Correu electr\u00f2nic<\/b>: miquel@troba.net<\/span><\/span><\/p>\n<p><span style=\"font-family: Liberation Sans, sans-serif;\"><span style=\"font-size: medium;\"><b>Lloc Web:<\/b> https:\/\/troba.net\/discoforum\/<\/span><\/span><\/p>\n<p>&nbsp;<\/p>\n<\/div><\/div><div class=\"et_pb_accordion_item_2 et_pb_accordion_item et_pb_toggle et_pb_module et_pb_toggle_close et_block_module\"><h4 class=\"et_pb_toggle_title\">Principis aplicats en el tractament de dades<\/h4><div class=\"et_pb_toggle_content\"><p style=\"margin-bottom: 0mm; line-height: 150%;\"><span style=\"font-family: Liberation Sans, sans-serif;\"><span style=\"font-size: medium;\">En el tractament de les teves dades personals, el titular ha d\u2019aplicar els seg\u00fcents principis que s\u2019ajusten a les exig\u00e8ncies de el nou reglament europeu de protecci\u00f3 de dades (RGPD): <\/span><\/span><\/p>\n<ul>\n<li>\n<p style=\"margin-bottom: 0mm; line-height: 150%;\"><span style=\"font-family: Liberation Sans, sans-serif;\"><span style=\"font-size: medium;\"><b>Principi de licitud, lleialtat i transpar\u00e8ncia<\/b>: El Titular sempre requerir\u00e0 el consentiment per al tractament de les dades personals que pot ser per a un o diversos fins espec\u00edfics sobre els quals el Titular informar\u00e0 l\u2019Usuari pr\u00e8viament amb absoluta transpar\u00e8ncia.<\/span><\/span><\/p>\n<\/li>\n<li>\n<p style=\"margin-bottom: 0mm; line-height: 150%;\"><span style=\"font-family: Liberation Sans, sans-serif;\"><span style=\"font-size: medium;\"><b>Principi de minimitzaci\u00f3 de dades:<\/b> El titular sol\u00b7licitar\u00e0 nom\u00e9s les dades estrictament necess\u00e0ries per a la finalitat o les finalitats que els sol\u00b7licita.<\/span><\/span><\/p>\n<\/li>\n<li>\n<p style=\"margin-bottom: 0mm; line-height: 150%;\"><span style=\"font-family: Liberation Sans, sans-serif;\"><span style=\"font-size: medium;\"><b>Principi de limitaci\u00f3 del termini de conservaci\u00f3<\/b>: El Titular mantindr\u00e0 les dades personals recollides durant el temps estrictament necessari per al fi o els fins del tractament. El Titular informar\u00e0 l\u2019Usuari del termini de conservaci\u00f3 corresponent segons la finalitat.<br \/>En el cas de subscripcions, el Titular revisar\u00e0 peri\u00f2dicament les llistes i eliminar\u00e0 aquells registres inactius durant un temps considerable.<\/span><\/span><\/p>\n<\/li>\n<li>\n<p style=\"margin-bottom: 0mm; line-height: 150%;\"><span style=\"font-family: Liberation Sans, sans-serif;\"><span style=\"font-size: medium;\"><b>Principi d\u2019integritat i confidencialitat:<\/b> Les dades personals recollides seran tractades de tal manera que la seva seguretat, confidencialitat i integritat estigui garantida.<br \/>El Titular pren les precaucions necess\u00e0ries per evitar l\u2019acc\u00e9s no autoritzat o \u00fas indegut de les dades dels seus usuaris per part de tercers.<\/span><\/span><\/p>\n<\/li>\n<\/ul>\n<\/div><\/div><div class=\"et_pb_accordion_item_3 et_pb_accordion_item et_pb_toggle et_pb_module et_pb_toggle_close et_block_module\"><h4 class=\"et_pb_toggle_title\">Obtenci\u00f3 de dades personals<\/h4><div class=\"et_pb_toggle_content\"><p><span style=\"font-family: Liberation Sans, sans-serif;\"><span style=\"font-size: medium;\">Per navegar per https:\/\/troba.net\/discoforum\/ no cal que facilitis cap dada personal.<br \/>Els casos en qu\u00e8 s\u00ed proporciones les teves dades personals s\u00f3n els seg\u00fcents:<\/span><\/span><\/p>\n<ul>\n<li>\n<p><span style=\"font-family: Liberation Sans, sans-serif;\"><span style=\"font-size: medium;\">Al contactar a trav\u00e9s dels formularis de contacte o enviar un correu electr\u00f2nic.<\/span><\/span><\/p>\n<\/li>\n<\/ul>\n<p style=\"margin-bottom: 0mm; line-height: 115%;\">\n<\/div><\/div><div class=\"et_pb_accordion_item_4 et_pb_accordion_item et_pb_toggle et_pb_module et_pb_toggle_close et_block_module\"><h4 class=\"et_pb_toggle_title\">Drets<\/h4><div class=\"et_pb_toggle_content\"><p><span style=\"font-family: Liberation Sans, sans-serif;\"><span style=\"font-size: medium;\">El Titular t\u2019informa que sobre les teves dades personals tens dret a:<\/span><\/span><\/p>\n<ul>\n<li>\n<p><span style=\"font-family: Liberation Sans, sans-serif;\"><span style=\"font-size: medium;\">Sol\u00b7licitar l\u2019acc\u00e9s a les dades emmagatzemades.<\/span><\/span><\/p>\n<\/li>\n<li>\n<p><span style=\"font-family: Liberation Sans, sans-serif;\"><span style=\"font-size: medium;\">Demana una rectificaci\u00f3 o la cancel\u00b7laci\u00f3.<\/span><\/span><\/p>\n<\/li>\n<li>\n<p><span style=\"font-family: Liberation Sans, sans-serif;\"><span style=\"font-size: medium;\">Sol\u00b7licitar la limitaci\u00f3 del seu tractament.<\/span><\/span><\/p>\n<\/li>\n<li>\n<p><span style=\"font-family: Liberation Sans, sans-serif;\"><span style=\"font-size: medium;\">Oposar-te al tractament.<\/span><\/span><\/p>\n<\/li>\n<\/ul>\n<p><span style=\"font-family: Liberation Sans, sans-serif;\"><span style=\"font-size: medium;\">No pots exercitar el dret a la portabilitat de les dades.<br \/>L\u2019exercici d\u2019aquests drets \u00e9s personal i per tant ha de ser exercit directament per l\u2019interessat, sol\u00b7licitant-lo directament al Titular, el que significa que qualsevol client, subscriptor o col\u00b7laborador que hagi facilitat les seves dades en algun moment, pot dirigir-se a Discof\u00f2rum i demanar informaci\u00f3 sobre les dades que t\u00e9 emmagatzemades i com els ha obtingut, sol\u00b7licitar la rectificaci\u00f3 dels mateixos, oposar-se al tractament, limitar el seu \u00fas o sol\u00b7licitar la cancel\u00b7laci\u00f3 d\u2019aquestes dades en els fitxers del Titular.<\/span><\/span><\/p>\n<p><span style=\"font-family: Liberation Sans, sans-serif;\"><span style=\"font-size: medium;\">Per exercitar els teus drets d\u2019acc\u00e9s, rectificaci\u00f3, cancel\u00b7laci\u00f3 i oposici\u00f3 has d\u2019enviar un correu electr\u00f2nic a miquel@troba.net juntament amb la prova v\u00e0lida en dret com una fotoc\u00f2pia del D.N.I. o equivalent.<\/span><\/span><\/p>\n<p><span style=\"font-family: Liberation Sans, sans-serif;\"><span style=\"font-size: medium;\">Tens dret a la tutela judicial efectiva i a presentar una reclamaci\u00f3 davant l\u2019autoritat de control, en aquest cas, l\u2019Ag\u00e8ncia Espanyola de Protecci\u00f3 de Dades, si consideres que el tractament de dades personals que et concerneixen infringeix el Reglament.<\/span><\/span><\/p>\n<\/div><\/div><div class=\"et_pb_accordion_item_5 et_pb_accordion_item et_pb_toggle et_pb_module et_pb_toggle_close et_block_module\"><h4 class=\"et_pb_toggle_title\">Finalitat del tractament de dades personals<\/h4><div class=\"et_pb_toggle_content\"><p><span style=\"font-family: Liberation Sans, sans-serif;\"><span style=\"font-size: medium;\">Quan et connectes al lloc web per enviar un correu a la persona titular, et subscrius al seu butllet\u00ed est\u00e0s facilitant informaci\u00f3 de car\u00e0cter personal de la qual el responsable \u00e9s Discof\u00f2rum.\u00a0Aquesta informaci\u00f3 pot incloure dades de car\u00e0cter personal com poden ser la teva adre\u00e7a IP, nom i cognoms, adre\u00e7a f\u00edsica, adre\u00e7a de correu electr\u00f2nic, n\u00famero de tel\u00e8fon, i una altra informaci\u00f3. Al facilitar aquesta informaci\u00f3, dones el teu consentiment perqu\u00e8 la teva informaci\u00f3 sigui recopilada, utilitzada, gestionada i emmagatzemada per \u2013 Discof\u00f2rum \u2013 nom\u00e9s com es descriu en l\u2019Av\u00eds Legal i en la present Pol\u00edtica de Privacitat.<br \/>Les dades personals i la finalitat del tractament per part del Titular \u00e9s diferent segons el sistema de captura d\u2019informaci\u00f3:<\/span><\/span><\/p>\n<ul>\n<li>\n<p><span style=\"font-family: Liberation Sans, sans-serif;\"><span style=\"font-size: medium;\">Formularis de contacte: El Titular sol\u00b7licita dades personals entre els quals poden estar: nom i cognoms, adre\u00e7a de correu electr\u00f2nic, n\u00famero de tel\u00e8fon i adre\u00e7a de lloc web amb la finalitat de respondre les consultes dels Usuaris.<br \/>Per exemple, Discof\u00f2rum, utilitza aquestes dades per donar resposta a missatges, dubtes, queixes, comentaris o inquietuds que poden tenir els Usuaris relatives a la informaci\u00f3 inclosa en el lloc web, el tractament de les dades personals, q\u00fcestions referents als textos legals inclosos en el lloc web, aix\u00ed com qualsevol altra consulta que l\u2019Usuari pugui tenir i que no estigui subjecta a les condicions del lloc web.<\/span><\/span><\/p>\n<\/li>\n<\/ul>\n<p><span style=\"font-family: Liberation Sans, sans-serif;\"><span style=\"font-size: medium;\">Existeixen altres finalitats per les quals el Titular tracta dades personals:<\/span><\/span><\/p>\n<ul>\n<li>\n<p><span style=\"font-family: Liberation Sans, sans-serif;\"><span style=\"font-size: medium;\">Per garantir el compliment de les condicions recollides en l\u2019Av\u00eds Legal i en la llei aplicable. Aix\u00f2 pot incloure el desenvolupament d\u2019eines i algoritmes que ajudin a aquest lloc web a garantir la confidencialitat de les dades personals que recull.<\/span><\/span><\/p>\n<\/li>\n<li>\n<p><span style=\"font-family: Liberation Sans, sans-serif;\"><span style=\"font-size: medium;\">Per donar suport i millorar els serveis que ofereix aquest lloc web.<\/span><\/span><\/p>\n<\/li>\n<li>\n<p><span style=\"font-family: Liberation Sans, sans-serif;\"><span style=\"font-size: medium;\">Per analitzar la navegaci\u00f3 dels usuaris. El Titular recull altres dades no identificatives que s\u2019obtenen mitjan\u00e7ant l\u2019\u00fas de cookies que es descarreguen a l\u2019ordinador de l\u2019Usuari quan navega pel lloc web les caracter\u00edstiques i finalitat estan detallades en la Pol\u00edtica de Cookies.<\/span><\/span><\/p>\n<\/li>\n<li>\n<p><span style=\"font-family: Liberation Sans, sans-serif;\"><span style=\"font-size: medium;\">Per gestionar les xarxes socials. Discof\u00f2rum t\u00e9 pres\u00e8ncia en xarxes socials. Si et fas seguidor a les xarxes socials del Titular el tractament de les dades personals es regir\u00e0 per aquest apartat, aix\u00ed com per aquelles condicions d\u2019\u00fas, pol\u00edtiques de privacitat i normatives d\u2019acc\u00e9s que pertanyin a la xarxa social que procedeixi en cada cas i que has acceptat pr\u00e8viament.<br \/>Pots consultar les pol\u00edtiques de privacitat de les principals xarxes socials en aquests enlla\u00e7os: <\/span><\/span><span style=\"font-family: Liberation Sans, sans-serif;\"><span style=\"font-size: medium;\"><\/span><\/span><\/p>\n<\/li>\n<ul>\n<li>\n<p><span style=\"color: #0000ff;\"><u><a href=\"https:\/\/www.facebook.com\/help\/cookies\" target=\"_blank\" rel=\"noopener\"><span style=\"font-family: Liberation Sans, sans-serif;\"><span style=\"font-size: medium;\">Facebook<\/span><\/span><\/a><\/u><\/span><\/p>\n<\/li>\n<li>\n<p><span style=\"color: #0000ff;\"><u><a href=\"https:\/\/twitter.com\/privacy\" target=\"_blank\" rel=\"noopener\"><span style=\"font-family: Liberation Sans, sans-serif;\"><span style=\"font-size: medium;\">Twitter<\/span><\/span><\/a><\/u><\/span><\/p>\n<\/li>\n<li>\n<p><span style=\"color: #0000ff;\"><u><a href=\"https:\/\/www.linkedin.com\/legal\/cookie-policy\" target=\"_blank\" rel=\"noopener\"><span style=\"font-family: Liberation Sans, sans-serif;\"><span style=\"font-size: medium;\">Linkedin<\/span><\/span><\/a><\/u><\/span><\/p>\n<\/li>\n<li>\n<p><span style=\"color: #0000ff;\"><u><a href=\"https:\/\/www.instagram.com\/legal\/privacy\/\" target=\"_blank\" rel=\"noopener\"><span style=\"font-family: Liberation Sans, sans-serif;\"><span style=\"font-size: medium;\">Instagram<\/span><\/span><\/a><\/u><\/span><\/p>\n<\/li>\n<\/ul>\n<\/ul>\n<p><span style=\"font-family: Liberation Sans, sans-serif;\"><span style=\"font-size: medium;\">El Titular tractar\u00e0 les dades personals amb la finalitat d\u2019administrar correctament la seva pres\u00e8ncia a la xarxa social, informar-te de les seves activitats, aix\u00ed com per a qualsevol altra finalitat que les normatives de les xarxes socials permeten.<\/span><\/span><\/p>\n<p><span style=\"font-family: Liberation Sans, sans-serif;\"><span style=\"font-size: medium;\">En cap cas el titular utilitzar\u00e0 els perfils de seguidors en xarxes socials per enviar publicitat de manera individual.<\/span><\/span><\/p>\n<\/div><\/div><div class=\"et_pb_accordion_item_6 et_pb_accordion_item et_pb_toggle et_pb_module et_pb_toggle_close et_block_module\"><h4 class=\"et_pb_toggle_title\">Seguretat de les dades personals<\/h4><div class=\"et_pb_toggle_content\"><p><span style=\"font-family: Liberation Sans, sans-serif;\"><span style=\"font-size: medium;\">Per protegir les teves dades personals, el Titular pren totes les precaucions raonables i segueix les millors pr\u00e0ctiques de la ind\u00fastria per evitar la seva p\u00e8rdua, mal \u00fas, acc\u00e9s indegut, divulgaci\u00f3, alteraci\u00f3 o destrucci\u00f3 dels mateixos.<\/span><\/span><\/p>\n<p><span style=\"font-family: Liberation Sans, sans-serif;\"><span style=\"font-size: medium;\">Les teves dades podran ser incorporades a un fitxer de llista de correu, del qual Discof\u00f2rum \u00e9s responsable de la seva gesti\u00f3 i tractament. La seguretat de les teves dades est\u00e0 garantida, ja que Discof\u00f2rum pren totes les mesures de seguretat necess\u00e0ries i et garanteix que les dades personals nom\u00e9s es faran servir per a les finalitats donades.<\/span><\/span><\/p>\n<p><span style=\"font-family: Liberation Sans, sans-serif;\"><span style=\"font-size: medium;\">Discof\u00f2rum informa al Usuari que les seves dades personals no seran cedides a terceres organitzacions, amb l\u2019excepci\u00f3 que la cessi\u00f3 de dades estigui emparada en una obligaci\u00f3 legal o quan la prestaci\u00f3 d\u2019un servei impliqui la necessitat d\u2019una relaci\u00f3 contractual amb un encarregat de tractament. En aquest \u00faltim cas, nom\u00e9s es dur\u00e0 a terme la cessi\u00f3 de dades al tercer quan Discof\u00f2rum disposi del consentiment expr\u00e9s de l\u2019Usuari.<\/span><\/span><\/p>\n<p><span style=\"font-family: Liberation Sans, sans-serif;\"><span style=\"font-size: medium;\">No obstant aix\u00f2, en alguns casos es poden realitzar col\u00b7laboracions amb altres professionals, en aquests casos, es requerir\u00e0 consentiment a l\u2019Usuari informant sobre la identitat del col\u00b7laborador i la finalitat de la col\u00b7laboraci\u00f3. Sempre es realitzar\u00e0 amb els m\u00e9s estrictes est\u00e0ndards de seguretat.<\/span><\/span><\/p>\n<\/div><\/div><div class=\"et_pb_accordion_item_7 et_pb_accordion_item et_pb_toggle et_pb_module et_pb_toggle_close et_block_module\"><h4 class=\"et_pb_toggle_title\">Contingut d'altres llocs web<\/h4><div class=\"et_pb_toggle_content\"><p style=\"margin-bottom: 0mm; line-height: 150%;\"><span style=\"font-family: Liberation Sans, sans-serif;\"><span style=\"font-size: medium;\">Les p\u00e0gines d\u2019aquest lloc web poden incloure contingut incrustat (per exemple, v\u00eddeos, imatges, articles, etc.). El contingut incrustat d\u2019altres web es comporta exactament de la mateixa manera que si haguessis visitat l\u2019altra web.<\/span><\/span><\/p>\n<p style=\"margin-bottom: 0mm; line-height: 150%;\"><span style=\"font-family: Liberation Sans, sans-serif;\"><span style=\"font-size: medium;\">Aquests llocs web poden recopilar dades sobre tu, utilitzar cookies, incrustar un codi de seguiment addicional de tercers, i supervisar la teva interacci\u00f3 usant aquest codi.<\/span><\/span><\/p>\n<\/div><\/div><div class=\"et_pb_accordion_item_8 et_pb_accordion_item et_pb_toggle et_pb_module et_pb_toggle_close et_block_module\"><h4 class=\"et_pb_toggle_title\">Pol\u00edtica de Cookies<\/h4><div class=\"et_pb_toggle_content\"><p style=\"margin-bottom: 0mm; line-height: 150%;\"><span style=\"font-family: Liberation Sans, sans-serif;\"><span style=\"font-size: medium;\">Perqu\u00e8 aquest lloc web funcioni correctament necessita utilitzar cookies, que \u00e9s una informaci\u00f3 que s\u2019emmagatzema al navegador web.<\/span><\/span><\/p>\n<p style=\"margin-bottom: 0mm; line-height: 150%;\"><span style=\"font-family: Liberation Sans, sans-serif;\"><span style=\"font-size: medium;\">A la p\u00e0gina Pol\u00edtica de Cookies pots consultar tota la informaci\u00f3 relativa a la pol\u00edtica de recollida, la finalitat i el tractament de les cookies.<\/span><\/span><\/p>\n<\/div><\/div><div class=\"et_pb_accordion_item_9 et_pb_accordion_item et_pb_toggle et_pb_module et_pb_toggle_close et_block_module\"><h4 class=\"et_pb_toggle_title\">Legitimaci\u00f3 per al tractament de dades<\/h4><div class=\"et_pb_toggle_content\"><p style=\"margin-bottom: 0mm; line-height: 150%;\"><span style=\"font-family: Liberation Sans, sans-serif;\"><span style=\"font-size: medium;\">La base legal per al tractament de les teves dades \u00e9s el consentiment.<\/span><\/span><\/p>\n<p style=\"margin-bottom: 0mm; line-height: 150%;\"><span style=\"font-family: Liberation Sans, sans-serif;\"><span style=\"font-size: medium;\">Per contactar amb el Titular, subscriure a un butllet\u00ed o fer comentaris en aquest lloc web has d\u2019acceptar la present pol\u00edtica de privacitat.<\/span><\/span><\/p>\n<\/div><\/div><div class=\"et_pb_accordion_item_10 et_pb_accordion_item et_pb_toggle et_pb_module et_pb_toggle_close et_block_module\"><h4 class=\"et_pb_toggle_title\">Categories de dades personals<\/h4><div class=\"et_pb_toggle_content\"><p style=\"margin-bottom: 0mm; line-height: 150%;\"><span style=\"font-family: Liberation Sans, sans-serif;\"><span style=\"font-size: medium;\">Les categories de dades personals que tracta el titular s\u00f3n:<\/span><\/span><\/p>\n<ul>\n<li>\n<p style=\"margin-bottom: 0mm; line-height: 150%;\"><span style=\"font-family: Liberation Sans, sans-serif;\"><span style=\"font-size: medium;\">Dades identificatives.<\/span><\/span><\/p>\n<\/li>\n<li>\n<p style=\"margin-bottom: 0mm; line-height: 150%;\"><span style=\"font-family: Liberation Sans, sans-serif;\"><span style=\"font-size: medium;\">No es tracten categories de dades especialment protegides.<\/span><\/span><\/p>\n<\/li>\n<\/ul>\n<\/div><\/div><div class=\"et_pb_accordion_item_11 et_pb_accordion_item et_pb_toggle et_pb_module et_pb_toggle_close et_block_module\"><h4 class=\"et_pb_toggle_title\">Conservaci\u00f3 de dades personals<\/h4><div class=\"et_pb_toggle_content\"><p style=\"margin-bottom: 0mm; line-height: 150%;\"><span style=\"font-family: Liberation Sans, sans-serif;\"><span style=\"font-size: medium;\">Les dades personals que proporcionis al Titular es conservaran fins que sol\u00b7licitis la seva supressi\u00f3.<\/span><\/span><\/p>\n<\/div><\/div><div class=\"et_pb_accordion_item_12 et_pb_accordion_item et_pb_toggle et_pb_module et_pb_toggle_close et_block_module\"><h4 class=\"et_pb_toggle_title\">Destinataris de dades personals<\/h4><div class=\"et_pb_toggle_content\"><ul>\n<li>\n<p style=\"margin-bottom: 0mm; line-height: 150%;\"><span style=\"font-family: Liberation Sans, sans-serif;\"><span style=\"font-size: medium;\">Google<\/span><\/span><span style=\"font-family: Liberation Sans, sans-serif;\"><span style=\"font-size: medium;\"> <\/span><\/span><span style=\"font-family: Liberation Sans, sans-serif;\"><span style=\"font-size: medium;\">Analytics \u00e9s<\/span><\/span><span style=\"font-family: Liberation Sans, sans-serif;\"><span style=\"font-size: medium;\"> <\/span><\/span><span style=\"font-family: Liberation Sans, sans-serif;\"><span style=\"font-size: medium;\">un servei<\/span><\/span><span style=\"font-family: Liberation Sans, sans-serif;\"><span style=\"font-size: medium;\"> <\/span><\/span><span style=\"font-family: Liberation Sans, sans-serif;\"><span style=\"font-size: medium;\">d\u2019anal\u00edtica<\/span><\/span><span style=\"font-family: Liberation Sans, sans-serif;\"><span style=\"font-size: medium;\"> <\/span><\/span><span style=\"font-family: Liberation Sans, sans-serif;\"><span style=\"font-size: medium;\">web<\/span><\/span><span style=\"font-family: Liberation Sans, sans-serif;\"><span style=\"font-size: medium;\"> <\/span><\/span><span style=\"font-family: Liberation Sans, sans-serif;\"><span style=\"font-size: medium;\">prestat<\/span><\/span><span style=\"font-family: Liberation Sans, sans-serif;\"><span style=\"font-size: medium;\"> <\/span><\/span><span style=\"font-family: Liberation Sans, sans-serif;\"><span style=\"font-size: medium;\">per Google, Inc., una companyia<\/span><\/span><span style=\"font-family: Liberation Sans, sans-serif;\"><span style=\"font-size: medium;\"> <\/span><\/span><span style=\"font-family: Liberation Sans, sans-serif;\"><span style=\"font-size: medium;\">de Delaware l\u2019oficina<\/span><\/span><span style=\"font-family: Liberation Sans, sans-serif;\"><span style=\"font-size: medium;\"> <\/span><\/span><span style=\"font-family: Liberation Sans, sans-serif;\"><span style=\"font-size: medium;\">principal a 1600<\/span><\/span><span style=\"font-family: Liberation Sans, sans-serif;\"><span style=\"font-size: medium;\"> <\/span><\/span><span style=\"font-family: Liberation Sans, sans-serif;\"><span style=\"font-size: medium;\">Amphitheatre<\/span><\/span><span style=\"font-family: Liberation Sans, sans-serif;\"><span style=\"font-size: medium;\"> <\/span><\/span><span style=\"font-family: Liberation Sans, sans-serif;\"><span style=\"font-size: medium;\">Parkway, Mountain<\/span><\/span><span style=\"font-family: Liberation Sans, sans-serif;\"><span style=\"font-size: medium;\"> <\/span><\/span><span style=\"font-family: Liberation Sans, sans-serif;\"><span style=\"font-size: medium;\">View<\/span><\/span><span style=\"font-family: Liberation Sans, sans-serif;\"><span style=\"font-size: medium;\"> <\/span><\/span><span style=\"font-family: Liberation Sans, sans-serif;\"><span style=\"font-size: medium;\">(Calif\u00f2rnia), CA<\/span><\/span><span style=\"font-family: Liberation Sans, sans-serif;\"><span style=\"font-size: medium;\"> <\/span><\/span><span style=\"font-family: Liberation Sans, sans-serif;\"><span style=\"font-size: medium;\">94043, Estats<\/span><\/span><span style=\"font-family: Liberation Sans, sans-serif;\"><span style=\"font-size: medium;\"> <\/span><\/span><span style=\"font-family: Liberation Sans, sans-serif;\"><span style=\"font-size: medium;\">Units<\/span><\/span><span style=\"font-family: Liberation Sans, sans-serif;\"><span style=\"font-size: medium;\"> <\/span><\/span><span style=\"font-family: Liberation Sans, sans-serif;\"><span style=\"font-size: medium;\">(\u201cGoogle\u201d). Google<\/span><\/span><span style=\"font-family: Liberation Sans, sans-serif;\"><span style=\"font-size: medium;\"> <\/span><\/span><span style=\"font-family: Liberation Sans, sans-serif;\"><span style=\"font-size: medium;\">Analytics utilitza<\/span><\/span><span style=\"font-family: Liberation Sans, sans-serif;\"><span style=\"font-size: medium;\"> <\/span><\/span><span style=\"font-family: Liberation Sans, sans-serif;\"><span style=\"font-size: medium;\">\u201ccookies\u201c, que s\u00f3n<\/span><\/span><span style=\"font-family: Liberation Sans, sans-serif;\"><span style=\"font-size: medium;\"> <\/span><\/span><span style=\"font-family: Liberation Sans, sans-serif;\"><span style=\"font-size: medium;\">arxius de<\/span><\/span><span style=\"font-family: Liberation Sans, sans-serif;\"><span style=\"font-size: medium;\"> <\/span><\/span><span style=\"font-family: Liberation Sans, sans-serif;\"><span style=\"font-size: medium;\">text<\/span><\/span><span style=\"font-family: Liberation Sans, sans-serif;\"><span style=\"font-size: medium;\"> <\/span><\/span><span style=\"font-family: Liberation Sans, sans-serif;\"><span style=\"font-size: medium;\">ubicats<\/span><\/span><span style=\"font-family: Liberation Sans, sans-serif;\"><span style=\"font-size: medium;\"> <\/span><\/span><span style=\"font-family: Liberation Sans, sans-serif;\"><span style=\"font-size: medium;\">al teu ordinador,<\/span><\/span><span style=\"font-family: Liberation Sans, sans-serif;\"><span style=\"font-size: medium;\"> <\/span><\/span><span style=\"font-family: Liberation Sans, sans-serif;\"><span style=\"font-size: medium;\">per ajudar a<\/span><\/span><span style=\"font-family: Liberation Sans, sans-serif;\"><span style=\"font-size: medium;\">l <\/span><\/span><span style=\"font-family: Liberation Sans, sans-serif;\"><span style=\"font-size: medium;\">Titular<\/span><\/span><span style=\"font-family: Liberation Sans, sans-serif;\"><span style=\"font-size: medium;\"> <\/span><\/span><span style=\"font-family: Liberation Sans, sans-serif;\"><span style=\"font-size: medium;\">a analitzar<\/span><\/span><span style=\"font-family: Liberation Sans, sans-serif;\"><span style=\"font-size: medium;\"> <\/span><\/span><span style=\"font-family: Liberation Sans, sans-serif;\"><span style=\"font-size: medium;\">l\u2019\u00fas que<\/span><\/span><span style=\"font-family: Liberation Sans, sans-serif;\"><span style=\"font-size: medium;\"> <\/span><\/span><span style=\"font-family: Liberation Sans, sans-serif;\"><span style=\"font-size: medium;\">fan<\/span><\/span><span style=\"font-family: Liberation Sans, sans-serif;\"><span style=\"font-size: medium;\"> <\/span><\/span><span style=\"font-family: Liberation Sans, sans-serif;\"><span style=\"font-size: medium;\">els<\/span><\/span><span style=\"font-family: Liberation Sans, sans-serif;\"><span style=\"font-size: medium;\"> <\/span><\/span><span style=\"font-family: Liberation Sans, sans-serif;\"><span style=\"font-size: medium;\">usuaris de<\/span><\/span><span style=\"font-family: Liberation Sans, sans-serif;\"><span style=\"font-size: medium;\"> <\/span><\/span><span style=\"font-family: Liberation Sans, sans-serif;\"><span style=\"font-size: medium;\">la p\u00e0gina web.<\/span><\/span><span style=\"font-family: Liberation Sans, sans-serif;\"><span style=\"font-size: medium;\"> <\/span><\/span><span style=\"font-family: Liberation Sans, sans-serif;\"><span style=\"font-size: medium;\">La informaci\u00f3 que genera<\/span><\/span><span style=\"font-family: Liberation Sans, sans-serif;\"><span style=\"font-size: medium;\"> <\/span><\/span><span style=\"font-family: Liberation Sans, sans-serif;\"><span style=\"font-size: medium;\">la cookie sobre el<\/span><\/span><span style=\"font-family: Liberation Sans, sans-serif;\"><span style=\"font-size: medium;\"> <\/span><\/span><span style=\"font-family: Liberation Sans, sans-serif;\"><span style=\"font-size: medium;\">l\u2019\u00fas de<\/span><\/span><span style=\"font-family: Liberation Sans, sans-serif;\"><span style=\"font-size: medium;\"> <\/span><\/span><span style=\"font-family: Liberation Sans, sans-serif;\"><span style=\"font-size: medium;\">el lloc web<\/span><\/span><span style=\"font-family: Liberation Sans, sans-serif;\"><span style=\"font-size: medium;\"> <\/span><\/span><span style=\"font-family: Liberation Sans, sans-serif;\"><span style=\"font-size: medium;\">(incloent<\/span><\/span><span style=\"font-family: Liberation Sans, sans-serif;\"><span style=\"font-size: medium;\"> <\/span><\/span><span style=\"font-family: Liberation Sans, sans-serif;\"><span style=\"font-size: medium;\">la direcci\u00f3<\/span><\/span><span style=\"font-family: Liberation Sans, sans-serif;\"><span style=\"font-size: medium;\"> <\/span><\/span><span style=\"font-family: Liberation Sans, sans-serif;\"><span style=\"font-size: medium;\">IP)<\/span><\/span><span style=\"font-family: Liberation Sans, sans-serif;\"><span style=\"font-size: medium;\"> <\/span><\/span><span style=\"font-family: Liberation Sans, sans-serif;\"><span style=\"font-size: medium;\">ser\u00e0 directament<\/span><\/span><span style=\"font-family: Liberation Sans, sans-serif;\"><span style=\"font-size: medium;\"> <\/span><\/span><span style=\"font-family: Liberation Sans, sans-serif;\"><span style=\"font-size: medium;\">transmesa<\/span><\/span><span style=\"font-family: Liberation Sans, sans-serif;\"><span style=\"font-size: medium;\"> <\/span><\/span><span style=\"font-family: Liberation Sans, sans-serif;\"><span style=\"font-size: medium;\">i<\/span><\/span><span style=\"font-family: Liberation Sans, sans-serif;\"><span style=\"font-size: medium;\"> <\/span><\/span><span style=\"font-family: Liberation Sans, sans-serif;\"><span style=\"font-size: medium;\">arxivada<\/span><\/span><span style=\"font-family: Liberation Sans, sans-serif;\"><span style=\"font-size: medium;\"> <\/span><\/span><span style=\"font-family: Liberation Sans, sans-serif;\"><span style=\"font-size: medium;\">per Google<\/span><\/span><span style=\"font-family: Liberation Sans, sans-serif;\"><span style=\"font-size: medium;\"> <\/span><\/span><span style=\"font-family: Liberation Sans, sans-serif;\"><span style=\"font-size: medium;\">en els<\/span><\/span><span style=\"font-family: Liberation Sans, sans-serif;\"><span style=\"font-size: medium;\"> <\/span><\/span><span style=\"font-family: Liberation Sans, sans-serif;\"><span style=\"font-size: medium;\">servidors<\/span><\/span><span style=\"font-family: Liberation Sans, sans-serif;\"><span style=\"font-size: medium;\"> <\/span><\/span><span style=\"font-family: Liberation Sans, sans-serif;\"><span style=\"font-size: medium;\">d\u2019Estats<\/span><\/span><span style=\"font-family: Liberation Sans, sans-serif;\"><span style=\"font-size: medium;\"> <\/span><\/span><span style=\"font-family: Liberation Sans, sans-serif;\"><span style=\"font-size: medium;\">Units. M\u00e9s<\/span><\/span><span style=\"font-family: Liberation Sans, sans-serif;\"><span style=\"font-size: medium;\"> <\/span><\/span><span style=\"font-family: Liberation Sans, sans-serif;\"><span style=\"font-size: medium;\">informaci\u00f3 a:<\/span><\/span><span style=\"font-family: Liberation Sans, sans-serif;\"><span style=\"font-size: medium;\"> <\/span><\/span><span style=\"color: #0000ff;\"><u><a href=\"https:\/\/policies.google.com\/privacy?hl=es-ES\"><span style=\"font-family: Liberation Sans, sans-serif;\"><span style=\"font-size: medium;\">https:\/\/analytics.google.com<\/span><\/span><\/a><\/u><\/span><\/p>\n<\/li>\n<\/ul>\n<ul>\n<li>\n<p style=\"margin-bottom: 0mm; line-height: 150%;\"><span style=\"font-family: Liberation Sans, sans-serif;\"><span style=\"font-size: medium;\">Google AdSense \u00e9s un conjunt de serveis publicitaris proporcionat per Google, Inc., una companyia de Delaware l\u2019oficina principal a 1600 Amphitheatre Parkway, Mountain View (Calif\u00f2rnia), CA 94043, Estats Units (\u201cGoogle\u201d).<br \/>AdSense utilitza les cookies per millorar la publicitat, segmentar segons el contingut que sigui rellevant per als usuaris i millorar els informes de rendiment de les campanyes.<br \/>M\u00e9s informaci\u00f3 a: <\/span><\/span><span style=\"color: #0000ff;\"><u><a href=\"https:\/\/policies.google.com\/privacy?hl=es-ES\" target=\"_blank\" rel=\"noopener\"><span style=\"font-family: Liberation Sans, sans-serif;\"><span style=\"font-size: medium;\">https:\/\/www.google.com\/adsense<\/span><\/span><\/a><\/u><\/span><\/p>\n<\/li>\n<\/ul>\n<p style=\"margin-bottom: 0mm; line-height: 150%;\"><span style=\"font-family: Times New Roman, sans-serif;\"><span style=\"font-family: Liberation Sans, sans-serif;\"><span style=\"font-size: medium;\">A la p\u00e0gina de <\/span><\/span><span style=\"color: #0000ff;\"><u><a href=\"https:\/\/policies.google.com\/privacy?hl=es\" target=\"_blank\" rel=\"noopener\"><span style=\"font-family: Liberation Sans, sans-serif;\"><span style=\"font-size: medium;\">Pol\u00edtica de privadesa de Google<\/span><\/span><\/a><\/u><\/span><span style=\"font-family: Liberation Sans, sans-serif;\"><span style=\"font-size: medium;\"> s\u2019explica com Google gestiona la privacitat pel que fa a l\u2019\u00fas de les cookies i altra informaci\u00f3.<br \/>Tamb\u00e9 pots veure una llista dels <\/span><\/span><span style=\"color: #0000ff;\"><u><a href=\"https:\/\/policies.google.com\/technologies\/types?hl=es\" target=\"_blank\" rel=\"noopener\"><span style=\"font-family: Liberation Sans, sans-serif;\"><span style=\"font-size: medium;\">tipus de cookies<\/span><\/span><\/a><\/u><\/span><span style=\"font-family: Liberation Sans, sans-serif;\"><span style=\"font-size: medium;\"> que utilitza Google i els seus col\u00b7laboradors i tota la informaci\u00f3 relativa a l\u2019\u00fas que fan de les <\/span><\/span><span style=\"color: #0000ff;\"><u><a href=\"https:\/\/policies.google.com\/technologies\/ads?hl=es\" target=\"_blank\" rel=\"noopener\"><span style=\"font-family: Liberation Sans, sans-serif;\"><span style=\"font-size: medium;\">cookies publicit\u00e0ries.<\/span><\/span><\/a><\/u><\/span><\/span><\/p>\n<p><span style=\"font-family: Times New Roman, sans-serif;\"><span style=\"color: #0000ff;\"><u><a href=\"https:\/\/policies.google.com\/technologies\/ads?hl=es\" target=\"_blank\" rel=\"noopener\"><span style=\"font-family: Calibri, sans-serif;\"><span style=\"font-size: medium;\"><\/span><\/span><\/a><\/u><\/span><\/span><a href=\"https:\/\/policies.google.com\/technologies\/ads?hl=es\"><\/a><\/p>\n<p><a href=\"https:\/\/policies.google.com\/technologies\/ads?hl=es\" target=\"_blank\" rel=\"noopener noreferrer\"><\/a><\/p>\n<\/div><\/div><div class=\"et_pb_accordion_item_13 et_pb_accordion_item et_pb_toggle et_pb_module et_pb_toggle_close et_block_module\"><h4 class=\"et_pb_toggle_title\">Navegaci\u00f3 Web<\/h4><div class=\"et_pb_toggle_content\"><p><span style=\"font-family: Liberation Sans, sans-serif;\"><span style=\"font-size: medium;\">Al navegar per https:\/\/troba.net\/discoforum\/ es poden recollir dades no identificatives, que poden incloure, l\u2019adre\u00e7a IP, geolocalitzaci\u00f3, un registre de com s\u2019utilitzen els serveis i llocs, h\u00e0bits de navegaci\u00f3 i altres dades que no poden ser utilitzats per a identificar-te.<br \/>El lloc web utilitza els seg\u00fcents serveis d\u2019an\u00e0lisi de tercers:<\/span><\/span><\/p>\n<ul>\n<li>\n<p><span style=\"font-family: Liberation Sans, sans-serif;\"><span style=\"font-size: medium;\">Google Analytics.<\/span><\/span><\/p>\n<\/li>\n<li>\n<p><span style=\"font-family: Liberation Sans, sans-serif;\"><span style=\"font-size: medium;\">Google AdSense.<\/span><\/span><\/p>\n<\/li>\n<\/ul>\n<p><span style=\"font-family: Liberation Sans, sans-serif;\"><span style=\"font-size: medium;\">El Titular utilitza la informaci\u00f3 obtinguda per obtenir dades estad\u00edstiques, analitzar tend\u00e8ncies, administrar el lloc, estudiar patrons de navegaci\u00f3 i per recopilar informaci\u00f3 demogr\u00e0fica.<\/span><\/span><\/p>\n<p><span style=\"font-family: Liberation Sans, sans-serif;\"><span style=\"font-size: medium;\">El Titular no es fa responsable del tractament de les dades personals que realitzin les p\u00e0gines web a les que puguis accedir a trav\u00e9s dels diferents enlla\u00e7os que cont\u00e9 el lloc web.<\/span><\/span><\/p>\n<\/div><\/div><div class=\"et_pb_accordion_item_14 et_pb_accordion_item et_pb_toggle et_pb_module et_pb_toggle_close et_block_module\"><h4 class=\"et_pb_toggle_title\">Exactitud i veracitat de les dades personals<\/h4><div class=\"et_pb_toggle_content\"><p><span style=\"font-family: Liberation Sans, sans-serif;\"><span style=\"font-size: medium;\">Et compromets a que les dades facilitades al Titular siguin correctes, complets, exactes i vigents, aix\u00ed com a mantenir-les degudament actualitzades.<\/span><\/span><\/p>\n<p><span style=\"font-family: Liberation Sans, sans-serif;\"><span style=\"font-size: medium;\">Com Usuari del lloc web ets l\u2019\u00fanic responsable de la veracitat i correcci\u00f3 de les dades remeses a el lloc web, exonerant a Discof\u00f2rum de qualsevol responsabilitat al respecte.<\/span><\/span><\/p>\n<\/div><\/div><div class=\"et_pb_accordion_item_15 et_pb_accordion_item et_pb_toggle et_pb_module et_pb_toggle_close et_block_module\"><h4 class=\"et_pb_toggle_title\">Acceptaci\u00f3 i consentiment<\/h4><div class=\"et_pb_toggle_content\"><p><span style=\"font-family: Liberation Sans, sans-serif;\"><span style=\"font-size: medium;\">Com Usuari de el lloc web declares haver estat informat de les condicions sobre protecci\u00f3 de dades de car\u00e0cter personal, acceptes i consenteixes el tractament dels mateixos per part de Discof\u00f2rum en la forma i per a les finalitats indicades en aquesta Pol\u00edtica de Privacitat.<\/span><\/span><\/p>\n<\/div><\/div><div class=\"et_pb_accordion_item_16 et_pb_accordion_item et_pb_toggle et_pb_module et_pb_toggle_close et_block_module\"><h4 class=\"et_pb_toggle_title\">Revocabilitat<\/h4><div class=\"et_pb_toggle_content\"><p><span style=\"font-family: Liberation Sans, sans-serif;\"><span style=\"font-size: medium;\">Per exercitar els teus drets d\u2019acc\u00e9s, rectificaci\u00f3, cancel\u00b7laci\u00f3 i oposici\u00f3 has d\u2019enviar un correu electr\u00f2nic a miquel@troba.net juntament amb la prova v\u00e0lida en dret com una fotoc\u00f2pia del D.N.I. o equivalent.<\/span><\/span><\/p>\n<p><span style=\"font-family: Liberation Sans, sans-serif;\"><span style=\"font-size: medium;\">L\u2019exercici d\u2019aquests drets no inclou cap dada que Discof\u00f2rum estigui obligat a conservar amb fins administratius, legals o de seguretat.<\/span><\/span><\/p>\n<\/div><\/div><div class=\"et_pb_accordion_item_17 et_pb_accordion_item et_pb_toggle et_pb_module et_pb_toggle_close et_block_module\"><h4 class=\"et_pb_toggle_title\">Canvis en la Pol\u00edtica de Privacitat<\/h4><div class=\"et_pb_toggle_content\"><p style=\"margin-bottom: 0mm; line-height: 150%;\"><span style=\"font-family: Liberation Sans, sans-serif;\"><span style=\"font-size: medium;\">El Titular es reserva el dret a modificar la present Pol\u00edtica de Privacitat per adaptar-la a novetats legislatives o jurisprudencials, aix\u00ed com a pr\u00e0ctiques de la ind\u00fastria.<\/span><\/span><\/p>\n<p style=\"margin-bottom: 0mm; line-height: 150%;\"><span style=\"font-family: Liberation Sans, sans-serif;\"><span style=\"font-size: medium;\">Aquestes pol\u00edtiques estaran vigents fins que siguin modificades per altres degudament publicades.<\/span><\/span><\/p>\n<\/div><\/div><\/div><\/div><\/div><div class=\"et_pb_row_2 et_pb_row et_block_row\"><div class=\"et_pb_column_2 et_pb_column et_pb_column_1_3 et_block_column et_pb_css_mix_blend_mode_passthrough\"><div class=\"et_pb_text_2 et_pb_text et_pb_bg_layout_light et_pb_module et_block_module\"><div class=\"et_pb_text_inner\"><h5>Altres textos legals:<\/h5>\n<\/div><\/div><\/div><div class=\"et_pb_column_3 et_pb_column et_pb_column_1_3 et_block_column et_pb_css_mix_blend_mode_passthrough\"><div class=\"et_pb_text_3 et_pb_text et_pb_bg_layout_light et_clickable et_pb_module et_block_module\"><div class=\"et_pb_text_inner\"><h5>Av\u00eds legal<\/h5>\n<\/div><\/div><\/div><div class=\"et_pb_column_4 et_pb_column et_pb_column_1_3 et-last-child et_block_column et_pb_css_mix_blend_mode_passthrough\"><div class=\"et_pb_text_4 et_pb_text et_pb_bg_layout_light et_clickable et_pb_module et_block_module\"><div class=\"et_pb_text_inner\"><h5>Pol\u00edtica de cookies<\/h5>\n<\/div><\/div><\/div><\/div><div class=\"et_pb_bottom_inside_divider et-no-transition\"><\/div><\/div>\n","protected":false},"excerpt":{"rendered":"","protected":false},"author":1,"featured_media":0,"parent":0,"menu_order":0,"comment_status":"closed","ping_status":"closed","template":"","meta":{"footnotes":""},"class_list":["post-393170","page","type-page","status-publish","hentry"],"yoast_head":"<!-- This site is optimized with the Yoast SEO plugin v28.3 - https:\/\/yoast.com\/product\/yoast-seo-wordpress\/ -->\n<title>zd Pol\u00edtica de privacitat - Discof\u00f2rum<\/title>\n<meta name=\"robots\" content=\"index, follow, max-snippet:-1, max-image-preview:large, max-video-preview:-1\" \/>\n<link rel=\"canonical\" href=\"https:\/\/troba.net\/discoforum\/zd-politica-de-privacitat\/\" \/>\n<meta property=\"og:locale\" content=\"ca_ES\" \/>\n<meta property=\"og:type\" content=\"article\" \/>\n<meta property=\"og:title\" content=\"zd Pol\u00edtica de privacitat - Discof\u00f2rum\" \/>\n<meta property=\"og:url\" content=\"https:\/\/troba.net\/discoforum\/zd-politica-de-privacitat\/\" \/>\n<meta property=\"og:site_name\" content=\"Discof\u00f2rum\" \/>\n<meta property=\"article:modified_time\" content=\"2026-03-23T20:15:50+00:00\" \/>\n<meta name=\"twitter:card\" content=\"summary_large_image\" \/>\n<meta name=\"twitter:label1\" content=\"Temps estimat de lectura\" \/>\n\t<meta name=\"twitter:data1\" content=\"11 minuts\" \/>\n<script type=\"application\/ld+json\" class=\"yoast-schema-graph\">{\"@context\":\"https:\\\/\\\/schema.org\",\"@graph\":[{\"@type\":\"WebPage\",\"@id\":\"https:\\\/\\\/troba.net\\\/discoforum\\\/zd-politica-de-privacitat\\\/\",\"url\":\"https:\\\/\\\/troba.net\\\/discoforum\\\/zd-politica-de-privacitat\\\/\",\"name\":\"zd Pol\u00edtica de privacitat - Discof\u00f2rum\",\"isPartOf\":{\"@id\":\"https:\\\/\\\/troba.net\\\/discoforum\\\/#website\"},\"datePublished\":\"2024-03-01T16:44:32+00:00\",\"dateModified\":\"2026-03-23T20:15:50+00:00\",\"breadcrumb\":{\"@id\":\"https:\\\/\\\/troba.net\\\/discoforum\\\/zd-politica-de-privacitat\\\/#breadcrumb\"},\"inLanguage\":\"ca\",\"potentialAction\":[{\"@type\":\"ReadAction\",\"target\":[\"https:\\\/\\\/troba.net\\\/discoforum\\\/zd-politica-de-privacitat\\\/\"]}]},{\"@type\":\"BreadcrumbList\",\"@id\":\"https:\\\/\\\/troba.net\\\/discoforum\\\/zd-politica-de-privacitat\\\/#breadcrumb\",\"itemListElement\":[{\"@type\":\"ListItem\",\"position\":1,\"name\":\"Inici\",\"item\":\"https:\\\/\\\/troba.net\\\/discoforum\\\/\"},{\"@type\":\"ListItem\",\"position\":2,\"name\":\"zd Pol\u00edtica de privacitat\"}]},{\"@type\":\"WebSite\",\"@id\":\"https:\\\/\\\/troba.net\\\/discoforum\\\/#website\",\"url\":\"https:\\\/\\\/troba.net\\\/discoforum\\\/\",\"name\":\"Discof\u00f2rum\",\"description\":\"Sessions audio-visuals de m\u00fasica cl\u00e0ssica i jazz\",\"publisher\":{\"@id\":\"https:\\\/\\\/troba.net\\\/discoforum\\\/#organization\"},\"potentialAction\":[{\"@type\":\"SearchAction\",\"target\":{\"@type\":\"EntryPoint\",\"urlTemplate\":\"https:\\\/\\\/troba.net\\\/discoforum\\\/?s={search_term_string}\"},\"query-input\":{\"@type\":\"PropertyValueSpecification\",\"valueRequired\":true,\"valueName\":\"search_term_string\"}}],\"inLanguage\":\"ca\"},{\"@type\":\"Organization\",\"@id\":\"https:\\\/\\\/troba.net\\\/discoforum\\\/#organization\",\"name\":\"Discof\u00f2rum\",\"url\":\"https:\\\/\\\/troba.net\\\/discoforum\\\/\",\"logo\":{\"@type\":\"ImageObject\",\"inLanguage\":\"ca\",\"@id\":\"https:\\\/\\\/troba.net\\\/discoforum\\\/#\\\/schema\\\/logo\\\/image\\\/\",\"url\":\"https:\\\/\\\/troba.net\\\/discoforum\\\/wp-content\\\/uploads\\\/2024\\\/03\\\/logo-discoforum-fons-blanc.png\",\"contentUrl\":\"https:\\\/\\\/troba.net\\\/discoforum\\\/wp-content\\\/uploads\\\/2024\\\/03\\\/logo-discoforum-fons-blanc.png\",\"width\":577,\"height\":73,\"caption\":\"Discof\u00f2rum\"},\"image\":{\"@id\":\"https:\\\/\\\/troba.net\\\/discoforum\\\/#\\\/schema\\\/logo\\\/image\\\/\"}}]}<\/script>\n<!-- \/ Yoast SEO plugin. -->","yoast_head_json":{"title":"zd Pol\u00edtica de privacitat - Discof\u00f2rum","robots":{"index":"index","follow":"follow","max-snippet":"max-snippet:-1","max-image-preview":"max-image-preview:large","max-video-preview":"max-video-preview:-1"},"canonical":"https:\/\/troba.net\/discoforum\/zd-politica-de-privacitat\/","og_locale":"ca_ES","og_type":"article","og_title":"zd Pol\u00edtica de privacitat - Discof\u00f2rum","og_url":"https:\/\/troba.net\/discoforum\/zd-politica-de-privacitat\/","og_site_name":"Discof\u00f2rum","article_modified_time":"2026-03-23T20:15:50+00:00","twitter_card":"summary_large_image","twitter_misc":{"Temps estimat de lectura":"11 minuts"},"schema":{"@context":"https:\/\/schema.org","@graph":[{"@type":"WebPage","@id":"https:\/\/troba.net\/discoforum\/zd-politica-de-privacitat\/","url":"https:\/\/troba.net\/discoforum\/zd-politica-de-privacitat\/","name":"zd Pol\u00edtica de privacitat - Discof\u00f2rum","isPartOf":{"@id":"https:\/\/troba.net\/discoforum\/#website"},"datePublished":"2024-03-01T16:44:32+00:00","dateModified":"2026-03-23T20:15:50+00:00","breadcrumb":{"@id":"https:\/\/troba.net\/discoforum\/zd-politica-de-privacitat\/#breadcrumb"},"inLanguage":"ca","potentialAction":[{"@type":"ReadAction","target":["https:\/\/troba.net\/discoforum\/zd-politica-de-privacitat\/"]}]},{"@type":"BreadcrumbList","@id":"https:\/\/troba.net\/discoforum\/zd-politica-de-privacitat\/#breadcrumb","itemListElement":[{"@type":"ListItem","position":1,"name":"Inici","item":"https:\/\/troba.net\/discoforum\/"},{"@type":"ListItem","position":2,"name":"zd Pol\u00edtica de privacitat"}]},{"@type":"WebSite","@id":"https:\/\/troba.net\/discoforum\/#website","url":"https:\/\/troba.net\/discoforum\/","name":"Discof\u00f2rum","description":"Sessions audio-visuals de m\u00fasica cl\u00e0ssica i jazz","publisher":{"@id":"https:\/\/troba.net\/discoforum\/#organization"},"potentialAction":[{"@type":"SearchAction","target":{"@type":"EntryPoint","urlTemplate":"https:\/\/troba.net\/discoforum\/?s={search_term_string}"},"query-input":{"@type":"PropertyValueSpecification","valueRequired":true,"valueName":"search_term_string"}}],"inLanguage":"ca"},{"@type":"Organization","@id":"https:\/\/troba.net\/discoforum\/#organization","name":"Discof\u00f2rum","url":"https:\/\/troba.net\/discoforum\/","logo":{"@type":"ImageObject","inLanguage":"ca","@id":"https:\/\/troba.net\/discoforum\/#\/schema\/logo\/image\/","url":"https:\/\/troba.net\/discoforum\/wp-content\/uploads\/2024\/03\/logo-discoforum-fons-blanc.png","contentUrl":"https:\/\/troba.net\/discoforum\/wp-content\/uploads\/2024\/03\/logo-discoforum-fons-blanc.png","width":577,"height":73,"caption":"Discof\u00f2rum"},"image":{"@id":"https:\/\/troba.net\/discoforum\/#\/schema\/logo\/image\/"}}]}},"_links":{"self":[{"href":"https:\/\/troba.net\/discoforum\/wp-json\/wp\/v2\/pages\/393170","targetHints":{"allow":["GET"]}}],"collection":[{"href":"https:\/\/troba.net\/discoforum\/wp-json\/wp\/v2\/pages"}],"about":[{"href":"https:\/\/troba.net\/discoforum\/wp-json\/wp\/v2\/types\/page"}],"author":[{"embeddable":true,"href":"https:\/\/troba.net\/discoforum\/wp-json\/wp\/v2\/users\/1"}],"replies":[{"embeddable":true,"href":"https:\/\/troba.net\/discoforum\/wp-json\/wp\/v2\/comments?post=393170"}],"version-history":[{"count":11,"href":"https:\/\/troba.net\/discoforum\/wp-json\/wp\/v2\/pages\/393170\/revisions"}],"predecessor-version":[{"id":399827,"href":"https:\/\/troba.net\/discoforum\/wp-json\/wp\/v2\/pages\/393170\/revisions\/399827"}],"wp:attachment":[{"href":"https:\/\/troba.net\/discoforum\/wp-json\/wp\/v2\/media?parent=393170"}],"curies":[{"name":"wp","href":"https:\/\/api.w.org\/{rel}","templated":true}]}}