{"id":393279,"date":"2024-03-02T10:02:39","date_gmt":"2024-03-02T09:02:39","guid":{"rendered":"https:\/\/troba.net\/discoforum\/?page_id=393279"},"modified":"2026-03-23T21:23:40","modified_gmt":"2026-03-23T20:23:40","slug":"sesiones-2024","status":"publish","type":"page","link":"https:\/\/troba.net\/discoforum\/es\/sesiones-2024\/","title":{"rendered":"Sesiones 2024"},"content":{"rendered":"<div class=\"et_pb_section_0 et_pb_section et_section_regular et_block_section\">\n<div class=\"et_pb_row_0 et_pb_row et_block_row\">\n<div class=\"et_pb_column_0 et_pb_column et_pb_column_4_4 et-last-child et_block_column et_pb_css_mix_blend_mode_passthrough\">\n<div class=\"et_pb_image_0 et_pb_image et_pb_module et_block_module\"><span class=\"et_pb_image_wrap\"><img loading=\"lazy\" decoding=\"async\" src=\"https:\/\/troba.net\/discoforum\/wp-content\/uploads\/2024\/03\/logo-discoforum-fons-blanc.png\" width=\"577\" height=\"73\" srcset=\"https:\/\/troba.net\/discoforum\/wp-content\/uploads\/2024\/03\/logo-discoforum-fons-blanc.png 577w, https:\/\/troba.net\/discoforum\/wp-content\/uploads\/2024\/03\/logo-discoforum-fons-blanc-480x61.png 480w\" sizes=\"(min-width: 0px) and (max-width: 480px) 480px, (min-width: 481px) 577px, 100vw\" class=\"wp-image-393085\" \/><\/span><\/div>\n\n<div class=\"et_pb_text_0 et_pb_text et_pb_bg_layout_light et_pb_module et_block_module\"><div class=\"et_pb_text_inner\"><h1>Sesiones del a\u00f1o 2024<\/h1>\n<\/div><\/div>\n\n<div class=\"et_pb_module et_pb_button_module_wrapper et_pb_button_0_wrapper\"><a class=\"et_pb_button_0 et_pb_button et_pb_bg_layout_light et_pb_module et_block_module\" href=\"https:\/\/troba.net\/discoforum\/es\/newsletter-2\/\">Pulsa aqu\u00ed para recibir informaci\u00f3n de las actividades<\/a><\/div>\n<\/div>\n<\/div>\n<\/div>\n\n<div class=\"et_pb_section_1 et_pb_section et_section_regular et_block_section\"><span class=\"et_pb_background_pattern\"><\/span>\n<div class=\"et_pb_row_1 et_pb_row et_block_row\">\n<div class=\"et_pb_column_1 et_pb_column et_pb_column_4_4 et-last-child et_block_column et_pb_css_mix_blend_mode_passthrough\">\n<div class=\"et_pb_text_1 et_pb_text et_pb_bg_layout_dark et_pb_module et_block_module\"><div class=\"et_pb_text_inner\"><h1>\u00cdndice<\/h1>\n<\/div><\/div>\n<\/div>\n<\/div>\n\n<div class=\"et_pb_row_2 et_pb_row et_pb_equal_columns et_block_row\">\n<div class=\"et_pb_column_2 et_pb_column et_pb_column_1_3 et_block_column et_pb_css_mix_blend_mode_passthrough\">\n<div class=\"et_pb_text_2 et_pb_text et_pb_bg_layout_light et_pb_module et_block_module\"><div class=\"et_pb_text_inner\"><h4>CL\u00c1SICA<\/h4>\n<ul>\n<ul>\n<li><a href=\"#ActivitatsMusicalsContemporanies\">Actividades musicales contempor\u00e1neas<\/a><\/li>\n<li><a href=\"#MadrigalPoemaSimfonic\">Amb \"D\" de dona - Del Madrigal al Poema Simf\u00f2nic<\/a><\/li>\n<li><a href=\"#18-09-2024\">Amb \"D\" de dona - Melod\u00edas de la m\u00fasica cl\u00e1sica<\/a><\/li>\n<li><a href=\"#AntoninDvorak\">Antonin Dvo\u0159\u00e1k - Simphonia 9 y Rusalka<\/a><\/li>\n<\/ul>\n<\/ul>\n<ul><\/ul>\n<\/div><\/div>\n<\/div>\n\n<div class=\"et_pb_column_3 et_pb_column et_pb_column_1_3 et_block_column et_pb_css_mix_blend_mode_passthrough\">\n<div class=\"et_pb_text_3 et_pb_text et_pb_bg_layout_light et_pb_module et_block_module\"><div class=\"et_pb_text_inner\"><h4>CL\u00c1SICA<\/h4>\n<ul>\n<li><a href=\"#BeethovenObertures\">Beethoven - Oberturas sinf\u00f3nicas<\/a><\/li>\n<li><a href=\"#Weber\">Carl Maria von Weber - Obertures<\/a><\/li>\n<li><a href=\"#EdwardGrieg\">Edvard Greig<\/a><\/li>\n<li><a href=\"#FranzJosephHayden\">Franz Joseph Haydn - Selecci\u00f3<\/a><\/li>\n<li><a href=\"#LiricaCatalana\">L\u00edrica catalana - Selecci\u00f3n<\/a><\/li>\n<li><a href=\"#GiacomoPucciniArias\">Giacomo Puccini - Arias<\/a><\/li>\n<li><a href=\"#GiuseppeVerdi\">Giuseppe Verdi - Oberturas y Arias<\/a><\/li>\n<li><a href=\"#Bach1\">Johann Sebastian Bach \u2013 Selecci\u00f3 (1)<\/a><\/li>\n<li><a href=\"#Bach2\">Johann Sebastian Bach \u2013 Selecci\u00f3 (2)<\/a><\/li>\n<\/ul>\n<ul><\/ul>\n<ul><\/ul>\n<\/div><\/div>\n<\/div>\n\n<div class=\"et_pb_column_4 et_pb_column et_pb_column_1_3 et-last-child et_block_column et_pb_css_mix_blend_mode_passthrough\">\n<div class=\"et_pb_text_4 et_pb_text et_pb_bg_layout_light et_pb_module et_block_module\" id=\"#NadalCatalunya\"><div class=\"et_pb_text_inner\"><h4>CL\u00c1SICA<\/h4>\n<ul>\n<li><a href=\"#JohannesBrahms\">Johannes Brahms - Sinf\u00f3nico<\/a><\/li>\n<li><a href=\"#NadalEsplugues\">Navidad en Esplugues<\/a><\/li>\n<li><a href=\"#Txaikovski\">Piotr Ilitx Txaikovski<\/a><\/li>\n<li><a href=\"#MozartDonGiovanni\">Wolfgang A. Mozart \u2013 Don Giovanni<\/a><\/li>\n<\/ul>\n<h4>JAZZ<\/h4>\n<ul>\n<li><a href=\"#JazzCatalunya\">El jazz a Catalunya<\/a><\/li>\n<li><a href=\"#LesVeusFemenines\">Las voces femeninas del jazz<\/a><\/li>\n<li><a href=\"#NaixementDelJazz\">Nacimiento del Jazz<\/a><\/li>\n<\/ul>\n<ul><\/ul>\n<\/div><\/div>\n<\/div>\n<\/div>\n\n<div class=\"et_pb_row_3 et_pb_row et_block_row\">\n<div class=\"et_pb_column_5 et_pb_column et_pb_column_4_4 et-last-child et_block_column et_pb_css_mix_blend_mode_passthrough\">\n<div class=\"et_pb_text_5 et_pb_text et_pb_bg_layout_light et_pb_module et_block_module\"><div class=\"et_pb_text_inner\"><p>Les sessions estan ordenades per dates. Les m\u00e9s recents primer<\/p>\n<\/div><\/div>\n<\/div>\n<\/div>\n<\/div>\n\n<div class=\"et_pb_section_2 et_pb_section et_section_regular et_block_section section_has_divider et_pb_bottom_divider grace_blurbs_cosmos\" id=\"cosmos\">\n<div class=\"et_pb_row_4 et_pb_row et_pb_row_4col et_pb_equal_columns et_block_row et_block_row_4col\">\n<div class=\"et_pb_column_6 et_pb_column et_pb_column_1_4 et_block_column et_pb_css_mix_blend_mode_passthrough\">\n<div class=\"et_pb_blurb_0 et_pb_blurb et_pb_bg_layout_light et_pb_text_align_center et_pb_blurb_position_top et_clickable et_pb_module et_block_module\" id=\"NadalEsplugues\"><div class=\"et_pb_blurb_content\"><div class=\"et_pb_main_blurb_image\"><span class=\"et_pb_image_wrap et_pb_only_image_mode_wrap\"><img loading=\"lazy\" decoding=\"async\" src=\"https:\/\/troba.net\/discoforum\/wp-content\/uploads\/2024\/11\/Nadal-2024-1500x1500-1.png\" width=\"1500\" height=\"1500\" srcset=\"https:\/\/troba.net\/discoforum\/wp-content\/uploads\/2024\/11\/Nadal-2024-1500x1500-1.png 1500w, https:\/\/troba.net\/discoforum\/wp-content\/uploads\/2024\/11\/Nadal-2024-1500x1500-1-1280x1280.png 1280w, https:\/\/troba.net\/discoforum\/wp-content\/uploads\/2024\/11\/Nadal-2024-1500x1500-1-980x980.png 980w, https:\/\/troba.net\/discoforum\/wp-content\/uploads\/2024\/11\/Nadal-2024-1500x1500-1-480x480.png 480w\" sizes=\"(min-width: 0px) and (max-width: 480px) 480px, (min-width: 481px) and (max-width: 980px) 980px, (min-width: 981px) and (max-width: 1280px) 1280px, (min-width: 1281px) 1500px, 100vw\" class=\"wp-image-396074\" \/><\/span><\/div><div class=\"et_pb_blurb_container\"><h4 class=\"et_pb_module_header\">Navidad en Esplugues<\/h4><div class=\"et_pb_blurb_description\"><p>2024<br \/>__________<\/p>\n<p>18 de diciembre del 2024<br \/>Presentador: Francesc Coma<\/p>\n<p>(Pulsa aqu\u00ed para ver m\u00e1s)<\/p>\n<\/div><\/div><\/div><\/div>\n<\/div>\n\n<div class=\"et_pb_column_7 et_pb_column et_pb_column_1_4 et_block_column et_pb_css_mix_blend_mode_passthrough\">\n<div class=\"et_pb_blurb_1 et_pb_blurb et_pb_bg_layout_light et_pb_text_align_center et_pb_blurb_position_top et_clickable et_pb_module et_block_module\" id=\"Bach2\"><div class=\"et_pb_blurb_content\"><div class=\"et_pb_main_blurb_image\"><span class=\"et_pb_image_wrap et_pb_only_image_mode_wrap\"><img loading=\"lazy\" decoding=\"async\" src=\"https:\/\/troba.net\/discoforum\/wp-content\/uploads\/2024\/11\/Pintura-1500x1500-1.jpg\" width=\"1500\" height=\"1500\" srcset=\"https:\/\/troba.net\/discoforum\/wp-content\/uploads\/2024\/11\/Pintura-1500x1500-1.jpg 1500w, https:\/\/troba.net\/discoforum\/wp-content\/uploads\/2024\/11\/Pintura-1500x1500-1-1280x1280.jpg 1280w, https:\/\/troba.net\/discoforum\/wp-content\/uploads\/2024\/11\/Pintura-1500x1500-1-980x980.jpg 980w, https:\/\/troba.net\/discoforum\/wp-content\/uploads\/2024\/11\/Pintura-1500x1500-1-480x480.jpg 480w\" sizes=\"(min-width: 0px) and (max-width: 480px) 480px, (min-width: 481px) and (max-width: 980px) 980px, (min-width: 981px) and (max-width: 1280px) 1280px, (min-width: 1281px) 1500px, 100vw\" class=\"wp-image-397184\" \/><\/span><\/div><div class=\"et_pb_blurb_container\"><h4 class=\"et_pb_module_header\">Johann S. Bach<\/h4><div class=\"et_pb_blurb_description\"><p>Selecci\u00f3n (2)<br \/>__________<\/p>\n<p>11 de dicembre del 2024<br \/>Presentador: Francesc Ventura<\/p>\n<p>(Pulsa aqu\u00ed para ver m\u00e1s)<\/p>\n<\/div><\/div><\/div><\/div>\n<\/div>\n\n<div class=\"et_pb_column_8 et_pb_column et_pb_column_1_4 et_block_column et_pb_css_mix_blend_mode_passthrough\">\n<div class=\"et_pb_blurb_2 et_pb_blurb et_pb_bg_layout_light et_pb_text_align_center et_pb_blurb_position_top et_clickable et_pb_module et_block_module\" id=\"JazzCatalunya\"><div class=\"et_pb_blurb_content\"><div class=\"et_pb_main_blurb_image\"><span class=\"et_pb_image_wrap et_pb_only_image_mode_wrap\"><img loading=\"lazy\" decoding=\"async\" src=\"https:\/\/troba.net\/discoforum\/wp-content\/uploads\/2024\/11\/barcelona-saxo-1500x1500-1.jpg\" width=\"1500\" height=\"1500\" srcset=\"https:\/\/troba.net\/discoforum\/wp-content\/uploads\/2024\/11\/barcelona-saxo-1500x1500-1.jpg 1500w, https:\/\/troba.net\/discoforum\/wp-content\/uploads\/2024\/11\/barcelona-saxo-1500x1500-1-1280x1280.jpg 1280w, https:\/\/troba.net\/discoforum\/wp-content\/uploads\/2024\/11\/barcelona-saxo-1500x1500-1-980x980.jpg 980w, https:\/\/troba.net\/discoforum\/wp-content\/uploads\/2024\/11\/barcelona-saxo-1500x1500-1-480x480.jpg 480w\" sizes=\"(min-width: 0px) and (max-width: 480px) 480px, (min-width: 481px) and (max-width: 980px) 980px, (min-width: 981px) and (max-width: 1280px) 1280px, (min-width: 1281px) 1500px, 100vw\" class=\"wp-image-396062\" \/><\/span><\/div><div class=\"et_pb_blurb_container\"><h4 class=\"et_pb_module_header\">El Jazz en Catalunya<\/h4><div class=\"et_pb_blurb_description\"><p>Historia<br \/>ANULADA por problemas familiares<\/p>\n<p>11 de diciembre del 2024<br \/>Presentador: Manel Fabregat<\/p>\n<p>(Pulsa aqu\u00ed para ver m\u00e1s)<\/p>\n<\/div><\/div><\/div><\/div>\n<\/div>\n\n<div class=\"et_pb_column_9 et_pb_column et_pb_column_1_4 et-last-child et_block_column et_pb_css_mix_blend_mode_passthrough\">\n<div class=\"et_pb_blurb_3 et_pb_blurb et_pb_bg_layout_light et_pb_text_align_center et_pb_blurb_position_top et_clickable et_pb_module et_block_module\" id=\"Txaikovski\"><div class=\"et_pb_blurb_content\"><div class=\"et_pb_main_blurb_image\"><span class=\"et_pb_image_wrap et_pb_only_image_mode_wrap\"><img loading=\"lazy\" decoding=\"async\" src=\"https:\/\/troba.net\/discoforum\/wp-content\/uploads\/2024\/10\/Flors-1920x1920-1.png\" width=\"1920\" height=\"1920\" srcset=\"https:\/\/troba.net\/discoforum\/wp-content\/uploads\/2024\/10\/Flors-1920x1920-1.png 1920w, https:\/\/troba.net\/discoforum\/wp-content\/uploads\/2024\/10\/Flors-1920x1920-1-1280x1280.png 1280w, https:\/\/troba.net\/discoforum\/wp-content\/uploads\/2024\/10\/Flors-1920x1920-1-980x980.png 980w, https:\/\/troba.net\/discoforum\/wp-content\/uploads\/2024\/10\/Flors-1920x1920-1-480x480.png 480w\" sizes=\"(min-width: 0px) and (max-width: 480px) 480px, (min-width: 481px) and (max-width: 980px) 980px, (min-width: 981px) and (max-width: 1280px) 1280px, (min-width: 1281px) 1920px, 100vw\" class=\"wp-image-395975\" \/><\/span><\/div><div class=\"et_pb_blurb_container\"><h4 class=\"et_pb_module_header\">Piotr Ilitx Txaikovski<\/h4><div class=\"et_pb_blurb_description\"><p>Selecci\u00f3n<br \/>__________<\/p>\n<p>27 de noviembre del 2024<br \/>Presentador: Josep Izquierdo<\/p>\n<p>(Pulsa aqu\u00ed para ver m\u00e1s)<\/p>\n<\/div><\/div><\/div><\/div>\n<\/div>\n<\/div>\n\n<div class=\"et_pb_row_5 et_pb_row et_pb_row_4col et_pb_equal_columns et_block_row et_block_row_4col\">\n<div class=\"et_pb_column_10 et_pb_column et_pb_column_1_4 et_block_column et_pb_css_mix_blend_mode_passthrough\">\n<div class=\"et_pb_blurb_4 et_pb_blurb et_pb_bg_layout_light et_pb_text_align_center et_pb_blurb_position_top et_clickable et_pb_module et_block_module\" id=\"ActivitatsMusicalsContemporanies\"><div class=\"et_pb_blurb_content\"><div class=\"et_pb_main_blurb_image\"><span class=\"et_pb_image_wrap et_pb_only_image_mode_wrap\"><img loading=\"lazy\" decoding=\"async\" src=\"https:\/\/troba.net\/discoforum\/wp-content\/uploads\/2024\/09\/Ara-Malikian-scaled.jpg\" width=\"2560\" height=\"2560\" srcset=\"https:\/\/troba.net\/discoforum\/wp-content\/uploads\/2024\/09\/Ara-Malikian-scaled.jpg 2560w, https:\/\/troba.net\/discoforum\/wp-content\/uploads\/2024\/09\/Ara-Malikian-1280x1280.jpg 1280w, https:\/\/troba.net\/discoforum\/wp-content\/uploads\/2024\/09\/Ara-Malikian-980x980.jpg 980w, https:\/\/troba.net\/discoforum\/wp-content\/uploads\/2024\/09\/Ara-Malikian-480x480.jpg 480w\" sizes=\"(min-width: 0px) and (max-width: 480px) 480px, (min-width: 481px) and (max-width: 980px) 980px, (min-width: 981px) and (max-width: 1280px) 1280px, (min-width: 1281px) 2560px, 100vw\" class=\"wp-image-395751\" \/><\/span><\/div><div class=\"et_pb_blurb_container\"><h4 class=\"et_pb_module_header\">Actividades musicales contempor\u00e1neas<\/h4><div class=\"et_pb_blurb_description\"><p>__________<\/p>\n<p>13 de noviembre del 2024<br \/>Presentador: Miquel \u00c0. Escard\u00f3<\/p>\n<p>(Pulsa aqu\u00ed para ver m\u00e1s)<\/p>\n<\/div><\/div><\/div><\/div>\n<\/div>\n\n<div class=\"et_pb_column_11 et_pb_column et_pb_column_1_4 et_block_column et_pb_css_mix_blend_mode_passthrough\">\n<div class=\"et_pb_blurb_5 et_pb_blurb et_pb_bg_layout_light et_pb_text_align_center et_pb_blurb_position_top et_clickable et_pb_module et_block_module\" id=\"MozartDonGiovanni\"><div class=\"et_pb_blurb_content\"><div class=\"et_pb_main_blurb_image\"><span class=\"et_pb_image_wrap et_pb_only_image_mode_wrap\"><img loading=\"lazy\" decoding=\"async\" src=\"https:\/\/troba.net\/discoforum\/wp-content\/uploads\/2024\/09\/Don-Giovanni-1200x1200-1.jpg\" width=\"1200\" height=\"1200\" srcset=\"https:\/\/troba.net\/discoforum\/wp-content\/uploads\/2024\/09\/Don-Giovanni-1200x1200-1.jpg 1200w, https:\/\/troba.net\/discoforum\/wp-content\/uploads\/2024\/09\/Don-Giovanni-1200x1200-1-980x980.jpg 980w, https:\/\/troba.net\/discoforum\/wp-content\/uploads\/2024\/09\/Don-Giovanni-1200x1200-1-480x480.jpg 480w\" sizes=\"(min-width: 0px) and (max-width: 480px) 480px, (min-width: 481px) and (max-width: 980px) 980px, (min-width: 981px) 1200px, 100vw\" class=\"wp-image-395725\" \/><\/span><\/div><div class=\"et_pb_blurb_container\"><h4 class=\"et_pb_module_header\">Wolfgang A. Mozart<\/h4><div class=\"et_pb_blurb_description\"><p>Don Giovanni<br \/>ANULADA<\/p>\n<p>30 de octurbre del 2024<br \/>Presentador: Josep Maria Busqu\u00e9<\/p>\n<p>(Pulsa aqu\u00ed para ver m\u00e1s)<\/p>\n<\/div><\/div><\/div><\/div>\n<\/div>\n\n<div class=\"et_pb_column_12 et_pb_column et_pb_column_1_4 et_block_column et_pb_css_mix_blend_mode_passthrough\">\n<div class=\"et_pb_blurb_6 et_pb_blurb et_pb_bg_layout_light et_pb_text_align_center et_pb_blurb_position_top et_clickable et_pb_module et_block_module\" id=\"Weber\"><div class=\"et_pb_blurb_content\"><div class=\"et_pb_main_blurb_image\"><span class=\"et_pb_image_wrap et_pb_only_image_mode_wrap\"><img loading=\"lazy\" decoding=\"async\" src=\"https:\/\/troba.net\/discoforum\/wp-content\/uploads\/2024\/09\/cacador-1900x1900-1.jpg\" width=\"1920\" height=\"1920\" srcset=\"https:\/\/troba.net\/discoforum\/wp-content\/uploads\/2024\/09\/cacador-1900x1900-1.jpg 1920w, https:\/\/troba.net\/discoforum\/wp-content\/uploads\/2024\/09\/cacador-1900x1900-1-1280x1280.jpg 1280w, https:\/\/troba.net\/discoforum\/wp-content\/uploads\/2024\/09\/cacador-1900x1900-1-980x980.jpg 980w, https:\/\/troba.net\/discoforum\/wp-content\/uploads\/2024\/09\/cacador-1900x1900-1-480x480.jpg 480w\" sizes=\"(min-width: 0px) and (max-width: 480px) 480px, (min-width: 481px) and (max-width: 980px) 980px, (min-width: 981px) and (max-width: 1280px) 1280px, (min-width: 1281px) 1920px, 100vw\" class=\"wp-image-395724\" \/><\/span><\/div><div class=\"et_pb_blurb_container\"><h4 class=\"et_pb_module_header\">Carl Maria Von Weber<\/h4><div class=\"et_pb_blurb_description\"><p>Obertures<br \/>__________<\/p>\n<p>16 de octubre del 2024<br \/>Presentador: Francesc Coma<\/p>\n<p>(Pulsa aqu\u00ed para ver m\u00e1s)<\/p>\n<\/div><\/div><\/div><\/div>\n<\/div>\n\n<div class=\"et_pb_column_13 et_pb_column et_pb_column_1_4 et-last-child et_block_column et_pb_css_mix_blend_mode_passthrough\">\n<div class=\"et_pb_blurb_7 et_pb_blurb et_pb_bg_layout_light et_pb_text_align_center et_pb_blurb_position_top et_clickable et_pb_module et_block_module\" id=\"Bach1\"><div class=\"et_pb_blurb_content\"><div class=\"et_pb_main_blurb_image\"><span class=\"et_pb_image_wrap et_pb_only_image_mode_wrap\"><img loading=\"lazy\" decoding=\"async\" src=\"https:\/\/troba.net\/discoforum\/wp-content\/uploads\/2024\/09\/orga-1300x1300-1.jpg\" width=\"1300\" height=\"1300\" srcset=\"https:\/\/troba.net\/discoforum\/wp-content\/uploads\/2024\/09\/orga-1300x1300-1.jpg 1300w, https:\/\/troba.net\/discoforum\/wp-content\/uploads\/2024\/09\/orga-1300x1300-1-1280x1280.jpg 1280w, https:\/\/troba.net\/discoforum\/wp-content\/uploads\/2024\/09\/orga-1300x1300-1-980x980.jpg 980w, https:\/\/troba.net\/discoforum\/wp-content\/uploads\/2024\/09\/orga-1300x1300-1-480x480.jpg 480w\" sizes=\"(min-width: 0px) and (max-width: 480px) 480px, (min-width: 481px) and (max-width: 980px) 980px, (min-width: 981px) and (max-width: 1280px) 1280px, (min-width: 1281px) 1300px, 100vw\" class=\"wp-image-395721\" \/><\/span><\/div><div class=\"et_pb_blurb_container\"><h4 class=\"et_pb_module_header\">Johann S. Bach<\/h4><div class=\"et_pb_blurb_description\"><p>Selecci\u00f3 (1)<br \/>__________<\/p>\n<p>2 de octubre del 2024<br \/>Presentador: Francesc Ventura<\/p>\n<p>(Pulsa aqu\u00ed para ver m\u00e1s)<\/p>\n<\/div><\/div><\/div><\/div>\n<\/div>\n<\/div>\n\n<div class=\"et_pb_row_6 et_pb_row et_pb_row_4col et_pb_equal_columns et_block_row et_block_row_4col\">\n<div class=\"et_pb_column_14 et_pb_column et_pb_column_1_4 et_block_column et_pb_css_mix_blend_mode_passthrough\">\n<div class=\"et_pb_blurb_8 et_pb_blurb et_pb_bg_layout_light et_pb_text_align_center et_pb_blurb_position_top et_clickable et_pb_module et_block_module\" id=\"18-09-2024\"><div class=\"et_pb_blurb_content\"><div class=\"et_pb_main_blurb_image\"><span class=\"et_pb_image_wrap et_pb_only_image_mode_wrap\"><img loading=\"lazy\" decoding=\"async\" src=\"https:\/\/troba.net\/discoforum\/wp-content\/uploads\/2024\/08\/headphones-1000x1000-1.jpg\" width=\"1000\" height=\"1000\" srcset=\"https:\/\/troba.net\/discoforum\/wp-content\/uploads\/2024\/08\/headphones-1000x1000-1.jpg 1000w, https:\/\/troba.net\/discoforum\/wp-content\/uploads\/2024\/08\/headphones-1000x1000-1-980x980.jpg 980w, https:\/\/troba.net\/discoforum\/wp-content\/uploads\/2024\/08\/headphones-1000x1000-1-480x480.jpg 480w\" sizes=\"(min-width: 0px) and (max-width: 480px) 480px, (min-width: 481px) and (max-width: 980px) 980px, (min-width: 981px) 1000px, 100vw\" class=\"wp-image-395645\" \/><\/span><\/div><div class=\"et_pb_blurb_container\"><h4 class=\"et_pb_module_header\">Amb \"D\" de dona<\/h4><div class=\"et_pb_blurb_description\"><p>Melod\u00edas de la M\u00fasica Cl\u00e1sica<\/p>\n<p>18 de septiembre del 2024<br \/>A cargo de: Ramon Cervera<br \/>Presentadoras: Mari Carme Drag\u00f3 \u2013 Maria del Carme Vald\u00e9<\/p>\n<p>(Pulsa aqu\u00ed para ver m\u00e1s)<\/p>\n<\/div><\/div><\/div><\/div>\n<\/div>\n\n<div class=\"et_pb_column_15 et_pb_column et_pb_column_1_4 et_block_column et_pb_css_mix_blend_mode_passthrough\">\n<div class=\"et_pb_blurb_9 et_pb_blurb et_pb_bg_layout_light et_pb_text_align_center et_pb_blurb_position_top et_clickable et_pb_module et_block_module\" id=\"NaixementDelJazz\"><div class=\"et_pb_blurb_content\"><div class=\"et_pb_main_blurb_image\"><span class=\"et_pb_image_wrap et_pb_only_image_mode_wrap\"><img loading=\"lazy\" decoding=\"async\" src=\"https:\/\/troba.net\/discoforum\/wp-content\/uploads\/2024\/07\/ai-generated-pelicula.jpg\" width=\"1920\" height=\"1920\" srcset=\"https:\/\/troba.net\/discoforum\/wp-content\/uploads\/2024\/07\/ai-generated-pelicula.jpg 1920w, https:\/\/troba.net\/discoforum\/wp-content\/uploads\/2024\/07\/ai-generated-pelicula-1280x1280.jpg 1280w, https:\/\/troba.net\/discoforum\/wp-content\/uploads\/2024\/07\/ai-generated-pelicula-980x980.jpg 980w, https:\/\/troba.net\/discoforum\/wp-content\/uploads\/2024\/07\/ai-generated-pelicula-480x480.jpg 480w\" sizes=\"(min-width: 0px) and (max-width: 480px) 480px, (min-width: 481px) and (max-width: 980px) 980px, (min-width: 981px) and (max-width: 1280px) 1280px, (min-width: 1281px) 1920px, 100vw\" class=\"wp-image-395447\" \/><\/span><\/div><div class=\"et_pb_blurb_container\"><h4 class=\"et_pb_module_header\">Nacimiento del Jazz<\/h4><div class=\"et_pb_blurb_description\"><p>Narraci\u00f3n<br \/>__________<\/p>\n<p>4 de septiembre del 2024<br \/>Presentador: Manuel Fabregat<\/p>\n<p>(Pulsa aqu\u00ed para ver m\u00e1s)<\/p>\n<\/div><\/div><\/div><\/div>\n<\/div>\n\n<div class=\"et_pb_column_16 et_pb_column et_pb_column_1_4 et_block_column et_pb_css_mix_blend_mode_passthrough\">\n<div class=\"et_pb_blurb_10 et_pb_blurb et_pb_bg_layout_light et_pb_text_align_center et_pb_blurb_position_top et_clickable et_pb_module et_block_module\" id=\"LiricaCatalana\"><div class=\"et_pb_blurb_content\"><div class=\"et_pb_main_blurb_image\"><span class=\"et_pb_image_wrap et_pb_only_image_mode_wrap\"><img loading=\"lazy\" decoding=\"async\" src=\"https:\/\/troba.net\/discoforum\/wp-content\/uploads\/2024\/07\/Columnes-Montjuich-1500.jpg\" width=\"1500\" height=\"1500\" srcset=\"https:\/\/troba.net\/discoforum\/wp-content\/uploads\/2024\/07\/Columnes-Montjuich-1500.jpg 1500w, https:\/\/troba.net\/discoforum\/wp-content\/uploads\/2024\/07\/Columnes-Montjuich-1500-1280x1280.jpg 1280w, https:\/\/troba.net\/discoforum\/wp-content\/uploads\/2024\/07\/Columnes-Montjuich-1500-980x980.jpg 980w, https:\/\/troba.net\/discoforum\/wp-content\/uploads\/2024\/07\/Columnes-Montjuich-1500-480x480.jpg 480w\" sizes=\"(min-width: 0px) and (max-width: 480px) 480px, (min-width: 481px) and (max-width: 980px) 980px, (min-width: 981px) and (max-width: 1280px) 1280px, (min-width: 1281px) 1500px, 100vw\" class=\"wp-image-395420\" \/><\/span><\/div><div class=\"et_pb_blurb_container\"><h4 class=\"et_pb_module_header\">L\u00edrica catalana<\/h4><div class=\"et_pb_blurb_description\"><p>Canciones y sardanas<br \/>__________<\/p>\n<p>17 de julio del 2024<br \/>Presentador: Josep Izquierdo<\/p>\n<p>(Pulsa aqu\u00ed para ver m\u00e1s)<\/p>\n<\/div><\/div><\/div><\/div>\n<\/div>\n\n<div class=\"et_pb_column_17 et_pb_column et_pb_column_1_4 et-last-child et_block_column et_pb_css_mix_blend_mode_passthrough\">\n<div class=\"et_pb_blurb_11 et_pb_blurb et_pb_bg_layout_light et_pb_text_align_center et_pb_blurb_position_top et_clickable et_pb_module et_block_module\" id=\"GiuseppeVerdi\"><div class=\"et_pb_blurb_content\"><div class=\"et_pb_main_blurb_image\"><span class=\"et_pb_image_wrap et_pb_only_image_mode_wrap\"><img loading=\"lazy\" decoding=\"async\" src=\"https:\/\/troba.net\/discoforum\/wp-content\/uploads\/2024\/06\/Verdi-1200x1200-1.jpeg\" width=\"1200\" height=\"1200\" srcset=\"https:\/\/troba.net\/discoforum\/wp-content\/uploads\/2024\/06\/Verdi-1200x1200-1.jpeg 1200w, https:\/\/troba.net\/discoforum\/wp-content\/uploads\/2024\/06\/Verdi-1200x1200-1-980x980.jpeg 980w, https:\/\/troba.net\/discoforum\/wp-content\/uploads\/2024\/06\/Verdi-1200x1200-1-480x480.jpeg 480w\" sizes=\"(min-width: 0px) and (max-width: 480px) 480px, (min-width: 481px) and (max-width: 980px) 980px, (min-width: 981px) 1200px, 100vw\" class=\"wp-image-395383\" \/><\/span><\/div><div class=\"et_pb_blurb_container\"><h4 class=\"et_pb_module_header\">Giuseppe Verdi<\/h4><div class=\"et_pb_blurb_description\"><p>Oberturas y Aries<br \/>__________<\/p>\n<p>3 de julio del 2024<br \/>Presentador: Josep Maria Busqu\u00e9<\/p>\n<p>(Pulsa aqu\u00ed para ver m\u00e1s)<\/p>\n<\/div><\/div><\/div><\/div>\n<\/div>\n<\/div>\n\n<div class=\"et_pb_row_7 et_pb_row et_pb_row_4col et_pb_equal_columns et_block_row et_block_row_4col\">\n<div class=\"et_pb_column_18 et_pb_column et_pb_column_1_4 et_block_column et_pb_css_mix_blend_mode_passthrough\">\n<div class=\"et_pb_blurb_12 et_pb_blurb et_pb_bg_layout_light et_pb_text_align_center et_pb_blurb_position_top et_clickable et_pb_module et_block_module\" id=\"AntoninDvorak\"><div class=\"et_pb_blurb_content\"><div class=\"et_pb_main_blurb_image\"><span class=\"et_pb_image_wrap et_pb_only_image_mode_wrap\"><img loading=\"lazy\" decoding=\"async\" src=\"https:\/\/troba.net\/discoforum\/wp-content\/uploads\/2024\/05\/Antonin_Dvorak_1024x1024.png\" width=\"1024\" height=\"1024\" srcset=\"https:\/\/troba.net\/discoforum\/wp-content\/uploads\/2024\/05\/Antonin_Dvorak_1024x1024.png 1024w, https:\/\/troba.net\/discoforum\/wp-content\/uploads\/2024\/05\/Antonin_Dvorak_1024x1024-980x980.png 980w, https:\/\/troba.net\/discoforum\/wp-content\/uploads\/2024\/05\/Antonin_Dvorak_1024x1024-480x480.png 480w\" sizes=\"(min-width: 0px) and (max-width: 480px) 480px, (min-width: 481px) and (max-width: 980px) 980px, (min-width: 981px) 1024px, 100vw\" class=\"wp-image-395167\" \/><\/span><\/div><div class=\"et_pb_blurb_container\"><h4 class=\"et_pb_module_header\">Antonin Dvo\u0159\u00e1k<\/h4><div class=\"et_pb_blurb_description\"><p>Sinfon\u00eda n\u00ba 9 y Rusalka<br \/>__________<\/p>\n<p>19 de junio del 2024<br \/>Presentador: Francesc Coma<\/p>\n<p>(Pulsa aqu\u00ed para ver m\u00e1s)<\/p>\n<\/div><\/div><\/div><\/div>\n<\/div>\n\n<div class=\"et_pb_column_19 et_pb_column et_pb_column_1_4 et_block_column et_pb_css_mix_blend_mode_passthrough\">\n<div class=\"et_pb_blurb_13 et_pb_blurb et_pb_bg_layout_light et_pb_text_align_center et_pb_blurb_position_top et_clickable et_pb_module et_block_module\" id=\"JohannesBrahms\"><div class=\"et_pb_blurb_content\"><div class=\"et_pb_main_blurb_image\"><span class=\"et_pb_image_wrap et_pb_only_image_mode_wrap\"><img loading=\"lazy\" decoding=\"async\" src=\"https:\/\/troba.net\/discoforum\/wp-content\/uploads\/2024\/05\/Johannes_Brahms_1853.jpg\" width=\"2000\" height=\"2000\" srcset=\"https:\/\/troba.net\/discoforum\/wp-content\/uploads\/2024\/05\/Johannes_Brahms_1853.jpg 2000w, https:\/\/troba.net\/discoforum\/wp-content\/uploads\/2024\/05\/Johannes_Brahms_1853-1280x1280.jpg 1280w, https:\/\/troba.net\/discoforum\/wp-content\/uploads\/2024\/05\/Johannes_Brahms_1853-980x980.jpg 980w, https:\/\/troba.net\/discoforum\/wp-content\/uploads\/2024\/05\/Johannes_Brahms_1853-480x480.jpg 480w\" sizes=\"(min-width: 0px) and (max-width: 480px) 480px, (min-width: 481px) and (max-width: 980px) 980px, (min-width: 981px) and (max-width: 1280px) 1280px, (min-width: 1281px) 2000px, 100vw\" class=\"wp-image-395131\" \/><\/span><\/div><div class=\"et_pb_blurb_container\"><h4 class=\"et_pb_module_header\">Johannes Brahms<\/h4><div class=\"et_pb_blurb_description\"><p>Sinf\u00f3nico<br \/>__________<\/p>\n<p>5 de junio del 2024<br \/>Presentador: Francesc Ventura<\/p>\n<p>(Pulsa aqu\u00ed para ver m\u00e1s)<\/p>\n<\/div><\/div><\/div><\/div>\n<\/div>\n\n<div class=\"et_pb_column_20 et_pb_column et_pb_column_1_4 et_block_column et_pb_css_mix_blend_mode_passthrough\">\n<div class=\"et_pb_blurb_14 et_pb_blurb et_pb_bg_layout_light et_pb_text_align_center et_pb_blurb_position_top et_clickable et_pb_module et_block_module\" id=\"FranzJosephHayden\"><div class=\"et_pb_blurb_content\"><div class=\"et_pb_main_blurb_image\"><span class=\"et_pb_image_wrap et_pb_only_image_mode_wrap\"><img loading=\"lazy\" decoding=\"async\" src=\"https:\/\/troba.net\/discoforum\/wp-content\/uploads\/2024\/05\/Joseph-Haydn-900x900-1.jpg\" width=\"900\" height=\"900\" srcset=\"https:\/\/troba.net\/discoforum\/wp-content\/uploads\/2024\/05\/Joseph-Haydn-900x900-1.jpg 900w, https:\/\/troba.net\/discoforum\/wp-content\/uploads\/2024\/05\/Joseph-Haydn-900x900-1-480x480.jpg 480w\" sizes=\"(min-width: 0px) and (max-width: 480px) 480px, (min-width: 481px) 900px, 100vw\" class=\"wp-image-395075\" \/><\/span><\/div><div class=\"et_pb_blurb_container\"><h4 class=\"et_pb_module_header\">Franz Joseph Haydn<\/h4><div class=\"et_pb_blurb_description\"><p>Selecci\u00f3<br \/>__________<\/p>\n<p>22 de mayo del 2024<br \/>Presentador: Josep Izquierdo<\/p>\n<p>(Pulsa aqu\u00ed para ver m\u00e1s)<\/p>\n<\/div><\/div><\/div><\/div>\n<\/div>\n\n<div class=\"et_pb_column_21 et_pb_column et_pb_column_1_4 et-last-child et_block_column et_pb_css_mix_blend_mode_passthrough\">\n<div class=\"et_pb_blurb_15 et_pb_blurb et_pb_bg_layout_light et_pb_text_align_center et_pb_blurb_position_top et_clickable et_pb_module et_block_module\" id=\"MadrigalPoemaSimfonic\"><div class=\"et_pb_blurb_content\"><div class=\"et_pb_main_blurb_image\"><span class=\"et_pb_image_wrap et_pb_only_image_mode_wrap\"><img loading=\"lazy\" decoding=\"async\" src=\"https:\/\/troba.net\/discoforum\/wp-content\/uploads\/2024\/05\/Imatge-de-portada-650.jpg\" width=\"650\" height=\"650\" srcset=\"https:\/\/troba.net\/discoforum\/wp-content\/uploads\/2024\/05\/Imatge-de-portada-650.jpg 650w, https:\/\/troba.net\/discoforum\/wp-content\/uploads\/2024\/05\/Imatge-de-portada-650-480x480.jpg 480w\" sizes=\"(min-width: 0px) and (max-width: 480px) 480px, (min-width: 481px) 650px, 100vw\" class=\"wp-image-395088\" \/><\/span><\/div><div class=\"et_pb_blurb_container\"><h4 class=\"et_pb_module_header\">Amb \"D\" de dona<\/h4><div class=\"et_pb_blurb_description\"><p>Del Madrigal al Poema Sinf\u00f3nico<\/p>\n<p>8 de maig del 2024<br \/>A cargo de: Ramon Cervera<br \/>Presentadoras: Mari Carme Drag\u00f3 \u2013 Maria del Carme Vald\u00e9<\/p>\n<\/div><\/div><\/div><\/div>\n<\/div>\n<\/div>\n\n<div class=\"et_pb_row_8 et_pb_row et_pb_row_4col et_pb_equal_columns et_block_row et_block_row_4col\">\n<div class=\"et_pb_column_22 et_pb_column et_pb_column_1_4 et_block_column et_pb_css_mix_blend_mode_passthrough\">\n<div class=\"et_pb_blurb_16 et_pb_blurb et_pb_bg_layout_light et_pb_text_align_center et_pb_blurb_position_top et_clickable et_pb_module et_block_module\" id=\"GiacomoPucciniArias\"><div class=\"et_pb_blurb_content\"><div class=\"et_pb_main_blurb_image\"><span class=\"et_pb_image_wrap et_pb_only_image_mode_wrap\"><img loading=\"lazy\" decoding=\"async\" src=\"https:\/\/troba.net\/discoforum\/wp-content\/uploads\/2024\/04\/z-1-Giacomo-Puccini-7-1000.jpg\" width=\"1000\" height=\"1000\" srcset=\"https:\/\/troba.net\/discoforum\/wp-content\/uploads\/2024\/04\/z-1-Giacomo-Puccini-7-1000.jpg 1000w, https:\/\/troba.net\/discoforum\/wp-content\/uploads\/2024\/04\/z-1-Giacomo-Puccini-7-1000-980x980.jpg 980w, https:\/\/troba.net\/discoforum\/wp-content\/uploads\/2024\/04\/z-1-Giacomo-Puccini-7-1000-480x480.jpg 480w\" sizes=\"(min-width: 0px) and (max-width: 480px) 480px, (min-width: 481px) and (max-width: 980px) 980px, (min-width: 981px) 1000px, 100vw\" class=\"wp-image-395008\" \/><\/span><\/div><div class=\"et_pb_blurb_container\"><h4 class=\"et_pb_module_header\">Giacomo PuccinI<\/h4><div class=\"et_pb_blurb_description\"><p>Arias<br \/>__________<\/p>\n<p>24 de abril del 2024<br \/>Presentador: Josep Maria Busqu\u00e9<\/p>\n<p>(Clica aqu\u00ed para ver m\u00e1s)<\/p>\n<p>&nbsp;<\/p>\n<\/div><\/div><\/div><\/div>\n<\/div>\n\n<div class=\"et_pb_column_23 et_pb_column et_pb_column_1_4 et_block_column et_pb_css_mix_blend_mode_passthrough\">\n<div class=\"et_pb_blurb_17 et_pb_blurb et_pb_bg_layout_light et_pb_text_align_center et_pb_blurb_position_top et_clickable et_pb_module et_block_module\" id=\"BeethovenObertures\"><div class=\"et_pb_blurb_content\"><div class=\"et_pb_main_blurb_image\"><span class=\"et_pb_image_wrap et_pb_only_image_mode_wrap\"><img loading=\"lazy\" decoding=\"async\" src=\"https:\/\/troba.net\/discoforum\/wp-content\/uploads\/2024\/03\/beethoven-child-4-1.jpg\" width=\"2000\" height=\"2000\" srcset=\"https:\/\/troba.net\/discoforum\/wp-content\/uploads\/2024\/03\/beethoven-child-4-1.jpg 2000w, https:\/\/troba.net\/discoforum\/wp-content\/uploads\/2024\/03\/beethoven-child-4-1-1280x1280.jpg 1280w, https:\/\/troba.net\/discoforum\/wp-content\/uploads\/2024\/03\/beethoven-child-4-1-980x980.jpg 980w, https:\/\/troba.net\/discoforum\/wp-content\/uploads\/2024\/03\/beethoven-child-4-1-480x480.jpg 480w\" sizes=\"(min-width: 0px) and (max-width: 480px) 480px, (min-width: 481px) and (max-width: 980px) 980px, (min-width: 981px) and (max-width: 1280px) 1280px, (min-width: 1281px) 2000px, 100vw\" class=\"wp-image-393283\" \/><\/span><\/div><div class=\"et_pb_blurb_container\"><h4 class=\"et_pb_module_header\">Ludwig van Beethoven<\/h4><div class=\"et_pb_blurb_description\"><p>Oberturas sinf\u00f3nicas<br \/>__________<\/p>\n<p>10 de abril del 2024<br \/>Presentador: Francesc Coma<\/p>\n<p>(Pulsa aqu\u00ed para ver m\u00e1s)<\/p>\n<\/div><\/div><\/div><\/div>\n<\/div>\n\n<div class=\"et_pb_column_24 et_pb_column et_pb_column_1_4 et_block_column et_pb_css_mix_blend_mode_passthrough\">\n<div class=\"et_pb_blurb_18 et_pb_blurb et_pb_bg_layout_light et_pb_text_align_center et_pb_blurb_position_top et_clickable et_pb_module et_block_module\" id=\"LesVeusFemenines\"><div class=\"et_pb_blurb_content\"><div class=\"et_pb_main_blurb_image\"><span class=\"et_pb_image_wrap et_pb_only_image_mode_wrap\"><img loading=\"lazy\" decoding=\"async\" src=\"https:\/\/troba.net\/discoforum\/wp-content\/uploads\/2024\/03\/ai-generated-1920-1.jpg\" width=\"1920\" height=\"1920\" srcset=\"https:\/\/troba.net\/discoforum\/wp-content\/uploads\/2024\/03\/ai-generated-1920-1.jpg 1920w, https:\/\/troba.net\/discoforum\/wp-content\/uploads\/2024\/03\/ai-generated-1920-1-1280x1280.jpg 1280w, https:\/\/troba.net\/discoforum\/wp-content\/uploads\/2024\/03\/ai-generated-1920-1-980x980.jpg 980w, https:\/\/troba.net\/discoforum\/wp-content\/uploads\/2024\/03\/ai-generated-1920-1-480x480.jpg 480w\" sizes=\"(min-width: 0px) and (max-width: 480px) 480px, (min-width: 481px) and (max-width: 980px) 980px, (min-width: 981px) and (max-width: 1280px) 1280px, (min-width: 1281px) 1920px, 100vw\" class=\"wp-image-393284\" \/><\/span><\/div><div class=\"et_pb_blurb_container\"><h4 class=\"et_pb_module_header\">Las voces femeninas del jazz<\/h4><div class=\"et_pb_blurb_description\"><p>__________<\/p>\n<p>13 de marzo del 2024<br \/>Presentador: Manel Fabregat<\/p>\n<p>(Pulsa aqu\u00ed para ver m\u00e1s)<\/p>\n<\/div><\/div><\/div><\/div>\n<\/div>\n\n<div class=\"et_pb_column_25 et_pb_column et_pb_column_1_4 et-last-child et_block_column et_pb_css_mix_blend_mode_passthrough\">\n<div class=\"et_pb_blurb_19 et_pb_blurb et_pb_bg_layout_light et_pb_text_align_center et_pb_blurb_position_top et_clickable et_pb_module et_block_module\" id=\"EdwardGrieg\"><div class=\"et_pb_blurb_content\"><div class=\"et_pb_main_blurb_image\"><span class=\"et_pb_image_wrap et_pb_only_image_mode_wrap\"><img loading=\"lazy\" decoding=\"async\" src=\"https:\/\/troba.net\/discoforum\/wp-content\/uploads\/2024\/03\/Bergen-1-1.jpg\" width=\"1000\" height=\"1000\" srcset=\"https:\/\/troba.net\/discoforum\/wp-content\/uploads\/2024\/03\/Bergen-1-1.jpg 1000w, https:\/\/troba.net\/discoforum\/wp-content\/uploads\/2024\/03\/Bergen-1-1-980x980.jpg 980w, https:\/\/troba.net\/discoforum\/wp-content\/uploads\/2024\/03\/Bergen-1-1-480x480.jpg 480w\" sizes=\"(min-width: 0px) and (max-width: 480px) 480px, (min-width: 481px) and (max-width: 980px) 980px, (min-width: 981px) 1000px, 100vw\" class=\"wp-image-393285\" \/><\/span><\/div><div class=\"et_pb_blurb_container\"><h4 class=\"et_pb_module_header\">Edvard Grieg<\/h4><div class=\"et_pb_blurb_description\"><p>El compositor que viene del fr\u00edo<br \/>__________<\/p>\n<p>17 de enero del 2024<br \/>Presentador: Francesc Ventura<\/p>\n<p>(Pulsa aqu\u00ed para ver m\u00e1s)<\/p>\n<\/div><\/div><\/div><\/div>\n<\/div>\n<\/div>\n<div class=\"et_pb_bottom_inside_divider et-no-transition\"><\/div><\/div>","protected":false},"excerpt":{"rendered":"","protected":false},"author":1,"featured_media":0,"parent":0,"menu_order":0,"comment_status":"closed","ping_status":"closed","template":"","meta":{"footnotes":""},"class_list":["post-393279","page","type-page","status-publish","hentry"],"yoast_head":"<!-- This site is optimized with the Yoast SEO plugin v28.3 - https:\/\/yoast.com\/product\/yoast-seo-wordpress\/ -->\n<title>Sesiones 2024 - Discof\u00f2rum<\/title>\n<meta name=\"robots\" content=\"index, follow, max-snippet:-1, max-image-preview:large, max-video-preview:-1\" \/>\n<link rel=\"canonical\" href=\"https:\/\/troba.net\/discoforum\/es\/sesiones-2024\/\" \/>\n<meta property=\"og:locale\" content=\"ca_ES\" \/>\n<meta property=\"og:type\" content=\"article\" \/>\n<meta property=\"og:title\" content=\"Sesiones 2024 - Discof\u00f2rum\" \/>\n<meta property=\"og:url\" content=\"https:\/\/troba.net\/discoforum\/es\/sesiones-2024\/\" \/>\n<meta property=\"og:site_name\" content=\"Discof\u00f2rum\" \/>\n<meta property=\"article:modified_time\" content=\"2026-03-23T20:23:40+00:00\" \/>\n<meta name=\"twitter:card\" content=\"summary_large_image\" \/>\n<meta name=\"twitter:label1\" content=\"Temps estimat de lectura\" \/>\n\t<meta name=\"twitter:data1\" content=\"2 minuts\" \/>\n<script type=\"application\/ld+json\" class=\"yoast-schema-graph\">{\"@context\":\"https:\\\/\\\/schema.org\",\"@graph\":[{\"@type\":\"WebPage\",\"@id\":\"https:\\\/\\\/troba.net\\\/discoforum\\\/es\\\/sesiones-2024\\\/\",\"url\":\"https:\\\/\\\/troba.net\\\/discoforum\\\/es\\\/sesiones-2024\\\/\",\"name\":\"Sesiones 2024 - Discof\u00f2rum\",\"isPartOf\":{\"@id\":\"https:\\\/\\\/troba.net\\\/discoforum\\\/#website\"},\"datePublished\":\"2024-03-02T09:02:39+00:00\",\"dateModified\":\"2026-03-23T20:23:40+00:00\",\"breadcrumb\":{\"@id\":\"https:\\\/\\\/troba.net\\\/discoforum\\\/es\\\/sesiones-2024\\\/#breadcrumb\"},\"inLanguage\":\"ca\",\"potentialAction\":[{\"@type\":\"ReadAction\",\"target\":[\"https:\\\/\\\/troba.net\\\/discoforum\\\/es\\\/sesiones-2024\\\/\"]}]},{\"@type\":\"BreadcrumbList\",\"@id\":\"https:\\\/\\\/troba.net\\\/discoforum\\\/es\\\/sesiones-2024\\\/#breadcrumb\",\"itemListElement\":[{\"@type\":\"ListItem\",\"position\":1,\"name\":\"Inici\",\"item\":\"https:\\\/\\\/troba.net\\\/discoforum\\\/\"},{\"@type\":\"ListItem\",\"position\":2,\"name\":\"Sesiones 2024\"}]},{\"@type\":\"WebSite\",\"@id\":\"https:\\\/\\\/troba.net\\\/discoforum\\\/#website\",\"url\":\"https:\\\/\\\/troba.net\\\/discoforum\\\/\",\"name\":\"Discof\u00f2rum\",\"description\":\"Sessions audio-visuals de m\u00fasica cl\u00e0ssica i jazz\",\"publisher\":{\"@id\":\"https:\\\/\\\/troba.net\\\/discoforum\\\/#organization\"},\"potentialAction\":[{\"@type\":\"SearchAction\",\"target\":{\"@type\":\"EntryPoint\",\"urlTemplate\":\"https:\\\/\\\/troba.net\\\/discoforum\\\/?s={search_term_string}\"},\"query-input\":{\"@type\":\"PropertyValueSpecification\",\"valueRequired\":true,\"valueName\":\"search_term_string\"}}],\"inLanguage\":\"ca\"},{\"@type\":\"Organization\",\"@id\":\"https:\\\/\\\/troba.net\\\/discoforum\\\/#organization\",\"name\":\"Discof\u00f2rum\",\"url\":\"https:\\\/\\\/troba.net\\\/discoforum\\\/\",\"logo\":{\"@type\":\"ImageObject\",\"inLanguage\":\"ca\",\"@id\":\"https:\\\/\\\/troba.net\\\/discoforum\\\/#\\\/schema\\\/logo\\\/image\\\/\",\"url\":\"https:\\\/\\\/troba.net\\\/discoforum\\\/wp-content\\\/uploads\\\/2024\\\/03\\\/logo-discoforum-fons-blanc.png\",\"contentUrl\":\"https:\\\/\\\/troba.net\\\/discoforum\\\/wp-content\\\/uploads\\\/2024\\\/03\\\/logo-discoforum-fons-blanc.png\",\"width\":577,\"height\":73,\"caption\":\"Discof\u00f2rum\"},\"image\":{\"@id\":\"https:\\\/\\\/troba.net\\\/discoforum\\\/#\\\/schema\\\/logo\\\/image\\\/\"}}]}<\/script>\n<!-- \/ Yoast SEO plugin. -->","yoast_head_json":{"title":"Sesiones 2024 - Discof\u00f2rum","robots":{"index":"index","follow":"follow","max-snippet":"max-snippet:-1","max-image-preview":"max-image-preview:large","max-video-preview":"max-video-preview:-1"},"canonical":"https:\/\/troba.net\/discoforum\/es\/sesiones-2024\/","og_locale":"ca_ES","og_type":"article","og_title":"Sesiones 2024 - Discof\u00f2rum","og_url":"https:\/\/troba.net\/discoforum\/es\/sesiones-2024\/","og_site_name":"Discof\u00f2rum","article_modified_time":"2026-03-23T20:23:40+00:00","twitter_card":"summary_large_image","twitter_misc":{"Temps estimat de lectura":"2 minuts"},"schema":{"@context":"https:\/\/schema.org","@graph":[{"@type":"WebPage","@id":"https:\/\/troba.net\/discoforum\/es\/sesiones-2024\/","url":"https:\/\/troba.net\/discoforum\/es\/sesiones-2024\/","name":"Sesiones 2024 - Discof\u00f2rum","isPartOf":{"@id":"https:\/\/troba.net\/discoforum\/#website"},"datePublished":"2024-03-02T09:02:39+00:00","dateModified":"2026-03-23T20:23:40+00:00","breadcrumb":{"@id":"https:\/\/troba.net\/discoforum\/es\/sesiones-2024\/#breadcrumb"},"inLanguage":"ca","potentialAction":[{"@type":"ReadAction","target":["https:\/\/troba.net\/discoforum\/es\/sesiones-2024\/"]}]},{"@type":"BreadcrumbList","@id":"https:\/\/troba.net\/discoforum\/es\/sesiones-2024\/#breadcrumb","itemListElement":[{"@type":"ListItem","position":1,"name":"Inici","item":"https:\/\/troba.net\/discoforum\/"},{"@type":"ListItem","position":2,"name":"Sesiones 2024"}]},{"@type":"WebSite","@id":"https:\/\/troba.net\/discoforum\/#website","url":"https:\/\/troba.net\/discoforum\/","name":"Discof\u00f2rum","description":"Sessions audio-visuals de m\u00fasica cl\u00e0ssica i jazz","publisher":{"@id":"https:\/\/troba.net\/discoforum\/#organization"},"potentialAction":[{"@type":"SearchAction","target":{"@type":"EntryPoint","urlTemplate":"https:\/\/troba.net\/discoforum\/?s={search_term_string}"},"query-input":{"@type":"PropertyValueSpecification","valueRequired":true,"valueName":"search_term_string"}}],"inLanguage":"ca"},{"@type":"Organization","@id":"https:\/\/troba.net\/discoforum\/#organization","name":"Discof\u00f2rum","url":"https:\/\/troba.net\/discoforum\/","logo":{"@type":"ImageObject","inLanguage":"ca","@id":"https:\/\/troba.net\/discoforum\/#\/schema\/logo\/image\/","url":"https:\/\/troba.net\/discoforum\/wp-content\/uploads\/2024\/03\/logo-discoforum-fons-blanc.png","contentUrl":"https:\/\/troba.net\/discoforum\/wp-content\/uploads\/2024\/03\/logo-discoforum-fons-blanc.png","width":577,"height":73,"caption":"Discof\u00f2rum"},"image":{"@id":"https:\/\/troba.net\/discoforum\/#\/schema\/logo\/image\/"}}]}},"_links":{"self":[{"href":"https:\/\/troba.net\/discoforum\/wp-json\/wp\/v2\/pages\/393279","targetHints":{"allow":["GET"]}}],"collection":[{"href":"https:\/\/troba.net\/discoforum\/wp-json\/wp\/v2\/pages"}],"about":[{"href":"https:\/\/troba.net\/discoforum\/wp-json\/wp\/v2\/types\/page"}],"author":[{"embeddable":true,"href":"https:\/\/troba.net\/discoforum\/wp-json\/wp\/v2\/users\/1"}],"replies":[{"embeddable":true,"href":"https:\/\/troba.net\/discoforum\/wp-json\/wp\/v2\/comments?post=393279"}],"version-history":[{"count":60,"href":"https:\/\/troba.net\/discoforum\/wp-json\/wp\/v2\/pages\/393279\/revisions"}],"predecessor-version":[{"id":399875,"href":"https:\/\/troba.net\/discoforum\/wp-json\/wp\/v2\/pages\/393279\/revisions\/399875"}],"wp:attachment":[{"href":"https:\/\/troba.net\/discoforum\/wp-json\/wp\/v2\/media?parent=393279"}],"curies":[{"name":"wp","href":"https:\/\/api.w.org\/{rel}","templated":true}]}}