{"id":393555,"date":"2024-03-02T17:41:05","date_gmt":"2024-03-02T16:41:05","guid":{"rendered":"https:\/\/troba.net\/discoforum\/?page_id=393555"},"modified":"2026-03-23T21:25:09","modified_gmt":"2026-03-23T20:25:09","slug":"sesiones-2022-2023","status":"publish","type":"page","link":"https:\/\/troba.net\/discoforum\/es\/sesiones-2022-2023\/","title":{"rendered":"Sesiones 2022-2023"},"content":{"rendered":"<div class=\"et_pb_section_0 et_pb_section et_section_regular et_block_section\">\n<div class=\"et_pb_row_0 et_pb_row et_pb_equal_columns et_block_row\">\n<div class=\"et_pb_column_0 et_pb_column et_pb_column_1_2 et_block_column et_pb_css_mix_blend_mode_passthrough\">\n<div class=\"et_pb_text_0 et_pb_text et_pb_bg_layout_light et_pb_module et_block_module\"><div class=\"et_pb_text_inner\"><h1>Sesiones Discof\u00f2rum<\/h1>\n<h1>Temporada 2022-2023<\/h1>\n<\/div><\/div>\n\n<div class=\"et_pb_module et_pb_button_module_wrapper et_pb_button_0_wrapper\"><a class=\"et_pb_button_0 et_pb_button et_pb_bg_layout_light et_pb_module et_block_module\" href=\"https:\/\/troba.net\/discoforum\/es\/newsletter-2\/\">Pulsa aqu\u00ed para recibir informaci\u00f3n de las actividades<\/a><\/div>\n<\/div>\n\n<div class=\"et_pb_column_1 et_pb_column et_pb_column_1_2 et-last-child et_block_column et_pb_css_mix_blend_mode_passthrough\">\n<div class=\"et_pb_image_0 et_pb_image et_animated et_pb_module et_block_module\"><span class=\"et_pb_image_wrap\"><img loading=\"lazy\" decoding=\"async\" src=\"https:\/\/troba.net\/discoforum\/wp-content\/uploads\/2024\/03\/cello-1.jpg\" width=\"1920\" height=\"1279\" srcset=\"https:\/\/troba.net\/discoforum\/wp-content\/uploads\/2024\/03\/cello-1.jpg 1920w, https:\/\/troba.net\/discoforum\/wp-content\/uploads\/2024\/03\/cello-1-1280x853.jpg 1280w, https:\/\/troba.net\/discoforum\/wp-content\/uploads\/2024\/03\/cello-1-980x653.jpg 980w, https:\/\/troba.net\/discoforum\/wp-content\/uploads\/2024\/03\/cello-1-480x320.jpg 480w\" sizes=\"(min-width: 0px) and (max-width: 480px) 480px, (min-width: 481px) and (max-width: 980px) 980px, (min-width: 981px) and (max-width: 1280px) 1280px, (min-width: 1281px) 1920px, 100vw\" class=\"wp-image-393558\" title=\"saxo-01\" \/><\/span><\/div>\n<\/div>\n<\/div>\n<\/div>\n\n<div class=\"et_pb_section_1 et_pb_section et_section_regular et_block_section\">\n<div class=\"et_pb_row_1 et_pb_row et_block_row\">\n<div class=\"et_pb_column_2 et_pb_column et_pb_column_4_4 et-last-child et_block_column et_pb_css_mix_blend_mode_passthrough\">\n<div class=\"et_pb_text_1 et_pb_text et_pb_bg_layout_dark et_pb_module et_block_module\"><div class=\"et_pb_text_inner\"><h1>\u00cdndice<\/h1>\n<\/div><\/div>\n<\/div>\n<\/div>\n\n<div class=\"et_pb_row_2 et_pb_row et_pb_equal_columns et_block_row\">\n<div class=\"et_pb_column_3 et_pb_column et_pb_column_1_3 et_block_column et_pb_css_mix_blend_mode_passthrough\">\n<div class=\"et_pb_text_2 et_pb_text et_pb_bg_layout_light et_pb_module et_block_module\"><div class=\"et_pb_text_inner\"><h4>CL\u00c1SICA<\/h4>\n<ul>\n<li><a href=\"#DonesTxaikovski\">Amb \u201cD\u201d de dona \u2013 Chaikovsky<\/a><\/li>\n<li><a href=\"#Isolda-guardaespatlles\">Amb \"D\" de dona - De Isolda a El guardaespaldas<\/a><\/li>\n<li><a href=\"#DonesCompositores\">Amb \u201cD\u201d de dona \u2013 Mujeres compositoras<\/a><\/li>\n<li><a href=\"#DonesDirectores\">Amb \u201cD\u201d de dona \u2013 Mujeres directoras<\/a><\/li>\n<li><a href=\"#Mozart-Beethoven\">Conciertos para piano 1, Mozart ...<\/a><\/li>\n<li><a href=\"#ChopinRachmaninovGranados\">Conciertos para piano 2, Chopin ...<\/a><\/li>\n<li><a href=\"#BelCanto-Bellini\">El bel canto - Bellini, Donnizetti<\/a><br \/><a href=\"#Nadal\"><\/a><\/li>\n<\/ul>\n<\/div><\/div>\n<\/div>\n\n<div class=\"et_pb_column_4 et_pb_column et_pb_column_1_3 et_block_column et_pb_css_mix_blend_mode_passthrough\">\n<div class=\"et_pb_text_3 et_pb_text et_pb_bg_layout_light et_pb_module et_block_module\"><div class=\"et_pb_text_inner\"><h4>CL\u00c1SICA<\/h4>\n<ul>\n<li><a href=\"#Stravinski\">Igor Stravinski<\/a><\/li>\n<li><a href=\"#LaFamiliaStrauss\">La familia Strauss<\/a><\/li>\n<li><a href=\"#Sarsuela\">La Zarzuela<\/a><\/li>\n<li><a href=\"#CalidoscopiMozart\">Mozart - Caleidoscopio Mozart<\/a><\/li>\n<li><a href=\"#Nadal\">Navidad, concierto especial<\/a><\/li>\n<li><a href=\"#Barber\">Samuel Barber<\/a><\/li>\n<li><a href=\"#SergeiProkofiev\">Sergei Prokofiev<\/a><\/li>\n<\/ul>\n<\/div><\/div>\n<\/div>\n\n<div class=\"et_pb_column_5 et_pb_column et_pb_column_1_3 et-last-child et_block_column et_pb_css_mix_blend_mode_passthrough\">\n<div class=\"et_pb_text_4 et_pb_text et_pb_bg_layout_light et_pb_module et_block_module\"><div class=\"et_pb_text_inner\"><h4>CL\u00c0SICA<\/h4>\n<ul>\n<li><a href=\"#Vangelis\">Vangelis, atm\u00f3sferas musicales<\/a><\/li>\n<li><a href=\"#Verdi-1\">Verdi, primeras \u00f3peras<\/a><\/li>\n<li><a href=\"#VerdiLesGrandsOperes\">Verdi, las grandes \u00f3peras<\/a><\/li>\n<li><a href=\"#VeusLiricaItaliana\">Voces de la l\u00edrica italiana - sopranos y tenores<\/a><\/li>\n<\/ul>\n<h4>JAZZ<\/h4>\n<ul>\n<li><a href=\"#BennyGoodman\">Benny Goodman<\/a><\/li>\n<li><a href=\"#GlennMiller\">Glenn Miller<\/a><\/li>\n<li><a href=\"#JeromeDavidKern\">Jerome David Kern<\/a><\/li>\n<\/ul>\n<\/div><\/div>\n<\/div>\n<\/div>\n\n<div class=\"et_pb_row_3 et_pb_row et_block_row\">\n<div class=\"et_pb_column_6 et_pb_column et_pb_column_4_4 et-last-child et_block_column et_pb_css_mix_blend_mode_passthrough\">\n<div class=\"et_pb_text_5 et_pb_text et_pb_bg_layout_light et_pb_module et_block_module\"><div class=\"et_pb_text_inner\"><p>Las sesiones est\u00e1n ordenadas por fechas. Las m\u00e1s recientes primero<\/p>\n<\/div><\/div>\n<\/div>\n<\/div>\n<\/div>\n\n<div class=\"et_pb_section_2 et_pb_section et_section_regular et_block_section section_has_divider et_pb_bottom_divider grace_blurbs_atlas\" id=\"atlas\">\n<div class=\"et_pb_row_4 et_pb_row et_pb_equal_columns et_block_row\">\n<div class=\"et_pb_column_7 et_pb_column et_pb_column_1_3 et_block_column et_pb_column_empty et_pb_css_mix_blend_mode_passthrough\"><\/div>\n\n<div class=\"et_pb_column_8 et_pb_column et_pb_column_1_3 et_block_column et_pb_css_mix_blend_mode_passthrough\">\n<div class=\"et_pb_blurb_0 et_pb_blurb et_pb_bg_layout_light et_pb_blurb_position_top et_clickable et_pb_module et_block_module\" id=\"Stravinski\"><div class=\"et_pb_blurb_content\"><div class=\"et_pb_main_blurb_image\"><span class=\"et_pb_image_wrap et_pb_only_image_mode_wrap\"><img loading=\"lazy\" decoding=\"async\" src=\"https:\/\/troba.net\/discoforum\/wp-content\/uploads\/2024\/03\/2023-07-12-Stravinski-Ocell-de-foc-2-1.png\" width=\"900\" height=\"600\" srcset=\"https:\/\/troba.net\/discoforum\/wp-content\/uploads\/2024\/03\/2023-07-12-Stravinski-Ocell-de-foc-2-1.png 900w, https:\/\/troba.net\/discoforum\/wp-content\/uploads\/2024\/03\/2023-07-12-Stravinski-Ocell-de-foc-2-1-480x320.png 480w\" sizes=\"(min-width: 0px) and (max-width: 480px) 480px, (min-width: 481px) 900px, 100vw\" class=\"wp-image-393559\" \/><\/span><\/div><div class=\"et_pb_blurb_container\"><h4 class=\"et_pb_module_header\">Igor Stravinski<\/h4><div class=\"et_pb_blurb_description\"><p>La revoluci\u00f3n musical del siglo XX<br \/>12 de julio del 2023<br \/>Presentador: Francesc Ventura<\/p>\n<\/div><\/div><\/div><\/div>\n<\/div>\n\n<div class=\"et_pb_column_9 et_pb_column et_pb_column_1_3 et-last-child et_block_column et_pb_column_empty et_pb_css_mix_blend_mode_passthrough\"><\/div>\n<\/div>\n\n<div class=\"et_pb_row_5 et_pb_row et_pb_row_4col et_pb_equal_columns et_block_row et_block_row_4col\">\n<div class=\"et_pb_column_10 et_pb_column et_pb_column_1_4 et_block_column et_pb_css_mix_blend_mode_passthrough\">\n<div class=\"et_pb_blurb_1 et_pb_blurb et_pb_bg_layout_light et_pb_blurb_position_top et_clickable et_pb_module et_block_module\" id=\"LaFamiliaStrauss\"><div class=\"et_pb_blurb_content\"><div class=\"et_pb_main_blurb_image\"><span class=\"et_pb_image_wrap et_pb_only_image_mode_wrap\"><img loading=\"lazy\" decoding=\"async\" src=\"https:\/\/troba.net\/discoforum\/wp-content\/uploads\/2024\/03\/2023-06-28-imatge-2-1.jpg\" width=\"900\" height=\"600\" srcset=\"https:\/\/troba.net\/discoforum\/wp-content\/uploads\/2024\/03\/2023-06-28-imatge-2-1.jpg 900w, https:\/\/troba.net\/discoforum\/wp-content\/uploads\/2024\/03\/2023-06-28-imatge-2-1-480x320.jpg 480w\" sizes=\"(min-width: 0px) and (max-width: 480px) 480px, (min-width: 481px) 900px, 100vw\" class=\"wp-image-393560\" \/><\/span><\/div><div class=\"et_pb_blurb_container\"><h4 class=\"et_pb_module_header\">La famila Strauss<\/h4><div class=\"et_pb_blurb_description\"><p>Polcas, oberturas, operetas ...<br \/>28 de junio del 2023<br \/>Presentador: Josep Izquierdo<\/p>\n<\/div><\/div><\/div><\/div>\n<\/div>\n\n<div class=\"et_pb_column_11 et_pb_column et_pb_column_1_4 et_block_column et_pb_css_mix_blend_mode_passthrough\">\n<div class=\"et_pb_blurb_2 et_pb_blurb et_pb_bg_layout_light et_pb_blurb_position_top et_clickable et_pb_module et_block_module\" id=\"ChopinRachmaninovGranados\"><div class=\"et_pb_blurb_content\"><div class=\"et_pb_main_blurb_image\"><span class=\"et_pb_image_wrap et_pb_only_image_mode_wrap\"><img loading=\"lazy\" decoding=\"async\" src=\"https:\/\/troba.net\/discoforum\/wp-content\/uploads\/2024\/03\/2023-06-14-Piano-2-1.jpg\" width=\"900\" height=\"600\" srcset=\"https:\/\/troba.net\/discoforum\/wp-content\/uploads\/2024\/03\/2023-06-14-Piano-2-1.jpg 900w, https:\/\/troba.net\/discoforum\/wp-content\/uploads\/2024\/03\/2023-06-14-Piano-2-1-480x320.jpg 480w\" sizes=\"(min-width: 0px) and (max-width: 480px) 480px, (min-width: 481px) 900px, 100vw\" class=\"wp-image-393561\" \/><\/span><\/div><div class=\"et_pb_blurb_container\"><h4 class=\"et_pb_module_header\">Concierto para piano 2<\/h4><div class=\"et_pb_blurb_description\"><p>Chopin - Rachmaninov - Granados<br \/>14 de junio del 2023<br \/>Presentador: Francesc Coma<\/p>\n<\/div><\/div><\/div><\/div>\n<\/div>\n\n<div class=\"et_pb_column_12 et_pb_column et_pb_column_1_4 et_block_column et_pb_css_mix_blend_mode_passthrough\">\n<div class=\"et_pb_blurb_3 et_pb_blurb et_pb_bg_layout_light et_pb_blurb_position_top et_clickable et_pb_module et_block_module\" id=\"DonesTxaikovski\"><div class=\"et_pb_blurb_content\"><div class=\"et_pb_main_blurb_image\"><span class=\"et_pb_image_wrap et_pb_only_image_mode_wrap\"><img loading=\"lazy\" decoding=\"async\" src=\"https:\/\/troba.net\/discoforum\/wp-content\/uploads\/2024\/03\/2023-05-24-Dones-Llac-1.jpg\" width=\"900\" height=\"600\" srcset=\"https:\/\/troba.net\/discoforum\/wp-content\/uploads\/2024\/03\/2023-05-24-Dones-Llac-1.jpg 900w, https:\/\/troba.net\/discoforum\/wp-content\/uploads\/2024\/03\/2023-05-24-Dones-Llac-1-480x320.jpg 480w\" sizes=\"(min-width: 0px) and (max-width: 480px) 480px, (min-width: 481px) 900px, 100vw\" class=\"wp-image-393562\" \/><\/span><\/div><div class=\"et_pb_blurb_container\"><h4 class=\"et_pb_module_header\">Amb \"D\" de dona<\/h4><div class=\"et_pb_blurb_description\"><p>Txaikovski<br \/>24 de mayo del 2023<br \/>Presentadoras: Mari Carme Drag\u00f3 \u2013 Carme Vald\u00e9<\/p>\n<\/div><\/div><\/div><\/div>\n<\/div>\n\n<div class=\"et_pb_column_13 et_pb_column et_pb_column_1_4 et-last-child et_block_column et_pb_css_mix_blend_mode_passthrough\">\n<div class=\"et_pb_blurb_4 et_pb_blurb et_pb_bg_layout_light et_pb_blurb_position_top et_clickable et_pb_module et_block_module\" id=\"VerdiLesGrandsOperes\"><div class=\"et_pb_blurb_content\"><div class=\"et_pb_main_blurb_image\"><span class=\"et_pb_image_wrap et_pb_only_image_mode_wrap\"><img loading=\"lazy\" decoding=\"async\" src=\"https:\/\/troba.net\/discoforum\/wp-content\/uploads\/2024\/03\/2023-05-10-masquera-2-1.jpg\" width=\"900\" height=\"600\" srcset=\"https:\/\/troba.net\/discoforum\/wp-content\/uploads\/2024\/03\/2023-05-10-masquera-2-1.jpg 900w, https:\/\/troba.net\/discoforum\/wp-content\/uploads\/2024\/03\/2023-05-10-masquera-2-1-480x320.jpg 480w\" sizes=\"(min-width: 0px) and (max-width: 480px) 480px, (min-width: 481px) 900px, 100vw\" class=\"wp-image-393563\" \/><\/span><\/div><div class=\"et_pb_blurb_container\"><h4 class=\"et_pb_module_header\">Giuseppe Verdi<\/h4><div class=\"et_pb_blurb_description\"><p>Las grandes \u00f3peras<br \/>10 de mayo del 2023<br \/>Presentador: Josep Maria Busqu\u00e9<\/p>\n<\/div><\/div><\/div><\/div>\n<\/div>\n<\/div>\n\n<div class=\"et_pb_row_6 et_pb_row et_pb_row_4col et_pb_equal_columns et_block_row et_block_row_4col\">\n<div class=\"et_pb_column_14 et_pb_column et_pb_column_1_4 et_block_column et_pb_css_mix_blend_mode_passthrough\">\n<div class=\"et_pb_blurb_5 et_pb_blurb et_pb_bg_layout_light et_pb_blurb_position_top et_clickable et_pb_module et_block_module\" id=\"SergeiProkofiev\"><div class=\"et_pb_blurb_content\"><div class=\"et_pb_main_blurb_image\"><span class=\"et_pb_image_wrap et_pb_only_image_mode_wrap\"><img loading=\"lazy\" decoding=\"async\" src=\"https:\/\/troba.net\/discoforum\/wp-content\/uploads\/2024\/03\/Prokofiev-2-1.jpg\" width=\"900\" height=\"600\" srcset=\"https:\/\/troba.net\/discoforum\/wp-content\/uploads\/2024\/03\/Prokofiev-2-1.jpg 900w, https:\/\/troba.net\/discoforum\/wp-content\/uploads\/2024\/03\/Prokofiev-2-1-480x320.jpg 480w\" sizes=\"(min-width: 0px) and (max-width: 480px) 480px, (min-width: 481px) 900px, 100vw\" class=\"wp-image-393564\" \/><\/span><\/div><div class=\"et_pb_blurb_container\"><h4 class=\"et_pb_module_header\">Sergei Prokofiev<\/h4><div class=\"et_pb_blurb_description\"><p>y el neoclasicismo ruso<br \/>26 de abril del 2023<br \/>Presentador: Francesc Ventura<\/p>\n<\/div><\/div><\/div><\/div>\n<\/div>\n\n<div class=\"et_pb_column_15 et_pb_column et_pb_column_1_4 et_block_column et_pb_css_mix_blend_mode_passthrough\">\n<div class=\"et_pb_blurb_6 et_pb_blurb et_pb_bg_layout_light et_pb_blurb_position_top et_clickable et_pb_module et_block_module\" id=\"CalidoscopiMozart\"><div class=\"et_pb_blurb_content\"><div class=\"et_pb_main_blurb_image\"><span class=\"et_pb_image_wrap et_pb_only_image_mode_wrap\"><img loading=\"lazy\" decoding=\"async\" src=\"https:\/\/troba.net\/discoforum\/wp-content\/uploads\/2024\/03\/Mozart-900x600-1-1.jpeg\" width=\"900\" height=\"600\" srcset=\"https:\/\/troba.net\/discoforum\/wp-content\/uploads\/2024\/03\/Mozart-900x600-1-1.jpeg 900w, https:\/\/troba.net\/discoforum\/wp-content\/uploads\/2024\/03\/Mozart-900x600-1-1-480x320.jpeg 480w\" sizes=\"(min-width: 0px) and (max-width: 480px) 480px, (min-width: 481px) 900px, 100vw\" class=\"wp-image-393565\" \/><\/span><\/div><div class=\"et_pb_blurb_container\"><h4 class=\"et_pb_module_header\">Caleidoscopio Mozart<\/h4><div class=\"et_pb_blurb_description\"><p>Los colores de la m\u00fasica<br \/>12 de abril del 2023<br \/>Presentador: Josep Izquierdo<\/p>\n<\/div><\/div><\/div><\/div>\n<\/div>\n\n<div class=\"et_pb_column_16 et_pb_column et_pb_column_1_4 et_block_column et_pb_css_mix_blend_mode_passthrough\">\n<div class=\"et_pb_blurb_7 et_pb_blurb et_pb_bg_layout_light et_pb_blurb_position_top et_clickable et_pb_module et_block_module\" id=\"DonesCompositores\"><div class=\"et_pb_blurb_content\"><div class=\"et_pb_main_blurb_image\"><span class=\"et_pb_image_wrap et_pb_only_image_mode_wrap\"><img loading=\"lazy\" decoding=\"async\" src=\"https:\/\/troba.net\/discoforum\/wp-content\/uploads\/2024\/03\/2023-03-22-Dones-compositores-1.jpg\" width=\"900\" height=\"600\" srcset=\"https:\/\/troba.net\/discoforum\/wp-content\/uploads\/2024\/03\/2023-03-22-Dones-compositores-1.jpg 900w, https:\/\/troba.net\/discoforum\/wp-content\/uploads\/2024\/03\/2023-03-22-Dones-compositores-1-480x320.jpg 480w\" sizes=\"(min-width: 0px) and (max-width: 480px) 480px, (min-width: 481px) 900px, 100vw\" class=\"wp-image-393566\" \/><\/span><\/div><div class=\"et_pb_blurb_container\"><h4 class=\"et_pb_module_header\">Amb \u201cD\u201d de dona<\/h4><div class=\"et_pb_blurb_description\"><p>Mujeres compositoras<br \/>22 de marzo del 2023<br \/>Conferenciante: Maria Jos\u00e9 Angl\u00e8s<\/p>\n<\/div><\/div><\/div><\/div>\n<\/div>\n\n<div class=\"et_pb_column_17 et_pb_column et_pb_column_1_4 et-last-child et_block_column et_pb_css_mix_blend_mode_passthrough\">\n<div class=\"et_pb_blurb_8 et_pb_blurb et_pb_bg_layout_light et_pb_blurb_position_top et_clickable et_pb_module et_block_module\" id=\"Mozart-Beethoven\"><div class=\"et_pb_blurb_content\"><div class=\"et_pb_main_blurb_image\"><span class=\"et_pb_image_wrap et_pb_only_image_mode_wrap\"><img loading=\"lazy\" decoding=\"async\" src=\"https:\/\/troba.net\/discoforum\/wp-content\/uploads\/2024\/03\/2023-03-08-Mozart-Beethoven-1.jpg\" width=\"900\" height=\"600\" srcset=\"https:\/\/troba.net\/discoforum\/wp-content\/uploads\/2024\/03\/2023-03-08-Mozart-Beethoven-1.jpg 900w, https:\/\/troba.net\/discoforum\/wp-content\/uploads\/2024\/03\/2023-03-08-Mozart-Beethoven-1-480x320.jpg 480w\" sizes=\"(min-width: 0px) and (max-width: 480px) 480px, (min-width: 481px) 900px, 100vw\" class=\"wp-image-393567\" \/><\/span><\/div><div class=\"et_pb_blurb_container\"><h4 class=\"et_pb_module_header\">Conciertos para piano<\/h4><div class=\"et_pb_blurb_description\"><p>Mozart - Beethoven<br \/>8 de marzo del 2023<br \/>Presentador: Francesc Coma<\/p>\n<\/div><\/div><\/div><\/div>\n<\/div>\n<\/div>\n\n<div class=\"et_pb_row_7 et_pb_row et_pb_row_4col et_pb_equal_columns et_block_row et_block_row_4col\">\n<div class=\"et_pb_column_18 et_pb_column et_pb_column_1_4 et_block_column et_pb_css_mix_blend_mode_passthrough\">\n<div class=\"et_pb_blurb_9 et_pb_blurb et_pb_bg_layout_light et_pb_blurb_position_top et_clickable et_pb_module et_block_module\" id=\"BennyGoodman\"><div class=\"et_pb_blurb_content\"><div class=\"et_pb_main_blurb_image\"><span class=\"et_pb_image_wrap et_pb_only_image_mode_wrap\"><img loading=\"lazy\" decoding=\"async\" src=\"https:\/\/troba.net\/discoforum\/wp-content\/uploads\/2024\/03\/2023-02-22-Benny-Goodman-1.jpg\" width=\"900\" height=\"600\" srcset=\"https:\/\/troba.net\/discoforum\/wp-content\/uploads\/2024\/03\/2023-02-22-Benny-Goodman-1.jpg 900w, https:\/\/troba.net\/discoforum\/wp-content\/uploads\/2024\/03\/2023-02-22-Benny-Goodman-1-480x320.jpg 480w\" sizes=\"(min-width: 0px) and (max-width: 480px) 480px, (min-width: 481px) 900px, 100vw\" class=\"wp-image-393568\" \/><\/span><\/div><div class=\"et_pb_blurb_container\"><h4 class=\"et_pb_module_header\">Benny Goodman<\/h4><div class=\"et_pb_blurb_description\"><p>El rey del Swing<br \/>22 de febrero del 2023<br \/>Presentador: Manel Fabregat<\/p>\n<\/div><\/div><\/div><\/div>\n<\/div>\n\n<div class=\"et_pb_column_19 et_pb_column et_pb_column_1_4 et_block_column et_pb_css_mix_blend_mode_passthrough\">\n<div class=\"et_pb_blurb_10 et_pb_blurb et_pb_bg_layout_light et_pb_blurb_position_top et_clickable et_pb_module et_block_module\" id=\"Isolda-guardaespatlles\"><div class=\"et_pb_blurb_content\"><div class=\"et_pb_main_blurb_image\"><span class=\"et_pb_image_wrap et_pb_only_image_mode_wrap\"><img loading=\"lazy\" decoding=\"async\" src=\"https:\/\/troba.net\/discoforum\/wp-content\/uploads\/2024\/03\/2023-02-08-Imatge-1.jpg\" width=\"900\" height=\"600\" srcset=\"https:\/\/troba.net\/discoforum\/wp-content\/uploads\/2024\/03\/2023-02-08-Imatge-1.jpg 900w, https:\/\/troba.net\/discoforum\/wp-content\/uploads\/2024\/03\/2023-02-08-Imatge-1-480x320.jpg 480w\" sizes=\"(min-width: 0px) and (max-width: 480px) 480px, (min-width: 481px) 900px, 100vw\" class=\"wp-image-393569\" \/><\/span><\/div><div class=\"et_pb_blurb_container\"><h4 class=\"et_pb_module_header\">Amb \u201cD\u201d de dona<\/h4><div class=\"et_pb_blurb_description\"><p>De Isolda a El guardaespaldas<br \/>8 de febrero del 2023<br \/>Presentadoras: Mari Carme Drag\u00f3 \u2013 Carme Vald\u00e9<\/p>\n<\/div><\/div><\/div><\/div>\n<\/div>\n\n<div class=\"et_pb_column_20 et_pb_column et_pb_column_1_4 et_block_column et_pb_css_mix_blend_mode_passthrough\">\n<div class=\"et_pb_blurb_11 et_pb_blurb et_pb_bg_layout_light et_pb_blurb_position_top et_clickable et_pb_module et_block_module\" id=\"Verdi-1\"><div class=\"et_pb_blurb_content\"><div class=\"et_pb_main_blurb_image\"><span class=\"et_pb_image_wrap et_pb_only_image_mode_wrap\"><img loading=\"lazy\" decoding=\"async\" src=\"https:\/\/troba.net\/discoforum\/wp-content\/uploads\/2024\/03\/Verdi-1.jpg\" width=\"900\" height=\"600\" srcset=\"https:\/\/troba.net\/discoforum\/wp-content\/uploads\/2024\/03\/Verdi-1.jpg 900w, https:\/\/troba.net\/discoforum\/wp-content\/uploads\/2024\/03\/Verdi-1-480x320.jpg 480w\" sizes=\"(min-width: 0px) and (max-width: 480px) 480px, (min-width: 481px) 900px, 100vw\" class=\"wp-image-393570\" \/><\/span><\/div><div class=\"et_pb_blurb_container\"><h4 class=\"et_pb_module_header\">Giuseppe Verdi<\/h4><div class=\"et_pb_blurb_description\"><p>Primeras \u00f3peras<br \/>25 de enero del 2023<br \/>Presentador: Josep Maria Busqu\u00e9<\/p>\n<\/div><\/div><\/div><\/div>\n<\/div>\n\n<div class=\"et_pb_column_21 et_pb_column et_pb_column_1_4 et-last-child et_block_column et_pb_css_mix_blend_mode_passthrough\">\n<div class=\"et_pb_blurb_12 et_pb_blurb et_pb_bg_layout_light et_pb_blurb_position_top et_clickable et_pb_module et_block_module\" id=\"Barber\"><div class=\"et_pb_blurb_content\"><div class=\"et_pb_main_blurb_image\"><span class=\"et_pb_image_wrap et_pb_only_image_mode_wrap\"><img loading=\"lazy\" decoding=\"async\" src=\"https:\/\/troba.net\/discoforum\/wp-content\/uploads\/2024\/03\/2023-01-11-Samuel-Barber-3-1.jpg\" width=\"900\" height=\"600\" srcset=\"https:\/\/troba.net\/discoforum\/wp-content\/uploads\/2024\/03\/2023-01-11-Samuel-Barber-3-1.jpg 900w, https:\/\/troba.net\/discoforum\/wp-content\/uploads\/2024\/03\/2023-01-11-Samuel-Barber-3-1-480x320.jpg 480w\" sizes=\"(min-width: 0px) and (max-width: 480px) 480px, (min-width: 481px) 900px, 100vw\" class=\"wp-image-393571\" \/><\/span><\/div><div class=\"et_pb_blurb_container\"><h4 class=\"et_pb_module_header\">Samuel Barber<\/h4><div class=\"et_pb_blurb_description\"><p>El neoromanticismo norte-americano<br \/>11 de enero del 2023<br \/>Presentador: Francesc Ventura<\/p>\n<\/div><\/div><\/div><\/div>\n<\/div>\n<\/div>\n\n<div class=\"et_pb_row_8 et_pb_row et_pb_row_4col et_pb_equal_columns et_block_row et_block_row_4col\">\n<div class=\"et_pb_column_22 et_pb_column et_pb_column_1_4 et_block_column et_pb_css_mix_blend_mode_passthrough\">\n<div class=\"et_pb_blurb_13 et_pb_blurb et_pb_bg_layout_light et_pb_blurb_position_top et_clickable et_pb_module et_block_module\" id=\"Nadal\"><div class=\"et_pb_blurb_content\"><div class=\"et_pb_main_blurb_image\"><span class=\"et_pb_image_wrap et_pb_only_image_mode_wrap\"><img loading=\"lazy\" decoding=\"async\" src=\"https:\/\/troba.net\/discoforum\/wp-content\/uploads\/2024\/03\/2022-12-21-NADAL2022-wallpaperflare.com_-1.jpg\" width=\"900\" height=\"600\" srcset=\"https:\/\/troba.net\/discoforum\/wp-content\/uploads\/2024\/03\/2022-12-21-NADAL2022-wallpaperflare.com_-1.jpg 900w, https:\/\/troba.net\/discoforum\/wp-content\/uploads\/2024\/03\/2022-12-21-NADAL2022-wallpaperflare.com_-1-480x320.jpg 480w\" sizes=\"(min-width: 0px) and (max-width: 480px) 480px, (min-width: 481px) 900px, 100vw\" class=\"wp-image-393572\" \/><\/span><\/div><div class=\"et_pb_blurb_container\"><h4 class=\"et_pb_module_header\">Concierto especial de Navidad<\/h4><div class=\"et_pb_blurb_description\"><p>\u00c9pocas y estilos musicales<\/p>\n<p>21 de diciembre del 2022<br \/>Presentador: Francesc Coma<\/p>\n<\/div><\/div><\/div><\/div>\n<\/div>\n\n<div class=\"et_pb_column_23 et_pb_column et_pb_column_1_4 et_block_column et_pb_css_mix_blend_mode_passthrough\">\n<div class=\"et_pb_blurb_14 et_pb_blurb et_pb_bg_layout_light et_pb_blurb_position_top et_clickable et_pb_module et_block_module\" id=\"Sarsuela\"><div class=\"et_pb_blurb_content\"><div class=\"et_pb_main_blurb_image\"><span class=\"et_pb_image_wrap et_pb_only_image_mode_wrap\"><img loading=\"lazy\" decoding=\"async\" src=\"https:\/\/troba.net\/discoforum\/wp-content\/uploads\/2024\/03\/2022-11-30-Sarsuela-1.jpg\" width=\"750\" height=\"500\" srcset=\"https:\/\/troba.net\/discoforum\/wp-content\/uploads\/2024\/03\/2022-11-30-Sarsuela-1.jpg 750w, https:\/\/troba.net\/discoforum\/wp-content\/uploads\/2024\/03\/2022-11-30-Sarsuela-1-480x320.jpg 480w\" sizes=\"(min-width: 0px) and (max-width: 480px) 480px, (min-width: 481px) 750px, 100vw\" class=\"wp-image-393573\" \/><\/span><\/div><div class=\"et_pb_blurb_container\"><h4 class=\"et_pb_module_header\">La Zarzuela<\/h4><div class=\"et_pb_blurb_description\"><p>Teatro musical espa\u00f1ol<\/p>\n<p>30 de noviembre del 2022<br \/>Presentador: Josep Izquierdo<\/p>\n<\/div><\/div><\/div><\/div>\n<\/div>\n\n<div class=\"et_pb_column_24 et_pb_column et_pb_column_1_4 et_block_column et_pb_css_mix_blend_mode_passthrough\">\n<div class=\"et_pb_blurb_15 et_pb_blurb et_pb_bg_layout_light et_pb_blurb_position_top et_clickable et_pb_module et_block_module\" id=\"Vangelis\"><div class=\"et_pb_blurb_content\"><div class=\"et_pb_main_blurb_image\"><span class=\"et_pb_image_wrap et_pb_only_image_mode_wrap\"><img loading=\"lazy\" decoding=\"async\" src=\"https:\/\/troba.net\/discoforum\/wp-content\/uploads\/2024\/03\/2022-11-23-Vangelis-1.jpg\" width=\"900\" height=\"600\" srcset=\"https:\/\/troba.net\/discoforum\/wp-content\/uploads\/2024\/03\/2022-11-23-Vangelis-1.jpg 900w, https:\/\/troba.net\/discoforum\/wp-content\/uploads\/2024\/03\/2022-11-23-Vangelis-1-480x320.jpg 480w\" sizes=\"(min-width: 0px) and (max-width: 480px) 480px, (min-width: 481px) 900px, 100vw\" class=\"wp-image-393574\" \/><\/span><\/div><div class=\"et_pb_blurb_container\"><h4 class=\"et_pb_module_header\">Vangelis, atm\u00f3sferas musicales<\/h4><div class=\"et_pb_blurb_description\"><p>M\u00fasica del siglo XX<\/p>\n<p>23 de noviembre del 2022<br \/>Presentador: Francesc Coma<\/p>\n<\/div><\/div><\/div><\/div>\n<\/div>\n\n<div class=\"et_pb_column_25 et_pb_column et_pb_column_1_4 et-last-child et_block_column et_pb_css_mix_blend_mode_passthrough\">\n<div class=\"et_pb_blurb_16 et_pb_blurb et_pb_bg_layout_light et_pb_blurb_position_top et_clickable et_pb_module et_block_module\" id=\"GlennMiller\"><div class=\"et_pb_blurb_content\"><div class=\"et_pb_main_blurb_image\"><span class=\"et_pb_image_wrap et_pb_only_image_mode_wrap\"><img loading=\"lazy\" decoding=\"async\" src=\"https:\/\/troba.net\/discoforum\/wp-content\/uploads\/2024\/03\/2022-11-09-Glenn-Millerl-1.jpg\" width=\"900\" height=\"600\" srcset=\"https:\/\/troba.net\/discoforum\/wp-content\/uploads\/2024\/03\/2022-11-09-Glenn-Millerl-1.jpg 900w, https:\/\/troba.net\/discoforum\/wp-content\/uploads\/2024\/03\/2022-11-09-Glenn-Millerl-1-480x320.jpg 480w\" sizes=\"(min-width: 0px) and (max-width: 480px) 480px, (min-width: 481px) 900px, 100vw\" class=\"wp-image-393575\" \/><\/span><\/div><div class=\"et_pb_blurb_container\"><h4 class=\"et_pb_module_header\">Glenn Miller<\/h4><div class=\"et_pb_blurb_description\"><p>El nuevo sonido del swing<\/p>\n<p>9 de noviembre del 2022<br \/>Presentador: Manel Fabregat<\/p>\n<\/div><\/div><\/div><\/div>\n<\/div>\n<\/div>\n\n<div class=\"et_pb_row_9 et_pb_row et_pb_row_4col et_pb_equal_columns et_block_row et_block_row_4col\">\n<div class=\"et_pb_column_26 et_pb_column et_pb_column_1_4 et_block_column et_pb_css_mix_blend_mode_passthrough\">\n<div class=\"et_pb_blurb_17 et_pb_blurb et_pb_bg_layout_light et_pb_blurb_position_top et_clickable et_pb_module et_block_module\" id=\"DonesDirectores\"><div class=\"et_pb_blurb_content\"><div class=\"et_pb_main_blurb_image\"><span class=\"et_pb_image_wrap et_pb_only_image_mode_wrap\"><img loading=\"lazy\" decoding=\"async\" src=\"https:\/\/troba.net\/discoforum\/wp-content\/uploads\/2024\/03\/2022-10-26-Dones-directores-1.jpg\" width=\"900\" height=\"600\" srcset=\"https:\/\/troba.net\/discoforum\/wp-content\/uploads\/2024\/03\/2022-10-26-Dones-directores-1.jpg 900w, https:\/\/troba.net\/discoforum\/wp-content\/uploads\/2024\/03\/2022-10-26-Dones-directores-1-480x320.jpg 480w\" sizes=\"(min-width: 0px) and (max-width: 480px) 480px, (min-width: 481px) 900px, 100vw\" class=\"wp-image-393576\" \/><\/span><\/div><div class=\"et_pb_blurb_container\"><h4 class=\"et_pb_module_header\">Amb \"D\" de dona<\/h4><div class=\"et_pb_blurb_description\"><p>Mujeres directoras<\/p>\n<p>26 de octubre de 2022<br \/>Presentadoras: Mari Carme Drag\u00f3 \u2013 Carme Vald\u00e9<\/p>\n<\/div><\/div><\/div><\/div>\n<\/div>\n\n<div class=\"et_pb_column_27 et_pb_column et_pb_column_1_4 et_block_column et_pb_css_mix_blend_mode_passthrough\">\n<div class=\"et_pb_blurb_18 et_pb_blurb et_pb_bg_layout_light et_pb_blurb_position_top et_clickable et_pb_module et_block_module\" id=\"VeusLiricaItaliana\"><div class=\"et_pb_blurb_content\"><div class=\"et_pb_main_blurb_image\"><span class=\"et_pb_image_wrap et_pb_only_image_mode_wrap\"><img loading=\"lazy\" decoding=\"async\" src=\"https:\/\/troba.net\/discoforum\/wp-content\/uploads\/2024\/03\/2022-10-05-SopranosTenors-1.jpg\" width=\"900\" height=\"600\" srcset=\"https:\/\/troba.net\/discoforum\/wp-content\/uploads\/2024\/03\/2022-10-05-SopranosTenors-1.jpg 900w, https:\/\/troba.net\/discoforum\/wp-content\/uploads\/2024\/03\/2022-10-05-SopranosTenors-1-480x320.jpg 480w\" sizes=\"(min-width: 0px) and (max-width: 480px) 480px, (min-width: 481px) 900px, 100vw\" class=\"wp-image-393577\" \/><\/span><\/div><div class=\"et_pb_blurb_container\"><h4 class=\"et_pb_module_header\">Voces de la l\u00edrica italiana<\/h4><div class=\"et_pb_blurb_description\"><p>Sopranos y tenores<\/p>\n<p>5 de octubre de 2022<br \/>Presentador: Josep Izquierdo<\/p>\n<\/div><\/div><\/div><\/div>\n<\/div>\n\n<div class=\"et_pb_column_28 et_pb_column et_pb_column_1_4 et_block_column et_pb_css_mix_blend_mode_passthrough\">\n<div class=\"et_pb_blurb_19 et_pb_blurb et_pb_bg_layout_light et_pb_blurb_position_top et_clickable et_pb_module et_block_module\" id=\"JeromeDavidKern\"><div class=\"et_pb_blurb_content\"><div class=\"et_pb_main_blurb_image\"><span class=\"et_pb_image_wrap et_pb_only_image_mode_wrap\"><img loading=\"lazy\" decoding=\"async\" src=\"https:\/\/troba.net\/discoforum\/wp-content\/uploads\/2024\/03\/2022-09-28-Show-Boat-1.jpg\" width=\"900\" height=\"600\" srcset=\"https:\/\/troba.net\/discoforum\/wp-content\/uploads\/2024\/03\/2022-09-28-Show-Boat-1.jpg 900w, https:\/\/troba.net\/discoforum\/wp-content\/uploads\/2024\/03\/2022-09-28-Show-Boat-1-480x320.jpg 480w\" sizes=\"(min-width: 0px) and (max-width: 480px) 480px, (min-width: 481px) 900px, 100vw\" class=\"wp-image-393578\" \/><\/span><\/div><div class=\"et_pb_blurb_container\"><h4 class=\"et_pb_module_header\">Jerome David Kern<\/h4><div class=\"et_pb_blurb_description\"><p>De Broadway a Hollywood<\/p>\n<p>28 de septiembre de 2022<br \/>Presentador: Manel Fabregat<\/p>\n<\/div><\/div><\/div><\/div>\n<\/div>\n\n<div class=\"et_pb_column_29 et_pb_column et_pb_column_1_4 et-last-child et_block_column et_pb_css_mix_blend_mode_passthrough\">\n<div class=\"et_pb_blurb_20 et_pb_blurb et_pb_bg_layout_light et_pb_blurb_position_top et_clickable et_pb_module et_block_module\" id=\"BelCanto-Bellini\"><div class=\"et_pb_blurb_content\"><div class=\"et_pb_main_blurb_image\"><span class=\"et_pb_image_wrap et_pb_only_image_mode_wrap\"><img loading=\"lazy\" decoding=\"async\" src=\"https:\/\/troba.net\/discoforum\/wp-content\/uploads\/2024\/03\/belcanto2-2-1.jpg\" width=\"900\" height=\"600\" srcset=\"https:\/\/troba.net\/discoforum\/wp-content\/uploads\/2024\/03\/belcanto2-2-1.jpg 900w, https:\/\/troba.net\/discoforum\/wp-content\/uploads\/2024\/03\/belcanto2-2-1-480x320.jpg 480w\" sizes=\"(min-width: 0px) and (max-width: 480px) 480px, (min-width: 481px) 900px, 100vw\" class=\"wp-image-393579\" \/><\/span><\/div><div class=\"et_pb_blurb_container\"><h4 class=\"et_pb_module_header\">El bel canto<\/h4><div class=\"et_pb_blurb_description\"><p>Bellini - Donnizetti<\/p>\n<p>14 de septiembre de 2022<br \/>Presentador: Josep M. Busqu\u00e9<\/p>\n<\/div><\/div><\/div><\/div>\n<\/div>\n<\/div>\n<div class=\"et_pb_bottom_inside_divider et-no-transition\"><\/div><\/div>","protected":false},"excerpt":{"rendered":"","protected":false},"author":1,"featured_media":0,"parent":0,"menu_order":0,"comment_status":"closed","ping_status":"closed","template":"","meta":{"footnotes":""},"class_list":["post-393555","page","type-page","status-publish","hentry"],"yoast_head":"<!-- This site is optimized with the Yoast SEO plugin v28.3 - https:\/\/yoast.com\/product\/yoast-seo-wordpress\/ -->\n<title>Sesiones 2022-2023 - Discof\u00f2rum<\/title>\n<meta name=\"robots\" content=\"index, follow, max-snippet:-1, max-image-preview:large, max-video-preview:-1\" \/>\n<link rel=\"canonical\" href=\"https:\/\/troba.net\/discoforum\/es\/sesiones-2022-2023\/\" \/>\n<meta property=\"og:locale\" content=\"ca_ES\" \/>\n<meta property=\"og:type\" content=\"article\" \/>\n<meta property=\"og:title\" content=\"Sesiones 2022-2023 - Discof\u00f2rum\" \/>\n<meta property=\"og:url\" content=\"https:\/\/troba.net\/discoforum\/es\/sesiones-2022-2023\/\" \/>\n<meta property=\"og:site_name\" content=\"Discof\u00f2rum\" \/>\n<meta property=\"article:modified_time\" content=\"2026-03-23T20:25:09+00:00\" \/>\n<meta name=\"twitter:card\" content=\"summary_large_image\" \/>\n<meta name=\"twitter:label1\" content=\"Temps estimat de lectura\" \/>\n\t<meta name=\"twitter:data1\" content=\"7 minuts\" \/>\n<script type=\"application\/ld+json\" class=\"yoast-schema-graph\">{\"@context\":\"https:\\\/\\\/schema.org\",\"@graph\":[{\"@type\":\"WebPage\",\"@id\":\"https:\\\/\\\/troba.net\\\/discoforum\\\/es\\\/sesiones-2022-2023\\\/\",\"url\":\"https:\\\/\\\/troba.net\\\/discoforum\\\/es\\\/sesiones-2022-2023\\\/\",\"name\":\"Sesiones 2022-2023 - Discof\u00f2rum\",\"isPartOf\":{\"@id\":\"https:\\\/\\\/troba.net\\\/discoforum\\\/#website\"},\"datePublished\":\"2024-03-02T16:41:05+00:00\",\"dateModified\":\"2026-03-23T20:25:09+00:00\",\"breadcrumb\":{\"@id\":\"https:\\\/\\\/troba.net\\\/discoforum\\\/es\\\/sesiones-2022-2023\\\/#breadcrumb\"},\"inLanguage\":\"ca\",\"potentialAction\":[{\"@type\":\"ReadAction\",\"target\":[\"https:\\\/\\\/troba.net\\\/discoforum\\\/es\\\/sesiones-2022-2023\\\/\"]}]},{\"@type\":\"BreadcrumbList\",\"@id\":\"https:\\\/\\\/troba.net\\\/discoforum\\\/es\\\/sesiones-2022-2023\\\/#breadcrumb\",\"itemListElement\":[{\"@type\":\"ListItem\",\"position\":1,\"name\":\"Inici\",\"item\":\"https:\\\/\\\/troba.net\\\/discoforum\\\/\"},{\"@type\":\"ListItem\",\"position\":2,\"name\":\"Sesiones 2022-2023\"}]},{\"@type\":\"WebSite\",\"@id\":\"https:\\\/\\\/troba.net\\\/discoforum\\\/#website\",\"url\":\"https:\\\/\\\/troba.net\\\/discoforum\\\/\",\"name\":\"Discof\u00f2rum\",\"description\":\"Sessions audio-visuals de m\u00fasica cl\u00e0ssica i jazz\",\"publisher\":{\"@id\":\"https:\\\/\\\/troba.net\\\/discoforum\\\/#organization\"},\"potentialAction\":[{\"@type\":\"SearchAction\",\"target\":{\"@type\":\"EntryPoint\",\"urlTemplate\":\"https:\\\/\\\/troba.net\\\/discoforum\\\/?s={search_term_string}\"},\"query-input\":{\"@type\":\"PropertyValueSpecification\",\"valueRequired\":true,\"valueName\":\"search_term_string\"}}],\"inLanguage\":\"ca\"},{\"@type\":\"Organization\",\"@id\":\"https:\\\/\\\/troba.net\\\/discoforum\\\/#organization\",\"name\":\"Discof\u00f2rum\",\"url\":\"https:\\\/\\\/troba.net\\\/discoforum\\\/\",\"logo\":{\"@type\":\"ImageObject\",\"inLanguage\":\"ca\",\"@id\":\"https:\\\/\\\/troba.net\\\/discoforum\\\/#\\\/schema\\\/logo\\\/image\\\/\",\"url\":\"https:\\\/\\\/troba.net\\\/discoforum\\\/wp-content\\\/uploads\\\/2024\\\/03\\\/logo-discoforum-fons-blanc.png\",\"contentUrl\":\"https:\\\/\\\/troba.net\\\/discoforum\\\/wp-content\\\/uploads\\\/2024\\\/03\\\/logo-discoforum-fons-blanc.png\",\"width\":577,\"height\":73,\"caption\":\"Discof\u00f2rum\"},\"image\":{\"@id\":\"https:\\\/\\\/troba.net\\\/discoforum\\\/#\\\/schema\\\/logo\\\/image\\\/\"}}]}<\/script>\n<!-- \/ Yoast SEO plugin. -->","yoast_head_json":{"title":"Sesiones 2022-2023 - Discof\u00f2rum","robots":{"index":"index","follow":"follow","max-snippet":"max-snippet:-1","max-image-preview":"max-image-preview:large","max-video-preview":"max-video-preview:-1"},"canonical":"https:\/\/troba.net\/discoforum\/es\/sesiones-2022-2023\/","og_locale":"ca_ES","og_type":"article","og_title":"Sesiones 2022-2023 - Discof\u00f2rum","og_url":"https:\/\/troba.net\/discoforum\/es\/sesiones-2022-2023\/","og_site_name":"Discof\u00f2rum","article_modified_time":"2026-03-23T20:25:09+00:00","twitter_card":"summary_large_image","twitter_misc":{"Temps estimat de lectura":"7 minuts"},"schema":{"@context":"https:\/\/schema.org","@graph":[{"@type":"WebPage","@id":"https:\/\/troba.net\/discoforum\/es\/sesiones-2022-2023\/","url":"https:\/\/troba.net\/discoforum\/es\/sesiones-2022-2023\/","name":"Sesiones 2022-2023 - Discof\u00f2rum","isPartOf":{"@id":"https:\/\/troba.net\/discoforum\/#website"},"datePublished":"2024-03-02T16:41:05+00:00","dateModified":"2026-03-23T20:25:09+00:00","breadcrumb":{"@id":"https:\/\/troba.net\/discoforum\/es\/sesiones-2022-2023\/#breadcrumb"},"inLanguage":"ca","potentialAction":[{"@type":"ReadAction","target":["https:\/\/troba.net\/discoforum\/es\/sesiones-2022-2023\/"]}]},{"@type":"BreadcrumbList","@id":"https:\/\/troba.net\/discoforum\/es\/sesiones-2022-2023\/#breadcrumb","itemListElement":[{"@type":"ListItem","position":1,"name":"Inici","item":"https:\/\/troba.net\/discoforum\/"},{"@type":"ListItem","position":2,"name":"Sesiones 2022-2023"}]},{"@type":"WebSite","@id":"https:\/\/troba.net\/discoforum\/#website","url":"https:\/\/troba.net\/discoforum\/","name":"Discof\u00f2rum","description":"Sessions audio-visuals de m\u00fasica cl\u00e0ssica i jazz","publisher":{"@id":"https:\/\/troba.net\/discoforum\/#organization"},"potentialAction":[{"@type":"SearchAction","target":{"@type":"EntryPoint","urlTemplate":"https:\/\/troba.net\/discoforum\/?s={search_term_string}"},"query-input":{"@type":"PropertyValueSpecification","valueRequired":true,"valueName":"search_term_string"}}],"inLanguage":"ca"},{"@type":"Organization","@id":"https:\/\/troba.net\/discoforum\/#organization","name":"Discof\u00f2rum","url":"https:\/\/troba.net\/discoforum\/","logo":{"@type":"ImageObject","inLanguage":"ca","@id":"https:\/\/troba.net\/discoforum\/#\/schema\/logo\/image\/","url":"https:\/\/troba.net\/discoforum\/wp-content\/uploads\/2024\/03\/logo-discoforum-fons-blanc.png","contentUrl":"https:\/\/troba.net\/discoforum\/wp-content\/uploads\/2024\/03\/logo-discoforum-fons-blanc.png","width":577,"height":73,"caption":"Discof\u00f2rum"},"image":{"@id":"https:\/\/troba.net\/discoforum\/#\/schema\/logo\/image\/"}}]}},"_links":{"self":[{"href":"https:\/\/troba.net\/discoforum\/wp-json\/wp\/v2\/pages\/393555","targetHints":{"allow":["GET"]}}],"collection":[{"href":"https:\/\/troba.net\/discoforum\/wp-json\/wp\/v2\/pages"}],"about":[{"href":"https:\/\/troba.net\/discoforum\/wp-json\/wp\/v2\/types\/page"}],"author":[{"embeddable":true,"href":"https:\/\/troba.net\/discoforum\/wp-json\/wp\/v2\/users\/1"}],"replies":[{"embeddable":true,"href":"https:\/\/troba.net\/discoforum\/wp-json\/wp\/v2\/comments?post=393555"}],"version-history":[{"count":27,"href":"https:\/\/troba.net\/discoforum\/wp-json\/wp\/v2\/pages\/393555\/revisions"}],"predecessor-version":[{"id":399877,"href":"https:\/\/troba.net\/discoforum\/wp-json\/wp\/v2\/pages\/393555\/revisions\/399877"}],"wp:attachment":[{"href":"https:\/\/troba.net\/discoforum\/wp-json\/wp\/v2\/media?parent=393555"}],"curies":[{"name":"wp","href":"https:\/\/api.w.org\/{rel}","templated":true}]}}