{"id":394037,"date":"2024-03-04T08:27:43","date_gmt":"2024-03-04T07:27:43","guid":{"rendered":"https:\/\/troba.net\/discoforum\/?page_id=394037"},"modified":"2026-03-24T15:15:14","modified_gmt":"2026-03-24T14:15:14","slug":"sessions-2021-2022","status":"publish","type":"page","link":"https:\/\/troba.net\/discoforum\/sessions-2021-2022\/","title":{"rendered":"Sessions 2021-2022"},"content":{"rendered":"<div class=\"et_pb_section_0 et_pb_section et_section_regular et_block_section\">\n<div class=\"et_pb_row_0 et_pb_row et_pb_equal_columns et_block_row\">\n<div class=\"et_pb_column_0 et_pb_column et_pb_column_1_2 et_block_column et_pb_css_mix_blend_mode_passthrough\">\n<div class=\"et_pb_text_0 et_pb_text et_pb_bg_layout_light et_pb_module et_block_module\"><div class=\"et_pb_text_inner\"><h1>Sessions Discof\u00f2rum<\/h1>\n<h1>Temporada 2021-2022<\/h1>\n<\/div><\/div>\n\n<div class=\"et_pb_module et_pb_button_module_wrapper et_pb_button_0_wrapper\"><a class=\"et_pb_button_0 et_pb_button et_pb_bg_layout_light et_pb_module et_block_module\" href=\"https:\/\/troba.net\/discoforum\/newsletter\/\">Clica aqu\u00ed per rebre informaci\u00f3 de les activitats<\/a><\/div>\n<\/div>\n\n<div class=\"et_pb_column_1 et_pb_column et_pb_column_1_2 et-last-child et_block_column et_pb_css_mix_blend_mode_passthrough\">\n<div class=\"et_pb_image_0 et_pb_image et_animated et_pb_module et_block_module\"><span class=\"et_pb_image_wrap\"><img loading=\"lazy\" decoding=\"async\" src=\"https:\/\/troba.net\/discoforum\/wp-content\/uploads\/2024\/03\/saxo-01.jpg\" width=\"1920\" height=\"1280\" srcset=\"https:\/\/troba.net\/discoforum\/wp-content\/uploads\/2024\/03\/saxo-01.jpg 1920w, https:\/\/troba.net\/discoforum\/wp-content\/uploads\/2024\/03\/saxo-01-1280x853.jpg 1280w, https:\/\/troba.net\/discoforum\/wp-content\/uploads\/2024\/03\/saxo-01-980x653.jpg 980w, https:\/\/troba.net\/discoforum\/wp-content\/uploads\/2024\/03\/saxo-01-480x320.jpg 480w\" sizes=\"(min-width: 0px) and (max-width: 480px) 480px, (min-width: 481px) and (max-width: 980px) 980px, (min-width: 981px) and (max-width: 1280px) 1280px, (min-width: 1281px) 1920px, 100vw\" class=\"wp-image-394040\" title=\"saxo-01\" \/><\/span><\/div>\n<\/div>\n<\/div>\n<\/div>\n\n<div class=\"et_pb_section_1 et_pb_section et_section_regular et_block_section\">\n<div class=\"et_pb_row_1 et_pb_row et_block_row\">\n<div class=\"et_pb_column_2 et_pb_column et_pb_column_4_4 et-last-child et_block_column et_pb_css_mix_blend_mode_passthrough\">\n<div class=\"et_pb_text_1 et_pb_text et_pb_bg_layout_dark et_pb_module et_block_module\"><div class=\"et_pb_text_inner\"><h1>\u00cdndex<\/h1>\n<\/div><\/div>\n<\/div>\n<\/div>\n\n<div class=\"et_pb_row_2 et_pb_row et_pb_equal_columns et_block_row\">\n<div class=\"et_pb_column_3 et_pb_column et_pb_column_1_3 et_block_column et_pb_css_mix_blend_mode_passthrough\">\n<div class=\"et_pb_text_2 et_pb_text et_pb_bg_layout_light et_pb_module et_block_module\"><div class=\"et_pb_text_inner\"><h4>PER TEMES<\/h4>\n<ul>\n<li><a href=\"#AlmaMahler\">Amb \"D\" de Dona - Alma Mahler<\/a><\/li>\n<li><a href=\"#beethoven-9\">Beethoven 9a simfonia<\/a><\/li>\n<li><a href=\"#VioliOrquestra-1\">Cicle viol\u00ed i orquestra - I<\/a><\/li>\n<li><a href=\"#VioliOrquestra-2\">Cicle viol\u00ed i oequestra - II<\/a><\/li>\n<li><a href=\"#lirica\">Dives de la l\u00edrica<\/a><\/li>\n<li><a href=\"#DonaAmorMusica\">La Dona, l'Amor i la M\u00fasica<\/a><\/li>\n<li><a href=\"#MusicaCatalunya\">La m\u00fasica cl\u00e0ssica a Catalunya<\/a><\/li>\n<li><a href=\"#religiosa\">M\u00fasica religiosa<\/a><a href=\"#Alle\"><\/a><\/li>\n<li><a href=\"#Nacionalisme\">Nacionalisme<\/a><\/li>\n<li><a href=\"#Nadal-2021\">Nadal, concert<\/a><\/li>\n<\/ul>\n<\/div><\/div>\n<\/div>\n\n<div class=\"et_pb_column_4 et_pb_column et_pb_column_1_3 et_block_column et_pb_css_mix_blend_mode_passthrough\">\n<div class=\"et_pb_text_3 et_pb_text et_pb_bg_layout_light et_pb_module et_block_module\"><div class=\"et_pb_text_inner\"><h4>PER COMPOSITORS<\/h4>\n<ul>\n<li><a href=\"#BeethovenGeniBonn\">Beethoven, el geni de Bonn<\/a><\/li>\n<li><a href=\"#Rakhmaninov1\">Rakhm\u00e0ninov, I<\/a><\/li>\n<li><a href=\"#Rakhmaninov2\">Rakhm\u00e0ninov, II<\/a><\/li>\n<li><a href=\"#RossiniObertures\">Rossini, I - obertures<\/a><\/li>\n<li><a href=\"#RossiniOperes\">Rossini, II - \u00f2peres<\/a><\/li>\n<li><a href=\"#shubert-2\">Shubert, II<\/a><\/li>\n<li><a href=\"#shubert-3\">Shubert, III - Simfonies<\/a><\/li>\n<li><a href=\"#Schumann-1\">Schumann, I - Piano<\/a><\/li>\n<li><a href=\"#Schumann-II\">Schumann, II - Simfonies<\/a><\/li>\n<li><a href=\"#xostakovitx\">Xostak\u00f3vitx, Dmitri <\/a><\/li>\n<li><a href=\"#WagnerObertura\">Wagner, l'obertura<\/a><\/li>\n<\/ul>\n<\/div><\/div>\n<\/div>\n\n<div class=\"et_pb_column_5 et_pb_column et_pb_column_1_3 et-last-child et_block_column et_pb_css_mix_blend_mode_passthrough\">\n<div class=\"et_pb_text_4 et_pb_text et_pb_bg_layout_light et_pb_module et_block_module\"><div class=\"et_pb_text_inner\"><h4>JAZZ<\/h4>\n<ul>\n<li><a href=\"#armstrong\">Armstrong, Louis <\/a><\/li>\n<li><a href=\"#LaLocomotoraNegra\">La Locomotora Negra<\/a><\/li>\n<li><a href=\"#big-band\">L'Era Big Band<\/a><a href=\"#armstrong\"><\/a><\/li>\n<\/ul>\n<\/div><\/div>\n<\/div>\n<\/div>\n\n<div class=\"et_pb_row_3 et_pb_row et_block_row\">\n<div class=\"et_pb_column_6 et_pb_column et_pb_column_4_4 et-last-child et_block_column et_pb_css_mix_blend_mode_passthrough\">\n<div class=\"et_pb_text_5 et_pb_text et_pb_bg_layout_light et_pb_module et_block_module et_pb_text_align_center\"><div class=\"et_pb_text_inner\"><p>Les sessions estan ordenades per dates. Les m\u00e9s recents primer<\/p>\n<\/div><\/div>\n<\/div>\n<\/div>\n<\/div>\n\n<div class=\"et_pb_section_2 et_pb_section et_section_regular et_block_section section_has_divider et_pb_bottom_divider grace_blurbs_atlas\" id=\"atlas\">\n<div class=\"et_pb_row_4 et_pb_row et_pb_row_4col et_pb_equal_columns et_block_row et_block_row_4col\">\n<div class=\"et_pb_column_7 et_pb_column et_pb_column_1_4 et_block_column et_pb_css_mix_blend_mode_passthrough\">\n<div class=\"et_pb_blurb_0 et_pb_blurb et_pb_bg_layout_light et_pb_blurb_position_top et_clickable et_pb_module et_block_module\" id=\"Rakhmaninov2\"><div class=\"et_pb_blurb_content\"><div class=\"et_pb_main_blurb_image\"><span class=\"et_pb_image_wrap et_pb_only_image_mode_wrap\"><img loading=\"lazy\" decoding=\"async\" src=\"https:\/\/troba.net\/discoforum\/wp-content\/uploads\/2024\/03\/2022-07-20-Rakhmaninov-II.jpg\" width=\"600\" height=\"600\" srcset=\"https:\/\/troba.net\/discoforum\/wp-content\/uploads\/2024\/03\/2022-07-20-Rakhmaninov-II.jpg 600w, https:\/\/troba.net\/discoforum\/wp-content\/uploads\/2024\/03\/2022-07-20-Rakhmaninov-II-480x480.jpg 480w\" sizes=\"(min-width: 0px) and (max-width: 480px) 480px, (min-width: 481px) 600px, 100vw\" class=\"wp-image-394041\" \/><\/span><\/div><div class=\"et_pb_blurb_container\"><h4 class=\"et_pb_module_header\">Serguei Rakhm\u00e0ninov, II<\/h4><div class=\"et_pb_blurb_description\"><p>20 de Juliol del 2022<br \/>Presentador: Francesc Ventura<\/p>\n<\/div><\/div><\/div><\/div>\n<\/div>\n\n<div class=\"et_pb_column_8 et_pb_column et_pb_column_1_4 et_block_column et_pb_css_mix_blend_mode_passthrough\">\n<div class=\"et_pb_blurb_1 et_pb_blurb et_pb_bg_layout_light et_pb_blurb_position_top et_clickable et_pb_module et_block_module\" id=\"Rakhmaninov1\"><div class=\"et_pb_blurb_content\"><div class=\"et_pb_main_blurb_image\"><span class=\"et_pb_image_wrap et_pb_only_image_mode_wrap\"><img loading=\"lazy\" decoding=\"async\" src=\"https:\/\/troba.net\/discoforum\/wp-content\/uploads\/2024\/03\/2022-07-06-Serguei-Rakhmaninov-I.jpg\" width=\"600\" height=\"600\" srcset=\"https:\/\/troba.net\/discoforum\/wp-content\/uploads\/2024\/03\/2022-07-06-Serguei-Rakhmaninov-I.jpg 600w, https:\/\/troba.net\/discoforum\/wp-content\/uploads\/2024\/03\/2022-07-06-Serguei-Rakhmaninov-I-480x480.jpg 480w\" sizes=\"(min-width: 0px) and (max-width: 480px) 480px, (min-width: 481px) 600px, 100vw\" class=\"wp-image-394042\" \/><\/span><\/div><div class=\"et_pb_blurb_container\"><h4 class=\"et_pb_module_header\">Serguei Rakhm\u00e0ninov, I<\/h4><div class=\"et_pb_blurb_description\"><p>6 de Juliol del 2022<br \/>Presentador: Francesc Ventura<\/p>\n<\/div><\/div><\/div><\/div>\n<\/div>\n\n<div class=\"et_pb_column_9 et_pb_column et_pb_column_1_4 et_block_column et_pb_css_mix_blend_mode_passthrough\">\n<div class=\"et_pb_blurb_2 et_pb_blurb et_pb_bg_layout_light et_pb_blurb_position_top et_clickable et_pb_module et_block_module\" id=\"VioliOrquestra-2\"><div class=\"et_pb_blurb_content\"><div class=\"et_pb_main_blurb_image\"><span class=\"et_pb_image_wrap et_pb_only_image_mode_wrap\"><img loading=\"lazy\" decoding=\"async\" src=\"https:\/\/troba.net\/discoforum\/wp-content\/uploads\/2024\/03\/2022-06-22-Cicle-violi-orquestra-II.jpg\" width=\"600\" height=\"600\" srcset=\"https:\/\/troba.net\/discoforum\/wp-content\/uploads\/2024\/03\/2022-06-22-Cicle-violi-orquestra-II.jpg 600w, https:\/\/troba.net\/discoforum\/wp-content\/uploads\/2024\/03\/2022-06-22-Cicle-violi-orquestra-II-480x480.jpg 480w\" sizes=\"(min-width: 0px) and (max-width: 480px) 480px, (min-width: 481px) 600px, 100vw\" class=\"wp-image-394043\" \/><\/span><\/div><div class=\"et_pb_blurb_container\"><h4 class=\"et_pb_module_header\">Cicle viol\u00ed i orquestra II - Mozart i Beethoven<\/h4><div class=\"et_pb_blurb_description\"><p>22 de juny del 2022<br \/>Presentador: Francesc Coma<\/p>\n<\/div><\/div><\/div><\/div>\n<\/div>\n\n<div class=\"et_pb_column_10 et_pb_column et_pb_column_1_4 et-last-child et_block_column et_pb_css_mix_blend_mode_passthrough\">\n<div class=\"et_pb_blurb_3 et_pb_blurb et_pb_bg_layout_light et_pb_blurb_position_top et_clickable et_pb_module et_block_module\" id=\"AlmaMahler\"><div class=\"et_pb_blurb_content\"><div class=\"et_pb_main_blurb_image\"><span class=\"et_pb_image_wrap et_pb_only_image_mode_wrap\"><img loading=\"lazy\" decoding=\"async\" src=\"https:\/\/troba.net\/discoforum\/wp-content\/uploads\/2024\/03\/2022-06-08-Amb-D-de-dona.jpg\" width=\"600\" height=\"600\" srcset=\"https:\/\/troba.net\/discoforum\/wp-content\/uploads\/2024\/03\/2022-06-08-Amb-D-de-dona.jpg 600w, https:\/\/troba.net\/discoforum\/wp-content\/uploads\/2024\/03\/2022-06-08-Amb-D-de-dona-480x480.jpg 480w\" sizes=\"(min-width: 0px) and (max-width: 480px) 480px, (min-width: 481px) 600px, 100vw\" class=\"wp-image-394044\" \/><\/span><\/div><div class=\"et_pb_blurb_container\"><h4 class=\"et_pb_module_header\">Amb \"D\" de Dona - Alma Mahler<\/h4><div class=\"et_pb_blurb_description\"><p>8 de juny del 2022<br \/>Actrius: Mari Carme Drag\u00f3 \u2013 Carme Vald\u00e9<\/p>\n<\/div><\/div><\/div><\/div>\n<\/div>\n<\/div>\n\n<div class=\"et_pb_row_5 et_pb_row et_pb_row_4col et_pb_equal_columns et_block_row et_block_row_4col\">\n<div class=\"et_pb_column_11 et_pb_column et_pb_column_1_4 et_block_column et_pb_css_mix_blend_mode_passthrough\">\n<div class=\"et_pb_blurb_4 et_pb_blurb et_pb_bg_layout_light et_pb_blurb_position_top et_clickable et_pb_module et_block_module\" id=\"RossiniOperes\"><div class=\"et_pb_blurb_content\"><div class=\"et_pb_main_blurb_image\"><span class=\"et_pb_image_wrap et_pb_only_image_mode_wrap\"><img loading=\"lazy\" decoding=\"async\" src=\"https:\/\/troba.net\/discoforum\/wp-content\/uploads\/2024\/03\/2022-05-25-Rossini-II.jpg\" width=\"600\" height=\"600\" srcset=\"https:\/\/troba.net\/discoforum\/wp-content\/uploads\/2024\/03\/2022-05-25-Rossini-II.jpg 600w, https:\/\/troba.net\/discoforum\/wp-content\/uploads\/2024\/03\/2022-05-25-Rossini-II-480x480.jpg 480w\" sizes=\"(min-width: 0px) and (max-width: 480px) 480px, (min-width: 481px) 600px, 100vw\" class=\"wp-image-394045\" \/><\/span><\/div><div class=\"et_pb_blurb_container\"><h4 class=\"et_pb_module_header\">Rossini II, \u00f2peres<\/h4><div class=\"et_pb_blurb_description\"><p>25 de maig del 2022<br \/>Presentador: Josep M. Busqu\u00e9<\/p>\n<\/div><\/div><\/div><\/div>\n<\/div>\n\n<div class=\"et_pb_column_12 et_pb_column et_pb_column_1_4 et_block_column et_pb_css_mix_blend_mode_passthrough\">\n<div class=\"et_pb_blurb_5 et_pb_blurb et_pb_bg_layout_light et_pb_blurb_position_top et_clickable et_pb_module et_block_module\" id=\"Nacionalisme\"><div class=\"et_pb_blurb_content\"><div class=\"et_pb_main_blurb_image\"><span class=\"et_pb_image_wrap et_pb_only_image_mode_wrap\"><img loading=\"lazy\" decoding=\"async\" src=\"https:\/\/troba.net\/discoforum\/wp-content\/uploads\/2024\/03\/2022-05-11-Nacionalisme.jpg\" width=\"600\" height=\"600\" srcset=\"https:\/\/troba.net\/discoforum\/wp-content\/uploads\/2024\/03\/2022-05-11-Nacionalisme.jpg 600w, https:\/\/troba.net\/discoforum\/wp-content\/uploads\/2024\/03\/2022-05-11-Nacionalisme-480x480.jpg 480w\" sizes=\"(min-width: 0px) and (max-width: 480px) 480px, (min-width: 481px) 600px, 100vw\" class=\"wp-image-394046\" \/><\/span><\/div><div class=\"et_pb_blurb_container\"><h4 class=\"et_pb_module_header\">El Nacionalisme<\/h4><div class=\"et_pb_blurb_description\"><p>11 de maig del 2022<br \/>Presentador: Josep Izquierdo<\/p>\n<\/div><\/div><\/div><\/div>\n<\/div>\n\n<div class=\"et_pb_column_13 et_pb_column et_pb_column_1_4 et_block_column et_pb_css_mix_blend_mode_passthrough\">\n<div class=\"et_pb_blurb_6 et_pb_blurb et_pb_bg_layout_light et_pb_blurb_position_top et_clickable et_pb_module et_block_module\" id=\"Schumann-II\"><div class=\"et_pb_blurb_content\"><div class=\"et_pb_main_blurb_image\"><span class=\"et_pb_image_wrap et_pb_only_image_mode_wrap\"><img loading=\"lazy\" decoding=\"async\" src=\"https:\/\/troba.net\/discoforum\/wp-content\/uploads\/2024\/03\/2022-04-27-Schumann-II.jpg\" width=\"600\" height=\"600\" srcset=\"https:\/\/troba.net\/discoforum\/wp-content\/uploads\/2024\/03\/2022-04-27-Schumann-II.jpg 600w, https:\/\/troba.net\/discoforum\/wp-content\/uploads\/2024\/03\/2022-04-27-Schumann-II-480x480.jpg 480w\" sizes=\"(min-width: 0px) and (max-width: 480px) 480px, (min-width: 481px) 600px, 100vw\" class=\"wp-image-394047\" \/><\/span><\/div><div class=\"et_pb_blurb_container\"><h4 class=\"et_pb_module_header\">Schumann II - Obra simf\u00f2nica<\/h4><div class=\"et_pb_blurb_description\"><p>27 d'abril del 2022<br \/>Presentador: Francesc Ventura<\/p>\n<\/div><\/div><\/div><\/div>\n<\/div>\n\n<div class=\"et_pb_column_14 et_pb_column et_pb_column_1_4 et-last-child et_block_column et_pb_css_mix_blend_mode_passthrough\">\n<div class=\"et_pb_blurb_7 et_pb_blurb et_pb_bg_layout_light et_pb_blurb_position_top et_clickable et_pb_module et_block_module\" id=\"LaLocomotoraNegra\"><div class=\"et_pb_blurb_content\"><div class=\"et_pb_main_blurb_image\"><span class=\"et_pb_image_wrap et_pb_only_image_mode_wrap\"><img loading=\"lazy\" decoding=\"async\" src=\"https:\/\/troba.net\/discoforum\/wp-content\/uploads\/2024\/03\/2022-04-13-LocmotoraNegra.jpg\" width=\"600\" height=\"600\" srcset=\"https:\/\/troba.net\/discoforum\/wp-content\/uploads\/2024\/03\/2022-04-13-LocmotoraNegra.jpg 600w, https:\/\/troba.net\/discoforum\/wp-content\/uploads\/2024\/03\/2022-04-13-LocmotoraNegra-480x480.jpg 480w\" sizes=\"(min-width: 0px) and (max-width: 480px) 480px, (min-width: 481px) 600px, 100vw\" class=\"wp-image-394048\" \/><\/span><\/div><div class=\"et_pb_blurb_container\"><h4 class=\"et_pb_module_header\">La Locomotora Negra<\/h4><div class=\"et_pb_blurb_description\"><p>13 d'abril del 2022<br \/>Presentador: Manel Fabregat<\/p>\n<\/div><\/div><\/div><\/div>\n<\/div>\n<\/div>\n\n<div class=\"et_pb_row_6 et_pb_row et_pb_row_4col et_pb_equal_columns et_block_row et_block_row_4col\">\n<div class=\"et_pb_column_15 et_pb_column et_pb_column_1_4 et_block_column et_pb_css_mix_blend_mode_passthrough\">\n<div class=\"et_pb_blurb_8 et_pb_blurb et_pb_bg_layout_light et_pb_blurb_position_top et_clickable et_pb_module et_block_module\" id=\"VioliOrquestra-1\"><div class=\"et_pb_blurb_content\"><div class=\"et_pb_main_blurb_image\"><span class=\"et_pb_image_wrap et_pb_only_image_mode_wrap\"><img loading=\"lazy\" decoding=\"async\" src=\"https:\/\/troba.net\/discoforum\/wp-content\/uploads\/2024\/03\/2022-03-30-Concert-Violi-1.jpg\" width=\"600\" height=\"600\" srcset=\"https:\/\/troba.net\/discoforum\/wp-content\/uploads\/2024\/03\/2022-03-30-Concert-Violi-1.jpg 600w, https:\/\/troba.net\/discoforum\/wp-content\/uploads\/2024\/03\/2022-03-30-Concert-Violi-1-480x480.jpg 480w\" sizes=\"(min-width: 0px) and (max-width: 480px) 480px, (min-width: 481px) 600px, 100vw\" class=\"wp-image-394049\" \/><\/span><\/div><div class=\"et_pb_blurb_container\"><h4 class=\"et_pb_module_header\">Cicle viol\u00ed i orquestra - I<\/h4><div class=\"et_pb_blurb_description\"><p>30 de mar\u00e7 del 2022<br \/>Presentador: Francesc Coma<\/p>\n<\/div><\/div><\/div><\/div>\n<\/div>\n\n<div class=\"et_pb_column_16 et_pb_column et_pb_column_1_4 et_block_column et_pb_css_mix_blend_mode_passthrough\">\n<div class=\"et_pb_blurb_9 et_pb_blurb et_pb_bg_layout_light et_pb_blurb_position_top et_clickable et_pb_module et_block_module\" id=\"MusicaCatalunya\"><div class=\"et_pb_blurb_content\"><div class=\"et_pb_main_blurb_image\"><span class=\"et_pb_image_wrap et_pb_only_image_mode_wrap\"><img loading=\"lazy\" decoding=\"async\" src=\"https:\/\/troba.net\/discoforum\/wp-content\/uploads\/2024\/03\/2022-03-02-Musica-a-Catalunya.png\" width=\"600\" height=\"600\" srcset=\"https:\/\/troba.net\/discoforum\/wp-content\/uploads\/2024\/03\/2022-03-02-Musica-a-Catalunya.png 600w, https:\/\/troba.net\/discoforum\/wp-content\/uploads\/2024\/03\/2022-03-02-Musica-a-Catalunya-480x480.png 480w\" sizes=\"(min-width: 0px) and (max-width: 480px) 480px, (min-width: 481px) 600px, 100vw\" class=\"wp-image-394050\" \/><\/span><\/div><div class=\"et_pb_blurb_container\"><h4 class=\"et_pb_module_header\">La m\u00fasica cl\u00e0ssica a Catalunya<\/h4><div class=\"et_pb_blurb_description\"><p>2 de mar\u00e7 del 2022<br \/>Presentador: Ramon Cervera<\/p>\n<\/div><\/div><\/div><\/div>\n<\/div>\n\n<div class=\"et_pb_column_17 et_pb_column et_pb_column_1_4 et_block_column et_pb_css_mix_blend_mode_passthrough\">\n<div class=\"et_pb_blurb_10 et_pb_blurb et_pb_bg_layout_light et_pb_blurb_position_top et_clickable et_pb_module et_block_module\" id=\"RossiniObertures\"><div class=\"et_pb_blurb_content\"><div class=\"et_pb_main_blurb_image\"><span class=\"et_pb_image_wrap et_pb_only_image_mode_wrap\"><img loading=\"lazy\" decoding=\"async\" src=\"https:\/\/troba.net\/discoforum\/wp-content\/uploads\/2024\/03\/2022-02-23-Rossini-1.jpg\" width=\"600\" height=\"600\" srcset=\"https:\/\/troba.net\/discoforum\/wp-content\/uploads\/2024\/03\/2022-02-23-Rossini-1.jpg 600w, https:\/\/troba.net\/discoforum\/wp-content\/uploads\/2024\/03\/2022-02-23-Rossini-1-480x480.jpg 480w\" sizes=\"(min-width: 0px) and (max-width: 480px) 480px, (min-width: 481px) 600px, 100vw\" class=\"wp-image-394051\" \/><\/span><\/div><div class=\"et_pb_blurb_container\"><h4 class=\"et_pb_module_header\">Rossini, obertures<\/h4><div class=\"et_pb_blurb_description\"><p>23 de febrer del 2022<br \/>Presentador: Josep M. Busqu\u00e9<\/p>\n<\/div><\/div><\/div><\/div>\n<\/div>\n\n<div class=\"et_pb_column_18 et_pb_column et_pb_column_1_4 et-last-child et_block_column et_pb_css_mix_blend_mode_passthrough\">\n<div class=\"et_pb_blurb_11 et_pb_blurb et_pb_bg_layout_light et_pb_blurb_position_top et_clickable et_pb_module et_block_module\" id=\"BeethovenGeniBonn\"><div class=\"et_pb_blurb_content\"><div class=\"et_pb_main_blurb_image\"><span class=\"et_pb_image_wrap et_pb_only_image_mode_wrap\"><img loading=\"lazy\" decoding=\"async\" src=\"https:\/\/troba.net\/discoforum\/wp-content\/uploads\/2024\/03\/2022-02-09-beethoven-partitura-1.jpg\" width=\"600\" height=\"600\" srcset=\"https:\/\/troba.net\/discoforum\/wp-content\/uploads\/2024\/03\/2022-02-09-beethoven-partitura-1.jpg 600w, https:\/\/troba.net\/discoforum\/wp-content\/uploads\/2024\/03\/2022-02-09-beethoven-partitura-1-480x480.jpg 480w\" sizes=\"(min-width: 0px) and (max-width: 480px) 480px, (min-width: 481px) 600px, 100vw\" class=\"wp-image-394052\" \/><\/span><\/div><div class=\"et_pb_blurb_container\"><h4 class=\"et_pb_module_header\">Beethoven, el geni de Bonn<\/h4><div class=\"et_pb_blurb_description\"><p>9 de febrer del 2022<br \/>Presentador: Josep Izquierdo<\/p>\n<\/div><\/div><\/div><\/div>\n<\/div>\n<\/div>\n\n<div class=\"et_pb_row_7 et_pb_row et_pb_row_4col et_pb_equal_columns et_block_row et_block_row_4col\">\n<div class=\"et_pb_column_19 et_pb_column et_pb_column_1_4 et_block_column et_pb_css_mix_blend_mode_passthrough\">\n<div class=\"et_pb_blurb_12 et_pb_blurb et_pb_bg_layout_light et_pb_blurb_position_top et_clickable et_pb_module et_block_module\" id=\"Schumann-1\"><div class=\"et_pb_blurb_content\"><div class=\"et_pb_main_blurb_image\"><span class=\"et_pb_image_wrap et_pb_only_image_mode_wrap\"><img loading=\"lazy\" decoding=\"async\" src=\"https:\/\/troba.net\/discoforum\/wp-content\/uploads\/2024\/03\/2022-01-26-Robert-Schumann-2-1.jpg\" width=\"600\" height=\"600\" srcset=\"https:\/\/troba.net\/discoforum\/wp-content\/uploads\/2024\/03\/2022-01-26-Robert-Schumann-2-1.jpg 600w, https:\/\/troba.net\/discoforum\/wp-content\/uploads\/2024\/03\/2022-01-26-Robert-Schumann-2-1-480x480.jpg 480w\" sizes=\"(min-width: 0px) and (max-width: 480px) 480px, (min-width: 481px) 600px, 100vw\" class=\"wp-image-394053\" \/><\/span><\/div><div class=\"et_pb_blurb_container\"><h4 class=\"et_pb_module_header\">Schumann I - Obra piano<\/h4><div class=\"et_pb_blurb_description\"><p>26 de gener del 2022<br \/>Presentador: Francesc Ventura<\/p>\n<\/div><\/div><\/div><\/div>\n<\/div>\n\n<div class=\"et_pb_column_20 et_pb_column et_pb_column_1_4 et_block_column et_pb_css_mix_blend_mode_passthrough\">\n<div class=\"et_pb_blurb_13 et_pb_blurb et_pb_bg_layout_light et_pb_blurb_position_top et_clickable et_pb_module et_block_module\" id=\"big-band\"><div class=\"et_pb_blurb_content\"><div class=\"et_pb_main_blurb_image\"><span class=\"et_pb_image_wrap et_pb_only_image_mode_wrap\"><img loading=\"lazy\" decoding=\"async\" src=\"https:\/\/troba.net\/discoforum\/wp-content\/uploads\/2024\/03\/2022-01-12-Big-bands.png\" width=\"600\" height=\"600\" srcset=\"https:\/\/troba.net\/discoforum\/wp-content\/uploads\/2024\/03\/2022-01-12-Big-bands.png 600w, https:\/\/troba.net\/discoforum\/wp-content\/uploads\/2024\/03\/2022-01-12-Big-bands-480x480.png 480w\" sizes=\"(min-width: 0px) and (max-width: 480px) 480px, (min-width: 481px) 600px, 100vw\" class=\"wp-image-394054\" \/><\/span><\/div><div class=\"et_pb_blurb_container\"><h4 class=\"et_pb_module_header\">L'Era Big Band<\/h4><div class=\"et_pb_blurb_description\"><p>12 de gener del 2022<br \/>Presentador: Manel Fabregat<\/p>\n<\/div><\/div><\/div><\/div>\n<\/div>\n\n<div class=\"et_pb_column_21 et_pb_column et_pb_column_1_4 et_block_column et_pb_css_mix_blend_mode_passthrough\">\n<div class=\"et_pb_blurb_14 et_pb_blurb et_pb_bg_layout_light et_pb_blurb_position_top et_clickable et_pb_module et_block_module\" id=\"Nadal-2021\"><div class=\"et_pb_blurb_content\"><div class=\"et_pb_main_blurb_image\"><span class=\"et_pb_image_wrap et_pb_only_image_mode_wrap\"><img loading=\"lazy\" decoding=\"async\" src=\"https:\/\/troba.net\/discoforum\/wp-content\/uploads\/2024\/03\/2021-12-22-Nadal-2021.jpg\" width=\"600\" height=\"600\" srcset=\"https:\/\/troba.net\/discoforum\/wp-content\/uploads\/2024\/03\/2021-12-22-Nadal-2021.jpg 600w, https:\/\/troba.net\/discoforum\/wp-content\/uploads\/2024\/03\/2021-12-22-Nadal-2021-480x480.jpg 480w\" sizes=\"(min-width: 0px) and (max-width: 480px) 480px, (min-width: 481px) 600px, 100vw\" class=\"wp-image-394055\" \/><\/span><\/div><div class=\"et_pb_blurb_container\"><h4 class=\"et_pb_module_header\">Concert de Nadal<\/h4><div class=\"et_pb_blurb_description\"><p>22 de decembre del 2021<br \/>Presentador: Francesc Coma<\/p>\n<\/div><\/div><\/div><\/div>\n<\/div>\n\n<div class=\"et_pb_column_22 et_pb_column et_pb_column_1_4 et-last-child et_block_column et_pb_css_mix_blend_mode_passthrough\">\n<div class=\"et_pb_blurb_15 et_pb_blurb et_pb_bg_layout_light et_pb_blurb_position_top et_clickable et_pb_module et_block_module\" id=\"shubert-3\"><div class=\"et_pb_blurb_content\"><div class=\"et_pb_main_blurb_image\"><span class=\"et_pb_image_wrap et_pb_only_image_mode_wrap\"><img loading=\"lazy\" decoding=\"async\" src=\"https:\/\/troba.net\/discoforum\/wp-content\/uploads\/2024\/03\/2021-12-15-Shubert-III.png\" width=\"600\" height=\"600\" srcset=\"https:\/\/troba.net\/discoforum\/wp-content\/uploads\/2024\/03\/2021-12-15-Shubert-III.png 600w, https:\/\/troba.net\/discoforum\/wp-content\/uploads\/2024\/03\/2021-12-15-Shubert-III-480x480.png 480w\" sizes=\"(min-width: 0px) and (max-width: 480px) 480px, (min-width: 481px) 600px, 100vw\" class=\"wp-image-394056\" \/><\/span><\/div><div class=\"et_pb_blurb_container\"><h4 class=\"et_pb_module_header\">Shubert III - Simfonies<\/h4><div class=\"et_pb_blurb_description\"><p>15 de decembre del 2021<br \/>Presentador: Francesc Ventura<\/p>\n<\/div><\/div><\/div><\/div>\n<\/div>\n<\/div>\n\n<div class=\"et_pb_row_8 et_pb_row et_pb_row_4col et_pb_equal_columns et_block_row et_block_row_4col\">\n<div class=\"et_pb_column_23 et_pb_column et_pb_column_1_4 et_block_column et_pb_css_mix_blend_mode_passthrough\">\n<div class=\"et_pb_blurb_16 et_pb_blurb et_pb_bg_layout_light et_pb_blurb_position_top et_clickable et_pb_module et_block_module\" id=\"xostakovitx\"><div class=\"et_pb_blurb_content\"><div class=\"et_pb_main_blurb_image\"><span class=\"et_pb_image_wrap et_pb_only_image_mode_wrap\"><img loading=\"lazy\" decoding=\"async\" src=\"https:\/\/troba.net\/discoforum\/wp-content\/uploads\/2024\/03\/2021-12-01-Xostakovitx.png\" width=\"600\" height=\"600\" srcset=\"https:\/\/troba.net\/discoforum\/wp-content\/uploads\/2024\/03\/2021-12-01-Xostakovitx.png 600w, https:\/\/troba.net\/discoforum\/wp-content\/uploads\/2024\/03\/2021-12-01-Xostakovitx-480x480.png 480w\" sizes=\"(min-width: 0px) and (max-width: 480px) 480px, (min-width: 481px) 600px, 100vw\" class=\"wp-image-394057\" \/><\/span><\/div><div class=\"et_pb_blurb_container\"><h4 class=\"et_pb_module_header\">Xostak\u00f3vitx<\/h4><div class=\"et_pb_blurb_description\"><p>1 de decembre del 2021<br \/>Presentador: Josep Izquierdo<\/p>\n<\/div><\/div><\/div><\/div>\n<\/div>\n\n<div class=\"et_pb_column_24 et_pb_column et_pb_column_1_4 et_block_column et_pb_css_mix_blend_mode_passthrough\">\n<div class=\"et_pb_blurb_17 et_pb_blurb et_pb_bg_layout_light et_pb_blurb_position_top et_clickable et_pb_module et_block_module\" id=\"DonaAmorMusica\"><div class=\"et_pb_blurb_content\"><div class=\"et_pb_main_blurb_image\"><span class=\"et_pb_image_wrap et_pb_only_image_mode_wrap\"><img loading=\"lazy\" decoding=\"async\" src=\"https:\/\/troba.net\/discoforum\/wp-content\/uploads\/2024\/03\/2021-11-24-La-Dona-lAmor-i-la-Musica.jpg\" width=\"600\" height=\"600\" srcset=\"https:\/\/troba.net\/discoforum\/wp-content\/uploads\/2024\/03\/2021-11-24-La-Dona-lAmor-i-la-Musica.jpg 600w, https:\/\/troba.net\/discoforum\/wp-content\/uploads\/2024\/03\/2021-11-24-La-Dona-lAmor-i-la-Musica-480x480.jpg 480w\" sizes=\"(min-width: 0px) and (max-width: 480px) 480px, (min-width: 481px) 600px, 100vw\" class=\"wp-image-394058\" \/><\/span><\/div><div class=\"et_pb_blurb_container\"><h4 class=\"et_pb_module_header\">La Dona, L'Amor i la M\u00fasica<\/h4><div class=\"et_pb_blurb_description\"><p>24 de novembre del 2021<br \/>Presentadores, poetes i rapsodes<\/p>\n<\/div><\/div><\/div><\/div>\n<\/div>\n\n<div class=\"et_pb_column_25 et_pb_column et_pb_column_1_4 et_block_column et_pb_css_mix_blend_mode_passthrough\">\n<div class=\"et_pb_blurb_18 et_pb_blurb et_pb_bg_layout_light et_pb_blurb_position_top et_clickable et_pb_module et_block_module\" id=\"lirica\"><div class=\"et_pb_blurb_content\"><div class=\"et_pb_main_blurb_image\"><span class=\"et_pb_image_wrap et_pb_only_image_mode_wrap\"><img loading=\"lazy\" decoding=\"async\" src=\"https:\/\/troba.net\/discoforum\/wp-content\/uploads\/2024\/03\/2021-11-10-Noves-veus.png\" width=\"600\" height=\"600\" srcset=\"https:\/\/troba.net\/discoforum\/wp-content\/uploads\/2024\/03\/2021-11-10-Noves-veus.png 600w, https:\/\/troba.net\/discoforum\/wp-content\/uploads\/2024\/03\/2021-11-10-Noves-veus-480x480.png 480w\" sizes=\"(min-width: 0px) and (max-width: 480px) 480px, (min-width: 481px) 600px, 100vw\" class=\"wp-image-394059\" \/><\/span><\/div><div class=\"et_pb_blurb_container\"><h4 class=\"et_pb_module_header\">Dives de la l\u00edrica<\/h4><div class=\"et_pb_blurb_description\"><p>10 de novembre del2021<br \/>Presentador: Francesc Coma<\/p>\n<\/div><\/div><\/div><\/div>\n<\/div>\n\n<div class=\"et_pb_column_26 et_pb_column et_pb_column_1_4 et-last-child et_block_column et_pb_css_mix_blend_mode_passthrough\">\n<div class=\"et_pb_blurb_19 et_pb_blurb et_pb_bg_layout_light et_pb_blurb_position_top et_clickable et_pb_module et_block_module\" id=\"WagnerObertura\"><div class=\"et_pb_blurb_content\"><div class=\"et_pb_main_blurb_image\"><span class=\"et_pb_image_wrap et_pb_only_image_mode_wrap\"><img loading=\"lazy\" decoding=\"async\" src=\"https:\/\/troba.net\/discoforum\/wp-content\/uploads\/2024\/03\/2021-10-27-Richard-Wagner.jpg\" width=\"600\" height=\"600\" srcset=\"https:\/\/troba.net\/discoforum\/wp-content\/uploads\/2024\/03\/2021-10-27-Richard-Wagner.jpg 600w, https:\/\/troba.net\/discoforum\/wp-content\/uploads\/2024\/03\/2021-10-27-Richard-Wagner-480x480.jpg 480w\" sizes=\"(min-width: 0px) and (max-width: 480px) 480px, (min-width: 481px) 600px, 100vw\" class=\"wp-image-394060\" \/><\/span><\/div><div class=\"et_pb_blurb_container\"><h4 class=\"et_pb_module_header\">Wagner, l'obertura<\/h4><div class=\"et_pb_blurb_description\"><p>27 d'ocubre del 2021<br \/>Presentador: Josep M. Busqu\u00e9<\/p>\n<\/div><\/div><\/div><\/div>\n<\/div>\n<\/div>\n\n<div class=\"et_pb_row_9 et_pb_row et_pb_row_4col et_pb_equal_columns et_block_row et_block_row_4col\">\n<div class=\"et_pb_column_27 et_pb_column et_pb_column_1_4 et_block_column et_pb_css_mix_blend_mode_passthrough\">\n<div class=\"et_pb_blurb_20 et_pb_blurb et_pb_bg_layout_light et_pb_blurb_position_top et_clickable et_pb_module et_block_module\" id=\"religiosa\"><div class=\"et_pb_blurb_content\"><div class=\"et_pb_main_blurb_image\"><span class=\"et_pb_image_wrap et_pb_only_image_mode_wrap\"><img loading=\"lazy\" decoding=\"async\" src=\"https:\/\/troba.net\/discoforum\/wp-content\/uploads\/2024\/03\/2021-10-13-Musica-religiosa-2.png\" width=\"600\" height=\"600\" srcset=\"https:\/\/troba.net\/discoforum\/wp-content\/uploads\/2024\/03\/2021-10-13-Musica-religiosa-2.png 600w, https:\/\/troba.net\/discoforum\/wp-content\/uploads\/2024\/03\/2021-10-13-Musica-religiosa-2-480x480.png 480w\" sizes=\"(min-width: 0px) and (max-width: 480px) 480px, (min-width: 481px) 600px, 100vw\" class=\"wp-image-394061\" \/><\/span><\/div><div class=\"et_pb_blurb_container\"><h4 class=\"et_pb_module_header\">M\u00fasica religiosa<\/h4><div class=\"et_pb_blurb_description\"><p>13 d'octubre del 2021<br \/>Presentador: Ramon Cervera<\/p>\n<\/div><\/div><\/div><\/div>\n<\/div>\n\n<div class=\"et_pb_column_28 et_pb_column et_pb_column_1_4 et_block_column et_pb_css_mix_blend_mode_passthrough\">\n<div class=\"et_pb_blurb_21 et_pb_blurb et_pb_bg_layout_light et_pb_blurb_position_top et_clickable et_pb_module et_block_module\" id=\"beethoven-9\"><div class=\"et_pb_blurb_content\"><div class=\"et_pb_main_blurb_image\"><span class=\"et_pb_image_wrap et_pb_only_image_mode_wrap\"><img loading=\"lazy\" decoding=\"async\" src=\"https:\/\/troba.net\/discoforum\/wp-content\/uploads\/2024\/03\/2021-09-29-Beethoven-9a.png\" width=\"600\" height=\"600\" srcset=\"https:\/\/troba.net\/discoforum\/wp-content\/uploads\/2024\/03\/2021-09-29-Beethoven-9a.png 600w, https:\/\/troba.net\/discoforum\/wp-content\/uploads\/2024\/03\/2021-09-29-Beethoven-9a-480x480.png 480w\" sizes=\"(min-width: 0px) and (max-width: 480px) 480px, (min-width: 481px) 600px, 100vw\" class=\"wp-image-394062\" \/><\/span><\/div><div class=\"et_pb_blurb_container\"><h4 class=\"et_pb_module_header\">Beethoven, 9a simfonia<\/h4><div class=\"et_pb_blurb_description\"><p>29 de setembre del 2021<br \/>Conferenciant: Pere-Andreu Jariod<\/p>\n<\/div><\/div><\/div><\/div>\n<\/div>\n\n<div class=\"et_pb_column_29 et_pb_column et_pb_column_1_4 et_block_column et_pb_css_mix_blend_mode_passthrough\">\n<div class=\"et_pb_blurb_22 et_pb_blurb et_pb_bg_layout_light et_pb_blurb_position_top et_clickable et_pb_module et_block_module\" id=\"shubert-2\"><div class=\"et_pb_blurb_content\"><div class=\"et_pb_main_blurb_image\"><span class=\"et_pb_image_wrap et_pb_only_image_mode_wrap\"><img loading=\"lazy\" decoding=\"async\" src=\"https:\/\/troba.net\/discoforum\/wp-content\/uploads\/2024\/03\/2021-09-15-Shubert-II.png\" width=\"600\" height=\"600\" srcset=\"https:\/\/troba.net\/discoforum\/wp-content\/uploads\/2024\/03\/2021-09-15-Shubert-II.png 600w, https:\/\/troba.net\/discoforum\/wp-content\/uploads\/2024\/03\/2021-09-15-Shubert-II-480x480.png 480w\" sizes=\"(min-width: 0px) and (max-width: 480px) 480px, (min-width: 481px) 600px, 100vw\" class=\"wp-image-394063\" \/><\/span><\/div><div class=\"et_pb_blurb_container\"><h4 class=\"et_pb_module_header\">Shubert II<\/h4><div class=\"et_pb_blurb_description\"><p>15 de setembre del 2021<br \/>Presentador: Francesc Ventura<\/p>\n<\/div><\/div><\/div><\/div>\n<\/div>\n\n<div class=\"et_pb_column_30 et_pb_column et_pb_column_1_4 et-last-child et_block_column et_pb_css_mix_blend_mode_passthrough\">\n<div class=\"et_pb_blurb_23 et_pb_blurb et_pb_bg_layout_light et_pb_blurb_position_top et_clickable et_pb_module et_block_module\" id=\"armstrong\"><div class=\"et_pb_blurb_content\"><div class=\"et_pb_main_blurb_image\"><span class=\"et_pb_image_wrap et_pb_only_image_mode_wrap\"><img loading=\"lazy\" decoding=\"async\" src=\"https:\/\/troba.net\/discoforum\/wp-content\/uploads\/2024\/03\/2021-09-01-Louis-ArmstrongI.png\" width=\"600\" height=\"600\" srcset=\"https:\/\/troba.net\/discoforum\/wp-content\/uploads\/2024\/03\/2021-09-01-Louis-ArmstrongI.png 600w, https:\/\/troba.net\/discoforum\/wp-content\/uploads\/2024\/03\/2021-09-01-Louis-ArmstrongI-480x480.png 480w\" sizes=\"(min-width: 0px) and (max-width: 480px) 480px, (min-width: 481px) 600px, 100vw\" class=\"wp-image-394064\" \/><\/span><\/div><div class=\"et_pb_blurb_container\"><h4 class=\"et_pb_module_header\">Louis Armstrong<\/h4><div class=\"et_pb_blurb_description\"><p>1 de setembre del 2021<br \/>Presentador: Manel Fabregat<\/p>\n<\/div><\/div><\/div><\/div>\n<\/div>\n<\/div>\n<div class=\"et_pb_bottom_inside_divider et-no-transition\"><\/div><\/div>","protected":false},"excerpt":{"rendered":"","protected":false},"author":1,"featured_media":0,"parent":0,"menu_order":0,"comment_status":"closed","ping_status":"closed","template":"","meta":{"footnotes":""},"class_list":["post-394037","page","type-page","status-publish","hentry"],"yoast_head":"<!-- This site is optimized with the Yoast SEO plugin v28.3 - https:\/\/yoast.com\/product\/yoast-seo-wordpress\/ -->\n<title>Sessions 2021-2022 - Discof\u00f2rum<\/title>\n<meta name=\"robots\" content=\"index, follow, max-snippet:-1, max-image-preview:large, max-video-preview:-1\" \/>\n<link rel=\"canonical\" href=\"https:\/\/troba.net\/discoforum\/sessions-2021-2022\/\" \/>\n<meta property=\"og:locale\" content=\"ca_ES\" \/>\n<meta property=\"og:type\" content=\"article\" \/>\n<meta property=\"og:title\" content=\"Sessions 2021-2022 - Discof\u00f2rum\" \/>\n<meta property=\"og:url\" content=\"https:\/\/troba.net\/discoforum\/sessions-2021-2022\/\" \/>\n<meta property=\"og:site_name\" content=\"Discof\u00f2rum\" \/>\n<meta property=\"article:modified_time\" content=\"2026-03-24T14:15:14+00:00\" \/>\n<meta name=\"twitter:card\" content=\"summary_large_image\" \/>\n<meta name=\"twitter:label1\" content=\"Temps estimat de lectura\" \/>\n\t<meta name=\"twitter:data1\" content=\"8 minuts\" \/>\n<script type=\"application\/ld+json\" class=\"yoast-schema-graph\">{\"@context\":\"https:\\\/\\\/schema.org\",\"@graph\":[{\"@type\":\"WebPage\",\"@id\":\"https:\\\/\\\/troba.net\\\/discoforum\\\/sessions-2021-2022\\\/\",\"url\":\"https:\\\/\\\/troba.net\\\/discoforum\\\/sessions-2021-2022\\\/\",\"name\":\"Sessions 2021-2022 - Discof\u00f2rum\",\"isPartOf\":{\"@id\":\"https:\\\/\\\/troba.net\\\/discoforum\\\/#website\"},\"datePublished\":\"2024-03-04T07:27:43+00:00\",\"dateModified\":\"2026-03-24T14:15:14+00:00\",\"breadcrumb\":{\"@id\":\"https:\\\/\\\/troba.net\\\/discoforum\\\/sessions-2021-2022\\\/#breadcrumb\"},\"inLanguage\":\"ca\",\"potentialAction\":[{\"@type\":\"ReadAction\",\"target\":[\"https:\\\/\\\/troba.net\\\/discoforum\\\/sessions-2021-2022\\\/\"]}]},{\"@type\":\"BreadcrumbList\",\"@id\":\"https:\\\/\\\/troba.net\\\/discoforum\\\/sessions-2021-2022\\\/#breadcrumb\",\"itemListElement\":[{\"@type\":\"ListItem\",\"position\":1,\"name\":\"Inici\",\"item\":\"https:\\\/\\\/troba.net\\\/discoforum\\\/\"},{\"@type\":\"ListItem\",\"position\":2,\"name\":\"Sessions 2021-2022\"}]},{\"@type\":\"WebSite\",\"@id\":\"https:\\\/\\\/troba.net\\\/discoforum\\\/#website\",\"url\":\"https:\\\/\\\/troba.net\\\/discoforum\\\/\",\"name\":\"Discof\u00f2rum\",\"description\":\"Sessions audio-visuals de m\u00fasica cl\u00e0ssica i jazz\",\"publisher\":{\"@id\":\"https:\\\/\\\/troba.net\\\/discoforum\\\/#organization\"},\"potentialAction\":[{\"@type\":\"SearchAction\",\"target\":{\"@type\":\"EntryPoint\",\"urlTemplate\":\"https:\\\/\\\/troba.net\\\/discoforum\\\/?s={search_term_string}\"},\"query-input\":{\"@type\":\"PropertyValueSpecification\",\"valueRequired\":true,\"valueName\":\"search_term_string\"}}],\"inLanguage\":\"ca\"},{\"@type\":\"Organization\",\"@id\":\"https:\\\/\\\/troba.net\\\/discoforum\\\/#organization\",\"name\":\"Discof\u00f2rum\",\"url\":\"https:\\\/\\\/troba.net\\\/discoforum\\\/\",\"logo\":{\"@type\":\"ImageObject\",\"inLanguage\":\"ca\",\"@id\":\"https:\\\/\\\/troba.net\\\/discoforum\\\/#\\\/schema\\\/logo\\\/image\\\/\",\"url\":\"https:\\\/\\\/troba.net\\\/discoforum\\\/wp-content\\\/uploads\\\/2024\\\/03\\\/logo-discoforum-fons-blanc.png\",\"contentUrl\":\"https:\\\/\\\/troba.net\\\/discoforum\\\/wp-content\\\/uploads\\\/2024\\\/03\\\/logo-discoforum-fons-blanc.png\",\"width\":577,\"height\":73,\"caption\":\"Discof\u00f2rum\"},\"image\":{\"@id\":\"https:\\\/\\\/troba.net\\\/discoforum\\\/#\\\/schema\\\/logo\\\/image\\\/\"}}]}<\/script>\n<!-- \/ Yoast SEO plugin. -->","yoast_head_json":{"title":"Sessions 2021-2022 - Discof\u00f2rum","robots":{"index":"index","follow":"follow","max-snippet":"max-snippet:-1","max-image-preview":"max-image-preview:large","max-video-preview":"max-video-preview:-1"},"canonical":"https:\/\/troba.net\/discoforum\/sessions-2021-2022\/","og_locale":"ca_ES","og_type":"article","og_title":"Sessions 2021-2022 - Discof\u00f2rum","og_url":"https:\/\/troba.net\/discoforum\/sessions-2021-2022\/","og_site_name":"Discof\u00f2rum","article_modified_time":"2026-03-24T14:15:14+00:00","twitter_card":"summary_large_image","twitter_misc":{"Temps estimat de lectura":"8 minuts"},"schema":{"@context":"https:\/\/schema.org","@graph":[{"@type":"WebPage","@id":"https:\/\/troba.net\/discoforum\/sessions-2021-2022\/","url":"https:\/\/troba.net\/discoforum\/sessions-2021-2022\/","name":"Sessions 2021-2022 - Discof\u00f2rum","isPartOf":{"@id":"https:\/\/troba.net\/discoforum\/#website"},"datePublished":"2024-03-04T07:27:43+00:00","dateModified":"2026-03-24T14:15:14+00:00","breadcrumb":{"@id":"https:\/\/troba.net\/discoforum\/sessions-2021-2022\/#breadcrumb"},"inLanguage":"ca","potentialAction":[{"@type":"ReadAction","target":["https:\/\/troba.net\/discoforum\/sessions-2021-2022\/"]}]},{"@type":"BreadcrumbList","@id":"https:\/\/troba.net\/discoforum\/sessions-2021-2022\/#breadcrumb","itemListElement":[{"@type":"ListItem","position":1,"name":"Inici","item":"https:\/\/troba.net\/discoforum\/"},{"@type":"ListItem","position":2,"name":"Sessions 2021-2022"}]},{"@type":"WebSite","@id":"https:\/\/troba.net\/discoforum\/#website","url":"https:\/\/troba.net\/discoforum\/","name":"Discof\u00f2rum","description":"Sessions audio-visuals de m\u00fasica cl\u00e0ssica i jazz","publisher":{"@id":"https:\/\/troba.net\/discoforum\/#organization"},"potentialAction":[{"@type":"SearchAction","target":{"@type":"EntryPoint","urlTemplate":"https:\/\/troba.net\/discoforum\/?s={search_term_string}"},"query-input":{"@type":"PropertyValueSpecification","valueRequired":true,"valueName":"search_term_string"}}],"inLanguage":"ca"},{"@type":"Organization","@id":"https:\/\/troba.net\/discoforum\/#organization","name":"Discof\u00f2rum","url":"https:\/\/troba.net\/discoforum\/","logo":{"@type":"ImageObject","inLanguage":"ca","@id":"https:\/\/troba.net\/discoforum\/#\/schema\/logo\/image\/","url":"https:\/\/troba.net\/discoforum\/wp-content\/uploads\/2024\/03\/logo-discoforum-fons-blanc.png","contentUrl":"https:\/\/troba.net\/discoforum\/wp-content\/uploads\/2024\/03\/logo-discoforum-fons-blanc.png","width":577,"height":73,"caption":"Discof\u00f2rum"},"image":{"@id":"https:\/\/troba.net\/discoforum\/#\/schema\/logo\/image\/"}}]}},"_links":{"self":[{"href":"https:\/\/troba.net\/discoforum\/wp-json\/wp\/v2\/pages\/394037","targetHints":{"allow":["GET"]}}],"collection":[{"href":"https:\/\/troba.net\/discoforum\/wp-json\/wp\/v2\/pages"}],"about":[{"href":"https:\/\/troba.net\/discoforum\/wp-json\/wp\/v2\/types\/page"}],"author":[{"embeddable":true,"href":"https:\/\/troba.net\/discoforum\/wp-json\/wp\/v2\/users\/1"}],"replies":[{"embeddable":true,"href":"https:\/\/troba.net\/discoforum\/wp-json\/wp\/v2\/comments?post=394037"}],"version-history":[{"count":35,"href":"https:\/\/troba.net\/discoforum\/wp-json\/wp\/v2\/pages\/394037\/revisions"}],"predecessor-version":[{"id":399978,"href":"https:\/\/troba.net\/discoforum\/wp-json\/wp\/v2\/pages\/394037\/revisions\/399978"}],"wp:attachment":[{"href":"https:\/\/troba.net\/discoforum\/wp-json\/wp\/v2\/media?parent=394037"}],"curies":[{"name":"wp","href":"https:\/\/api.w.org\/{rel}","templated":true}]}}