{"id":394591,"date":"2024-03-07T19:19:26","date_gmt":"2024-03-07T18:19:26","guid":{"rendered":"https:\/\/troba.net\/discoforum\/?page_id=394591"},"modified":"2026-08-30T09:39:07","modified_gmt":"2026-08-30T07:39:07","slug":"propera-sessio","status":"publish","type":"page","link":"https:\/\/troba.net\/discoforum\/propera-sessio\/","title":{"rendered":"Propera sessi\u00f3"},"content":{"rendered":"<div class=\"et_pb_section_0 et_pb_section et_section_regular et_block_section et_pb_section_parallax\"><span class=\"et-pb-parallax-wrapper\"><span class=\"et-pb-parallax-background et-pb-parallax-background--css et-pb-parallax-background-module--divi-section-0\" style=\"background-image:url(https:\/\/troba.net\/discoforum\/wp-content\/uploads\/2025\/11\/Violi-aqua-70.png)\"><\/span><\/span>\n<div class=\"et_pb_row_0 et_pb_row et_block_row\">\n<div class=\"et_pb_column_0 et_pb_column et_pb_column_4_4 et-last-child et_block_column et_pb_css_mix_blend_mode_passthrough\">\n<div class=\"et_pb_text_0 et_pb_text et_pb_bg_layout_light et_pb_module et_block_module\"><div class=\"et_pb_text_inner\"><h1>Big bands catalanes<\/h1>\n<\/div><\/div>\n<\/div>\n<\/div>\n\n<div class=\"et_pb_row_1 et_pb_row et_pb_equal_columns et_block_row\">\n<div class=\"et_pb_column_1 et_pb_column et_pb_column_1_2 et_block_column et_pb_css_mix_blend_mode_passthrough\">\n<div class=\"et_pb_image_0 et_pb_image et_pb_module et_block_module\"><span class=\"et_pb_image_wrap\"><img loading=\"lazy\" decoding=\"async\" src=\"https:\/\/troba.net\/discoforum\/wp-content\/uploads\/2024\/03\/Manel-Fabregat-2.jpg\" width=\"300\" height=\"420\" srcset=\"https:\/\/troba.net\/discoforum\/wp-content\/uploads\/2024\/03\/Manel-Fabregat-2.jpg 300w, https:\/\/troba.net\/discoforum\/wp-content\/uploads\/2024\/03\/Manel-Fabregat-2-214x300.jpg 214w\" sizes=\"(max-width: 300px) 100vw, 300px\" class=\"wp-image-393203\" title=\"Manel-Fabregat-2\" \/><\/span><\/div>\n<\/div>\n\n<div class=\"et_pb_column_2 et_pb_column et_pb_column_1_2 et-last-child et_block_column et_pb_css_mix_blend_mode_passthrough\">\n<div class=\"et_pb_text_1 et_pb_text et_pb_bg_layout_light et_pb_module et_block_module et_pb_text_align_center-tablet et_pb_text_align_center-phone\"><div class=\"et_pb_text_inner\"><p><span>16 de setembre del 2026<\/span><\/p>\n<p>Presentador: Manel Fabregat<\/p>\n<\/div><\/div>\n<\/div>\n<\/div>\n<\/div>\n\n<div class=\"et_pb_section_1 et_pb_section et_section_regular et_block_section et_pb_section_parallax\"><span class=\"et-pb-parallax-wrapper\"><span class=\"et-pb-parallax-background et-pb-parallax-background--css et-pb-parallax-background-module--divi-section-1\" style=\"background-image:url(https:\/\/troba.net\/discoforum\/wp-content\/uploads\/2025\/11\/Violi-aqua-70.png)\"><\/span><\/span>\n<div class=\"et_pb_row_2 et_pb_row et_block_row\">\n<div class=\"et_pb_column_3 et_pb_column et_pb_column_4_4 et-last-child et_block_column et_pb_css_mix_blend_mode_passthrough\">\n<div class=\"et_pb_text_2 et_pb_text et_pb_bg_layout_light et_pb_module et_block_module\"><div class=\"et_pb_text_inner\"><h1>PROPERA SESSI\u00d3<\/h1>\n<\/div><\/div>\n<\/div>\n<\/div>\n\n<div class=\"et_pb_row_3 et_pb_row et_block_row\">\n<div class=\"et_pb_column_4 et_pb_column et_pb_column_1_2 et_block_column et_pb_css_mix_blend_mode_passthrough\">\n<div class=\"et_pb_text_3 et_pb_text et_pb_bg_layout_light et_pb_module et_block_module et_pb_text_align_right et_pb_text_align_left-tablet et_pb_text_align_left-phone\"><div class=\"et_pb_text_inner\"><p><span style=\"vertical-align: inherit;\"><span style=\"vertical-align: inherit;\">Data: <span>16 de setembre del 2026<\/span><\/span><\/span><\/p>\n<p><span style=\"vertical-align: inherit;\"><span style=\"vertical-align: inherit;\">Hora: 18.30 h.<\/span><\/span><\/p>\n<p><span style=\"vertical-align: inherit;\"><span style=\"vertical-align: inherit;\">Tel\u00e8fon: 93 371 91 19<\/span><\/span><\/p>\n<\/div><\/div>\n<\/div>\n\n<div class=\"et_pb_column_5 et_pb_column et_pb_column_1_2 et-last-child et_block_column et_pb_css_mix_blend_mode_passthrough\">\n<div class=\"et_pb_text_4 et_pb_text et_pb_bg_layout_light et_pb_module et_block_module\"><div class=\"et_pb_text_inner\"><p>Lloc: Biblioteca Central Pare Miquel d'Esplugues<br \/>Carrer d'\u00c0ngel Guimer\u00e0, 106 - 108<br \/>Esplugues de Llobregat<\/p>\n<\/div><\/div>\n<\/div>\n<\/div>\n<\/div>\n\n<div class=\"et_pb_section_2 et_pb_section et_section_regular et_block_section et_pb_section_parallax\"><span class=\"et-pb-parallax-wrapper\"><span class=\"et-pb-parallax-background et-pb-parallax-background--css et-pb-parallax-background-module--divi-section-2\" style=\"background-image:url(https:\/\/troba.net\/discoforum\/wp-content\/uploads\/2025\/11\/Violi-aqua-70.png)\"><\/span><\/span>\n<div class=\"et_pb_row_4 et_pb_row et_block_row\">\n<div class=\"et_pb_column_6 et_pb_column et_pb_column_1_2 et_block_column et_pb_css_mix_blend_mode_passthrough\">\n<div class=\"et_pb_image_1 et_pb_image et_pb_module et_block_module\"><span class=\"et_pb_image_wrap\"><img loading=\"lazy\" decoding=\"async\" src=\"https:\/\/troba.net\/discoforum\/wp-content\/uploads\/2026\/06\/La-Bella-Dixiland-1920x1920-1.png\" title=\"La Bella Dixiland 1920x1920\" width=\"1920\" height=\"1920\" srcset=\"https:\/\/troba.net\/discoforum\/wp-content\/uploads\/2026\/06\/La-Bella-Dixiland-1920x1920-1.png 1920w, https:\/\/troba.net\/discoforum\/wp-content\/uploads\/2026\/06\/La-Bella-Dixiland-1920x1920-1-1280x1280.png 1280w, https:\/\/troba.net\/discoforum\/wp-content\/uploads\/2026\/06\/La-Bella-Dixiland-1920x1920-1-980x980.png 980w, https:\/\/troba.net\/discoforum\/wp-content\/uploads\/2026\/06\/La-Bella-Dixiland-1920x1920-1-480x480.png 480w\" sizes=\"(min-width: 0px) and (max-width: 480px) 480px, (min-width: 481px) and (max-width: 980px) 980px, (min-width: 981px) and (max-width: 1280px) 1280px, (min-width: 1281px) 1920px, 100vw\" class=\"wp-image-400359\" \/><\/span><\/div>\n\n<div class=\"et_pb_text_5 et_pb_text et_pb_bg_layout_light et_pb_module et_block_module\"><div class=\"et_pb_text_inner\"><h2><span style=\"text-decoration: underline; color: #0000ff;\"><a href=\"https:\/\/troba.net\/discoforum\/wp-content\/uploads\/2026\/08\/2026-09-16-Fabregat-Big-bands-catalanes-Programa-ma.pdf\" style=\"text-decoration: underline; color: #0000ff;\"><span style=\"color: #000080; text-decoration: underline;\">Clica aqu\u00ed per baixar-te el programa<\/span><\/a><\/span><\/h2>\n<\/div><\/div>\n<\/div>\n\n<div class=\"et_pb_column_7 et_pb_column et_pb_column_1_2 et-last-child et_block_column et_pb_css_mix_blend_mode_passthrough\">\n<div class=\"et_pb_tabs_0 et_pb_tabs et_pb_module\"><ul class=\"et_pb_tabs_controls clearfix\"><li class=\"et_pb_tab_nav_item_0 et_pb_tab_nav_item et_pb_tab_0 et_pb_tab_active\"><a class=\"et_pb_tab_nav_item_link\" href=\"#\">REPERTORI<\/a><\/li><li class=\"et_pb_tab_nav_item_1 et_pb_tab_nav_item et_pb_tab_1\"><a class=\"et_pb_tab_nav_item_link\" href=\"#\">COMENTARI<\/a><\/li><\/ul><div class=\"et_pb_all_tabs\">\n<div class=\"et_pb_tab_0 et_pb_tab clearfix et_pb_active_content et_pb_module et_block_module\"><div class=\"et_pb_tab_content\"><ul>\n<li><b>1 \u2013 La Locomotora Negra<\/b><br \/>\n\t\tBlue Moon (Richard Rodgers)\n\t<\/li>\n<li><b>2 \u2013 Taller de M\u00fasics & Monique Makon<\/b><br \/>\n\t\tStranger Than Me (Amy Minehouse)\n\t<\/li>\n<li><b>3 \u2013 Big Band de Terrasa<\/b><br \/>\n\t\tEarly Autumn (Johnny Mercer)\n\t<\/li>\n<li><b>4 \u2013 La Sant Andreu Big Band + Ricard Gili + W. Gordon<\/b><br \/>\n\t\tBassin Street Blues (Spencer Williams)\n\t<\/li>\n<li><b>5 \u2013 Motis\/Chamorro Big Band<\/b><br \/>\n\t\tVienna (Billy Joel)\n\t<\/li>\n<li><b>6 \u2013 Barcelona Big Blues Band<\/b><br \/>\n\t\tLet Yourself Go (Elvis Presley)\n\t<\/li>\n<li><b>7 \u2013 Big Band Alt Empurd\u00e0<\/b><br \/>\n\t\tMr. Lucky (Henry Mancini)\n\t<\/li>\n<li><b>8 \u2013 The Django Orchestra<\/b><br \/>\n\t\tMontagne Sante Geni\u00e8ve.- (Django Reinhardt)\n\t<\/li>\n<li><b>9 \u2013 Barcelona Jazz Orquestra<\/b><br \/>\n\t\tHold Tight (A. Smolik)\n\t<\/li>\n<li><b>10 \u2013 Rufalca Folk Jazz Orquestra<\/b><br \/>\n\t\tEl Cant de la Sibil\u00b7la  (Tradicional)\n\t<\/li>\n<\/ul>\n<\/div><\/div>\n\n<div class=\"et_pb_tab_1 et_pb_tab clearfix et_pb_module et_block_module\"><div class=\"et_pb_tab_content\"><p>En un pa\u00eds com el nostre a on una de llurs expressions s\u00f3n els Castells, sense anar m\u00e9s lluny a Esplugues hi tenim la Colla de Castellers dels Cargolins, a on hi cal la col\u00b7laboraci\u00f3 de tota la colla, homes i dones, des dels m\u00e9s grans i forts a la pinya, fins els m\u00e9s menuts fent d\u2019enxaneta, a on tamb\u00e9 la dansa tradicional \u00e9s la sardana, a on tothom pot entrar-hi i tots hi poden sortir, dansa condu\u00efda per la m\u00fasica interpretada per la cobla, amb un m\u00ednim de vuit m\u00fasics, en un pa\u00eds a on tot es fa entre tots, no hi podien faltar una muni\u00f3 de Big Bands.<\/p>\n<p>\u00a0Per\u00f2 el fenomen m\u00e9s important \u00e9s que no sols hi ha Big Bands a les ciutats m\u00e9s grans i poblades, com Barcelona o Girona, si no que tamb\u00e9 n\u2019hi ha en poblacions on podries pensar que potser no tenen prou gent com per formar una Big Band, com poden ser Matadepera o L\u2019Alt Empord\u00e0.<\/p>\n<p>\u00a0A m\u00e9s aquestes Big Bands passen por tot l\u2019arc jazz\u00edstic, des del Swing fins el Jazz Contemporani, passant pel Rhythm &amp; Blues o el Gispy Jazz.<\/p>\n<p>Cal dir que la tradici\u00f3 de les orquestres de Jazz a Catalunya, ve dels anys 40, amb grans orquestres del moment, amb renom internacional, com la de Llu\u00eds Rovira, o la Orquesta de Agusto Alguer\u00f3, Albalat y su Ritmo, o els Faraones del Jazz, o La Orquesta Gran Casino, o...orquestres que varen desapar\u00e8ixer en el moment en que a les sales de Ball del Principat apareix la M\u00fasica enllaunada.<\/p>\n<p>\u00a0En els nostres dies va fer ren\u00e9ixer el gust per les Big Bands, la orquestra La Locomotora Negra, a on tots els components eren amateurs per\u00f2 for\u00e7a bons. A partir d\u2019aqu\u00ed les Big Bands ha sorgit com bolets ara i ad\u00e9s per tota Catalunya, des de Big Bands amb una gran professionalitat, fins a algunes que est\u00e0 formada pels alumnes d\u2019una escola de m\u00fasica d\u2019algun poble.<\/p>\n<\/div><\/div>\n<\/div><\/div>\n<\/div>\n<\/div>\n<\/div>\n\n<div class=\"et_pb_section_3 et_pb_section et_section_regular et_block_section et_pb_section_parallax section_has_divider et_pb_bottom_divider\"><span class=\"et-pb-parallax-wrapper\"><span class=\"et-pb-parallax-background et-pb-parallax-background--css et-pb-parallax-background-module--divi-section-3\" style=\"background-image:url(https:\/\/troba.net\/discoforum\/wp-content\/uploads\/2025\/11\/Violi-aqua-70.png)\"><\/span><\/span>\n<div class=\"et_pb_row_5 et_pb_row et_block_row\">\n<div class=\"et_pb_column_8 et_pb_column et_pb_column_4_4 et-last-child et_block_column et_pb_css_mix_blend_mode_passthrough\">\n<div class=\"et_pb_text_6 et_pb_text et_pb_bg_layout_light et_pb_module et_block_module\"><div class=\"et_pb_text_inner\"><h4>Com mostra aqu\u00ed tens aquest v\u00eddeo<br \/>Clica sobre l'imatge per veure'l<\/h4>\n<\/div><\/div>\n<\/div>\n<\/div>\n\n<div class=\"et_pb_row_6 et_pb_row et_block_row\">\n<div class=\"et_pb_column_9 et_pb_column et_pb_column_1_3 et_block_column et_pb_column_empty et_pb_css_mix_blend_mode_passthrough\"><\/div>\n\n<div class=\"et_pb_column_10 et_pb_column et_pb_column_1_3 et_block_column et_pb_css_mix_blend_mode_passthrough\">\n<div class=\"et_pb_image_2 et_pb_image et_pb_module et_block_module\"><a href=\"https:\/\/www.youtube.com\/watch?v=2AV6-qLjnvA\"><span class=\"et_pb_image_wrap\"><img loading=\"lazy\" decoding=\"async\" src=\"https:\/\/troba.net\/discoforum\/wp-content\/uploads\/2026\/06\/4-\u2013-La-Sant-Andreu-Big-Band-2-900x600-1.jpg\" title=\"4 \u2013 La Sant Andreu Big Band 2 900x600\" width=\"900\" height=\"600\" srcset=\"https:\/\/troba.net\/discoforum\/wp-content\/uploads\/2026\/06\/4-\u2013-La-Sant-Andreu-Big-Band-2-900x600-1.jpg 900w, https:\/\/troba.net\/discoforum\/wp-content\/uploads\/2026\/06\/4-\u2013-La-Sant-Andreu-Big-Band-2-900x600-1-300x200.jpg 300w, https:\/\/troba.net\/discoforum\/wp-content\/uploads\/2026\/06\/4-\u2013-La-Sant-Andreu-Big-Band-2-900x600-1-768x512.jpg 768w, https:\/\/troba.net\/discoforum\/wp-content\/uploads\/2026\/06\/4-\u2013-La-Sant-Andreu-Big-Band-2-900x600-1-480x320.jpg 480w\" sizes=\"(max-width: 900px) 100vw, 900px\" class=\"wp-image-400426\" \/><\/span><\/a><\/div>\n\n<div class=\"et_pb_text_7 et_pb_text et_pb_bg_layout_light et_pb_module et_block_module et_pb_text_align_center\"><div class=\"et_pb_text_inner\"><p>La Sant Andreu Big Band<\/p>\n<\/div><\/div>\n<\/div>\n\n<div class=\"et_pb_column_11 et_pb_column et_pb_column_1_3 et-last-child et_block_column et_pb_column_empty et_pb_css_mix_blend_mode_passthrough\"><\/div>\n<\/div>\n<div class=\"et_pb_bottom_inside_divider et-no-transition\"><\/div><\/div>\n\n","protected":false},"excerpt":{"rendered":"","protected":false},"author":1,"featured_media":0,"parent":0,"menu_order":0,"comment_status":"closed","ping_status":"closed","template":"","meta":{"footnotes":""},"class_list":["post-394591","page","type-page","status-publish","hentry"],"yoast_head":"<!-- This site is optimized with the Yoast SEO plugin v28.3 - https:\/\/yoast.com\/product\/yoast-seo-wordpress\/ -->\n<title>Propera sessi\u00f3 - Discof\u00f2rum<\/title>\n<meta name=\"robots\" content=\"index, follow, max-snippet:-1, max-image-preview:large, max-video-preview:-1\" \/>\n<link rel=\"canonical\" href=\"https:\/\/troba.net\/discoforum\/propera-sessio\/\" \/>\n<meta property=\"og:locale\" content=\"ca_ES\" \/>\n<meta property=\"og:type\" content=\"article\" \/>\n<meta property=\"og:title\" content=\"Propera sessi\u00f3 - Discof\u00f2rum\" \/>\n<meta property=\"og:url\" content=\"https:\/\/troba.net\/discoforum\/propera-sessio\/\" \/>\n<meta property=\"og:site_name\" content=\"Discof\u00f2rum\" \/>\n<meta property=\"article:modified_time\" content=\"2026-08-30T07:39:07+00:00\" \/>\n<meta name=\"twitter:card\" content=\"summary_large_image\" \/>\n<meta name=\"twitter:label1\" content=\"Temps estimat de lectura\" \/>\n\t<meta name=\"twitter:data1\" content=\"3 minuts\" \/>\n<script type=\"application\/ld+json\" class=\"yoast-schema-graph\">{\"@context\":\"https:\\\/\\\/schema.org\",\"@graph\":[{\"@type\":\"WebPage\",\"@id\":\"https:\\\/\\\/troba.net\\\/discoforum\\\/propera-sessio\\\/\",\"url\":\"https:\\\/\\\/troba.net\\\/discoforum\\\/propera-sessio\\\/\",\"name\":\"Propera sessi\u00f3 - Discof\u00f2rum\",\"isPartOf\":{\"@id\":\"https:\\\/\\\/troba.net\\\/discoforum\\\/#website\"},\"datePublished\":\"2024-03-07T18:19:26+00:00\",\"dateModified\":\"2026-08-30T07:39:07+00:00\",\"breadcrumb\":{\"@id\":\"https:\\\/\\\/troba.net\\\/discoforum\\\/propera-sessio\\\/#breadcrumb\"},\"inLanguage\":\"ca\",\"potentialAction\":[{\"@type\":\"ReadAction\",\"target\":[\"https:\\\/\\\/troba.net\\\/discoforum\\\/propera-sessio\\\/\"]}]},{\"@type\":\"BreadcrumbList\",\"@id\":\"https:\\\/\\\/troba.net\\\/discoforum\\\/propera-sessio\\\/#breadcrumb\",\"itemListElement\":[{\"@type\":\"ListItem\",\"position\":1,\"name\":\"Inici\",\"item\":\"https:\\\/\\\/troba.net\\\/discoforum\\\/\"},{\"@type\":\"ListItem\",\"position\":2,\"name\":\"Propera sessi\u00f3\"}]},{\"@type\":\"WebSite\",\"@id\":\"https:\\\/\\\/troba.net\\\/discoforum\\\/#website\",\"url\":\"https:\\\/\\\/troba.net\\\/discoforum\\\/\",\"name\":\"Discof\u00f2rum\",\"description\":\"Sessions audio-visuals de m\u00fasica cl\u00e0ssica i jazz\",\"publisher\":{\"@id\":\"https:\\\/\\\/troba.net\\\/discoforum\\\/#organization\"},\"potentialAction\":[{\"@type\":\"SearchAction\",\"target\":{\"@type\":\"EntryPoint\",\"urlTemplate\":\"https:\\\/\\\/troba.net\\\/discoforum\\\/?s={search_term_string}\"},\"query-input\":{\"@type\":\"PropertyValueSpecification\",\"valueRequired\":true,\"valueName\":\"search_term_string\"}}],\"inLanguage\":\"ca\"},{\"@type\":\"Organization\",\"@id\":\"https:\\\/\\\/troba.net\\\/discoforum\\\/#organization\",\"name\":\"Discof\u00f2rum\",\"url\":\"https:\\\/\\\/troba.net\\\/discoforum\\\/\",\"logo\":{\"@type\":\"ImageObject\",\"inLanguage\":\"ca\",\"@id\":\"https:\\\/\\\/troba.net\\\/discoforum\\\/#\\\/schema\\\/logo\\\/image\\\/\",\"url\":\"https:\\\/\\\/troba.net\\\/discoforum\\\/wp-content\\\/uploads\\\/2024\\\/03\\\/logo-discoforum-fons-blanc.png\",\"contentUrl\":\"https:\\\/\\\/troba.net\\\/discoforum\\\/wp-content\\\/uploads\\\/2024\\\/03\\\/logo-discoforum-fons-blanc.png\",\"width\":577,\"height\":73,\"caption\":\"Discof\u00f2rum\"},\"image\":{\"@id\":\"https:\\\/\\\/troba.net\\\/discoforum\\\/#\\\/schema\\\/logo\\\/image\\\/\"}}]}<\/script>\n<!-- \/ Yoast SEO plugin. -->","yoast_head_json":{"title":"Propera sessi\u00f3 - Discof\u00f2rum","robots":{"index":"index","follow":"follow","max-snippet":"max-snippet:-1","max-image-preview":"max-image-preview:large","max-video-preview":"max-video-preview:-1"},"canonical":"https:\/\/troba.net\/discoforum\/propera-sessio\/","og_locale":"ca_ES","og_type":"article","og_title":"Propera sessi\u00f3 - Discof\u00f2rum","og_url":"https:\/\/troba.net\/discoforum\/propera-sessio\/","og_site_name":"Discof\u00f2rum","article_modified_time":"2026-08-30T07:39:07+00:00","twitter_card":"summary_large_image","twitter_misc":{"Temps estimat de lectura":"3 minuts"},"schema":{"@context":"https:\/\/schema.org","@graph":[{"@type":"WebPage","@id":"https:\/\/troba.net\/discoforum\/propera-sessio\/","url":"https:\/\/troba.net\/discoforum\/propera-sessio\/","name":"Propera sessi\u00f3 - Discof\u00f2rum","isPartOf":{"@id":"https:\/\/troba.net\/discoforum\/#website"},"datePublished":"2024-03-07T18:19:26+00:00","dateModified":"2026-08-30T07:39:07+00:00","breadcrumb":{"@id":"https:\/\/troba.net\/discoforum\/propera-sessio\/#breadcrumb"},"inLanguage":"ca","potentialAction":[{"@type":"ReadAction","target":["https:\/\/troba.net\/discoforum\/propera-sessio\/"]}]},{"@type":"BreadcrumbList","@id":"https:\/\/troba.net\/discoforum\/propera-sessio\/#breadcrumb","itemListElement":[{"@type":"ListItem","position":1,"name":"Inici","item":"https:\/\/troba.net\/discoforum\/"},{"@type":"ListItem","position":2,"name":"Propera sessi\u00f3"}]},{"@type":"WebSite","@id":"https:\/\/troba.net\/discoforum\/#website","url":"https:\/\/troba.net\/discoforum\/","name":"Discof\u00f2rum","description":"Sessions audio-visuals de m\u00fasica cl\u00e0ssica i jazz","publisher":{"@id":"https:\/\/troba.net\/discoforum\/#organization"},"potentialAction":[{"@type":"SearchAction","target":{"@type":"EntryPoint","urlTemplate":"https:\/\/troba.net\/discoforum\/?s={search_term_string}"},"query-input":{"@type":"PropertyValueSpecification","valueRequired":true,"valueName":"search_term_string"}}],"inLanguage":"ca"},{"@type":"Organization","@id":"https:\/\/troba.net\/discoforum\/#organization","name":"Discof\u00f2rum","url":"https:\/\/troba.net\/discoforum\/","logo":{"@type":"ImageObject","inLanguage":"ca","@id":"https:\/\/troba.net\/discoforum\/#\/schema\/logo\/image\/","url":"https:\/\/troba.net\/discoforum\/wp-content\/uploads\/2024\/03\/logo-discoforum-fons-blanc.png","contentUrl":"https:\/\/troba.net\/discoforum\/wp-content\/uploads\/2024\/03\/logo-discoforum-fons-blanc.png","width":577,"height":73,"caption":"Discof\u00f2rum"},"image":{"@id":"https:\/\/troba.net\/discoforum\/#\/schema\/logo\/image\/"}}]}},"_links":{"self":[{"href":"https:\/\/troba.net\/discoforum\/wp-json\/wp\/v2\/pages\/394591","targetHints":{"allow":["GET"]}}],"collection":[{"href":"https:\/\/troba.net\/discoforum\/wp-json\/wp\/v2\/pages"}],"about":[{"href":"https:\/\/troba.net\/discoforum\/wp-json\/wp\/v2\/types\/page"}],"author":[{"embeddable":true,"href":"https:\/\/troba.net\/discoforum\/wp-json\/wp\/v2\/users\/1"}],"replies":[{"embeddable":true,"href":"https:\/\/troba.net\/discoforum\/wp-json\/wp\/v2\/comments?post=394591"}],"version-history":[{"count":144,"href":"https:\/\/troba.net\/discoforum\/wp-json\/wp\/v2\/pages\/394591\/revisions"}],"predecessor-version":[{"id":400551,"href":"https:\/\/troba.net\/discoforum\/wp-json\/wp\/v2\/pages\/394591\/revisions\/400551"}],"wp:attachment":[{"href":"https:\/\/troba.net\/discoforum\/wp-json\/wp\/v2\/media?parent=394591"}],"curies":[{"name":"wp","href":"https:\/\/api.w.org\/{rel}","templated":true}]}}