{"id":394599,"date":"2024-03-07T19:34:27","date_gmt":"2024-03-07T18:34:27","guid":{"rendered":"https:\/\/troba.net\/discoforum\/?page_id=394599"},"modified":"2026-08-30T09:39:45","modified_gmt":"2026-08-30T07:39:45","slug":"proxima-sesion","status":"publish","type":"page","link":"https:\/\/troba.net\/discoforum\/es\/proxima-sesion\/","title":{"rendered":"Pr\u00f3xima sesi\u00f3n"},"content":{"rendered":"<div class=\"et_pb_section_0 et_pb_section et_section_regular et_block_section et_pb_section_parallax\"><span class=\"et-pb-parallax-wrapper\"><span class=\"et-pb-parallax-background et-pb-parallax-background--css et-pb-parallax-background-module--divi-section-0\" style=\"background-image:url(https:\/\/troba.net\/discoforum\/wp-content\/uploads\/2025\/11\/Violi-aqua-70.png)\"><\/span><\/span>\n<div class=\"et_pb_row_0 et_pb_row et_block_row\">\n<div class=\"et_pb_column_0 et_pb_column et_pb_column_4_4 et-last-child et_block_column et_pb_css_mix_blend_mode_passthrough\">\n<div class=\"et_pb_text_0 et_pb_text et_pb_bg_layout_light et_pb_module et_block_module\"><div class=\"et_pb_text_inner\"><h1>Big bands catalanas<\/h1>\n<\/div><\/div>\n<\/div>\n<\/div>\n\n<div class=\"et_pb_row_1 et_pb_row et_pb_equal_columns et_block_row\">\n<div class=\"et_pb_column_1 et_pb_column et_pb_column_1_2 et_block_column et_pb_css_mix_blend_mode_passthrough\">\n<div class=\"et_pb_image_0 et_pb_image et_pb_module et_block_module\"><span class=\"et_pb_image_wrap\"><img loading=\"lazy\" decoding=\"async\" src=\"https:\/\/troba.net\/discoforum\/wp-content\/uploads\/2024\/03\/Manel-Fabregat-2-1.jpg\" width=\"300\" height=\"420\" srcset=\"https:\/\/troba.net\/discoforum\/wp-content\/uploads\/2024\/03\/Manel-Fabregat-2-1.jpg 300w, https:\/\/troba.net\/discoforum\/wp-content\/uploads\/2024\/03\/Manel-Fabregat-2-1-214x300.jpg 214w\" sizes=\"(max-width: 300px) 100vw, 300px\" class=\"wp-image-393223\" title=\"Manel-Fabregat-2-1\" \/><\/span><\/div>\n<\/div>\n\n<div class=\"et_pb_column_2 et_pb_column et_pb_column_1_2 et-last-child et_block_column et_pb_css_mix_blend_mode_passthrough\">\n<div class=\"et_pb_text_1 et_pb_text et_pb_bg_layout_light et_pb_module et_block_module\"><div class=\"et_pb_text_inner\"><p><span>16 de septiembre del 2026<\/span><\/p>\n<p>Presentador: Manel Fabregat<\/p>\n<\/div><\/div>\n<\/div>\n<\/div>\n<\/div>\n\n<div class=\"et_pb_section_1 et_pb_section et_section_regular et_block_section et_pb_section_parallax\"><span class=\"et-pb-parallax-wrapper\"><span class=\"et-pb-parallax-background et-pb-parallax-background--css et-pb-parallax-background-module--divi-section-1\" style=\"background-image:url(https:\/\/troba.net\/discoforum\/wp-content\/uploads\/2025\/11\/Violi-aqua-70.png)\"><\/span><\/span>\n<div class=\"et_pb_row_2 et_pb_row et_block_row\">\n<div class=\"et_pb_column_3 et_pb_column et_pb_column_4_4 et-last-child et_block_column et_pb_css_mix_blend_mode_passthrough\">\n<div class=\"et_pb_text_2 et_pb_text et_pb_bg_layout_light et_pb_module et_block_module\"><div class=\"et_pb_text_inner\"><h1>PROXIMA SESI\u00d3N<\/h1>\n<\/div><\/div>\n<\/div>\n<\/div>\n\n<div class=\"et_pb_row_3 et_pb_row et_block_row\">\n<div class=\"et_pb_column_4 et_pb_column et_pb_column_1_2 et_block_column et_pb_css_mix_blend_mode_passthrough\">\n<div class=\"et_pb_text_3 et_pb_text et_pb_bg_layout_light et_pb_module et_block_module\"><div class=\"et_pb_text_inner\"><p>Fecha: <span>16 de septiembre del 2026<\/span><\/p>\n<p>Hora: 18:30 h.<\/p>\n<p>Tel\u00e9fono: 93 371 91 19<\/p>\n<\/div><\/div>\n<\/div>\n\n<div class=\"et_pb_column_5 et_pb_column et_pb_column_1_2 et-last-child et_block_column et_pb_css_mix_blend_mode_passthrough\">\n<div class=\"et_pb_text_4 et_pb_text et_pb_bg_layout_light et_pb_module et_block_module\"><div class=\"et_pb_text_inner\"><p>Lugar: Biblioteca Central Pare Miquel d'Esplugues<br \/>Calle \u00c0ngel Guimer\u00e0, 106 - 108<br \/>Esplugues de Llobregat<\/p>\n<\/div><\/div>\n<\/div>\n<\/div>\n<\/div>\n\n<div class=\"et_pb_section_2 et_pb_section et_section_regular et_block_section et_pb_section_parallax\"><span class=\"et-pb-parallax-wrapper\"><span class=\"et-pb-parallax-background et-pb-parallax-background--css et-pb-parallax-background-module--divi-section-2\" style=\"background-image:url(https:\/\/troba.net\/discoforum\/wp-content\/uploads\/2025\/11\/Violi-aqua-70.png)\"><\/span><\/span>\n<div class=\"et_pb_row_4 et_pb_row et_block_row\">\n<div class=\"et_pb_column_6 et_pb_column et_pb_column_1_2 et_block_column et_pb_css_mix_blend_mode_passthrough\">\n<div class=\"et_pb_image_1 et_pb_image et_pb_module et_block_module\"><span class=\"et_pb_image_wrap\"><img loading=\"lazy\" decoding=\"async\" src=\"https:\/\/troba.net\/discoforum\/wp-content\/uploads\/2026\/06\/La-Bella-Dixiland-1920x1920-1.png\" title=\"La Bella Dixiland 1920x1920\" width=\"1920\" height=\"1920\" srcset=\"https:\/\/troba.net\/discoforum\/wp-content\/uploads\/2026\/06\/La-Bella-Dixiland-1920x1920-1.png 1920w, https:\/\/troba.net\/discoforum\/wp-content\/uploads\/2026\/06\/La-Bella-Dixiland-1920x1920-1-1280x1280.png 1280w, https:\/\/troba.net\/discoforum\/wp-content\/uploads\/2026\/06\/La-Bella-Dixiland-1920x1920-1-980x980.png 980w, https:\/\/troba.net\/discoforum\/wp-content\/uploads\/2026\/06\/La-Bella-Dixiland-1920x1920-1-480x480.png 480w\" sizes=\"(min-width: 0px) and (max-width: 480px) 480px, (min-width: 481px) and (max-width: 980px) 980px, (min-width: 981px) and (max-width: 1280px) 1280px, (min-width: 1281px) 1920px, 100vw\" class=\"wp-image-400359\" \/><\/span><\/div>\n\n<div class=\"et_pb_text_5 et_pb_text et_pb_bg_layout_light et_pb_module et_block_module\"><div class=\"et_pb_text_inner\"><h2><span style=\"text-decoration: underline; color: #000080;\"><a href=\"https:\/\/troba.net\/discoforum\/wp-content\/uploads\/2026\/08\/2026-09-16-Fabregat-Big-bands-catalanes-Programa-ma.pdf\" style=\"color: #000080; text-decoration: underline;\"><span style=\"color: #000080; text-decoration: underline;\">Clica aqu\u00ed para bajarte el programa<\/span><\/a><\/span><\/h2>\n<div id=\"simple-translate\" class=\"simple-translate-system-theme\">\n<div>\n<div style=\"background-image: url('moz-extension:\/\/6815dd06-bf5e-4de0-bf79-037a21f3a9c9\/icons\/512.png'); height: 22px; width: 22px; top: 42px; left: 7px;\" class=\"simple-translate-button isShow\"><\/div>\n<div class=\"simple-translate-panel \" style=\"width: 300px; height: 200px; top: 0px; left: 0px; font-size: 13px;\">\n<div class=\"simple-translate-result-wrapper\" style=\"overflow: hidden;\">\n<div class=\"simple-translate-move\" draggable=\"true\"><\/div>\n<div class=\"simple-translate-result-contents\">\n<p class=\"simple-translate-result\" dir=\"auto\">\n<p class=\"simple-translate-candidate\" dir=\"auto\">\n<\/div>\n<\/div>\n<\/div>\n<\/div>\n<\/div>\n<\/div><\/div>\n<\/div>\n\n<div class=\"et_pb_column_7 et_pb_column et_pb_column_1_2 et-last-child et_block_column et_pb_css_mix_blend_mode_passthrough\">\n<div class=\"et_pb_tabs_0 et_pb_tabs et_pb_module\"><ul class=\"et_pb_tabs_controls clearfix\"><li class=\"et_pb_tab_nav_item_0 et_pb_tab_nav_item et_pb_tab_0 et_pb_tab_active\"><a class=\"et_pb_tab_nav_item_link\" href=\"#\">REPERTORIO<\/a><\/li><li class=\"et_pb_tab_nav_item_1 et_pb_tab_nav_item et_pb_tab_1\"><a class=\"et_pb_tab_nav_item_link\" href=\"#\">COMENTARIO<\/a><\/li><\/ul><div class=\"et_pb_all_tabs\">\n<div class=\"et_pb_tab_0 et_pb_tab clearfix et_pb_active_content et_pb_module et_block_module\"><div class=\"et_pb_tab_content\"><ul>\n<li><b>1 \u2013 La Locomotora Negra<\/b><br \/>\n\t\tBlue Moon (Richard Rodgers)\n\t<\/li>\n<li><b>2 \u2013 Taller de M\u00fasics & Monique Makon<\/b><br \/>\n\t\tStranger Than Me (Amy Minehouse)\n\t<\/li>\n<li><b>3 \u2013 Big Band de Terrasa<\/b><br \/>\n\t\tEarly Autumn (Johnny Mercer)\n\t<\/li>\n<li><b>4 \u2013 La Sant Andreu Big Band + Ricard Gili + W. Gordon<\/b><br \/>\n\t\tBassin Street Blues (Spencer Williams)\n\t<\/li>\n<li><b>5 \u2013 Motis\/Chamorro Big Band<\/b><br \/>\n\t\tVienna (Billy Joel)\n\t<\/li>\n<li><b>6 \u2013 Barcelona Big Blues Band<\/b><br \/>\n\t\tLet Yourself Go (Elvis Presley)\n\t<\/li>\n<li><b>7 \u2013 Big Band Alt Empurd\u00e0<\/b><br \/>\n\t\tMr. Lucky (Henry Mancini)\n\t<\/li>\n<li><b>8 \u2013 The Django Orchestra<\/b><br \/>\n\t\tMontagne Sante Geni\u00e8ve.- (Django Reinhardt)\n\t<\/li>\n<li><b>9 \u2013 Barcelona Jazz Orquestra<\/b><br \/>\n\t\tHold Tight (A. Smolik)\n\t<\/li>\n<li><b>10 \u2013 Rufalca Folk Jazz Orquestra<\/b><br \/>\n\t\tEl Cant de la Sibil\u00b7la  (Tradicional)\n\t<\/li>\n<\/ul>\n<\/div><\/div>\n\n<div class=\"et_pb_tab_1 et_pb_tab clearfix et_pb_module et_block_module\"><div class=\"et_pb_tab_content\"><p>En un pa\u00eds como el nuestro donde una de sus expresiones son los Castells, sin ir m\u00e1s lejos en Esplugues tenemos la Colla de Castellers de los Cargolins, donde es necesaria la colaboraci\u00f3n de todo el grupo, hombres y mujeres, desde los m\u00e1s grandes y fuertes a la pi\u00f1a, hasta los m\u00e1s peque\u00f1os haciendo de enxaneta, donde todos pueden darse, donde tambi\u00e9n la danza tradicional conducida por la m\u00fasica interpretada por la copla, con al menos ocho m\u00fasicos, en un pa\u00eds donde todo se hace entre todos, no pod\u00edan faltar una multitud de Big Bands.<\/p>\n<p>Pero el fen\u00f3meno m\u00e1s importante es que no s\u00f3lo hay Big Bands en las ciudades m\u00e1s grandes y pobladas, como Barcelona o Girona, sino que tambi\u00e9n las hay en poblaciones donde podr\u00edas pensar que quiz\u00e1s no tienen suficiente gente como para formar una Big Band, como pueden ser Matadepera o L'Alt Empord\u00e0.<\/p>\n<p>Adem\u00e1s estas Big Bands pasan por todo el arco jazz\u00edstico, desde el Swing hasta el Jazz Contempor\u00e1neo, pasando por el Rhythm &amp; Blues o el Gispy Jazz.<\/p>\n<p>Cabe decir que la tradici\u00f3n de las orquestas de Jazz en Catalu\u00f1a, viene de los a\u00f1os 40, con grandes orquestas del momento, con renombre internacional, como la de Luis Rovira, o la Orquesta de Agusto Alguer\u00f3, Albalat y su Ritmo, o los Faraones del Jazz, o La Orquesta Gran Casino, o...orquestas que desaparecieron enlatada.<\/p>\n<p>En nuestros d\u00edas hizo renacer el gusto por las Big Bands, la orquesta La Locomotora Negra, donde todos los componentes eran amateurs pero muy buenos. A partir de aqu\u00ed las Big Bands ha surgido como setas ahora y antes por toda Catalu\u00f1a, desde Big Bands con una gran profesionalidad, hasta algunas que est\u00e1 formada por los alumnos de una escuela de m\u00fasica de alg\u00fan pueblo.<\/p>\n<\/div><\/div>\n<\/div><\/div>\n<\/div>\n<\/div>\n<\/div>\n\n<div class=\"et_pb_section_3 et_pb_section et_section_regular et_block_section et_pb_section_parallax section_has_divider et_pb_bottom_divider\"><span class=\"et-pb-parallax-wrapper\"><span class=\"et-pb-parallax-background et-pb-parallax-background--css et-pb-parallax-background-module--divi-section-3\" style=\"background-image:url(https:\/\/troba.net\/discoforum\/wp-content\/uploads\/2025\/11\/Violi-aqua-70.png)\"><\/span><\/span>\n<div class=\"et_pb_row_5 et_pb_row et_block_row\">\n<div class=\"et_pb_column_8 et_pb_column et_pb_column_4_4 et-last-child et_block_column et_pb_css_mix_blend_mode_passthrough\">\n<div class=\"et_pb_text_6 et_pb_text et_pb_bg_layout_light et_pb_module et_block_module\"><div class=\"et_pb_text_inner\"><h4>Como muestra aqu\u00ed tienes este v\u00eddeo<br \/>Pulsa sobre la imagen para verlo<\/h4>\n<\/div><\/div>\n<\/div>\n<\/div>\n\n<div class=\"et_pb_row_6 et_pb_row et_block_row\">\n<div class=\"et_pb_column_9 et_pb_column et_pb_column_1_3 et_block_column et_pb_column_empty et_pb_css_mix_blend_mode_passthrough\"><\/div>\n\n<div class=\"et_pb_column_10 et_pb_column et_pb_column_1_3 et_block_column et_pb_css_mix_blend_mode_passthrough\">\n<div class=\"et_pb_image_2 et_pb_image et_pb_module et_block_module\"><a href=\"https:\/\/www.youtube.com\/watch?v=2AV6-qLjnvA\"><span class=\"et_pb_image_wrap\"><img loading=\"lazy\" decoding=\"async\" src=\"https:\/\/troba.net\/discoforum\/wp-content\/uploads\/2026\/06\/4-\u2013-La-Sant-Andreu-Big-Band-2-900x600-1.jpg\" title=\"4 \u2013 La Sant Andreu Big Band 2 900x600\" width=\"900\" height=\"600\" srcset=\"https:\/\/troba.net\/discoforum\/wp-content\/uploads\/2026\/06\/4-\u2013-La-Sant-Andreu-Big-Band-2-900x600-1.jpg 900w, https:\/\/troba.net\/discoforum\/wp-content\/uploads\/2026\/06\/4-\u2013-La-Sant-Andreu-Big-Band-2-900x600-1-300x200.jpg 300w, https:\/\/troba.net\/discoforum\/wp-content\/uploads\/2026\/06\/4-\u2013-La-Sant-Andreu-Big-Band-2-900x600-1-768x512.jpg 768w, https:\/\/troba.net\/discoforum\/wp-content\/uploads\/2026\/06\/4-\u2013-La-Sant-Andreu-Big-Band-2-900x600-1-480x320.jpg 480w\" sizes=\"(max-width: 900px) 100vw, 900px\" class=\"wp-image-400426\" \/><\/span><\/a><\/div>\n\n<div class=\"et_pb_text_7 et_pb_text et_pb_bg_layout_light et_pb_module et_block_module et_pb_text_align_center\"><div class=\"et_pb_text_inner\"><p>La Sant Andreu Big Band<\/p>\n<\/div><\/div>\n<\/div>\n\n<div class=\"et_pb_column_11 et_pb_column et_pb_column_1_3 et-last-child et_block_column et_pb_column_empty et_pb_css_mix_blend_mode_passthrough\"><\/div>\n<\/div>\n<div class=\"et_pb_bottom_inside_divider et-no-transition\"><\/div><\/div>\n\n","protected":false},"excerpt":{"rendered":"","protected":false},"author":1,"featured_media":0,"parent":0,"menu_order":0,"comment_status":"closed","ping_status":"closed","template":"","meta":{"footnotes":""},"class_list":["post-394599","page","type-page","status-publish","hentry"],"yoast_head":"<!-- This site is optimized with the Yoast SEO plugin v28.3 - https:\/\/yoast.com\/product\/yoast-seo-wordpress\/ -->\n<title>Pr\u00f3xima sesi\u00f3n - Discof\u00f2rum<\/title>\n<meta name=\"robots\" content=\"index, follow, max-snippet:-1, max-image-preview:large, max-video-preview:-1\" \/>\n<link rel=\"canonical\" href=\"https:\/\/troba.net\/discoforum\/es\/proxima-sesion\/\" \/>\n<meta property=\"og:locale\" content=\"ca_ES\" \/>\n<meta property=\"og:type\" content=\"article\" \/>\n<meta property=\"og:title\" content=\"Pr\u00f3xima sesi\u00f3n - Discof\u00f2rum\" \/>\n<meta property=\"og:url\" content=\"https:\/\/troba.net\/discoforum\/es\/proxima-sesion\/\" \/>\n<meta property=\"og:site_name\" content=\"Discof\u00f2rum\" \/>\n<meta property=\"article:modified_time\" content=\"2026-08-30T07:39:45+00:00\" \/>\n<meta name=\"twitter:card\" content=\"summary_large_image\" \/>\n<meta name=\"twitter:label1\" content=\"Temps estimat de lectura\" \/>\n\t<meta name=\"twitter:data1\" content=\"3 minuts\" \/>\n<script type=\"application\/ld+json\" class=\"yoast-schema-graph\">{\"@context\":\"https:\\\/\\\/schema.org\",\"@graph\":[{\"@type\":\"WebPage\",\"@id\":\"https:\\\/\\\/troba.net\\\/discoforum\\\/es\\\/proxima-sesion\\\/\",\"url\":\"https:\\\/\\\/troba.net\\\/discoforum\\\/es\\\/proxima-sesion\\\/\",\"name\":\"Pr\u00f3xima sesi\u00f3n - Discof\u00f2rum\",\"isPartOf\":{\"@id\":\"https:\\\/\\\/troba.net\\\/discoforum\\\/#website\"},\"datePublished\":\"2024-03-07T18:34:27+00:00\",\"dateModified\":\"2026-08-30T07:39:45+00:00\",\"breadcrumb\":{\"@id\":\"https:\\\/\\\/troba.net\\\/discoforum\\\/es\\\/proxima-sesion\\\/#breadcrumb\"},\"inLanguage\":\"ca\",\"potentialAction\":[{\"@type\":\"ReadAction\",\"target\":[\"https:\\\/\\\/troba.net\\\/discoforum\\\/es\\\/proxima-sesion\\\/\"]}]},{\"@type\":\"BreadcrumbList\",\"@id\":\"https:\\\/\\\/troba.net\\\/discoforum\\\/es\\\/proxima-sesion\\\/#breadcrumb\",\"itemListElement\":[{\"@type\":\"ListItem\",\"position\":1,\"name\":\"Inici\",\"item\":\"https:\\\/\\\/troba.net\\\/discoforum\\\/\"},{\"@type\":\"ListItem\",\"position\":2,\"name\":\"Pr\u00f3xima sesi\u00f3n\"}]},{\"@type\":\"WebSite\",\"@id\":\"https:\\\/\\\/troba.net\\\/discoforum\\\/#website\",\"url\":\"https:\\\/\\\/troba.net\\\/discoforum\\\/\",\"name\":\"Discof\u00f2rum\",\"description\":\"Sessions audio-visuals de m\u00fasica cl\u00e0ssica i jazz\",\"publisher\":{\"@id\":\"https:\\\/\\\/troba.net\\\/discoforum\\\/#organization\"},\"potentialAction\":[{\"@type\":\"SearchAction\",\"target\":{\"@type\":\"EntryPoint\",\"urlTemplate\":\"https:\\\/\\\/troba.net\\\/discoforum\\\/?s={search_term_string}\"},\"query-input\":{\"@type\":\"PropertyValueSpecification\",\"valueRequired\":true,\"valueName\":\"search_term_string\"}}],\"inLanguage\":\"ca\"},{\"@type\":\"Organization\",\"@id\":\"https:\\\/\\\/troba.net\\\/discoforum\\\/#organization\",\"name\":\"Discof\u00f2rum\",\"url\":\"https:\\\/\\\/troba.net\\\/discoforum\\\/\",\"logo\":{\"@type\":\"ImageObject\",\"inLanguage\":\"ca\",\"@id\":\"https:\\\/\\\/troba.net\\\/discoforum\\\/#\\\/schema\\\/logo\\\/image\\\/\",\"url\":\"https:\\\/\\\/troba.net\\\/discoforum\\\/wp-content\\\/uploads\\\/2024\\\/03\\\/logo-discoforum-fons-blanc.png\",\"contentUrl\":\"https:\\\/\\\/troba.net\\\/discoforum\\\/wp-content\\\/uploads\\\/2024\\\/03\\\/logo-discoforum-fons-blanc.png\",\"width\":577,\"height\":73,\"caption\":\"Discof\u00f2rum\"},\"image\":{\"@id\":\"https:\\\/\\\/troba.net\\\/discoforum\\\/#\\\/schema\\\/logo\\\/image\\\/\"}}]}<\/script>\n<!-- \/ Yoast SEO plugin. -->","yoast_head_json":{"title":"Pr\u00f3xima sesi\u00f3n - Discof\u00f2rum","robots":{"index":"index","follow":"follow","max-snippet":"max-snippet:-1","max-image-preview":"max-image-preview:large","max-video-preview":"max-video-preview:-1"},"canonical":"https:\/\/troba.net\/discoforum\/es\/proxima-sesion\/","og_locale":"ca_ES","og_type":"article","og_title":"Pr\u00f3xima sesi\u00f3n - Discof\u00f2rum","og_url":"https:\/\/troba.net\/discoforum\/es\/proxima-sesion\/","og_site_name":"Discof\u00f2rum","article_modified_time":"2026-08-30T07:39:45+00:00","twitter_card":"summary_large_image","twitter_misc":{"Temps estimat de lectura":"3 minuts"},"schema":{"@context":"https:\/\/schema.org","@graph":[{"@type":"WebPage","@id":"https:\/\/troba.net\/discoforum\/es\/proxima-sesion\/","url":"https:\/\/troba.net\/discoforum\/es\/proxima-sesion\/","name":"Pr\u00f3xima sesi\u00f3n - Discof\u00f2rum","isPartOf":{"@id":"https:\/\/troba.net\/discoforum\/#website"},"datePublished":"2024-03-07T18:34:27+00:00","dateModified":"2026-08-30T07:39:45+00:00","breadcrumb":{"@id":"https:\/\/troba.net\/discoforum\/es\/proxima-sesion\/#breadcrumb"},"inLanguage":"ca","potentialAction":[{"@type":"ReadAction","target":["https:\/\/troba.net\/discoforum\/es\/proxima-sesion\/"]}]},{"@type":"BreadcrumbList","@id":"https:\/\/troba.net\/discoforum\/es\/proxima-sesion\/#breadcrumb","itemListElement":[{"@type":"ListItem","position":1,"name":"Inici","item":"https:\/\/troba.net\/discoforum\/"},{"@type":"ListItem","position":2,"name":"Pr\u00f3xima sesi\u00f3n"}]},{"@type":"WebSite","@id":"https:\/\/troba.net\/discoforum\/#website","url":"https:\/\/troba.net\/discoforum\/","name":"Discof\u00f2rum","description":"Sessions audio-visuals de m\u00fasica cl\u00e0ssica i jazz","publisher":{"@id":"https:\/\/troba.net\/discoforum\/#organization"},"potentialAction":[{"@type":"SearchAction","target":{"@type":"EntryPoint","urlTemplate":"https:\/\/troba.net\/discoforum\/?s={search_term_string}"},"query-input":{"@type":"PropertyValueSpecification","valueRequired":true,"valueName":"search_term_string"}}],"inLanguage":"ca"},{"@type":"Organization","@id":"https:\/\/troba.net\/discoforum\/#organization","name":"Discof\u00f2rum","url":"https:\/\/troba.net\/discoforum\/","logo":{"@type":"ImageObject","inLanguage":"ca","@id":"https:\/\/troba.net\/discoforum\/#\/schema\/logo\/image\/","url":"https:\/\/troba.net\/discoforum\/wp-content\/uploads\/2024\/03\/logo-discoforum-fons-blanc.png","contentUrl":"https:\/\/troba.net\/discoforum\/wp-content\/uploads\/2024\/03\/logo-discoforum-fons-blanc.png","width":577,"height":73,"caption":"Discof\u00f2rum"},"image":{"@id":"https:\/\/troba.net\/discoforum\/#\/schema\/logo\/image\/"}}]}},"_links":{"self":[{"href":"https:\/\/troba.net\/discoforum\/wp-json\/wp\/v2\/pages\/394599","targetHints":{"allow":["GET"]}}],"collection":[{"href":"https:\/\/troba.net\/discoforum\/wp-json\/wp\/v2\/pages"}],"about":[{"href":"https:\/\/troba.net\/discoforum\/wp-json\/wp\/v2\/types\/page"}],"author":[{"embeddable":true,"href":"https:\/\/troba.net\/discoforum\/wp-json\/wp\/v2\/users\/1"}],"replies":[{"embeddable":true,"href":"https:\/\/troba.net\/discoforum\/wp-json\/wp\/v2\/comments?post=394599"}],"version-history":[{"count":133,"href":"https:\/\/troba.net\/discoforum\/wp-json\/wp\/v2\/pages\/394599\/revisions"}],"predecessor-version":[{"id":400552,"href":"https:\/\/troba.net\/discoforum\/wp-json\/wp\/v2\/pages\/394599\/revisions\/400552"}],"wp:attachment":[{"href":"https:\/\/troba.net\/discoforum\/wp-json\/wp\/v2\/media?parent=394599"}],"curies":[{"name":"wp","href":"https:\/\/api.w.org\/{rel}","templated":true}]}}