{"id":396078,"date":"2024-11-04T12:33:53","date_gmt":"2024-11-04T11:33:53","guid":{"rendered":"https:\/\/troba.net\/discoforum\/?page_id=396078"},"modified":"2026-03-24T09:11:09","modified_gmt":"2026-03-24T08:11:09","slug":"sessions-2025","status":"publish","type":"page","link":"https:\/\/troba.net\/discoforum\/sessions-2025\/","title":{"rendered":"Sessions 2025"},"content":{"rendered":"<div class=\"et_pb_section_0 et_pb_section et_section_regular et_block_section et_pb_section_parallax\"><span class=\"et-pb-parallax-wrapper\"><span class=\"et-pb-parallax-background et-pb-parallax-background--css et-pb-parallax-background-module--divi-section-0\" style=\"background-image:url(https:\/\/troba.net\/discoforum\/wp-content\/uploads\/2024\/11\/vell-violi-1920x1280-1.jpg);background-blend-mode:multiply\"><\/span><\/span>\n<div class=\"et_pb_row_0 et_pb_row et_block_row\">\n<div class=\"et_pb_column_0 et_pb_column et_pb_column_4_4 et-last-child et_block_column et_pb_css_mix_blend_mode_passthrough\">\n<div class=\"et_pb_image_0 et_pb_image et_pb_module et_block_module\"><span class=\"et_pb_image_wrap\"><img loading=\"lazy\" decoding=\"async\" src=\"https:\/\/troba.net\/discoforum\/wp-content\/uploads\/2024\/03\/logo-discoforum-fons-blanc.png\" width=\"577\" height=\"73\" srcset=\"https:\/\/troba.net\/discoforum\/wp-content\/uploads\/2024\/03\/logo-discoforum-fons-blanc.png 577w, https:\/\/troba.net\/discoforum\/wp-content\/uploads\/2024\/03\/logo-discoforum-fons-blanc-480x61.png 480w\" sizes=\"(min-width: 0px) and (max-width: 480px) 480px, (min-width: 481px) 577px, 100vw\" class=\"wp-image-393085\" \/><\/span><\/div>\n\n<div class=\"et_pb_text_0 et_pb_text et_pb_bg_layout_light et_pb_module et_block_module\"><div class=\"et_pb_text_inner\"><h1>Sessions de<\/h1>\n<h1>l'any 2025<\/h1>\n<\/div><\/div>\n\n<div class=\"et_pb_module et_pb_button_module_wrapper et_pb_button_0_wrapper\"><a class=\"et_pb_button_0 et_pb_button et_pb_bg_layout_light et_pb_module et_block_module\" href=\"https:\/\/troba.net\/discoforum\/newsletter\/\">Clica aqu\u00ed per rebre informaci\u00f3 de les activitats<\/a><\/div>\n<\/div>\n<\/div>\n<\/div>\n\n<div class=\"et_pb_section_1 et_pb_section et_section_regular et_block_section\"><span class=\"et_pb_background_pattern\"><\/span>\n<div class=\"et_pb_row_1 et_pb_row et_block_row\">\n<div class=\"et_pb_column_1 et_pb_column et_pb_column_4_4 et-last-child et_block_column et_pb_css_mix_blend_mode_passthrough\">\n<div class=\"et_pb_text_1 et_pb_text et_pb_bg_layout_dark et_pb_module et_block_module\"><div class=\"et_pb_text_inner\"><h1>\u00cdndex<\/h1>\n<\/div><\/div>\n<\/div>\n<\/div>\n\n<div class=\"et_pb_row_2 et_pb_row et_pb_equal_columns et_block_row\">\n<div class=\"et_pb_column_2 et_pb_column et_pb_column_1_3 et_block_column et_pb_css_mix_blend_mode_passthrough\">\n<div class=\"et_pb_text_2 et_pb_text et_pb_bg_layout_light et_pb_module et_block_module\"><div class=\"et_pb_text_inner\"><h4>CL\u00c0SSICA<\/h4>\n<ul>\n<li><a href=\"#Bach3\">Bach, Johann Sebastian \u2013 (3)<\/a><\/li>\n<li><a href=\"#DedicatAlsQueEstimenLaMusica\">Dedicat als que estimen la m\u00fasica<\/a><a href=\"#JohannesBrahms\"><\/a><\/li>\n<li><a href=\"#CompositorsSegleXXI\">Compositors del segle XXI - (1)<\/a><\/li>\n<li><a href=\"#CompositorsSegleXXI-2\">Compositors del segle XXI - (2)<\/a><\/li>\n<li><a href=\"#ClaudeDebussy\">Debussy, Claude<\/a><\/li>\n<li><a href=\"#Divertiments\">Divertiments musicals<\/a><\/li>\n<li><a href=\"#Faure\">Faur\u00e9, Gabriel<\/a><\/li>\n<li><a href=\"#Haydn2\">Haydn, Franz Joseph - (2)<\/a><\/li>\n<li><a href=\"#Haydn3\">Haydn, Franz Joseph - (3)<\/a><\/li>\n<\/ul>\n<\/div><\/div>\n<\/div>\n\n<div class=\"et_pb_column_3 et_pb_column et_pb_column_1_3 et_block_column et_pb_css_mix_blend_mode_passthrough\">\n<div class=\"et_pb_text_3 et_pb_text et_pb_bg_layout_light et_pb_module et_block_module\"><div class=\"et_pb_text_inner\"><h4>CL\u00c0SSICA<\/h4>\n<ul>\n<li><a href=\"#PredisposicioSentiments\">La m\u00fasica - Predisposici\u00f3 i sentiments<\/a><\/li>\n<li><a href=\"#MozartDonGiovanni\">Mozart, Wolfgang A. \u2013 Don Giovanni<\/a><\/li>\n<li><a href=\"#Etniques\">M\u00fasica i danses \u00e8tniques<\/a><\/li>\n<li><a href=\"#Nadal-2025\">Nadal a Esplugues<\/a><\/li>\n<li><a href=\"#PucciniAries2\">Puccini, Giacomo - Aries (2)<\/a><\/li>\n<li><a href=\"#Ravel\">Ravel, Maurice<\/a><\/li>\n<li><a href=\"#RomanticismeFrances\">Romanticisme franc\u00e8s - (1)<\/a><\/li>\n<li><a href=\"#RomanticismeFrances2\">Romanticisme franc\u00e8s - (2)<\/a><\/li>\n<\/ul>\n<\/div><\/div>\n<\/div>\n\n<div class=\"et_pb_column_4 et_pb_column et_pb_column_1_3 et-last-child et_block_column et_pb_css_mix_blend_mode_passthrough\">\n<div class=\"et_pb_text_4 et_pb_text et_pb_bg_layout_light et_pb_module et_block_module\"><div class=\"et_pb_text_inner\"><h4>CL\u00c0SSICA<\/h4>\n<ul>\n<li><a href=\"#SopranosITenors\">Sopranos famoses<\/a><\/li>\n<li><a href=\"#UnaNitOpera\">Una nit a l'\u00f2pera<\/a><\/li>\n<li><a href=\"#Wagner\">Wagner, Richard - Primeras obras<\/a><\/li>\n<\/ul>\n<h4>JAZZ<\/h4>\n<ul>\n<li><a href=\"#JazzCatalunya\"><span style=\"color: #800000;\"><\/span>El jazz a Catalunya<\/a><\/li>\n<li><a href=\"#LatinJazz\">Latin jazz<\/a><\/li>\n<li><a href=\"#RhythmBlues\">Rhythm &amp; Blues<\/a><\/li>\n<li><a href=\"#SmoothJazz\">Smooth jazz<\/a><\/li>\n<\/ul>\n<\/div><\/div>\n<\/div>\n<\/div>\n\n<div class=\"et_pb_row_3 et_pb_row et_block_row\">\n<div class=\"et_pb_column_5 et_pb_column et_pb_column_4_4 et-last-child et_block_column et_pb_css_mix_blend_mode_passthrough\">\n<div class=\"et_pb_text_5 et_pb_text et_pb_bg_layout_light et_pb_module et_block_module et_pb_text_align_center\"><div class=\"et_pb_text_inner\"><p>Les sessions estan ordenades per dates. Les m\u00e9s recents primer<\/p>\n<\/div><\/div>\n<\/div>\n<\/div>\n<\/div>\n\n<div class=\"et_pb_section_2 et_pb_section et_section_regular et_block_section section_has_divider et_pb_bottom_divider barbra_blurb_16\" id=\"v16\">\n<div class=\"et_pb_row_4 et_pb_row et_pb_row_4col et_pb_equal_columns et_block_row et_block_row_4col\">\n<div class=\"et_pb_column_6 et_pb_column et_pb_column_1_4 et_block_column et_pb_css_mix_blend_mode_passthrough\">\n<div class=\"et_pb_blurb_0 et_pb_blurb et_pb_bg_layout_light et_pb_blurb_position_top et_clickable et_pb_module et_block_module\" id=\"Nadal-2025\"><div class=\"et_pb_blurb_content\"><div class=\"et_pb_main_blurb_image\"><span class=\"et_pb_image_wrap et_pb_only_image_mode_wrap\"><img loading=\"lazy\" decoding=\"async\" src=\"https:\/\/troba.net\/discoforum\/wp-content\/uploads\/2025\/07\/Nadal-2-1920x1920-1.png\" width=\"1920\" height=\"1920\" srcset=\"https:\/\/troba.net\/discoforum\/wp-content\/uploads\/2025\/07\/Nadal-2-1920x1920-1.png 1920w, https:\/\/troba.net\/discoforum\/wp-content\/uploads\/2025\/07\/Nadal-2-1920x1920-1-1280x1280.png 1280w, https:\/\/troba.net\/discoforum\/wp-content\/uploads\/2025\/07\/Nadal-2-1920x1920-1-980x980.png 980w, https:\/\/troba.net\/discoforum\/wp-content\/uploads\/2025\/07\/Nadal-2-1920x1920-1-480x480.png 480w\" sizes=\"(min-width: 0px) and (max-width: 480px) 480px, (min-width: 481px) and (max-width: 980px) 980px, (min-width: 981px) and (max-width: 1280px) 1280px, (min-width: 1281px) 1920px, 100vw\" class=\"wp-image-398617\" \/><\/span><\/div><div class=\"et_pb_blurb_container\"><h4 class=\"et_pb_module_header\">Esplugues canta al Nadal<\/h4><div class=\"et_pb_blurb_description\"><p>~~~~<br \/>17 de decembre del 2025<br \/>Presentador: Francesc Coma<\/p>\n<p>(Fes clic aqu\u00ed per veure m\u00e9s)<\/p>\n<\/div><\/div><\/div><\/div>\n<\/div>\n\n<div class=\"et_pb_column_7 et_pb_column et_pb_column_1_4 et_block_column et_pb_css_mix_blend_mode_passthrough\">\n<div class=\"et_pb_blurb_1 et_pb_blurb et_pb_bg_layout_light et_pb_blurb_position_top et_clickable et_pb_module et_block_module\" id=\"Faure\"><div class=\"et_pb_blurb_content\"><div class=\"et_pb_main_blurb_image\"><span class=\"et_pb_image_wrap et_pb_only_image_mode_wrap\"><img loading=\"lazy\" decoding=\"async\" src=\"https:\/\/troba.net\/discoforum\/wp-content\/uploads\/2025\/07\/Gabriel-Faure-1500x1500-1.jpg\" width=\"1500\" height=\"1500\" srcset=\"https:\/\/troba.net\/discoforum\/wp-content\/uploads\/2025\/07\/Gabriel-Faure-1500x1500-1.jpg 1500w, https:\/\/troba.net\/discoforum\/wp-content\/uploads\/2025\/07\/Gabriel-Faure-1500x1500-1-1280x1280.jpg 1280w, https:\/\/troba.net\/discoforum\/wp-content\/uploads\/2025\/07\/Gabriel-Faure-1500x1500-1-980x980.jpg 980w, https:\/\/troba.net\/discoforum\/wp-content\/uploads\/2025\/07\/Gabriel-Faure-1500x1500-1-480x480.jpg 480w\" sizes=\"(min-width: 0px) and (max-width: 480px) 480px, (min-width: 481px) and (max-width: 980px) 980px, (min-width: 981px) and (max-width: 1280px) 1280px, (min-width: 1281px) 1500px, 100vw\" class=\"wp-image-398616\" \/><\/span><\/div><div class=\"et_pb_blurb_container\"><h4 class=\"et_pb_module_header\">Gabriel Faur\u00e9<\/h4><div class=\"et_pb_blurb_description\"><p>Selecci\u00f3<br \/>10 de decembre del 2025<br \/>Presentador: Francesc Ventura<\/p>\n<p>(Fes clic aqu\u00ed per veure m\u00e9s)<\/p>\n<\/div><\/div><\/div><\/div>\n<\/div>\n\n<div class=\"et_pb_column_8 et_pb_column et_pb_column_1_4 et_block_column et_pb_css_mix_blend_mode_passthrough\">\n<div class=\"et_pb_blurb_2 et_pb_blurb et_pb_bg_layout_light et_pb_blurb_position_top et_clickable et_pb_module et_block_module\" id=\"Etniques\"><div class=\"et_pb_blurb_content\"><div class=\"et_pb_main_blurb_image\"><span class=\"et_pb_image_wrap et_pb_only_image_mode_wrap\"><img loading=\"lazy\" decoding=\"async\" src=\"https:\/\/troba.net\/discoforum\/wp-content\/uploads\/2025\/07\/z-indio-1200x1200-1.jpg\" width=\"1200\" height=\"1200\" srcset=\"https:\/\/troba.net\/discoforum\/wp-content\/uploads\/2025\/07\/z-indio-1200x1200-1.jpg 1200w, https:\/\/troba.net\/discoforum\/wp-content\/uploads\/2025\/07\/z-indio-1200x1200-1-980x980.jpg 980w, https:\/\/troba.net\/discoforum\/wp-content\/uploads\/2025\/07\/z-indio-1200x1200-1-480x480.jpg 480w\" sizes=\"(min-width: 0px) and (max-width: 480px) 480px, (min-width: 481px) and (max-width: 980px) 980px, (min-width: 981px) 1200px, 100vw\" class=\"wp-image-398615\" \/><\/span><\/div><div class=\"et_pb_blurb_container\"><h4 class=\"et_pb_module_header\">M\u00fasica i danses \u00e8tniques<\/h4><div class=\"et_pb_blurb_description\"><p>africana, azteca, rusa, grega, argentina ...<br \/>26 de novenbre del 2025<br \/>Presentador: Miquel \u00c0ngel Escard\u00f3<\/p>\n<p>(Fes clic aqu\u00ed per veure m\u00e9s)<\/p>\n<\/div><\/div><\/div><\/div>\n<\/div>\n\n<div class=\"et_pb_column_9 et_pb_column et_pb_column_1_4 et-last-child et_block_column et_pb_css_mix_blend_mode_passthrough\">\n<div class=\"et_pb_blurb_3 et_pb_blurb et_pb_bg_layout_light et_pb_blurb_position_top et_clickable et_pb_module et_block_module\" id=\"UnaNitOpera\"><div class=\"et_pb_blurb_content\"><div class=\"et_pb_main_blurb_image\"><span class=\"et_pb_image_wrap et_pb_only_image_mode_wrap\"><img loading=\"lazy\" decoding=\"async\" src=\"https:\/\/troba.net\/discoforum\/wp-content\/uploads\/2025\/07\/semper-opera-house-1400x1400-1.jpg\" width=\"1400\" height=\"1400\" srcset=\"https:\/\/troba.net\/discoforum\/wp-content\/uploads\/2025\/07\/semper-opera-house-1400x1400-1.jpg 1400w, https:\/\/troba.net\/discoforum\/wp-content\/uploads\/2025\/07\/semper-opera-house-1400x1400-1-1280x1280.jpg 1280w, https:\/\/troba.net\/discoforum\/wp-content\/uploads\/2025\/07\/semper-opera-house-1400x1400-1-980x980.jpg 980w, https:\/\/troba.net\/discoforum\/wp-content\/uploads\/2025\/07\/semper-opera-house-1400x1400-1-480x480.jpg 480w\" sizes=\"(min-width: 0px) and (max-width: 480px) 480px, (min-width: 481px) and (max-width: 980px) 980px, (min-width: 981px) and (max-width: 1280px) 1280px, (min-width: 1281px) 1400px, 100vw\" class=\"wp-image-398990\" \/><\/span><\/div><div class=\"et_pb_blurb_container\"><h4 class=\"et_pb_module_header\">Una nit a l'\u00f2pera<\/h4><div class=\"et_pb_blurb_description\"><p>~~~~<br \/>12 de novembre del 2025<br \/>Presentador: Francesc Coma<\/p>\n<p>(Fes clic aqu\u00ed per veure m\u00e9s)<\/p>\n<\/div><\/div><\/div><\/div>\n<\/div>\n<\/div>\n\n<div class=\"et_pb_row_5 et_pb_row et_pb_row_4col et_pb_equal_columns et_block_row et_block_row_4col\">\n<div class=\"et_pb_column_10 et_pb_column et_pb_column_1_4 et_block_column et_pb_css_mix_blend_mode_passthrough\">\n<div class=\"et_pb_blurb_4 et_pb_blurb et_pb_bg_layout_light et_pb_blurb_position_top et_clickable et_pb_module et_block_module\" id=\"Wagner\"><div class=\"et_pb_blurb_content\"><div class=\"et_pb_main_blurb_image\"><span class=\"et_pb_image_wrap et_pb_only_image_mode_wrap\"><img loading=\"lazy\" decoding=\"async\" src=\"https:\/\/troba.net\/discoforum\/wp-content\/uploads\/2025\/07\/Wagner-3-1000x1000-1.png\" width=\"1000\" height=\"1000\" srcset=\"https:\/\/troba.net\/discoforum\/wp-content\/uploads\/2025\/07\/Wagner-3-1000x1000-1.png 1000w, https:\/\/troba.net\/discoforum\/wp-content\/uploads\/2025\/07\/Wagner-3-1000x1000-1-980x980.png 980w, https:\/\/troba.net\/discoforum\/wp-content\/uploads\/2025\/07\/Wagner-3-1000x1000-1-480x480.png 480w\" sizes=\"(min-width: 0px) and (max-width: 480px) 480px, (min-width: 481px) and (max-width: 980px) 980px, (min-width: 981px) 1000px, 100vw\" class=\"wp-image-398591\" \/><\/span><\/div><div class=\"et_pb_blurb_container\"><h4 class=\"et_pb_module_header\">Richard Wagner<\/h4><div class=\"et_pb_blurb_description\"><p>Primeres obres<br \/>29 d'octubre del 2025<br \/>Presentador: Josep Maria Busqu\u00e9<\/p>\n<p>(Fes clic aqu\u00ed per veure m\u00e9s)<\/p>\n<\/div><\/div><\/div><\/div>\n<\/div>\n\n<div class=\"et_pb_column_11 et_pb_column et_pb_column_1_4 et_block_column et_pb_css_mix_blend_mode_passthrough\">\n<div class=\"et_pb_blurb_5 et_pb_blurb et_pb_bg_layout_light et_pb_blurb_position_top et_clickable et_pb_module et_block_module\" id=\"LatinJazz\"><div class=\"et_pb_blurb_content\"><div class=\"et_pb_main_blurb_image\"><span class=\"et_pb_image_wrap et_pb_only_image_mode_wrap\"><img loading=\"lazy\" decoding=\"async\" src=\"https:\/\/troba.net\/discoforum\/wp-content\/uploads\/2025\/07\/latin-jazz-cover-1400x1400-1.jpg\" width=\"1400\" height=\"1400\" srcset=\"https:\/\/troba.net\/discoforum\/wp-content\/uploads\/2025\/07\/latin-jazz-cover-1400x1400-1.jpg 1400w, https:\/\/troba.net\/discoforum\/wp-content\/uploads\/2025\/07\/latin-jazz-cover-1400x1400-1-1280x1280.jpg 1280w, https:\/\/troba.net\/discoforum\/wp-content\/uploads\/2025\/07\/latin-jazz-cover-1400x1400-1-980x980.jpg 980w, https:\/\/troba.net\/discoforum\/wp-content\/uploads\/2025\/07\/latin-jazz-cover-1400x1400-1-480x480.jpg 480w\" sizes=\"(min-width: 0px) and (max-width: 480px) 480px, (min-width: 481px) and (max-width: 980px) 980px, (min-width: 981px) and (max-width: 1280px) 1280px, (min-width: 1281px) 1400px, 100vw\" class=\"wp-image-398970\" \/><\/span><\/div><div class=\"et_pb_blurb_container\"><h4 class=\"et_pb_module_header\">Latin jazz<\/h4><div class=\"et_pb_blurb_description\"><p>Selecci\u00f3<br \/>15 d'octubre del 2025<br \/>Presentador: Manel Fabregat<\/p>\n<p>(Fes clic aqu\u00ed per veure m\u00e9s)<\/p>\n<\/div><\/div><\/div><\/div>\n<\/div>\n\n<div class=\"et_pb_column_12 et_pb_column et_pb_column_1_4 et_block_column et_pb_css_mix_blend_mode_passthrough\">\n<div class=\"et_pb_blurb_6 et_pb_blurb et_pb_bg_layout_light et_pb_blurb_position_top et_clickable et_pb_module et_block_module\" id=\"Haydn3\"><div class=\"et_pb_blurb_content\"><div class=\"et_pb_main_blurb_image\"><span class=\"et_pb_image_wrap et_pb_only_image_mode_wrap\"><img loading=\"lazy\" decoding=\"async\" src=\"https:\/\/troba.net\/discoforum\/wp-content\/uploads\/2025\/07\/Haydn-1500x1500-1.jpg\" width=\"1500\" height=\"1500\" srcset=\"https:\/\/troba.net\/discoforum\/wp-content\/uploads\/2025\/07\/Haydn-1500x1500-1.jpg 1500w, https:\/\/troba.net\/discoforum\/wp-content\/uploads\/2025\/07\/Haydn-1500x1500-1-1280x1280.jpg 1280w, https:\/\/troba.net\/discoforum\/wp-content\/uploads\/2025\/07\/Haydn-1500x1500-1-980x980.jpg 980w, https:\/\/troba.net\/discoforum\/wp-content\/uploads\/2025\/07\/Haydn-1500x1500-1-480x480.jpg 480w\" sizes=\"(min-width: 0px) and (max-width: 480px) 480px, (min-width: 481px) and (max-width: 980px) 980px, (min-width: 981px) and (max-width: 1280px) 1280px, (min-width: 1281px) 1500px, 100vw\" class=\"wp-image-398570\" \/><\/span><\/div><div class=\"et_pb_blurb_container\"><h4 class=\"et_pb_module_header\">Franz Joseph Haydn (3)<\/h4><div class=\"et_pb_blurb_description\"><p>Selecci\u00f3<br \/>1 d'octubre del 2025<br \/>Presentador: Josep Izquierdo<\/p>\n<p>(Fes clic aqu\u00ed per veure m\u00e9s)<\/p>\n<\/div><\/div><\/div><\/div>\n<\/div>\n\n<div class=\"et_pb_column_13 et_pb_column et_pb_column_1_4 et-last-child et_block_column et_pb_css_mix_blend_mode_passthrough\">\n<div class=\"et_pb_blurb_7 et_pb_blurb et_pb_bg_layout_light et_pb_blurb_position_top et_clickable et_pb_module et_block_module\" id=\"Ravel\"><div class=\"et_pb_blurb_content\"><div class=\"et_pb_main_blurb_image\"><span class=\"et_pb_image_wrap et_pb_only_image_mode_wrap\"><img loading=\"lazy\" decoding=\"async\" src=\"https:\/\/troba.net\/discoforum\/wp-content\/uploads\/2025\/06\/Maurice-Ravel-1200x1200-1.jpg\" width=\"1200\" height=\"1200\" srcset=\"https:\/\/troba.net\/discoforum\/wp-content\/uploads\/2025\/06\/Maurice-Ravel-1200x1200-1.jpg 1200w, https:\/\/troba.net\/discoforum\/wp-content\/uploads\/2025\/06\/Maurice-Ravel-1200x1200-1-980x980.jpg 980w, https:\/\/troba.net\/discoforum\/wp-content\/uploads\/2025\/06\/Maurice-Ravel-1200x1200-1-480x480.jpg 480w\" sizes=\"(min-width: 0px) and (max-width: 480px) 480px, (min-width: 481px) and (max-width: 980px) 980px, (min-width: 981px) 1200px, 100vw\" class=\"wp-image-398415\" \/><\/span><\/div><div class=\"et_pb_blurb_container\"><h4 class=\"et_pb_module_header\">Maurice Ravel<\/h4><div class=\"et_pb_blurb_description\"><p>Selecci\u00f3<br \/>17 de setembre del 2025<br \/>Presentador: Francesc Ventura<\/p>\n<p>(Fes clic aqu\u00ed per veure m\u00e9s)<\/p>\n<\/div><\/div><\/div><\/div>\n<\/div>\n<\/div>\n\n<div class=\"et_pb_row_6 et_pb_row et_pb_row_4col et_pb_equal_columns et_block_row et_block_row_4col\">\n<div class=\"et_pb_column_14 et_pb_column et_pb_column_1_4 et_block_column et_pb_css_mix_blend_mode_passthrough\">\n<div class=\"et_pb_blurb_8 et_pb_blurb et_pb_bg_layout_light et_pb_blurb_position_top et_clickable et_pb_module et_block_module\" id=\"CompositorsSegleXXI-2\"><div class=\"et_pb_blurb_content\"><div class=\"et_pb_main_blurb_image\"><span class=\"et_pb_image_wrap et_pb_only_image_mode_wrap\"><img loading=\"lazy\" decoding=\"async\" src=\"https:\/\/troba.net\/discoforum\/wp-content\/uploads\/2025\/05\/Pantera-i-follet-1200x1200-1.png\" width=\"1200\" height=\"1200\" srcset=\"https:\/\/troba.net\/discoforum\/wp-content\/uploads\/2025\/05\/Pantera-i-follet-1200x1200-1.png 1200w, https:\/\/troba.net\/discoforum\/wp-content\/uploads\/2025\/05\/Pantera-i-follet-1200x1200-1-980x980.png 980w, https:\/\/troba.net\/discoforum\/wp-content\/uploads\/2025\/05\/Pantera-i-follet-1200x1200-1-480x480.png 480w\" sizes=\"(min-width: 0px) and (max-width: 480px) 480px, (min-width: 481px) and (max-width: 980px) 980px, (min-width: 981px) 1200px, 100vw\" class=\"wp-image-398228\" \/><\/span><\/div><div class=\"et_pb_blurb_container\"><h4 class=\"et_pb_module_header\">Compositors del segle XXI (2) + Intel\u00b7ligencia Artificial<\/h4><div class=\"et_pb_blurb_description\"><p>3 de setembre del 2025<br \/>Presentador: Miquel \u00c0ngel Escard\u00f3<\/p>\n<p>(Fes clic aqu\u00ed per veure m\u00e9s)<\/p>\n<\/div><\/div><\/div><\/div>\n<\/div>\n\n<div class=\"et_pb_column_15 et_pb_column et_pb_column_1_4 et_block_column et_pb_css_mix_blend_mode_passthrough\">\n<div class=\"et_pb_blurb_9 et_pb_blurb et_pb_bg_layout_light et_pb_blurb_position_top et_clickable et_pb_module et_block_module\" id=\"DedicatAlsQueEstimenLaMusica\"><div class=\"et_pb_blurb_content\"><div class=\"et_pb_main_blurb_image\"><span class=\"et_pb_image_wrap et_pb_only_image_mode_wrap\"><img loading=\"lazy\" decoding=\"async\" src=\"https:\/\/troba.net\/discoforum\/wp-content\/uploads\/2025\/07\/Stjepan_Hauser-2000x2000-1.jpg\" width=\"2000\" height=\"2000\" srcset=\"https:\/\/troba.net\/discoforum\/wp-content\/uploads\/2025\/07\/Stjepan_Hauser-2000x2000-1.jpg 2000w, https:\/\/troba.net\/discoforum\/wp-content\/uploads\/2025\/07\/Stjepan_Hauser-2000x2000-1-1280x1280.jpg 1280w, https:\/\/troba.net\/discoforum\/wp-content\/uploads\/2025\/07\/Stjepan_Hauser-2000x2000-1-980x980.jpg 980w, https:\/\/troba.net\/discoforum\/wp-content\/uploads\/2025\/07\/Stjepan_Hauser-2000x2000-1-480x480.jpg 480w\" sizes=\"(min-width: 0px) and (max-width: 480px) 480px, (min-width: 481px) and (max-width: 980px) 980px, (min-width: 981px) and (max-width: 1280px) 1280px, (min-width: 1281px) 2000px, 100vw\" class=\"wp-image-398481\" \/><\/span><\/div><div class=\"et_pb_blurb_container\"><h4 class=\"et_pb_module_header\">Dedicat als que estimen la m\u00fasica<\/h4><div class=\"et_pb_blurb_description\"><p>Selecci\u00f3<br \/>30 de juliol del 2025<br \/>Presentador: Francesc Coma<\/p>\n<p>(Fes clic aqu\u00ed per veure m\u00e9s)<\/p>\n<\/div><\/div><\/div><\/div>\n<\/div>\n\n<div class=\"et_pb_column_16 et_pb_column et_pb_column_1_4 et_block_column et_pb_css_mix_blend_mode_passthrough\">\n<div class=\"et_pb_blurb_10 et_pb_blurb et_pb_bg_layout_light et_pb_blurb_position_top et_clickable et_pb_module et_block_module\" id=\"RhythmBlues\"><div class=\"et_pb_blurb_content\"><div class=\"et_pb_main_blurb_image\"><span class=\"et_pb_image_wrap et_pb_only_image_mode_wrap\"><img loading=\"lazy\" decoding=\"async\" src=\"https:\/\/troba.net\/discoforum\/wp-content\/uploads\/2025\/05\/Tina-Turner-1-1500x1500-1.jpg\" width=\"1500\" height=\"1500\" srcset=\"https:\/\/troba.net\/discoforum\/wp-content\/uploads\/2025\/05\/Tina-Turner-1-1500x1500-1.jpg 1500w, https:\/\/troba.net\/discoforum\/wp-content\/uploads\/2025\/05\/Tina-Turner-1-1500x1500-1-1280x1280.jpg 1280w, https:\/\/troba.net\/discoforum\/wp-content\/uploads\/2025\/05\/Tina-Turner-1-1500x1500-1-980x980.jpg 980w, https:\/\/troba.net\/discoforum\/wp-content\/uploads\/2025\/05\/Tina-Turner-1-1500x1500-1-480x480.jpg 480w\" sizes=\"(min-width: 0px) and (max-width: 480px) 480px, (min-width: 481px) and (max-width: 980px) 980px, (min-width: 981px) and (max-width: 1280px) 1280px, (min-width: 1281px) 1500px, 100vw\" class=\"wp-image-398200\" \/><\/span><\/div><div class=\"et_pb_blurb_container\"><h4 class=\"et_pb_module_header\">Rhythm & Blues<\/h4><div class=\"et_pb_blurb_description\"><p>Jazz<br \/>16 de juliol del 2025<br \/>Presentador: Manel Fabregat<\/p>\n<p>(Fes clic aqu\u00ed per veure m\u00e9s)<\/p>\n<\/div><\/div><\/div><\/div>\n<\/div>\n\n<div class=\"et_pb_column_17 et_pb_column et_pb_column_1_4 et-last-child et_block_column et_pb_css_mix_blend_mode_passthrough\">\n<div class=\"et_pb_blurb_11 et_pb_blurb et_pb_bg_layout_light et_pb_blurb_position_top et_clickable et_pb_module et_block_module\" id=\"Divertiments\"><div class=\"et_pb_blurb_content\"><div class=\"et_pb_main_blurb_image\"><span class=\"et_pb_image_wrap et_pb_only_image_mode_wrap\"><img loading=\"lazy\" decoding=\"async\" src=\"https:\/\/troba.net\/discoforum\/wp-content\/uploads\/2025\/05\/dona-divertida-1280x1280-1.jpg\" width=\"1280\" height=\"1280\" srcset=\"https:\/\/troba.net\/discoforum\/wp-content\/uploads\/2025\/05\/dona-divertida-1280x1280-1.jpg 1280w, https:\/\/troba.net\/discoforum\/wp-content\/uploads\/2025\/05\/dona-divertida-1280x1280-1-980x980.jpg 980w, https:\/\/troba.net\/discoforum\/wp-content\/uploads\/2025\/05\/dona-divertida-1280x1280-1-480x480.jpg 480w\" sizes=\"(min-width: 0px) and (max-width: 480px) 480px, (min-width: 481px) and (max-width: 980px) 980px, (min-width: 981px) 1280px, 100vw\" class=\"wp-image-398125\" \/><\/span><\/div><div class=\"et_pb_blurb_container\"><h4 class=\"et_pb_module_header\">Divertiments musicals<\/h4><div class=\"et_pb_blurb_description\"><p>Selecci\u00f3<br \/>2 de juliol del 2025<br \/>Presentador: Josep Izquierdo<\/p>\n<p>(Fes clic aqu\u00ed per veure m\u00e9s)<\/p>\n<\/div><\/div><\/div><\/div>\n<\/div>\n<\/div>\n\n<div class=\"et_pb_row_7 et_pb_row et_pb_row_4col et_pb_equal_columns et_block_row et_block_row_4col\">\n<div class=\"et_pb_column_18 et_pb_column et_pb_column_1_4 et_block_column et_pb_css_mix_blend_mode_passthrough\">\n<div class=\"et_pb_blurb_12 et_pb_blurb et_pb_bg_layout_light et_pb_blurb_position_top et_clickable et_pb_module et_block_module\" id=\"ClaudeDebussy\"><div class=\"et_pb_blurb_content\"><div class=\"et_pb_main_blurb_image\"><span class=\"et_pb_image_wrap et_pb_only_image_mode_wrap\"><img loading=\"lazy\" decoding=\"async\" src=\"https:\/\/troba.net\/discoforum\/wp-content\/uploads\/2025\/02\/Piano-1500x1500-1.jpg\" width=\"1500\" height=\"1500\" srcset=\"https:\/\/troba.net\/discoforum\/wp-content\/uploads\/2025\/02\/Piano-1500x1500-1.jpg 1500w, https:\/\/troba.net\/discoforum\/wp-content\/uploads\/2025\/02\/Piano-1500x1500-1-1280x1280.jpg 1280w, https:\/\/troba.net\/discoforum\/wp-content\/uploads\/2025\/02\/Piano-1500x1500-1-980x980.jpg 980w, https:\/\/troba.net\/discoforum\/wp-content\/uploads\/2025\/02\/Piano-1500x1500-1-480x480.jpg 480w\" sizes=\"(min-width: 0px) and (max-width: 480px) 480px, (min-width: 481px) and (max-width: 980px) 980px, (min-width: 981px) and (max-width: 1280px) 1280px, (min-width: 1281px) 1500px, 100vw\" class=\"wp-image-397835\" \/><\/span><\/div><div class=\"et_pb_blurb_container\"><h4 class=\"et_pb_module_header\">Claude Debussy<\/h4><div class=\"et_pb_blurb_description\"><p>Selecci\u00f3<br \/>18 de juny del 2025<br \/>Presentador: Francesc Ventura<\/p>\n<p>(Fes clic aqu\u00ed per veure m\u00e9s)<\/p>\n<\/div><\/div><\/div><\/div>\n<\/div>\n\n<div class=\"et_pb_column_19 et_pb_column et_pb_column_1_4 et_block_column et_pb_css_mix_blend_mode_passthrough\">\n<div class=\"et_pb_blurb_13 et_pb_blurb et_pb_bg_layout_light et_pb_blurb_position_top et_clickable et_pb_module et_block_module\" id=\"CompositorsSegleXXI\"><div class=\"et_pb_blurb_content\"><div class=\"et_pb_main_blurb_image\"><span class=\"et_pb_image_wrap et_pb_only_image_mode_wrap\"><img loading=\"lazy\" decoding=\"async\" src=\"https:\/\/troba.net\/discoforum\/wp-content\/uploads\/2025\/02\/1-ai-generatedb-1500x1500-e.jpg\" width=\"1920\" height=\"1920\" srcset=\"https:\/\/troba.net\/discoforum\/wp-content\/uploads\/2025\/02\/1-ai-generatedb-1500x1500-e.jpg 1920w, https:\/\/troba.net\/discoforum\/wp-content\/uploads\/2025\/02\/1-ai-generatedb-1500x1500-e-1280x1280.jpg 1280w, https:\/\/troba.net\/discoforum\/wp-content\/uploads\/2025\/02\/1-ai-generatedb-1500x1500-e-980x980.jpg 980w, https:\/\/troba.net\/discoforum\/wp-content\/uploads\/2025\/02\/1-ai-generatedb-1500x1500-e-480x480.jpg 480w\" sizes=\"(min-width: 0px) and (max-width: 480px) 480px, (min-width: 481px) and (max-width: 980px) 980px, (min-width: 981px) and (max-width: 1280px) 1280px, (min-width: 1281px) 1920px, 100vw\" class=\"wp-image-397793\" \/><\/span><\/div><div class=\"et_pb_blurb_container\"><h4 class=\"et_pb_module_header\">Compositors del segle XXI (1)<\/h4><div class=\"et_pb_blurb_description\"><p>4 de juny del 2025<br \/>Presentador: Miquel \u00c0ngel Escard\u00f3<\/p>\n<p>(Fes clic aqu\u00ed per veure m\u00e9s)<\/p>\n<\/div><\/div><\/div><\/div>\n<\/div>\n\n<div class=\"et_pb_column_20 et_pb_column et_pb_column_1_4 et_block_column et_pb_css_mix_blend_mode_passthrough\">\n<div class=\"et_pb_blurb_14 et_pb_blurb et_pb_bg_layout_light et_pb_blurb_position_top et_clickable et_pb_module et_block_module\" id=\"RomanticismeFrances2\"><div class=\"et_pb_blurb_content\"><div class=\"et_pb_main_blurb_image\"><span class=\"et_pb_image_wrap et_pb_only_image_mode_wrap\"><img loading=\"lazy\" decoding=\"async\" src=\"https:\/\/troba.net\/discoforum\/wp-content\/uploads\/2025\/02\/french-woman-1500x1500-1.jpg\" width=\"1500\" height=\"1500\" srcset=\"https:\/\/troba.net\/discoforum\/wp-content\/uploads\/2025\/02\/french-woman-1500x1500-1.jpg 1500w, https:\/\/troba.net\/discoforum\/wp-content\/uploads\/2025\/02\/french-woman-1500x1500-1-1280x1280.jpg 1280w, https:\/\/troba.net\/discoforum\/wp-content\/uploads\/2025\/02\/french-woman-1500x1500-1-980x980.jpg 980w, https:\/\/troba.net\/discoforum\/wp-content\/uploads\/2025\/02\/french-woman-1500x1500-1-480x480.jpg 480w\" sizes=\"(min-width: 0px) and (max-width: 480px) 480px, (min-width: 481px) and (max-width: 980px) 980px, (min-width: 981px) and (max-width: 1280px) 1280px, (min-width: 1281px) 1500px, 100vw\" class=\"wp-image-397772\" \/><\/span><\/div><div class=\"et_pb_blurb_container\"><h4 class=\"et_pb_module_header\">Romanticisme musical franc\u00e8s (2)<\/h4><div class=\"et_pb_blurb_description\"><p>21 de maig del 2025<br \/>Presentador: Francesc Coma<\/p>\n<p>(Fes clic aqu\u00ed per veure m\u00e9s)<\/p>\n<\/div><\/div><\/div><\/div>\n<\/div>\n\n<div class=\"et_pb_column_21 et_pb_column et_pb_column_1_4 et-last-child et_block_column et_pb_css_mix_blend_mode_passthrough\">\n<div class=\"et_pb_blurb_15 et_pb_blurb et_pb_bg_layout_light et_pb_blurb_position_top et_clickable et_pb_module et_block_module\" id=\"SmoothJazz\"><div class=\"et_pb_blurb_content\"><div class=\"et_pb_main_blurb_image\"><span class=\"et_pb_image_wrap et_pb_only_image_mode_wrap\"><img loading=\"lazy\" decoding=\"async\" src=\"https:\/\/troba.net\/discoforum\/wp-content\/uploads\/2025\/02\/Smooth-jazz-1200x1200-1.jpg\" width=\"1200\" height=\"1200\" srcset=\"https:\/\/troba.net\/discoforum\/wp-content\/uploads\/2025\/02\/Smooth-jazz-1200x1200-1.jpg 1200w, https:\/\/troba.net\/discoforum\/wp-content\/uploads\/2025\/02\/Smooth-jazz-1200x1200-1-980x980.jpg 980w, https:\/\/troba.net\/discoforum\/wp-content\/uploads\/2025\/02\/Smooth-jazz-1200x1200-1-480x480.jpg 480w\" sizes=\"(min-width: 0px) and (max-width: 480px) 480px, (min-width: 481px) and (max-width: 980px) 980px, (min-width: 981px) 1200px, 100vw\" class=\"wp-image-397686\" \/><\/span><\/div><div class=\"et_pb_blurb_container\"><h4 class=\"et_pb_module_header\">Smooth jazz<\/h4><div class=\"et_pb_blurb_description\"><p>Selecci\u00f3<br \/>7 de maig del 2025<br \/>Presentador: Manel Fabregat<\/p>\n<p>(Fes clic aqu\u00ed per veure m\u00e9s)<\/p>\n<\/div><\/div><\/div><\/div>\n<\/div>\n<\/div>\n\n<div class=\"et_pb_row_8 et_pb_row et_pb_row_4col et_pb_equal_columns et_block_row et_block_row_4col\">\n<div class=\"et_pb_column_22 et_pb_column et_pb_column_1_4 et_block_column et_pb_css_mix_blend_mode_passthrough\">\n<div class=\"et_pb_blurb_16 et_pb_blurb et_pb_bg_layout_light et_pb_blurb_position_top et_clickable et_pb_module et_block_module\" id=\"SopranosITenors\"><div class=\"et_pb_blurb_content\"><div class=\"et_pb_main_blurb_image\"><span class=\"et_pb_image_wrap et_pb_only_image_mode_wrap\"><img loading=\"lazy\" decoding=\"async\" src=\"https:\/\/troba.net\/discoforum\/wp-content\/uploads\/2025\/02\/Anna-Netrebko-y-Yusif-Eyvazov-1500x1500-1.jpg\" width=\"1500\" height=\"1500\" srcset=\"https:\/\/troba.net\/discoforum\/wp-content\/uploads\/2025\/02\/Anna-Netrebko-y-Yusif-Eyvazov-1500x1500-1.jpg 1500w, https:\/\/troba.net\/discoforum\/wp-content\/uploads\/2025\/02\/Anna-Netrebko-y-Yusif-Eyvazov-1500x1500-1-1280x1280.jpg 1280w, https:\/\/troba.net\/discoforum\/wp-content\/uploads\/2025\/02\/Anna-Netrebko-y-Yusif-Eyvazov-1500x1500-1-980x980.jpg 980w, https:\/\/troba.net\/discoforum\/wp-content\/uploads\/2025\/02\/Anna-Netrebko-y-Yusif-Eyvazov-1500x1500-1-480x480.jpg 480w\" sizes=\"(min-width: 0px) and (max-width: 480px) 480px, (min-width: 481px) and (max-width: 980px) 980px, (min-width: 981px) and (max-width: 1280px) 1280px, (min-width: 1281px) 1500px, 100vw\" class=\"wp-image-397790\" \/><\/span><\/div><div class=\"et_pb_blurb_container\"><h4 class=\"et_pb_module_header\">Sopranos famoses<\/h4><div class=\"et_pb_blurb_description\"><p>Selecci\u00f3<br \/>23 d'abril del 2025<br \/>Presentador: Josep Izquierdo<\/p>\n<p>(Fes clic aqu\u00ed per veure m\u00e9s)<\/p>\n<\/div><\/div><\/div><\/div>\n<\/div>\n\n<div class=\"et_pb_column_23 et_pb_column et_pb_column_1_4 et_block_column et_pb_css_mix_blend_mode_passthrough\">\n<div class=\"et_pb_blurb_17 et_pb_blurb et_pb_bg_layout_light et_pb_blurb_position_top et_clickable et_pb_module et_block_module\" id=\"PucciniAries2\"><div class=\"et_pb_blurb_content\"><div class=\"et_pb_main_blurb_image\"><span class=\"et_pb_image_wrap et_pb_only_image_mode_wrap\"><img loading=\"lazy\" decoding=\"async\" src=\"https:\/\/troba.net\/discoforum\/wp-content\/uploads\/2024\/11\/Madama-Butterfly-2-1500x1500-1.jpg\" width=\"1500\" height=\"1500\" srcset=\"https:\/\/troba.net\/discoforum\/wp-content\/uploads\/2024\/11\/Madama-Butterfly-2-1500x1500-1.jpg 1500w, https:\/\/troba.net\/discoforum\/wp-content\/uploads\/2024\/11\/Madama-Butterfly-2-1500x1500-1-1280x1280.jpg 1280w, https:\/\/troba.net\/discoforum\/wp-content\/uploads\/2024\/11\/Madama-Butterfly-2-1500x1500-1-980x980.jpg 980w, https:\/\/troba.net\/discoforum\/wp-content\/uploads\/2024\/11\/Madama-Butterfly-2-1500x1500-1-480x480.jpg 480w\" sizes=\"(min-width: 0px) and (max-width: 480px) 480px, (min-width: 481px) and (max-width: 980px) 980px, (min-width: 981px) and (max-width: 1280px) 1280px, (min-width: 1281px) 1500px, 100vw\" class=\"wp-image-397281\" \/><\/span><\/div><div class=\"et_pb_blurb_container\"><h4 class=\"et_pb_module_header\">Giacomo Puccini - Aries (2)<\/h4><div class=\"et_pb_blurb_description\"><p>2 d'abril del 2025<br \/>Presentador: Josep Maria Busqu\u00e9<\/p>\n<p>(Fes clic aqu\u00ed per veure m\u00e9s)<\/p>\n<\/div><\/div><\/div><\/div>\n<\/div>\n\n<div class=\"et_pb_column_24 et_pb_column et_pb_column_1_4 et_block_column et_pb_css_mix_blend_mode_passthrough\">\n<div class=\"et_pb_blurb_18 et_pb_blurb et_pb_bg_layout_light et_pb_blurb_position_top et_clickable et_pb_module et_block_module\" id=\"Bach3\"><div class=\"et_pb_blurb_content\"><div class=\"et_pb_main_blurb_image\"><span class=\"et_pb_image_wrap et_pb_only_image_mode_wrap\"><img loading=\"lazy\" decoding=\"async\" src=\"https:\/\/troba.net\/discoforum\/wp-content\/uploads\/2024\/11\/JSBach-1500x1500-1.jpg\" width=\"1500\" height=\"1500\" srcset=\"https:\/\/troba.net\/discoforum\/wp-content\/uploads\/2024\/11\/JSBach-1500x1500-1.jpg 1500w, https:\/\/troba.net\/discoforum\/wp-content\/uploads\/2024\/11\/JSBach-1500x1500-1-1280x1280.jpg 1280w, https:\/\/troba.net\/discoforum\/wp-content\/uploads\/2024\/11\/JSBach-1500x1500-1-980x980.jpg 980w, https:\/\/troba.net\/discoforum\/wp-content\/uploads\/2024\/11\/JSBach-1500x1500-1-480x480.jpg 480w\" sizes=\"(min-width: 0px) and (max-width: 480px) 480px, (min-width: 481px) and (max-width: 980px) 980px, (min-width: 981px) and (max-width: 1280px) 1280px, (min-width: 1281px) 1500px, 100vw\" class=\"wp-image-397276\" \/><\/span><\/div><div class=\"et_pb_blurb_container\"><h4 class=\"et_pb_module_header\">Johann Sebastian Bach (3)<\/h4><div class=\"et_pb_blurb_description\"><p>19 de mar\u00e7 del 2025<br \/>Presentador: Francesc Ventura<\/p>\n<p>(Fes clic aqu\u00ed per veure m\u00e9s)<\/p>\n<\/div><\/div><\/div><\/div>\n<\/div>\n\n<div class=\"et_pb_column_25 et_pb_column et_pb_column_1_4 et-last-child et_block_column et_pb_css_mix_blend_mode_passthrough\">\n<div class=\"et_pb_blurb_19 et_pb_blurb et_pb_bg_layout_light et_pb_blurb_position_top et_clickable et_pb_module et_block_module\" id=\"PredisposicioSentiments\"><div class=\"et_pb_blurb_content\"><div class=\"et_pb_main_blurb_image\"><span class=\"et_pb_image_wrap et_pb_only_image_mode_wrap\"><img loading=\"lazy\" decoding=\"async\" src=\"https:\/\/troba.net\/discoforum\/wp-content\/uploads\/2024\/11\/ai-generated-9115763_1920.jpg\" width=\"1920\" height=\"1920\" srcset=\"https:\/\/troba.net\/discoforum\/wp-content\/uploads\/2024\/11\/ai-generated-9115763_1920.jpg 1920w, https:\/\/troba.net\/discoforum\/wp-content\/uploads\/2024\/11\/ai-generated-9115763_1920-1280x1280.jpg 1280w, https:\/\/troba.net\/discoforum\/wp-content\/uploads\/2024\/11\/ai-generated-9115763_1920-980x980.jpg 980w, https:\/\/troba.net\/discoforum\/wp-content\/uploads\/2024\/11\/ai-generated-9115763_1920-480x480.jpg 480w\" sizes=\"(min-width: 0px) and (max-width: 480px) 480px, (min-width: 481px) and (max-width: 980px) 980px, (min-width: 981px) and (max-width: 1280px) 1280px, (min-width: 1281px) 1920px, 100vw\" class=\"wp-image-397273\" \/><\/span><\/div><div class=\"et_pb_blurb_container\"><h4 class=\"et_pb_module_header\">La m\u00fasica<\/h4><div class=\"et_pb_blurb_description\"><p><span style=\"color: #800000;\"><strong>Predisposici\u00f3 i sentiments<\/strong><\/span><br \/>5 de mar\u00e7 del 2025<br \/>Presentador: Miquel \u00c0ngel Escard\u00f3<\/p>\n<p>(Fes clic aqu\u00ed per veure m\u00e9s)<\/p>\n<\/div><\/div><\/div><\/div>\n<\/div>\n<\/div>\n\n<div class=\"et_pb_row_9 et_pb_row et_pb_row_4col et_pb_equal_columns et_block_row et_block_row_4col\">\n<div class=\"et_pb_column_26 et_pb_column et_pb_column_1_4 et_block_column et_pb_css_mix_blend_mode_passthrough\">\n<div class=\"et_pb_blurb_20 et_pb_blurb et_pb_bg_layout_light et_pb_blurb_position_top et_clickable et_pb_module et_block_module\" id=\"RomanticismeFrances\"><div class=\"et_pb_blurb_content\"><div class=\"et_pb_main_blurb_image\"><span class=\"et_pb_image_wrap et_pb_only_image_mode_wrap\"><img loading=\"lazy\" decoding=\"async\" src=\"https:\/\/troba.net\/discoforum\/wp-content\/uploads\/2024\/11\/french-woman-1500x1500-1.jpg\" width=\"1500\" height=\"1500\" srcset=\"https:\/\/troba.net\/discoforum\/wp-content\/uploads\/2024\/11\/french-woman-1500x1500-1.jpg 1500w, https:\/\/troba.net\/discoforum\/wp-content\/uploads\/2024\/11\/french-woman-1500x1500-1-1280x1280.jpg 1280w, https:\/\/troba.net\/discoforum\/wp-content\/uploads\/2024\/11\/french-woman-1500x1500-1-980x980.jpg 980w, https:\/\/troba.net\/discoforum\/wp-content\/uploads\/2024\/11\/french-woman-1500x1500-1-480x480.jpg 480w\" sizes=\"(min-width: 0px) and (max-width: 480px) 480px, (min-width: 481px) and (max-width: 980px) 980px, (min-width: 981px) and (max-width: 1280px) 1280px, (min-width: 1281px) 1500px, 100vw\" class=\"wp-image-397271\" \/><\/span><\/div><div class=\"et_pb_blurb_container\"><h4 class=\"et_pb_module_header\">Romanticisme musical franc\u00e8s (1)<\/h4><div class=\"et_pb_blurb_description\"><p>19 de febrer del 2025<br \/>Presentador: Francesc Coma<\/p>\n<p>(Fes clic aqu\u00ed per veure m\u00e9s)<\/p>\n<\/div><\/div><\/div><\/div>\n<\/div>\n\n<div class=\"et_pb_column_27 et_pb_column et_pb_column_1_4 et_block_column et_pb_css_mix_blend_mode_passthrough\">\n<div class=\"et_pb_blurb_21 et_pb_blurb et_pb_bg_layout_light et_pb_blurb_position_top et_clickable et_pb_module et_block_module\" id=\"JazzCatalunya\"><div class=\"et_pb_blurb_content\"><div class=\"et_pb_main_blurb_image\"><span class=\"et_pb_image_wrap et_pb_only_image_mode_wrap\"><img loading=\"lazy\" decoding=\"async\" src=\"https:\/\/troba.net\/discoforum\/wp-content\/uploads\/2024\/11\/barcelona-saxo-1500x1500-1.jpg\" width=\"1500\" height=\"1500\" srcset=\"https:\/\/troba.net\/discoforum\/wp-content\/uploads\/2024\/11\/barcelona-saxo-1500x1500-1.jpg 1500w, https:\/\/troba.net\/discoforum\/wp-content\/uploads\/2024\/11\/barcelona-saxo-1500x1500-1-1280x1280.jpg 1280w, https:\/\/troba.net\/discoforum\/wp-content\/uploads\/2024\/11\/barcelona-saxo-1500x1500-1-980x980.jpg 980w, https:\/\/troba.net\/discoforum\/wp-content\/uploads\/2024\/11\/barcelona-saxo-1500x1500-1-480x480.jpg 480w\" sizes=\"(min-width: 0px) and (max-width: 480px) 480px, (min-width: 481px) and (max-width: 980px) 980px, (min-width: 981px) and (max-width: 1280px) 1280px, (min-width: 1281px) 1500px, 100vw\" class=\"wp-image-396062\" \/><\/span><\/div><div class=\"et_pb_blurb_container\"><h4 class=\"et_pb_module_header\">El jazz a Catalunya<\/h4><div class=\"et_pb_blurb_description\"><p><span style=\"text-decoration: line-through;\">\u00a0 \u00a0 \u00a0 \u00a0 \u00a0 \u00a0 \u00a0 \u00a0\u00a0<\/span><br \/>5 de febrer del 2025<br \/>Presentador: Manel Fabregat<\/p>\n<p>(Fes clic aqu\u00ed per veure m\u00e9s)<\/p>\n<\/div><\/div><\/div><\/div>\n<\/div>\n\n<div class=\"et_pb_column_28 et_pb_column et_pb_column_1_4 et_block_column et_pb_css_mix_blend_mode_passthrough\">\n<div class=\"et_pb_blurb_22 et_pb_blurb et_pb_bg_layout_light et_pb_blurb_position_top et_clickable et_pb_module et_block_module\" id=\"Haydn2\"><div class=\"et_pb_blurb_content\"><div class=\"et_pb_main_blurb_image\"><span class=\"et_pb_image_wrap et_pb_only_image_mode_wrap\"><img loading=\"lazy\" decoding=\"async\" src=\"https:\/\/troba.net\/discoforum\/wp-content\/uploads\/2024\/11\/Haydn-dibuix-900.jpg\" width=\"900\" height=\"900\" srcset=\"https:\/\/troba.net\/discoforum\/wp-content\/uploads\/2024\/11\/Haydn-dibuix-900.jpg 900w, https:\/\/troba.net\/discoforum\/wp-content\/uploads\/2024\/11\/Haydn-dibuix-900-480x480.jpg 480w\" sizes=\"(min-width: 0px) and (max-width: 480px) 480px, (min-width: 481px) 900px, 100vw\" class=\"wp-image-397251\" \/><\/span><\/div><div class=\"et_pb_blurb_container\"><h4 class=\"et_pb_module_header\">Franz Joseph Haydn (2)<\/h4><div class=\"et_pb_blurb_description\"><p>22 de gener del 2025<br \/>Presentador: Josep Izquierdo<\/p>\n<p>(Fes clic aqu\u00ed per veure m\u00e9s)<\/p>\n<\/div><\/div><\/div><\/div>\n<\/div>\n\n<div class=\"et_pb_column_29 et_pb_column et_pb_column_1_4 et-last-child et_block_column et_pb_css_mix_blend_mode_passthrough\">\n<div class=\"et_pb_blurb_23 et_pb_blurb et_pb_bg_layout_light et_pb_blurb_position_top et_clickable et_pb_module et_block_module\" id=\"MozartDonGiovanni\"><div class=\"et_pb_blurb_content\"><div class=\"et_pb_main_blurb_image\"><span class=\"et_pb_image_wrap et_pb_only_image_mode_wrap\"><img loading=\"lazy\" decoding=\"async\" src=\"https:\/\/troba.net\/discoforum\/wp-content\/uploads\/2024\/09\/Don-Giovanni-1200x1200-1.jpg\" width=\"1200\" height=\"1200\" srcset=\"https:\/\/troba.net\/discoforum\/wp-content\/uploads\/2024\/09\/Don-Giovanni-1200x1200-1.jpg 1200w, https:\/\/troba.net\/discoforum\/wp-content\/uploads\/2024\/09\/Don-Giovanni-1200x1200-1-980x980.jpg 980w, https:\/\/troba.net\/discoforum\/wp-content\/uploads\/2024\/09\/Don-Giovanni-1200x1200-1-480x480.jpg 480w\" sizes=\"(min-width: 0px) and (max-width: 480px) 480px, (min-width: 481px) and (max-width: 980px) 980px, (min-width: 981px) 1200px, 100vw\" class=\"wp-image-395725\" \/><\/span><\/div><div class=\"et_pb_blurb_container\"><h4 class=\"et_pb_module_header\">Wolfgang A. Mozart<\/h4><div class=\"et_pb_blurb_description\"><p>Don Giovanni<br \/>8 de gener del 2025<br \/>Presentador: Josep Maria Busqu\u00e9<\/p>\n<p>(Fes clic aqu\u00ed per veure m\u00e9s)<\/p>\n<\/div><\/div><\/div><\/div>\n<\/div>\n<\/div>\n<div class=\"et_pb_bottom_inside_divider et-no-transition\"><\/div><\/div>","protected":false},"excerpt":{"rendered":"","protected":false},"author":1,"featured_media":0,"parent":0,"menu_order":0,"comment_status":"closed","ping_status":"closed","template":"","meta":{"footnotes":""},"class_list":["post-396078","page","type-page","status-publish","hentry"],"yoast_head":"<!-- This site is optimized with the Yoast SEO plugin v28.3 - https:\/\/yoast.com\/product\/yoast-seo-wordpress\/ -->\n<title>Sessions 2025 - Discof\u00f2rum<\/title>\n<meta name=\"robots\" content=\"index, follow, max-snippet:-1, max-image-preview:large, max-video-preview:-1\" \/>\n<link rel=\"canonical\" href=\"https:\/\/troba.net\/discoforum\/sessions-2025\/\" \/>\n<meta property=\"og:locale\" content=\"ca_ES\" \/>\n<meta property=\"og:type\" content=\"article\" \/>\n<meta property=\"og:title\" content=\"Sessions 2025 - Discof\u00f2rum\" \/>\n<meta property=\"og:url\" content=\"https:\/\/troba.net\/discoforum\/sessions-2025\/\" \/>\n<meta property=\"og:site_name\" content=\"Discof\u00f2rum\" \/>\n<meta property=\"article:modified_time\" content=\"2026-03-24T08:11:09+00:00\" \/>\n<meta name=\"twitter:card\" content=\"summary_large_image\" \/>\n<meta name=\"twitter:label1\" content=\"Temps estimat de lectura\" \/>\n\t<meta name=\"twitter:data1\" content=\"5 minuts\" \/>\n<script type=\"application\/ld+json\" class=\"yoast-schema-graph\">{\"@context\":\"https:\\\/\\\/schema.org\",\"@graph\":[{\"@type\":\"WebPage\",\"@id\":\"https:\\\/\\\/troba.net\\\/discoforum\\\/sessions-2025\\\/\",\"url\":\"https:\\\/\\\/troba.net\\\/discoforum\\\/sessions-2025\\\/\",\"name\":\"Sessions 2025 - Discof\u00f2rum\",\"isPartOf\":{\"@id\":\"https:\\\/\\\/troba.net\\\/discoforum\\\/#website\"},\"datePublished\":\"2024-11-04T11:33:53+00:00\",\"dateModified\":\"2026-03-24T08:11:09+00:00\",\"breadcrumb\":{\"@id\":\"https:\\\/\\\/troba.net\\\/discoforum\\\/sessions-2025\\\/#breadcrumb\"},\"inLanguage\":\"ca\",\"potentialAction\":[{\"@type\":\"ReadAction\",\"target\":[\"https:\\\/\\\/troba.net\\\/discoforum\\\/sessions-2025\\\/\"]}]},{\"@type\":\"BreadcrumbList\",\"@id\":\"https:\\\/\\\/troba.net\\\/discoforum\\\/sessions-2025\\\/#breadcrumb\",\"itemListElement\":[{\"@type\":\"ListItem\",\"position\":1,\"name\":\"Inici\",\"item\":\"https:\\\/\\\/troba.net\\\/discoforum\\\/\"},{\"@type\":\"ListItem\",\"position\":2,\"name\":\"Sessions 2025\"}]},{\"@type\":\"WebSite\",\"@id\":\"https:\\\/\\\/troba.net\\\/discoforum\\\/#website\",\"url\":\"https:\\\/\\\/troba.net\\\/discoforum\\\/\",\"name\":\"Discof\u00f2rum\",\"description\":\"Sessions audio-visuals de m\u00fasica cl\u00e0ssica i jazz\",\"publisher\":{\"@id\":\"https:\\\/\\\/troba.net\\\/discoforum\\\/#organization\"},\"potentialAction\":[{\"@type\":\"SearchAction\",\"target\":{\"@type\":\"EntryPoint\",\"urlTemplate\":\"https:\\\/\\\/troba.net\\\/discoforum\\\/?s={search_term_string}\"},\"query-input\":{\"@type\":\"PropertyValueSpecification\",\"valueRequired\":true,\"valueName\":\"search_term_string\"}}],\"inLanguage\":\"ca\"},{\"@type\":\"Organization\",\"@id\":\"https:\\\/\\\/troba.net\\\/discoforum\\\/#organization\",\"name\":\"Discof\u00f2rum\",\"url\":\"https:\\\/\\\/troba.net\\\/discoforum\\\/\",\"logo\":{\"@type\":\"ImageObject\",\"inLanguage\":\"ca\",\"@id\":\"https:\\\/\\\/troba.net\\\/discoforum\\\/#\\\/schema\\\/logo\\\/image\\\/\",\"url\":\"https:\\\/\\\/troba.net\\\/discoforum\\\/wp-content\\\/uploads\\\/2024\\\/03\\\/logo-discoforum-fons-blanc.png\",\"contentUrl\":\"https:\\\/\\\/troba.net\\\/discoforum\\\/wp-content\\\/uploads\\\/2024\\\/03\\\/logo-discoforum-fons-blanc.png\",\"width\":577,\"height\":73,\"caption\":\"Discof\u00f2rum\"},\"image\":{\"@id\":\"https:\\\/\\\/troba.net\\\/discoforum\\\/#\\\/schema\\\/logo\\\/image\\\/\"}}]}<\/script>\n<!-- \/ Yoast SEO plugin. -->","yoast_head_json":{"title":"Sessions 2025 - Discof\u00f2rum","robots":{"index":"index","follow":"follow","max-snippet":"max-snippet:-1","max-image-preview":"max-image-preview:large","max-video-preview":"max-video-preview:-1"},"canonical":"https:\/\/troba.net\/discoforum\/sessions-2025\/","og_locale":"ca_ES","og_type":"article","og_title":"Sessions 2025 - Discof\u00f2rum","og_url":"https:\/\/troba.net\/discoforum\/sessions-2025\/","og_site_name":"Discof\u00f2rum","article_modified_time":"2026-03-24T08:11:09+00:00","twitter_card":"summary_large_image","twitter_misc":{"Temps estimat de lectura":"5 minuts"},"schema":{"@context":"https:\/\/schema.org","@graph":[{"@type":"WebPage","@id":"https:\/\/troba.net\/discoforum\/sessions-2025\/","url":"https:\/\/troba.net\/discoforum\/sessions-2025\/","name":"Sessions 2025 - Discof\u00f2rum","isPartOf":{"@id":"https:\/\/troba.net\/discoforum\/#website"},"datePublished":"2024-11-04T11:33:53+00:00","dateModified":"2026-03-24T08:11:09+00:00","breadcrumb":{"@id":"https:\/\/troba.net\/discoforum\/sessions-2025\/#breadcrumb"},"inLanguage":"ca","potentialAction":[{"@type":"ReadAction","target":["https:\/\/troba.net\/discoforum\/sessions-2025\/"]}]},{"@type":"BreadcrumbList","@id":"https:\/\/troba.net\/discoforum\/sessions-2025\/#breadcrumb","itemListElement":[{"@type":"ListItem","position":1,"name":"Inici","item":"https:\/\/troba.net\/discoforum\/"},{"@type":"ListItem","position":2,"name":"Sessions 2025"}]},{"@type":"WebSite","@id":"https:\/\/troba.net\/discoforum\/#website","url":"https:\/\/troba.net\/discoforum\/","name":"Discof\u00f2rum","description":"Sessions audio-visuals de m\u00fasica cl\u00e0ssica i jazz","publisher":{"@id":"https:\/\/troba.net\/discoforum\/#organization"},"potentialAction":[{"@type":"SearchAction","target":{"@type":"EntryPoint","urlTemplate":"https:\/\/troba.net\/discoforum\/?s={search_term_string}"},"query-input":{"@type":"PropertyValueSpecification","valueRequired":true,"valueName":"search_term_string"}}],"inLanguage":"ca"},{"@type":"Organization","@id":"https:\/\/troba.net\/discoforum\/#organization","name":"Discof\u00f2rum","url":"https:\/\/troba.net\/discoforum\/","logo":{"@type":"ImageObject","inLanguage":"ca","@id":"https:\/\/troba.net\/discoforum\/#\/schema\/logo\/image\/","url":"https:\/\/troba.net\/discoforum\/wp-content\/uploads\/2024\/03\/logo-discoforum-fons-blanc.png","contentUrl":"https:\/\/troba.net\/discoforum\/wp-content\/uploads\/2024\/03\/logo-discoforum-fons-blanc.png","width":577,"height":73,"caption":"Discof\u00f2rum"},"image":{"@id":"https:\/\/troba.net\/discoforum\/#\/schema\/logo\/image\/"}}]}},"_links":{"self":[{"href":"https:\/\/troba.net\/discoforum\/wp-json\/wp\/v2\/pages\/396078","targetHints":{"allow":["GET"]}}],"collection":[{"href":"https:\/\/troba.net\/discoforum\/wp-json\/wp\/v2\/pages"}],"about":[{"href":"https:\/\/troba.net\/discoforum\/wp-json\/wp\/v2\/types\/page"}],"author":[{"embeddable":true,"href":"https:\/\/troba.net\/discoforum\/wp-json\/wp\/v2\/users\/1"}],"replies":[{"embeddable":true,"href":"https:\/\/troba.net\/discoforum\/wp-json\/wp\/v2\/comments?post=396078"}],"version-history":[{"count":160,"href":"https:\/\/troba.net\/discoforum\/wp-json\/wp\/v2\/pages\/396078\/revisions"}],"predecessor-version":[{"id":399903,"href":"https:\/\/troba.net\/discoforum\/wp-json\/wp\/v2\/pages\/396078\/revisions\/399903"}],"wp:attachment":[{"href":"https:\/\/troba.net\/discoforum\/wp-json\/wp\/v2\/media?parent=396078"}],"curies":[{"name":"wp","href":"https:\/\/api.w.org\/{rel}","templated":true}]}}