{"id":398956,"date":"2025-07-28T19:07:29","date_gmt":"2025-07-28T17:07:29","guid":{"rendered":"https:\/\/troba.net\/discoforum\/?page_id=398956"},"modified":"2026-08-27T14:54:35","modified_gmt":"2026-08-27T12:54:35","slug":"sesiones-2026","status":"publish","type":"page","link":"https:\/\/troba.net\/discoforum\/es\/sesiones-2026\/","title":{"rendered":"Sesiones 2026"},"content":{"rendered":"<div class=\"et_pb_section_0 et_pb_section et_section_regular et_block_section et_pb_section_parallax\"><span class=\"et-pb-parallax-wrapper\"><span class=\"et-pb-parallax-background et-pb-parallax-background--css et-pb-parallax-background-module--divi-section-0\" style=\"background-image:url(https:\/\/troba.net\/discoforum\/wp-content\/uploads\/2025\/11\/Violi-aqua-70.png);background-blend-mode:multiply\"><\/span><\/span>\n<div class=\"et_pb_row_0 et_pb_row et_block_row\">\n<div class=\"et_pb_column_0 et_pb_column et_pb_column_4_4 et-last-child et_block_column et_pb_css_mix_blend_mode_passthrough\">\n<div class=\"et_pb_image_0 et_pb_image et_pb_module et_block_module\"><span class=\"et_pb_image_wrap\"><img loading=\"lazy\" decoding=\"async\" src=\"https:\/\/troba.net\/discoforum\/wp-content\/uploads\/2024\/03\/logo-discoforum-fons-blanc.png\" width=\"577\" height=\"73\" srcset=\"https:\/\/troba.net\/discoforum\/wp-content\/uploads\/2024\/03\/logo-discoforum-fons-blanc.png 577w, https:\/\/troba.net\/discoforum\/wp-content\/uploads\/2024\/03\/logo-discoforum-fons-blanc-480x61.png 480w\" sizes=\"(min-width: 0px) and (max-width: 480px) 480px, (min-width: 481px) 577px, 100vw\" class=\"wp-image-393085\" \/><\/span><\/div>\n\n<div class=\"et_pb_text_0 et_pb_text et_pb_bg_layout_light et_pb_module et_block_module\"><div class=\"et_pb_text_inner\"><h1>Sesiones del a\u00f1o 2026<\/h1>\n<\/div><\/div>\n\n<div class=\"et_pb_module et_pb_button_module_wrapper et_pb_button_0_wrapper\"><a class=\"et_pb_button_0 et_pb_button et_pb_bg_layout_light et_pb_module et_block_module\" href=\"https:\/\/troba.net\/discoforum\/es\/newsletter-2\/\">Clica aqu\u00ed para recibir informaci\u00f3n<\/a><\/div>\n<\/div>\n<\/div>\n<\/div>\n\n<div class=\"et_pb_section_1 et_pb_section et_section_regular et_block_section et_pb_section_parallax\"><span class=\"et-pb-parallax-wrapper\"><span class=\"et-pb-parallax-background et-pb-parallax-background--css et-pb-parallax-background-module--divi-section-1\" style=\"background-image:url(https:\/\/troba.net\/discoforum\/wp-content\/uploads\/2025\/11\/Violi-aqua-70.png);background-blend-mode:multiply\"><\/span><\/span>\n<div class=\"et_pb_row_1 et_pb_row et_block_row\">\n<div class=\"et_pb_column_1 et_pb_column et_pb_column_4_4 et-last-child et_block_column et_pb_css_mix_blend_mode_passthrough\">\n<div class=\"et_pb_text_1 et_pb_text et_pb_bg_layout_dark et_pb_module et_block_module\"><div class=\"et_pb_text_inner\"><h1>\u00cdndice<\/h1>\n<\/div><\/div>\n<\/div>\n<\/div>\n\n<div class=\"et_pb_row_2 et_pb_row et_pb_equal_columns et_block_row\">\n<div class=\"et_pb_column_2 et_pb_column et_pb_column_1_3 et_block_column et_pb_css_mix_blend_mode_passthrough\">\n<div class=\"et_pb_text_2 et_pb_text et_pb_bg_layout_light et_pb_module et_block_module\"><div class=\"et_pb_text_inner\"><h4>CL\u00c0SSICA<a href=\"#BramsJohannes\"><\/a><\/h4>\n<ul>\n<li><a href=\"#Beethoven-Piano\">Beethoven - Obras para piano<\/a><\/li>\n<li><a href=\"#BramsJohannes\">Brams, Johannes<\/a><\/li>\n<li><a href=\"#FChopin\">Chopin Fr\u00e9d\u00e9ric<\/a><\/li>\n<li><a href=\"#AntoninDvorak-1\">Dvo\u0159\u00e1k, <\/a><a href=\"#AntoninDvorak-1\">Antonin <\/a><a href=\"#AntoninDvorak-1\"> - 1<\/a><\/li>\n<li><a href=\"#AntoninDvorak-2\" title=\"Dvor\u00e1k, Antonin - 2\">Dvo\u0159\u00e1k, Antonin - 2<\/a><\/li>\n<li><a href=\"#FJHaydn\">Haydn, Franz Joseph<\/a><\/li>\n<li><a href=\"#MusicaDescriptiva\">Homenaje a Francesc Coma<\/a><\/li>\n<\/ul>\n<\/div><\/div>\n<\/div>\n\n<div class=\"et_pb_column_3 et_pb_column et_pb_column_1_3 et_block_column et_pb_css_mix_blend_mode_passthrough\">\n<div class=\"et_pb_text_3 et_pb_text et_pb_bg_layout_light et_clickable et_pb_module et_block_module\"><div class=\"et_pb_text_inner\"><h4>CL\u00c0SSICA<span style=\"text-decoration: underline;\"><a href=\"#MusicaDansaClassica\"><\/a><\/span><a href=\"#MusicaDescriptiva\"><\/a><\/h4>\n<ul>\n<li><a href=\"#WAMozart\">Mozart, Wolfgang Amadeus<\/a><\/li>\n<li><a href=\"#ClassicaIA-1\">M\u00fasica cl\u00e1sica e IA - 1<\/a><\/li>\n<li><a href=\"#ClassicaIA-2\">M\u00fasica cl\u00e1sica e IA - 2<\/a><\/li>\n<li><a href=\"#Musica-IA-2\">M\u00fasica i IA - 3<\/a><\/li>\n<li><a href=\"#MusicaDescriptiva\">M\u00fasica descriptiva<\/a><\/li>\n<li><a href=\"#OberturesOperesFamoses\">Obertures de \u00f3peras famosas<\/a><a href=\"#Sarsueles\"><\/a><\/li>\n<li><a href=\"#CarlOrff\">Orff, Carl - Carmina Burana<\/a><\/li>\n<li><a href=\"#Txaikovski\">Txaikovski, Piotr Ilitx<\/a><\/li>\n<\/ul>\n<div id=\"simple-translate\" class=\"simple-translate-system-theme\">\n<div>\n<div style=\"background-image: url('moz-extension:\/\/6815dd06-bf5e-4de0-bf79-037a21f3a9c9\/icons\/512.png'); height: 22px; width: 22px; top: 87px; left: 55px;\" class=\"simple-translate-button isShow\"><\/div>\n<div class=\"simple-translate-panel \" style=\"width: 300px; height: 200px; top: 0px; left: 0px; font-size: 13px;\">\n<div class=\"simple-translate-result-wrapper\" style=\"overflow: hidden;\">\n<div class=\"simple-translate-move\" draggable=\"true\"><\/div>\n<div class=\"simple-translate-result-contents\">\n<p class=\"simple-translate-result\" dir=\"auto\">\n<p class=\"simple-translate-candidate\" dir=\"auto\">\n<\/div>\n<\/div>\n<\/div>\n<\/div>\n<\/div>\n<\/div><\/div>\n<\/div>\n\n<div class=\"et_pb_column_4 et_pb_column et_pb_column_1_3 et-last-child et_block_column et_pb_css_mix_blend_mode_passthrough\">\n<div class=\"et_pb_text_4 et_pb_text et_pb_bg_layout_light et_pb_module et_block_module\"><div class=\"et_pb_text_inner\"><h4>JAZZ<\/h4>\n<ul>\n<li><a href=\"#HomesCanten\"><span style=\"text-decoration: underline;\">Los hombres tambi\u00e9n cantan<\/span><\/a><\/li>\n<li><span style=\"text-decoration: underline;\"><a href=\"#SidneyBechet\">Bechet, <\/a><a href=\"#SidneyBechet\">Sidney<\/a><\/span><\/li>\n<li><a href=\"#BigBands\"><span style=\"text-decoration: underline;\">Big bands catalanes<\/span><\/a><span style=\"text-decoration: underline;\"><\/span><\/li>\n<li><span style=\"text-decoration: underline;\"><a href=\"#Gershwin\">Gershwin, George<\/a><\/span><\/li>\n<li><a href=\"#RichardRodgers\"><span style=\"text-decoration: underline;\">Rodgers, Richard<\/span><\/a><\/li>\n<\/ul>\n<\/div><\/div>\n<\/div>\n<\/div>\n\n<div class=\"et_pb_row_3 et_pb_row et_block_row\">\n<div class=\"et_pb_column_5 et_pb_column et_pb_column_4_4 et-last-child et_block_column et_pb_css_mix_blend_mode_passthrough\">\n<div class=\"et_pb_text_5 et_pb_text et_pb_bg_layout_light et_pb_module et_block_module\"><div class=\"et_pb_text_inner\"><p>Las sesiones est\u00e1n ordenadas por fechas. Las m\u00e1s antiguas al final.<\/p>\n<\/div><\/div>\n<\/div>\n<\/div>\n<\/div>\n\n<div class=\"et_pb_section_2 et_pb_section et_section_regular et_block_section et_pb_section_parallax section_has_divider et_pb_bottom_divider barbra_blurb_16\" id=\"v16\"><span class=\"et-pb-parallax-wrapper\"><span class=\"et-pb-parallax-background et-pb-parallax-background--css et-pb-parallax-background-module--divi-section-2\" style=\"background-image:url(https:\/\/troba.net\/discoforum\/wp-content\/uploads\/2025\/11\/Violi-aqua-70.png)\"><\/span><\/span>\n<div class=\"et_pb_row_4 et_pb_row et_pb_row_4col et_pb_equal_columns et_block_row et_block_row_4col\">\n<div class=\"et_pb_column_6 et_pb_column et_pb_column_1_4 et_block_column et_pb_css_mix_blend_mode_passthrough\">\n<div class=\"et_pb_blurb_0 et_pb_blurb et_pb_bg_layout_light et_pb_blurb_position_top et_clickable et_pb_module et_block_module\" id=\"CarlOrff\"><div class=\"et_pb_blurb_content\"><div class=\"et_pb_main_blurb_image\"><span class=\"et_pb_image_wrap et_pb_only_image_mode_wrap\"><img loading=\"lazy\" decoding=\"async\" src=\"https:\/\/troba.net\/discoforum\/wp-content\/uploads\/2025\/07\/Deesa-1920x1920-1.jpg\" width=\"1920\" height=\"1920\" srcset=\"https:\/\/troba.net\/discoforum\/wp-content\/uploads\/2025\/07\/Deesa-1920x1920-1.jpg 1920w, https:\/\/troba.net\/discoforum\/wp-content\/uploads\/2025\/07\/Deesa-1920x1920-1-1280x1280.jpg 1280w, https:\/\/troba.net\/discoforum\/wp-content\/uploads\/2025\/07\/Deesa-1920x1920-1-980x980.jpg 980w, https:\/\/troba.net\/discoforum\/wp-content\/uploads\/2025\/07\/Deesa-1920x1920-1-480x480.jpg 480w\" sizes=\"(min-width: 0px) and (max-width: 480px) 480px, (min-width: 481px) and (max-width: 980px) 980px, (min-width: 981px) and (max-width: 1280px) 1280px, (min-width: 1281px) 1920px, 100vw\" class=\"wp-image-398907\" title=\"Deesa 1920x1920\" \/><\/span><\/div><div class=\"et_pb_blurb_container\"><h4 class=\"et_pb_module_header\">Carl Orff - Carmina Burana<\/h4><div class=\"et_pb_blurb_description\"><p style=\"text-align: center;\">25 de noviembre del 2026<br \/>Presentador: Miquel \u00c0ngel Escard\u00f3<\/p>\n<p style=\"text-align: center;\">(Clica aqu\u00ed para ver m\u00e1s)<\/p>\n<div id=\"simple-translate\" class=\"simple-translate-system-theme\">\n<div>\n<div style=\"background-image: url('moz-extension:\/\/6815dd06-bf5e-4de0-bf79-037a21f3a9c9\/icons\/512.png'); height: 22px; width: 22px; top: 73px; left: 25px;\" class=\"simple-translate-button isShow\"><\/div>\n<div class=\"simple-translate-panel \" style=\"width: 300px; height: 200px; top: 0px; left: 0px; font-size: 13px;\">\n<div class=\"simple-translate-result-wrapper\" style=\"overflow: hidden;\">\n<div class=\"simple-translate-move\" draggable=\"true\"><\/div>\n<div class=\"simple-translate-result-contents\">\n<p class=\"simple-translate-result\" dir=\"auto\">\n<p class=\"simple-translate-candidate\" dir=\"auto\">\n<\/div>\n<\/div>\n<\/div>\n<\/div>\n<\/div>\n<\/div><\/div><\/div><\/div>\n<\/div>\n\n<div class=\"et_pb_column_7 et_pb_column et_pb_column_1_4 et_block_column et_pb_css_mix_blend_mode_passthrough\">\n<div class=\"et_pb_blurb_1 et_pb_blurb et_pb_bg_layout_light et_pb_blurb_position_top et_pb_module et_block_module\" id=\"Gershwin\"><div class=\"et_pb_blurb_content\"><div class=\"et_pb_main_blurb_image\"><span class=\"et_pb_image_wrap et_pb_only_image_mode_wrap\"><img loading=\"lazy\" decoding=\"async\" src=\"https:\/\/troba.net\/discoforum\/wp-content\/uploads\/2026\/08\/George-Gershwin-scaled.jpg\" width=\"2560\" height=\"2560\" srcset=\"https:\/\/troba.net\/discoforum\/wp-content\/uploads\/2026\/08\/George-Gershwin-scaled.jpg 2560w, https:\/\/troba.net\/discoforum\/wp-content\/uploads\/2026\/08\/George-Gershwin-1280x1280.jpg 1280w, https:\/\/troba.net\/discoforum\/wp-content\/uploads\/2026\/08\/George-Gershwin-980x980.jpg 980w, https:\/\/troba.net\/discoforum\/wp-content\/uploads\/2026\/08\/George-Gershwin-480x480.jpg 480w\" sizes=\"(min-width: 0px) and (max-width: 480px) 480px, (min-width: 481px) and (max-width: 980px) 980px, (min-width: 981px) and (max-width: 1280px) 1280px, (min-width: 1281px) 2560px, 100vw\" class=\"wp-image-400495\" title=\"George Gershwin\" \/><\/span><\/div><div class=\"et_pb_blurb_container\"><h4 class=\"et_pb_module_header\">George Gershwin<\/h4><div class=\"et_pb_blurb_description\"><p style=\"text-align: center;\">11 de novembre del 2026<br \/>Presentador: Manel Fabregat<\/p>\n<p style=\"text-align: center;\">\n<\/div><\/div><\/div><\/div>\n<\/div>\n\n<div class=\"et_pb_column_8 et_pb_column et_pb_column_1_4 et_block_column et_pb_css_mix_blend_mode_passthrough\">\n<div class=\"et_pb_blurb_2 et_pb_blurb et_pb_bg_layout_light et_pb_blurb_position_top et_clickable et_pb_module et_block_module\" id=\"WAMozart\"><div class=\"et_pb_blurb_content\"><div class=\"et_pb_main_blurb_image\"><span class=\"et_pb_image_wrap et_pb_only_image_mode_wrap\"><img loading=\"lazy\" decoding=\"async\" src=\"https:\/\/troba.net\/discoforum\/wp-content\/uploads\/2026\/08\/Mozart-3000x3000-1-scaled.jpg\" width=\"2560\" height=\"2560\" srcset=\"https:\/\/troba.net\/discoforum\/wp-content\/uploads\/2026\/08\/Mozart-3000x3000-1-scaled.jpg 2560w, https:\/\/troba.net\/discoforum\/wp-content\/uploads\/2026\/08\/Mozart-3000x3000-1-1280x1280.jpg 1280w, https:\/\/troba.net\/discoforum\/wp-content\/uploads\/2026\/08\/Mozart-3000x3000-1-980x980.jpg 980w, https:\/\/troba.net\/discoforum\/wp-content\/uploads\/2026\/08\/Mozart-3000x3000-1-480x480.jpg 480w\" sizes=\"(min-width: 0px) and (max-width: 480px) 480px, (min-width: 481px) and (max-width: 980px) 980px, (min-width: 981px) and (max-width: 1280px) 1280px, (min-width: 1281px) 2560px, 100vw\" class=\"wp-image-400515\" title=\"Mozart 3000x3000\" \/><\/span><\/div><div class=\"et_pb_blurb_container\"><h4 class=\"et_pb_module_header\">Wolfgang Amadeus Mozart<\/h4><div class=\"et_pb_blurb_description\"><p style=\"text-align: center;\">28 de octubre del 2026<br \/>Presentador: Josep Izquierdo<\/p>\n<p style=\"text-align: center;\">(Clica aqu\u00ed para ver m\u00e1s)<\/p>\n<\/div><\/div><\/div><\/div>\n<\/div>\n\n<div class=\"et_pb_column_9 et_pb_column et_pb_column_1_4 et-last-child et_block_column et_pb_css_mix_blend_mode_passthrough\">\n<div class=\"et_pb_blurb_3 et_pb_blurb et_pb_bg_layout_light et_pb_blurb_position_top et_pb_module et_block_module\" id=\"FChopin\"><div class=\"et_pb_blurb_content\"><div class=\"et_pb_main_blurb_image\"><span class=\"et_pb_image_wrap et_pb_only_image_mode_wrap\"><img loading=\"lazy\" decoding=\"async\" src=\"https:\/\/troba.net\/discoforum\/wp-content\/uploads\/2026\/08\/frederic-chopin-1200x1200-1.jpg\" width=\"1200\" height=\"1200\" srcset=\"https:\/\/troba.net\/discoforum\/wp-content\/uploads\/2026\/08\/frederic-chopin-1200x1200-1.jpg 1200w, https:\/\/troba.net\/discoforum\/wp-content\/uploads\/2026\/08\/frederic-chopin-1200x1200-1-980x980.jpg 980w, https:\/\/troba.net\/discoforum\/wp-content\/uploads\/2026\/08\/frederic-chopin-1200x1200-1-480x480.jpg 480w\" sizes=\"(min-width: 0px) and (max-width: 480px) 480px, (min-width: 481px) and (max-width: 980px) 980px, (min-width: 981px) 1200px, 100vw\" class=\"wp-image-400498\" title=\"fr\u00e9d\u00e9ric chopin 1200x1200\" \/><\/span><\/div><div class=\"et_pb_blurb_container\"><h4 class=\"et_pb_module_header\"> Fr\u00e9d\u00e9ric Chopin<\/h4><div class=\"et_pb_blurb_description\"><p style=\"text-align: center;\">14 d'octubre del 2026<br \/>Presentador: Francesc Ventura<\/p>\n<p style=\"text-align: center;\">\n<\/div><\/div><\/div><\/div>\n<\/div>\n<\/div>\n\n<div class=\"et_pb_row_5 et_pb_row et_pb_row_4col et_pb_equal_columns et_block_row et_block_row_4col\">\n<div class=\"et_pb_column_10 et_pb_column et_pb_column_1_4 et_block_column et_pb_css_mix_blend_mode_passthrough\">\n<div class=\"et_pb_blurb_4 et_pb_blurb et_pb_bg_layout_light et_pb_blurb_position_top et_clickable et_pb_module et_block_module\" id=\"Musica-IA-2\"><div class=\"et_pb_blurb_content\"><div class=\"et_pb_main_blurb_image\"><span class=\"et_pb_image_wrap et_pb_only_image_mode_wrap\"><img loading=\"lazy\" decoding=\"async\" src=\"https:\/\/troba.net\/discoforum\/wp-content\/uploads\/2026\/06\/08-Compilacio-Vihannah-1200x1200-1.png\" width=\"1200\" height=\"1200\" srcset=\"https:\/\/troba.net\/discoforum\/wp-content\/uploads\/2026\/06\/08-Compilacio-Vihannah-1200x1200-1.png 1200w, https:\/\/troba.net\/discoforum\/wp-content\/uploads\/2026\/06\/08-Compilacio-Vihannah-1200x1200-1-980x980.png 980w, https:\/\/troba.net\/discoforum\/wp-content\/uploads\/2026\/06\/08-Compilacio-Vihannah-1200x1200-1-480x480.png 480w\" sizes=\"(min-width: 0px) and (max-width: 480px) 480px, (min-width: 481px) and (max-width: 980px) 980px, (min-width: 981px) 1200px, 100vw\" class=\"wp-image-400341\" title=\"08 Compilaci\u00f3 - Vihannah 1200x1200\" \/><\/span><\/div><div class=\"et_pb_blurb_container\"><h4 class=\"et_pb_module_header\">M\u00fasica y inteligencia artificial - 3<\/h4><div class=\"et_pb_blurb_description\"><p style=\"text-align: center;\">30 de septiembre del 2026<br \/>Presentador: Miquel \u00c0ngel Escard\u00f3<\/p>\n<p style=\"text-align: center;\">(Clica aqu\u00ed para ver m\u00e1s)<\/p>\n<div id=\"simple-translate\" class=\"simple-translate-system-theme\">\n<div>\n<div style=\"background-image: url('moz-extension:\/\/6815dd06-bf5e-4de0-bf79-037a21f3a9c9\/icons\/512.png'); height: 22px; width: 22px; top: 10px; left: 10px;\" class=\"simple-translate-button \"><\/div>\n<div class=\"simple-translate-panel \" style=\"width: 300px; height: 200px; top: 0px; left: 0px; font-size: 13px;\">\n<div class=\"simple-translate-result-wrapper\" style=\"overflow: hidden;\">\n<div class=\"simple-translate-move\" draggable=\"true\"><\/div>\n<div class=\"simple-translate-result-contents\">\n<p class=\"simple-translate-result\" dir=\"auto\">\n<p class=\"simple-translate-candidate\" dir=\"auto\">\n<\/div>\n<\/div>\n<\/div>\n<\/div>\n<\/div>\n<\/div><\/div><\/div><\/div>\n<\/div>\n\n<div class=\"et_pb_column_11 et_pb_column et_pb_column_1_4 et_block_column et_pb_css_mix_blend_mode_passthrough\">\n<div class=\"et_pb_blurb_5 et_pb_blurb et_pb_bg_layout_light et_pb_blurb_position_top et_clickable et_pb_module et_block_module\" id=\"BigBands\"><div class=\"et_pb_blurb_content\"><div class=\"et_pb_main_blurb_image\"><span class=\"et_pb_image_wrap et_pb_only_image_mode_wrap\"><img loading=\"lazy\" decoding=\"async\" src=\"https:\/\/troba.net\/discoforum\/wp-content\/uploads\/2026\/06\/La-Bella-Dixiland-1920x1920-1.png\" width=\"1920\" height=\"1920\" srcset=\"https:\/\/troba.net\/discoforum\/wp-content\/uploads\/2026\/06\/La-Bella-Dixiland-1920x1920-1.png 1920w, https:\/\/troba.net\/discoforum\/wp-content\/uploads\/2026\/06\/La-Bella-Dixiland-1920x1920-1-1280x1280.png 1280w, https:\/\/troba.net\/discoforum\/wp-content\/uploads\/2026\/06\/La-Bella-Dixiland-1920x1920-1-980x980.png 980w, https:\/\/troba.net\/discoforum\/wp-content\/uploads\/2026\/06\/La-Bella-Dixiland-1920x1920-1-480x480.png 480w\" sizes=\"(min-width: 0px) and (max-width: 480px) 480px, (min-width: 481px) and (max-width: 980px) 980px, (min-width: 981px) and (max-width: 1280px) 1280px, (min-width: 1281px) 1920px, 100vw\" class=\"wp-image-400359\" title=\"jazz-singer-2000x200\" \/><\/span><\/div><div class=\"et_pb_blurb_container\"><h4 class=\"et_pb_module_header\">Big bands catalanas<\/h4><div class=\"et_pb_blurb_description\"><p style=\"text-align: center;\">16 de septiembre del 2026<br \/>Presentador: Manel Fabregat<\/p>\n<p style=\"text-align: center;\">(Clica aqu\u00ed para ver m\u00e1s)<\/p>\n<\/div><\/div><\/div><\/div>\n<\/div>\n\n<div class=\"et_pb_column_12 et_pb_column et_pb_column_1_4 et_block_column et_pb_css_mix_blend_mode_passthrough\">\n<div class=\"et_pb_blurb_6 et_pb_blurb et_pb_bg_layout_light et_pb_blurb_position_top et_clickable et_pb_module et_block_module\" id=\"FJHaydn\"><div class=\"et_pb_blurb_content\"><div class=\"et_pb_main_blurb_image\"><span class=\"et_pb_image_wrap et_pb_only_image_mode_wrap\"><img loading=\"lazy\" decoding=\"async\" src=\"https:\/\/troba.net\/discoforum\/wp-content\/uploads\/2025\/07\/Haydn-1500x1500-1.jpg\" width=\"1500\" height=\"1500\" srcset=\"https:\/\/troba.net\/discoforum\/wp-content\/uploads\/2025\/07\/Haydn-1500x1500-1.jpg 1500w, https:\/\/troba.net\/discoforum\/wp-content\/uploads\/2025\/07\/Haydn-1500x1500-1-1280x1280.jpg 1280w, https:\/\/troba.net\/discoforum\/wp-content\/uploads\/2025\/07\/Haydn-1500x1500-1-980x980.jpg 980w, https:\/\/troba.net\/discoforum\/wp-content\/uploads\/2025\/07\/Haydn-1500x1500-1-480x480.jpg 480w\" sizes=\"(min-width: 0px) and (max-width: 480px) 480px, (min-width: 481px) and (max-width: 980px) 980px, (min-width: 981px) and (max-width: 1280px) 1280px, (min-width: 1281px) 1500px, 100vw\" class=\"wp-image-398570\" title=\"Haydn 1500x1500\" \/><\/span><\/div><div class=\"et_pb_blurb_container\"><h4 class=\"et_pb_module_header\">Franz Joseph Haydn<\/h4><div class=\"et_pb_blurb_description\"><p style=\"text-align: center;\">29 de julio del 2026<br \/>Presentador: Josep Izquierdo<\/p>\n<p style=\"text-align: center;\">(Clica aqu\u00ed para ver m\u00e1s)<\/p>\n<\/div><\/div><\/div><\/div>\n<\/div>\n\n<div class=\"et_pb_column_13 et_pb_column et_pb_column_1_4 et-last-child et_block_column et_pb_css_mix_blend_mode_passthrough\">\n<div class=\"et_pb_blurb_7 et_pb_blurb et_pb_bg_layout_light et_pb_blurb_position_top et_clickable et_pb_module et_block_module\" id=\"Txaikovski\"><div class=\"et_pb_blurb_content\"><div class=\"et_pb_main_blurb_image\"><span class=\"et_pb_image_wrap et_pb_only_image_mode_wrap\"><img loading=\"lazy\" decoding=\"async\" src=\"https:\/\/troba.net\/discoforum\/wp-content\/uploads\/2026\/06\/1-\u2013-Variacions-sobre-un-tema-rococo-1200x1200-1.png\" width=\"1200\" height=\"1200\" srcset=\"https:\/\/troba.net\/discoforum\/wp-content\/uploads\/2026\/06\/1-\u2013-Variacions-sobre-un-tema-rococo-1200x1200-1.png 1200w, https:\/\/troba.net\/discoforum\/wp-content\/uploads\/2026\/06\/1-\u2013-Variacions-sobre-un-tema-rococo-1200x1200-1-300x300.png 300w, https:\/\/troba.net\/discoforum\/wp-content\/uploads\/2026\/06\/1-\u2013-Variacions-sobre-un-tema-rococo-1200x1200-1-1024x1024.png 1024w, https:\/\/troba.net\/discoforum\/wp-content\/uploads\/2026\/06\/1-\u2013-Variacions-sobre-un-tema-rococo-1200x1200-1-150x150.png 150w, https:\/\/troba.net\/discoforum\/wp-content\/uploads\/2026\/06\/1-\u2013-Variacions-sobre-un-tema-rococo-1200x1200-1-768x768.png 768w, https:\/\/troba.net\/discoforum\/wp-content\/uploads\/2026\/06\/1-\u2013-Variacions-sobre-un-tema-rococo-1200x1200-1-1080x1080.png 1080w, https:\/\/troba.net\/discoforum\/wp-content\/uploads\/2026\/06\/1-\u2013-Variacions-sobre-un-tema-rococo-1200x1200-1-980x980.png 980w, https:\/\/troba.net\/discoforum\/wp-content\/uploads\/2026\/06\/1-\u2013-Variacions-sobre-un-tema-rococo-1200x1200-1-480x480.png 480w\" sizes=\"(max-width: 1200px) 100vw, 1200px\" class=\"wp-image-400303\" title=\"1 \u2013 Variacions sobre un tema rococ\u00f3 1200x1200\" \/><\/span><\/div><div class=\"et_pb_blurb_container\"><h4 class=\"et_pb_module_header\">Piotr Ilitx Txaikovski <\/h4><div class=\"et_pb_blurb_description\"><p style=\"text-align: center;\">15 de julio del 2026<br \/>Presentador: Francesc Ventura<\/p>\n<p style=\"text-align: center;\">(Clica aqu\u00ed para ver m\u00e1s)<\/p>\n<\/div><\/div><\/div><\/div>\n<\/div>\n<\/div>\n\n<div class=\"et_pb_row_6 et_pb_row et_pb_row_4col et_pb_equal_columns et_block_row et_block_row_4col\">\n<div class=\"et_pb_column_14 et_pb_column et_pb_column_1_4 et_block_column et_pb_css_mix_blend_mode_passthrough\">\n<div class=\"et_pb_blurb_8 et_pb_blurb et_pb_bg_layout_light et_pb_blurb_position_top et_clickable et_pb_module et_block_module\" id=\"ClassicaIA-2\"><div class=\"et_pb_blurb_content\"><div class=\"et_pb_main_blurb_image\"><span class=\"et_pb_image_wrap et_pb_only_image_mode_wrap\"><img loading=\"lazy\" decoding=\"async\" src=\"https:\/\/troba.net\/discoforum\/wp-content\/uploads\/2026\/04\/amics-IA-2000x2000-1.jpg\" width=\"2000\" height=\"2000\" srcset=\"https:\/\/troba.net\/discoforum\/wp-content\/uploads\/2026\/04\/amics-IA-2000x2000-1.jpg 2000w, https:\/\/troba.net\/discoforum\/wp-content\/uploads\/2026\/04\/amics-IA-2000x2000-1-1280x1280.jpg 1280w, https:\/\/troba.net\/discoforum\/wp-content\/uploads\/2026\/04\/amics-IA-2000x2000-1-980x980.jpg 980w, https:\/\/troba.net\/discoforum\/wp-content\/uploads\/2026\/04\/amics-IA-2000x2000-1-480x480.jpg 480w\" sizes=\"(min-width: 0px) and (max-width: 480px) 480px, (min-width: 481px) and (max-width: 980px) 980px, (min-width: 981px) and (max-width: 1280px) 1280px, (min-width: 1281px) 2000px, 100vw\" class=\"wp-image-400019\" title=\"amics IA 2000x2000\" \/><\/span><\/div><div class=\"et_pb_blurb_container\"><h4 class=\"et_pb_module_header\">M\u00fasica cl\u00e1sica y inteligencia atificial - 2<\/h4><div class=\"et_pb_blurb_description\"><p style=\"text-align: center;\">1 de julio del 2026<br \/>Presentador: Miquel \u00c0ngel Escard\u00f3<\/p>\n<p style=\"text-align: center;\">(Clica aqu\u00ed para ver m\u00e1s)<\/p>\n<\/div><\/div><\/div><\/div>\n<\/div>\n\n<div class=\"et_pb_column_15 et_pb_column et_pb_column_1_4 et_block_column et_pb_css_mix_blend_mode_passthrough\">\n<div class=\"et_pb_blurb_9 et_pb_blurb et_pb_bg_layout_light et_pb_blurb_position_top et_clickable et_pb_module et_block_module\" id=\"HomesCanten\"><div class=\"et_pb_blurb_content\"><div class=\"et_pb_main_blurb_image\"><span class=\"et_pb_image_wrap et_pb_only_image_mode_wrap\"><img loading=\"lazy\" decoding=\"async\" src=\"https:\/\/troba.net\/discoforum\/wp-content\/uploads\/2026\/04\/jazz-singer-2000x200-1.jpg\" width=\"2000\" height=\"2000\" srcset=\"https:\/\/troba.net\/discoforum\/wp-content\/uploads\/2026\/04\/jazz-singer-2000x200-1.jpg 2000w, https:\/\/troba.net\/discoforum\/wp-content\/uploads\/2026\/04\/jazz-singer-2000x200-1-1280x1280.jpg 1280w, https:\/\/troba.net\/discoforum\/wp-content\/uploads\/2026\/04\/jazz-singer-2000x200-1-980x980.jpg 980w, https:\/\/troba.net\/discoforum\/wp-content\/uploads\/2026\/04\/jazz-singer-2000x200-1-480x480.jpg 480w\" sizes=\"(min-width: 0px) and (max-width: 480px) 480px, (min-width: 481px) and (max-width: 980px) 980px, (min-width: 981px) and (max-width: 1280px) 1280px, (min-width: 1281px) 2000px, 100vw\" class=\"wp-image-400018\" title=\"jazz-singer-2000x200\" \/><\/span><\/div><div class=\"et_pb_blurb_container\"><h4 class=\"et_pb_module_header\">Los hombres tambi\u00e9n cantan<\/h4><div class=\"et_pb_blurb_description\"><p style=\"text-align: center;\">17 de junio del 2026<br \/>Presentador: Manel Fabregat<\/p>\n<p style=\"text-align: center;\">(Clica aqu\u00ed para ver m\u00e1s)<\/p>\n<\/div><\/div><\/div><\/div>\n<\/div>\n\n<div class=\"et_pb_column_16 et_pb_column et_pb_column_1_4 et_block_column et_pb_css_mix_blend_mode_passthrough\">\n<div class=\"et_pb_blurb_10 et_pb_blurb et_pb_bg_layout_light et_pb_blurb_position_top et_clickable et_pb_module et_block_module\" id=\"Beethoven-Piano\"><div class=\"et_pb_blurb_content\"><div class=\"et_pb_main_blurb_image\"><span class=\"et_pb_image_wrap et_pb_only_image_mode_wrap\"><img loading=\"lazy\" decoding=\"async\" src=\"https:\/\/troba.net\/discoforum\/wp-content\/uploads\/2026\/05\/pedroddf-piano-1500x1500-1.jpg\" width=\"1500\" height=\"1500\" srcset=\"https:\/\/troba.net\/discoforum\/wp-content\/uploads\/2026\/05\/pedroddf-piano-1500x1500-1.jpg 1500w, https:\/\/troba.net\/discoforum\/wp-content\/uploads\/2026\/05\/pedroddf-piano-1500x1500-1-1280x1280.jpg 1280w, https:\/\/troba.net\/discoforum\/wp-content\/uploads\/2026\/05\/pedroddf-piano-1500x1500-1-980x980.jpg 980w, https:\/\/troba.net\/discoforum\/wp-content\/uploads\/2026\/05\/pedroddf-piano-1500x1500-1-480x480.jpg 480w\" sizes=\"(min-width: 0px) and (max-width: 480px) 480px, (min-width: 481px) and (max-width: 980px) 980px, (min-width: 981px) and (max-width: 1280px) 1280px, (min-width: 1281px) 1500px, 100vw\" class=\"wp-image-400214\" title=\"zarzuela-la-verbena-1500x1500\" \/><\/span><\/div><div class=\"et_pb_blurb_container\"><h4 class=\"et_pb_module_header\">Beethoven - Obras para piano<\/h4><div class=\"et_pb_blurb_description\"><p style=\"text-align: center;\">10 de junio del 2026<br \/>Presentador: Josep Izquierdo<\/p>\n<p style=\"text-align: center;\">(Clica aqu\u00ed para ver m\u00e1s)<\/p>\n<\/div><\/div><\/div><\/div>\n<\/div>\n\n<div class=\"et_pb_column_17 et_pb_column et_pb_column_1_4 et-last-child et_block_column et_pb_css_mix_blend_mode_passthrough\">\n<div class=\"et_pb_blurb_11 et_pb_blurb et_pb_bg_layout_light et_pb_blurb_position_top et_clickable et_pb_module et_block_module\" id=\"AntoninDvorak-2\"><div class=\"et_pb_blurb_content\"><div class=\"et_pb_main_blurb_image\"><span class=\"et_pb_image_wrap et_pb_only_image_mode_wrap\"><img loading=\"lazy\" decoding=\"async\" src=\"https:\/\/troba.net\/discoforum\/wp-content\/uploads\/2026\/05\/Mascara-2.jpg\" width=\"1920\" height=\"1920\" srcset=\"https:\/\/troba.net\/discoforum\/wp-content\/uploads\/2026\/05\/Mascara-2.jpg 1920w, https:\/\/troba.net\/discoforum\/wp-content\/uploads\/2026\/05\/Mascara-2-1280x1280.jpg 1280w, https:\/\/troba.net\/discoforum\/wp-content\/uploads\/2026\/05\/Mascara-2-980x980.jpg 980w, https:\/\/troba.net\/discoforum\/wp-content\/uploads\/2026\/05\/Mascara-2-480x480.jpg 480w\" sizes=\"(min-width: 0px) and (max-width: 480px) 480px, (min-width: 481px) and (max-width: 980px) 980px, (min-width: 981px) and (max-width: 1280px) 1280px, (min-width: 1281px) 1920px, 100vw\" class=\"wp-image-400178\" \/><\/span><\/div><div class=\"et_pb_blurb_container\"><h4 class=\"et_pb_module_header\">Antonin Dvo\u0159\u00e1k - 2<\/h4><div class=\"et_pb_blurb_description\"><p style=\"text-align: center;\">27 de mayo del 2026<br \/>Presentador: Francesc Ventura<\/p>\n<p style=\"text-align: center;\">(Clica aqu\u00ed para ver m\u00e1s)<\/p>\n<\/div><\/div><\/div><\/div>\n<\/div>\n<\/div>\n\n<div class=\"et_pb_row_7 et_pb_row et_pb_row_4col et_pb_equal_columns et_block_row et_block_row_4col\">\n<div class=\"et_pb_column_18 et_pb_column et_pb_column_1_4 et_block_column et_pb_css_mix_blend_mode_passthrough\">\n<div class=\"et_pb_blurb_12 et_pb_blurb et_pb_bg_layout_light et_pb_blurb_position_top et_clickable et_pb_module et_block_module\" id=\"ClassicaIA-1\"><div class=\"et_pb_blurb_content\"><div class=\"et_pb_main_blurb_image\"><span class=\"et_pb_image_wrap et_pb_only_image_mode_wrap\"><img loading=\"lazy\" decoding=\"async\" src=\"https:\/\/troba.net\/discoforum\/wp-content\/uploads\/2026\/02\/cap-de-robot-2-1920x1920-1.png\" width=\"1920\" height=\"1920\" srcset=\"https:\/\/troba.net\/discoforum\/wp-content\/uploads\/2026\/02\/cap-de-robot-2-1920x1920-1.png 1920w, https:\/\/troba.net\/discoforum\/wp-content\/uploads\/2026\/02\/cap-de-robot-2-1920x1920-1-1280x1280.png 1280w, https:\/\/troba.net\/discoforum\/wp-content\/uploads\/2026\/02\/cap-de-robot-2-1920x1920-1-980x980.png 980w, https:\/\/troba.net\/discoforum\/wp-content\/uploads\/2026\/02\/cap-de-robot-2-1920x1920-1-480x480.png 480w\" sizes=\"(min-width: 0px) and (max-width: 480px) 480px, (min-width: 481px) and (max-width: 980px) 980px, (min-width: 981px) and (max-width: 1280px) 1280px, (min-width: 1281px) 1920px, 100vw\" class=\"wp-image-399518\" \/><\/span><\/div><div class=\"et_pb_blurb_container\"><h4 class=\"et_pb_module_header\">M\u00fasica cl\u00e1sica y inteligencia atificial - 1<\/h4><div class=\"et_pb_blurb_description\"><p style=\"text-align: center;\">13 de mayo del 2026<br \/>Presentador: Miquel \u00c0ngel Escard\u00f3<\/p>\n<p style=\"text-align: center;\">(Clica aqu\u00ed para ver m\u00e1s)<\/p>\n<\/div><\/div><\/div><\/div>\n<\/div>\n\n<div class=\"et_pb_column_19 et_pb_column et_pb_column_1_4 et_block_column et_pb_css_mix_blend_mode_passthrough\">\n<div class=\"et_pb_blurb_13 et_pb_blurb et_pb_bg_layout_light et_pb_blurb_position_top et_clickable et_pb_module et_block_module\" id=\"RichardRodgers\"><div class=\"et_pb_blurb_content\"><div class=\"et_pb_main_blurb_image\"><span class=\"et_pb_image_wrap et_pb_only_image_mode_wrap\"><img loading=\"lazy\" decoding=\"async\" src=\"https:\/\/troba.net\/discoforum\/wp-content\/uploads\/2026\/02\/Richard-Rogers-1000x1000-1.jpg\" width=\"1000\" height=\"1000\" srcset=\"https:\/\/troba.net\/discoforum\/wp-content\/uploads\/2026\/02\/Richard-Rogers-1000x1000-1.jpg 1000w, https:\/\/troba.net\/discoforum\/wp-content\/uploads\/2026\/02\/Richard-Rogers-1000x1000-1-980x980.jpg 980w, https:\/\/troba.net\/discoforum\/wp-content\/uploads\/2026\/02\/Richard-Rogers-1000x1000-1-480x480.jpg 480w\" sizes=\"(min-width: 0px) and (max-width: 480px) 480px, (min-width: 481px) and (max-width: 980px) 980px, (min-width: 981px) 1000px, 100vw\" class=\"wp-image-399515\" \/><\/span><\/div><div class=\"et_pb_blurb_container\"><h4 class=\"et_pb_module_header\">Richard Rodgers<\/h4><div class=\"et_pb_blurb_description\"><p style=\"text-align: center;\">29 de abril del 2026<br \/>Presentador: Manel Fabregat<\/p>\n<p style=\"text-align: center;\">(Clica aqu\u00ed para ver m\u00e1s)<\/p>\n<\/div><\/div><\/div><\/div>\n<\/div>\n\n<div class=\"et_pb_column_20 et_pb_column et_pb_column_1_4 et_block_column et_pb_css_mix_blend_mode_passthrough\">\n<div class=\"et_pb_blurb_14 et_pb_blurb et_pb_bg_layout_light et_pb_blurb_position_top et_clickable et_pb_module et_block_module\" id=\"OberturesOperesFamoses\"><div class=\"et_pb_blurb_content\"><div class=\"et_pb_main_blurb_image\"><span class=\"et_pb_image_wrap et_pb_only_image_mode_wrap\"><img loading=\"lazy\" decoding=\"async\" src=\"https:\/\/troba.net\/discoforum\/wp-content\/uploads\/2025\/11\/Liceu-2000x2000-1.jpg\" width=\"2000\" height=\"2000\" srcset=\"https:\/\/troba.net\/discoforum\/wp-content\/uploads\/2025\/11\/Liceu-2000x2000-1.jpg 2000w, https:\/\/troba.net\/discoforum\/wp-content\/uploads\/2025\/11\/Liceu-2000x2000-1-1280x1280.jpg 1280w, https:\/\/troba.net\/discoforum\/wp-content\/uploads\/2025\/11\/Liceu-2000x2000-1-980x980.jpg 980w, https:\/\/troba.net\/discoforum\/wp-content\/uploads\/2025\/11\/Liceu-2000x2000-1-480x480.jpg 480w\" sizes=\"(min-width: 0px) and (max-width: 480px) 480px, (min-width: 481px) and (max-width: 980px) 980px, (min-width: 981px) and (max-width: 1280px) 1280px, (min-width: 1281px) 2000px, 100vw\" class=\"wp-image-399262\" \/><\/span><\/div><div class=\"et_pb_blurb_container\"><h4 class=\"et_pb_module_header\">Obertures de \u00f3peras famosas<\/h4><div class=\"et_pb_blurb_description\"><p style=\"text-align: center;\">15 de abril del 2026<br \/>Presentador: Josep Izquierdo<\/p>\n<p style=\"text-align: center;\">(Clica aqu\u00ed para ver m\u00e1s)<\/p>\n<\/div><\/div><\/div><\/div>\n<\/div>\n\n<div class=\"et_pb_column_21 et_pb_column et_pb_column_1_4 et-last-child et_block_column et_pb_css_mix_blend_mode_passthrough\">\n<div class=\"et_pb_blurb_15 et_pb_blurb et_pb_bg_layout_light et_pb_blurb_position_top et_clickable et_pb_module et_block_module\" id=\"AntoninDvorak-1\"><div class=\"et_pb_blurb_content\"><div class=\"et_pb_main_blurb_image\"><span class=\"et_pb_image_wrap et_pb_only_image_mode_wrap\"><img loading=\"lazy\" decoding=\"async\" src=\"https:\/\/troba.net\/discoforum\/wp-content\/uploads\/2024\/05\/Antonin_Dvorak_1024x1024.png\" width=\"1024\" height=\"1024\" srcset=\"https:\/\/troba.net\/discoforum\/wp-content\/uploads\/2024\/05\/Antonin_Dvorak_1024x1024.png 1024w, https:\/\/troba.net\/discoforum\/wp-content\/uploads\/2024\/05\/Antonin_Dvorak_1024x1024-980x980.png 980w, https:\/\/troba.net\/discoforum\/wp-content\/uploads\/2024\/05\/Antonin_Dvorak_1024x1024-480x480.png 480w\" sizes=\"(min-width: 0px) and (max-width: 480px) 480px, (min-width: 481px) and (max-width: 980px) 980px, (min-width: 981px) 1024px, 100vw\" class=\"wp-image-395167\" \/><\/span><\/div><div class=\"et_pb_blurb_container\"><h4 class=\"et_pb_module_header\">Antonin Dvo\u0159\u00e1k - 1<\/h4><div class=\"et_pb_blurb_description\"><p style=\"text-align: center;\">18 de marzo del 2026<br \/>Presentador: Francesc Ventura<\/p>\n<p style=\"text-align: center;\">(Clica aqu\u00ed para ver m\u00e1s)<\/p>\n<\/div><\/div><\/div><\/div>\n<\/div>\n<\/div>\n\n<div class=\"et_pb_row_8 et_pb_row et_pb_row_4col et_pb_equal_columns et_block_row et_block_row_4col\">\n<div class=\"et_pb_column_22 et_pb_column et_pb_column_1_4 et_block_column et_pb_css_mix_blend_mode_passthrough\">\n<div class=\"et_pb_blurb_16 et_pb_blurb et_pb_bg_layout_light et_pb_blurb_position_top et_clickable et_pb_module et_block_module\" id=\"MusicaDescriptiva\"><div class=\"et_pb_blurb_content\"><div class=\"et_pb_main_blurb_image\"><span class=\"et_pb_image_wrap et_pb_only_image_mode_wrap\"><img loading=\"lazy\" decoding=\"async\" src=\"https:\/\/troba.net\/discoforum\/wp-content\/uploads\/2025\/07\/dibuix-1500x1500-Do.png\" width=\"1500\" height=\"1500\" srcset=\"https:\/\/troba.net\/discoforum\/wp-content\/uploads\/2025\/07\/dibuix-1500x1500-Do.png 1500w, https:\/\/troba.net\/discoforum\/wp-content\/uploads\/2025\/07\/dibuix-1500x1500-Do-1280x1280.png 1280w, https:\/\/troba.net\/discoforum\/wp-content\/uploads\/2025\/07\/dibuix-1500x1500-Do-980x980.png 980w, https:\/\/troba.net\/discoforum\/wp-content\/uploads\/2025\/07\/dibuix-1500x1500-Do-480x480.png 480w\" sizes=\"(min-width: 0px) and (max-width: 480px) 480px, (min-width: 481px) and (max-width: 980px) 980px, (min-width: 981px) and (max-width: 1280px) 1280px, (min-width: 1281px) 1500px, 100vw\" class=\"wp-image-398848\" \/><\/span><\/div><div class=\"et_pb_blurb_container\"><h4 class=\"et_pb_module_header\">M\u00fasica descriptiva<\/h4><div class=\"et_pb_blurb_description\"><p style=\"text-align: center;\">4 de marzo del 2026<br \/>Presentador: Miquel \u00c0ngel Escard\u00f3<\/p>\n<p style=\"text-align: center;\">(Clica aqu\u00ed para ver m\u00e1s)<\/p>\n<\/div><\/div><\/div><\/div>\n<\/div>\n\n<div class=\"et_pb_column_23 et_pb_column et_pb_column_1_4 et_block_column et_pb_css_mix_blend_mode_passthrough\">\n<div class=\"et_pb_blurb_17 et_pb_blurb et_pb_bg_layout_light et_pb_blurb_position_top et_clickable et_pb_module et_block_module\" id=\"HomenajeAFrancescComa\"><div class=\"et_pb_blurb_content\"><div class=\"et_pb_main_blurb_image\"><span class=\"et_pb_image_wrap et_pb_only_image_mode_wrap\"><img loading=\"lazy\" decoding=\"async\" src=\"https:\/\/troba.net\/discoforum\/wp-content\/uploads\/2026\/01\/Francesc-Coma-gris-Q.jpg\" width=\"600\" height=\"600\" srcset=\"https:\/\/troba.net\/discoforum\/wp-content\/uploads\/2026\/01\/Francesc-Coma-gris-Q.jpg 600w, https:\/\/troba.net\/discoforum\/wp-content\/uploads\/2026\/01\/Francesc-Coma-gris-Q-480x480.jpg 480w\" sizes=\"(min-width: 0px) and (max-width: 480px) 480px, (min-width: 481px) 600px, 100vw\" class=\"wp-image-399437\" \/><\/span><\/div><div class=\"et_pb_blurb_container\"><h4 class=\"et_pb_module_header\">Homenaje a Francesc Coma<\/h4><div class=\"et_pb_blurb_description\"><p style=\"text-align: center;\">18 de febrero del 2026<br \/>Presentador: Francesc Coma<\/p>\n<p style=\"text-align: center;\">(Clica aqu\u00ed para ver m\u00e1s)<\/p>\n<\/div><\/div><\/div><\/div>\n<\/div>\n\n<div class=\"et_pb_column_24 et_pb_column et_pb_column_1_4 et_block_column et_pb_css_mix_blend_mode_passthrough\">\n<div class=\"et_pb_blurb_18 et_pb_blurb et_pb_bg_layout_light et_pb_blurb_position_top et_clickable et_pb_module et_block_module\" id=\"SidneyBechet\"><div class=\"et_pb_blurb_content\"><div class=\"et_pb_main_blurb_image\"><span class=\"et_pb_image_wrap et_pb_only_image_mode_wrap\"><img loading=\"lazy\" decoding=\"async\" src=\"https:\/\/troba.net\/discoforum\/wp-content\/uploads\/2025\/11\/sidney-bechet-1000x1000-1.jpg\" width=\"1000\" height=\"1000\" srcset=\"https:\/\/troba.net\/discoforum\/wp-content\/uploads\/2025\/11\/sidney-bechet-1000x1000-1.jpg 1000w, https:\/\/troba.net\/discoforum\/wp-content\/uploads\/2025\/11\/sidney-bechet-1000x1000-1-980x980.jpg 980w, https:\/\/troba.net\/discoforum\/wp-content\/uploads\/2025\/11\/sidney-bechet-1000x1000-1-480x480.jpg 480w\" sizes=\"(min-width: 0px) and (max-width: 480px) 480px, (min-width: 481px) and (max-width: 980px) 980px, (min-width: 981px) 1000px, 100vw\" class=\"wp-image-399238\" \/><\/span><\/div><div class=\"et_pb_blurb_container\"><h4 class=\"et_pb_module_header\">Sidney Bechet<\/h4><div class=\"et_pb_blurb_description\"><p style=\"text-align: center;\">4 de febrero del 2026<br \/>Presentador: Manel Fabregat<\/p>\n<p style=\"text-align: center;\">(Clica aqu\u00ed para ver m\u00e1s)<\/p>\n<\/div><\/div><\/div><\/div>\n<\/div>\n\n<div class=\"et_pb_column_25 et_pb_column et_pb_column_1_4 et-last-child et_block_column et_pb_css_mix_blend_mode_passthrough\">\n<div class=\"et_pb_blurb_19 et_pb_blurb et_pb_bg_layout_light et_pb_blurb_position_top et_clickable et_pb_module et_block_module\" id=\"BramsJohannes\"><div class=\"et_pb_blurb_content\"><div class=\"et_pb_main_blurb_image\"><span class=\"et_pb_image_wrap et_pb_only_image_mode_wrap\"><img loading=\"lazy\" decoding=\"async\" src=\"https:\/\/troba.net\/discoforum\/wp-content\/uploads\/2025\/05\/Brahms-1500x1500-1.jpg\" width=\"1500\" height=\"1500\" srcset=\"https:\/\/troba.net\/discoforum\/wp-content\/uploads\/2025\/05\/Brahms-1500x1500-1.jpg 1500w, https:\/\/troba.net\/discoforum\/wp-content\/uploads\/2025\/05\/Brahms-1500x1500-1-1280x1280.jpg 1280w, https:\/\/troba.net\/discoforum\/wp-content\/uploads\/2025\/05\/Brahms-1500x1500-1-980x980.jpg 980w, https:\/\/troba.net\/discoforum\/wp-content\/uploads\/2025\/05\/Brahms-1500x1500-1-480x480.jpg 480w\" sizes=\"(min-width: 0px) and (max-width: 480px) 480px, (min-width: 481px) and (max-width: 980px) 980px, (min-width: 981px) and (max-width: 1280px) 1280px, (min-width: 1281px) 1500px, 100vw\" class=\"wp-image-398215\" \/><\/span><\/div><div class=\"et_pb_blurb_container\"><h4 class=\"et_pb_module_header\">Johannes Brahms<\/h4><div class=\"et_pb_blurb_description\"><p style=\"text-align: center;\">21 de enero del 2026<br \/>Presentador: Josep Izquierdo<\/p>\n<p style=\"text-align: center;\">(Clica aqu\u00ed para ver m\u00e1s)<\/p>\n<\/div><\/div><\/div><\/div>\n<\/div>\n<\/div>\n<div class=\"et_pb_bottom_inside_divider et-no-transition\"><\/div><\/div>","protected":false},"excerpt":{"rendered":"","protected":false},"author":1,"featured_media":0,"parent":0,"menu_order":0,"comment_status":"closed","ping_status":"closed","template":"","meta":{"footnotes":""},"class_list":["post-398956","page","type-page","status-publish","hentry"],"yoast_head":"<!-- This site is optimized with the Yoast SEO plugin v28.3 - https:\/\/yoast.com\/product\/yoast-seo-wordpress\/ -->\n<title>Sesiones 2026 - Discof\u00f2rum<\/title>\n<meta name=\"robots\" content=\"index, follow, max-snippet:-1, max-image-preview:large, max-video-preview:-1\" \/>\n<link rel=\"canonical\" href=\"https:\/\/troba.net\/discoforum\/es\/sesiones-2026\/\" \/>\n<meta property=\"og:locale\" content=\"ca_ES\" \/>\n<meta property=\"og:type\" content=\"article\" \/>\n<meta property=\"og:title\" content=\"Sesiones 2026 - Discof\u00f2rum\" \/>\n<meta property=\"og:url\" content=\"https:\/\/troba.net\/discoforum\/es\/sesiones-2026\/\" \/>\n<meta property=\"og:site_name\" content=\"Discof\u00f2rum\" \/>\n<meta property=\"article:modified_time\" content=\"2026-08-27T12:54:35+00:00\" \/>\n<meta name=\"twitter:card\" content=\"summary_large_image\" \/>\n<meta name=\"twitter:label1\" content=\"Temps estimat de lectura\" \/>\n\t<meta name=\"twitter:data1\" content=\"2 minuts\" \/>\n<script type=\"application\/ld+json\" class=\"yoast-schema-graph\">{\"@context\":\"https:\\\/\\\/schema.org\",\"@graph\":[{\"@type\":\"WebPage\",\"@id\":\"https:\\\/\\\/troba.net\\\/discoforum\\\/es\\\/sesiones-2026\\\/\",\"url\":\"https:\\\/\\\/troba.net\\\/discoforum\\\/es\\\/sesiones-2026\\\/\",\"name\":\"Sesiones 2026 - Discof\u00f2rum\",\"isPartOf\":{\"@id\":\"https:\\\/\\\/troba.net\\\/discoforum\\\/#website\"},\"datePublished\":\"2025-07-28T17:07:29+00:00\",\"dateModified\":\"2026-08-27T12:54:35+00:00\",\"breadcrumb\":{\"@id\":\"https:\\\/\\\/troba.net\\\/discoforum\\\/es\\\/sesiones-2026\\\/#breadcrumb\"},\"inLanguage\":\"ca\",\"potentialAction\":[{\"@type\":\"ReadAction\",\"target\":[\"https:\\\/\\\/troba.net\\\/discoforum\\\/es\\\/sesiones-2026\\\/\"]}]},{\"@type\":\"BreadcrumbList\",\"@id\":\"https:\\\/\\\/troba.net\\\/discoforum\\\/es\\\/sesiones-2026\\\/#breadcrumb\",\"itemListElement\":[{\"@type\":\"ListItem\",\"position\":1,\"name\":\"Inici\",\"item\":\"https:\\\/\\\/troba.net\\\/discoforum\\\/\"},{\"@type\":\"ListItem\",\"position\":2,\"name\":\"Sesiones 2026\"}]},{\"@type\":\"WebSite\",\"@id\":\"https:\\\/\\\/troba.net\\\/discoforum\\\/#website\",\"url\":\"https:\\\/\\\/troba.net\\\/discoforum\\\/\",\"name\":\"Discof\u00f2rum\",\"description\":\"Sessions audio-visuals de m\u00fasica cl\u00e0ssica i jazz\",\"publisher\":{\"@id\":\"https:\\\/\\\/troba.net\\\/discoforum\\\/#organization\"},\"potentialAction\":[{\"@type\":\"SearchAction\",\"target\":{\"@type\":\"EntryPoint\",\"urlTemplate\":\"https:\\\/\\\/troba.net\\\/discoforum\\\/?s={search_term_string}\"},\"query-input\":{\"@type\":\"PropertyValueSpecification\",\"valueRequired\":true,\"valueName\":\"search_term_string\"}}],\"inLanguage\":\"ca\"},{\"@type\":\"Organization\",\"@id\":\"https:\\\/\\\/troba.net\\\/discoforum\\\/#organization\",\"name\":\"Discof\u00f2rum\",\"url\":\"https:\\\/\\\/troba.net\\\/discoforum\\\/\",\"logo\":{\"@type\":\"ImageObject\",\"inLanguage\":\"ca\",\"@id\":\"https:\\\/\\\/troba.net\\\/discoforum\\\/#\\\/schema\\\/logo\\\/image\\\/\",\"url\":\"https:\\\/\\\/troba.net\\\/discoforum\\\/wp-content\\\/uploads\\\/2024\\\/03\\\/logo-discoforum-fons-blanc.png\",\"contentUrl\":\"https:\\\/\\\/troba.net\\\/discoforum\\\/wp-content\\\/uploads\\\/2024\\\/03\\\/logo-discoforum-fons-blanc.png\",\"width\":577,\"height\":73,\"caption\":\"Discof\u00f2rum\"},\"image\":{\"@id\":\"https:\\\/\\\/troba.net\\\/discoforum\\\/#\\\/schema\\\/logo\\\/image\\\/\"}}]}<\/script>\n<!-- \/ Yoast SEO plugin. -->","yoast_head_json":{"title":"Sesiones 2026 - Discof\u00f2rum","robots":{"index":"index","follow":"follow","max-snippet":"max-snippet:-1","max-image-preview":"max-image-preview:large","max-video-preview":"max-video-preview:-1"},"canonical":"https:\/\/troba.net\/discoforum\/es\/sesiones-2026\/","og_locale":"ca_ES","og_type":"article","og_title":"Sesiones 2026 - Discof\u00f2rum","og_url":"https:\/\/troba.net\/discoforum\/es\/sesiones-2026\/","og_site_name":"Discof\u00f2rum","article_modified_time":"2026-08-27T12:54:35+00:00","twitter_card":"summary_large_image","twitter_misc":{"Temps estimat de lectura":"2 minuts"},"schema":{"@context":"https:\/\/schema.org","@graph":[{"@type":"WebPage","@id":"https:\/\/troba.net\/discoforum\/es\/sesiones-2026\/","url":"https:\/\/troba.net\/discoforum\/es\/sesiones-2026\/","name":"Sesiones 2026 - Discof\u00f2rum","isPartOf":{"@id":"https:\/\/troba.net\/discoforum\/#website"},"datePublished":"2025-07-28T17:07:29+00:00","dateModified":"2026-08-27T12:54:35+00:00","breadcrumb":{"@id":"https:\/\/troba.net\/discoforum\/es\/sesiones-2026\/#breadcrumb"},"inLanguage":"ca","potentialAction":[{"@type":"ReadAction","target":["https:\/\/troba.net\/discoforum\/es\/sesiones-2026\/"]}]},{"@type":"BreadcrumbList","@id":"https:\/\/troba.net\/discoforum\/es\/sesiones-2026\/#breadcrumb","itemListElement":[{"@type":"ListItem","position":1,"name":"Inici","item":"https:\/\/troba.net\/discoforum\/"},{"@type":"ListItem","position":2,"name":"Sesiones 2026"}]},{"@type":"WebSite","@id":"https:\/\/troba.net\/discoforum\/#website","url":"https:\/\/troba.net\/discoforum\/","name":"Discof\u00f2rum","description":"Sessions audio-visuals de m\u00fasica cl\u00e0ssica i jazz","publisher":{"@id":"https:\/\/troba.net\/discoforum\/#organization"},"potentialAction":[{"@type":"SearchAction","target":{"@type":"EntryPoint","urlTemplate":"https:\/\/troba.net\/discoforum\/?s={search_term_string}"},"query-input":{"@type":"PropertyValueSpecification","valueRequired":true,"valueName":"search_term_string"}}],"inLanguage":"ca"},{"@type":"Organization","@id":"https:\/\/troba.net\/discoforum\/#organization","name":"Discof\u00f2rum","url":"https:\/\/troba.net\/discoforum\/","logo":{"@type":"ImageObject","inLanguage":"ca","@id":"https:\/\/troba.net\/discoforum\/#\/schema\/logo\/image\/","url":"https:\/\/troba.net\/discoforum\/wp-content\/uploads\/2024\/03\/logo-discoforum-fons-blanc.png","contentUrl":"https:\/\/troba.net\/discoforum\/wp-content\/uploads\/2024\/03\/logo-discoforum-fons-blanc.png","width":577,"height":73,"caption":"Discof\u00f2rum"},"image":{"@id":"https:\/\/troba.net\/discoforum\/#\/schema\/logo\/image\/"}}]}},"_links":{"self":[{"href":"https:\/\/troba.net\/discoforum\/wp-json\/wp\/v2\/pages\/398956","targetHints":{"allow":["GET"]}}],"collection":[{"href":"https:\/\/troba.net\/discoforum\/wp-json\/wp\/v2\/pages"}],"about":[{"href":"https:\/\/troba.net\/discoforum\/wp-json\/wp\/v2\/types\/page"}],"author":[{"embeddable":true,"href":"https:\/\/troba.net\/discoforum\/wp-json\/wp\/v2\/users\/1"}],"replies":[{"embeddable":true,"href":"https:\/\/troba.net\/discoforum\/wp-json\/wp\/v2\/comments?post=398956"}],"version-history":[{"count":47,"href":"https:\/\/troba.net\/discoforum\/wp-json\/wp\/v2\/pages\/398956\/revisions"}],"predecessor-version":[{"id":400548,"href":"https:\/\/troba.net\/discoforum\/wp-json\/wp\/v2\/pages\/398956\/revisions\/400548"}],"wp:attachment":[{"href":"https:\/\/troba.net\/discoforum\/wp-json\/wp\/v2\/media?parent=398956"}],"curies":[{"name":"wp","href":"https:\/\/api.w.org\/{rel}","templated":true}]}}